{"id":213467,"date":"2022-10-08T03:20:21","date_gmt":"2022-10-08T06:20:21","guid":{"rendered":"https:\/\/www.somospopular.com.br\/consultorios-e-clinicas\/dicio\/otite-pode-causar-surdez-ou-perda-de-audicao\/"},"modified":"2022-10-08T03:20:21","modified_gmt":"2022-10-08T06:20:21","slug":"otite-pode-causar-surdez-ou-perda-de-audicao","status":"publish","type":"dicio","link":"https:\/\/www.somospopular.com.br\/consultorios-e-clinicas\/dicio\/otite-pode-causar-surdez-ou-perda-de-audicao\/","title":{"rendered":"Otite pode causar surdez ou perda de audi\u00e7\u00e3o?"},"content":{"rendered":"<p>Sim, otite pode causar surdez ou perda de audi\u00e7\u00e3o. Isso pode ocorrer quando h\u00e1 ac\u00famulo de catarro ou secre\u00e7\u00e3o no ouvido, rompimento do t\u00edmpano ou imobiliza\u00e7\u00e3o de um ou mais ossinhos do ouvido.<\/p>\n","protected":false},"template":"","class_list":["post-213467","dicio","type-dicio","status-publish","hentry"],"yoast_head":"<!-- This site is optimized with the Yoast SEO Premium plugin v20.9 (Yoast SEO v27.4) - https:\/\/yoast.com\/product\/yoast-seo-premium-wordpress\/ -->\n<title>Otite pode causar surdez ou perda de audi\u00e7\u00e3o? - Consult\u00f3rios e Cl\u00ednicas<\/title>\n<meta name=\"description\" content=\"Otite pode causar surdez ou perda de audi\u00e7\u00e3o? . D\u00favidas frequentes Sa\u00fade para Todos. Consult\u00f3rios e Cl\u00ednicas\" \/>\n<meta name=\"robots\" content=\"index, follow, max-snippet:-1, max-image-preview:large, max-video-preview:-1\" \/>\n<link rel=\"canonical\" href=\"https:\/\/www.somospopular.com.br\/consultorios-e-clinicas\/dicio\/otite-pode-causar-surdez-ou-perda-de-audicao\/\" \/>\n<meta property=\"og:locale\" content=\"pt_BR\" \/>\n<meta property=\"og:type\" content=\"article\" \/>\n<meta property=\"og:title\" content=\"Otite pode causar surdez ou perda de audi\u00e7\u00e3o?\" \/>\n<meta property=\"og:description\" content=\"Otite pode causar surdez ou perda de audi\u00e7\u00e3o? . D\u00favidas frequentes Sa\u00fade para Todos. Consult\u00f3rios e Cl\u00ednicas\" \/>\n<meta property=\"og:url\" content=\"https:\/\/www.somospopular.com.br\/consultorios-e-clinicas\/dicio\/otite-pode-causar-surdez-ou-perda-de-audicao\/\" \/>\n<meta property=\"og:site_name\" content=\"Consult\u00f3rios e Cl\u00ednicas\" \/>\n<meta name=\"twitter:card\" content=\"summary_large_image\" \/>\n<script type=\"application\/ld+json\" class=\"yoast-schema-graph\">{\"@context\":\"https:\\\/\\\/schema.org\",\"@graph\":[{\"@type\":\"WebPage\",\"@id\":\"https:\\\/\\\/www.somospopular.com.br\\\/consultorios-e-clinicas\\\/dicio\\\/otite-pode-causar-surdez-ou-perda-de-audicao\\\/\",\"url\":\"https:\\\/\\\/www.somospopular.com.br\\\/consultorios-e-clinicas\\\/dicio\\\/otite-pode-causar-surdez-ou-perda-de-audicao\\\/\",\"name\":\"Otite pode causar surdez ou perda de audi\u00e7\u00e3o? - Consult\u00f3rios e Cl\u00ednicas\",\"isPartOf\":{\"@id\":\"https:\\\/\\\/www.somospopular.com.br\\\/consultorios-e-clinicas\\\/#website\"},\"datePublished\":\"2022-10-08T06:20:21+00:00\",\"description\":\"Otite pode causar surdez ou perda de audi\u00e7\u00e3o? . D\u00favidas frequentes Sa\u00fade para Todos. Consult\u00f3rios e Cl\u00ednicas\",\"breadcrumb\":{\"@id\":\"https:\\\/\\\/www.somospopular.com.br\\\/consultorios-e-clinicas\\\/dicio\\\/otite-pode-causar-surdez-ou-perda-de-audicao\\\/#breadcrumb\"},\"inLanguage\":\"pt-BR\",\"potentialAction\":[{\"@type\":\"ReadAction\",\"target\":[\"https:\\\/\\\/www.somospopular.com.br\\\/consultorios-e-clinicas\\\/dicio\\\/otite-pode-causar-surdez-ou-perda-de-audicao\\\/\"]}]},{\"@type\":\"BreadcrumbList\",\"@id\":\"https:\\\/\\\/www.somospopular.com.br\\\/consultorios-e-clinicas\\\/dicio\\\/otite-pode-causar-surdez-ou-perda-de-audicao\\\/#breadcrumb\",\"itemListElement\":[{\"@type\":\"ListItem\",\"position\":1,\"name\":\"In\u00edcio\",\"item\":\"https:\\\/\\\/www.somospopular.com.br\\\/consultorios-e-clinicas\\\/\"},{\"@type\":\"ListItem\",\"position\":2,\"name\":\"Base de Dados\",\"item\":\"https:\\\/\\\/www.somospopular.com.br\\\/consultorios-e-clinicas\\\/dicio\\\/\"},{\"@type\":\"ListItem\",\"position\":3,\"name\":\"Otite pode causar surdez ou perda de audi\u00e7\u00e3o?\"}]},{\"@type\":\"WebSite\",\"@id\":\"https:\\\/\\\/www.somospopular.com.br\\\/consultorios-e-clinicas\\\/#website\",\"url\":\"https:\\\/\\\/www.somospopular.com.br\\\/consultorios-e-clinicas\\\/\",\"name\":\"Consult\u00f3rios e Cl\u00ednicas - Somos Popular\",\"description\":\"Somos Popular\",\"publisher\":{\"@id\":\"https:\\\/\\\/www.somospopular.com.br\\\/consultorios-e-clinicas\\\/#organization\"},\"alternateName\":\"Somos Popular\",\"potentialAction\":[{\"@type\":\"SearchAction\",\"target\":{\"@type\":\"EntryPoint\",\"urlTemplate\":\"https:\\\/\\\/www.somospopular.com.br\\\/consultorios-e-clinicas\\\/?s={search_term_string}\"},\"query-input\":{\"@type\":\"PropertyValueSpecification\",\"valueRequired\":true,\"valueName\":\"search_term_string\"}}],\"inLanguage\":\"pt-BR\"},{\"@type\":\"Organization\",\"@id\":\"https:\\\/\\\/www.somospopular.com.br\\\/consultorios-e-clinicas\\\/#organization\",\"name\":\"Consult\u00f3rios e Cl\u00ednicas - Somos Popular\",\"url\":\"https:\\\/\\\/www.somospopular.com.br\\\/consultorios-e-clinicas\\\/\",\"logo\":{\"@type\":\"ImageObject\",\"inLanguage\":\"pt-BR\",\"@id\":\"https:\\\/\\\/www.somospopular.com.br\\\/consultorios-e-clinicas\\\/#\\\/schema\\\/logo\\\/image\\\/\",\"url\":\"https:\\\/\\\/www.somospopular.com.br\\\/consultorios-e-clinicas\\\/wp-content\\\/uploads\\\/sites\\\/2\\\/2022\\\/05\\\/somos-popular-logo-80.webp\",\"contentUrl\":\"https:\\\/\\\/www.somospopular.com.br\\\/consultorios-e-clinicas\\\/wp-content\\\/uploads\\\/sites\\\/2\\\/2022\\\/05\\\/somos-popular-logo-80.webp\",\"width\":325,\"height\":80,\"caption\":\"Consult\u00f3rios e Cl\u00ednicas - Somos Popular\"},\"image\":{\"@id\":\"https:\\\/\\\/www.somospopular.com.br\\\/consultorios-e-clinicas\\\/#\\\/schema\\\/logo\\\/image\\\/\"}}]}<\/script>\n<!-- \/ Yoast SEO Premium plugin. -->","yoast_head_json":{"title":"Otite pode causar surdez ou perda de audi\u00e7\u00e3o? - Consult\u00f3rios e Cl\u00ednicas","description":"Otite pode causar surdez ou perda de audi\u00e7\u00e3o? . D\u00favidas frequentes Sa\u00fade para Todos. Consult\u00f3rios e Cl\u00ednicas","robots":{"index":"index","follow":"follow","max-snippet":"max-snippet:-1","max-image-preview":"max-image-preview:large","max-video-preview":"max-video-preview:-1"},"canonical":"https:\/\/www.somospopular.com.br\/consultorios-e-clinicas\/dicio\/otite-pode-causar-surdez-ou-perda-de-audicao\/","og_locale":"pt_BR","og_type":"article","og_title":"Otite pode causar surdez ou perda de audi\u00e7\u00e3o?","og_description":"Otite pode causar surdez ou perda de audi\u00e7\u00e3o? . D\u00favidas frequentes Sa\u00fade para Todos. Consult\u00f3rios e Cl\u00ednicas","og_url":"https:\/\/www.somospopular.com.br\/consultorios-e-clinicas\/dicio\/otite-pode-causar-surdez-ou-perda-de-audicao\/","og_site_name":"Consult\u00f3rios e Cl\u00ednicas","twitter_card":"summary_large_image","schema":{"@context":"https:\/\/schema.org","@graph":[{"@type":"WebPage","@id":"https:\/\/www.somospopular.com.br\/consultorios-e-clinicas\/dicio\/otite-pode-causar-surdez-ou-perda-de-audicao\/","url":"https:\/\/www.somospopular.com.br\/consultorios-e-clinicas\/dicio\/otite-pode-causar-surdez-ou-perda-de-audicao\/","name":"Otite pode causar surdez ou perda de audi\u00e7\u00e3o? - Consult\u00f3rios e Cl\u00ednicas","isPartOf":{"@id":"https:\/\/www.somospopular.com.br\/consultorios-e-clinicas\/#website"},"datePublished":"2022-10-08T06:20:21+00:00","description":"Otite pode causar surdez ou perda de audi\u00e7\u00e3o? . D\u00favidas frequentes Sa\u00fade para Todos. Consult\u00f3rios e Cl\u00ednicas","breadcrumb":{"@id":"https:\/\/www.somospopular.com.br\/consultorios-e-clinicas\/dicio\/otite-pode-causar-surdez-ou-perda-de-audicao\/#breadcrumb"},"inLanguage":"pt-BR","potentialAction":[{"@type":"ReadAction","target":["https:\/\/www.somospopular.com.br\/consultorios-e-clinicas\/dicio\/otite-pode-causar-surdez-ou-perda-de-audicao\/"]}]},{"@type":"BreadcrumbList","@id":"https:\/\/www.somospopular.com.br\/consultorios-e-clinicas\/dicio\/otite-pode-causar-surdez-ou-perda-de-audicao\/#breadcrumb","itemListElement":[{"@type":"ListItem","position":1,"name":"In\u00edcio","item":"https:\/\/www.somospopular.com.br\/consultorios-e-clinicas\/"},{"@type":"ListItem","position":2,"name":"Base de Dados","item":"https:\/\/www.somospopular.com.br\/consultorios-e-clinicas\/dicio\/"},{"@type":"ListItem","position":3,"name":"Otite pode causar surdez ou perda de audi\u00e7\u00e3o?"}]},{"@type":"WebSite","@id":"https:\/\/www.somospopular.com.br\/consultorios-e-clinicas\/#website","url":"https:\/\/www.somospopular.com.br\/consultorios-e-clinicas\/","name":"Consult\u00f3rios e Cl\u00ednicas - Somos Popular","description":"Somos Popular","publisher":{"@id":"https:\/\/www.somospopular.com.br\/consultorios-e-clinicas\/#organization"},"alternateName":"Somos Popular","potentialAction":[{"@type":"SearchAction","target":{"@type":"EntryPoint","urlTemplate":"https:\/\/www.somospopular.com.br\/consultorios-e-clinicas\/?s={search_term_string}"},"query-input":{"@type":"PropertyValueSpecification","valueRequired":true,"valueName":"search_term_string"}}],"inLanguage":"pt-BR"},{"@type":"Organization","@id":"https:\/\/www.somospopular.com.br\/consultorios-e-clinicas\/#organization","name":"Consult\u00f3rios e Cl\u00ednicas - Somos Popular","url":"https:\/\/www.somospopular.com.br\/consultorios-e-clinicas\/","logo":{"@type":"ImageObject","inLanguage":"pt-BR","@id":"https:\/\/www.somospopular.com.br\/consultorios-e-clinicas\/#\/schema\/logo\/image\/","url":"https:\/\/www.somospopular.com.br\/consultorios-e-clinicas\/wp-content\/uploads\/sites\/2\/2022\/05\/somos-popular-logo-80.webp","contentUrl":"https:\/\/www.somospopular.com.br\/consultorios-e-clinicas\/wp-content\/uploads\/sites\/2\/2022\/05\/somos-popular-logo-80.webp","width":325,"height":80,"caption":"Consult\u00f3rios e Cl\u00ednicas - Somos Popular"},"image":{"@id":"https:\/\/www.somospopular.com.br\/consultorios-e-clinicas\/#\/schema\/logo\/image\/"}}]}},"_links":{"self":[{"href":"https:\/\/www.somospopular.com.br\/consultorios-e-clinicas\/wp-json\/wp\/v2\/dicio\/213467","targetHints":{"allow":["GET"]}}],"collection":[{"href":"https:\/\/www.somospopular.com.br\/consultorios-e-clinicas\/wp-json\/wp\/v2\/dicio"}],"about":[{"href":"https:\/\/www.somospopular.com.br\/consultorios-e-clinicas\/wp-json\/wp\/v2\/types\/dicio"}],"wp:attachment":[{"href":"https:\/\/www.somospopular.com.br\/consultorios-e-clinicas\/wp-json\/wp\/v2\/media?parent=213467"}],"curies":[{"name":"wp","href":"https:\/\/api.w.org\/{rel}","templated":true}]}}