{"id":215487,"date":"2022-05-14T00:18:25","date_gmt":"2022-05-14T03:18:25","guid":{"rendered":"https:\/\/www.somospopular.com.br\/consultorios-e-clinicas\/dicio\/meu-namorado-teve-meningite-aos-15-anos-e-ficou-com-sequelas-cegueira-e-reversivel\/"},"modified":"2022-05-14T00:18:25","modified_gmt":"2022-05-14T03:18:25","slug":"meu-namorado-teve-meningite-aos-15-anos-e-ficou-com-sequelas-cegueira-e-reversivel","status":"publish","type":"dicio","link":"https:\/\/www.somospopular.com.br\/consultorios-e-clinicas\/dicio\/meu-namorado-teve-meningite-aos-15-anos-e-ficou-com-sequelas-cegueira-e-reversivel\/","title":{"rendered":"Meu namorado teve meningite aos 15 anos e ficou com sequelas (cegueira). \u00c9 revers\u00edvel?"},"content":{"rendered":"<p>Cegueira e surdez est\u00e3o entre as poss\u00edveis sequelas da meningite, por\u00e9m, elas podem ser de car\u00e1ter permanente ou tempor\u00e1rio. No caso do seu namorado, que j\u00e1 teve meningite h\u00e1 15 anos, \u00e9 muito improv\u00e1vel que a sua cegueira seja revers\u00edvel, no entanto, ele precisaria ser melhor avaliado por um m\u00e9dico.<\/p>\n","protected":false},"template":"","class_list":["post-215487","dicio","type-dicio","status-publish","hentry"],"yoast_head":"<!-- This site is optimized with the Yoast SEO Premium plugin v20.9 (Yoast SEO v27.5) - https:\/\/yoast.com\/product\/yoast-seo-premium-wordpress\/ -->\n<title>Meu namorado teve meningite aos 15 anos e ficou com sequelas (cegueira). \u00c9 revers\u00edvel? - Consult\u00f3rios e Cl\u00ednicas<\/title>\n<meta name=\"description\" content=\"Meu namorado teve meningite aos 15 anos e ficou com sequelas (cegueira). \u00c9 revers\u00edvel? . D\u00favidas frequentes Sa\u00fade para Todos. Consult\u00f3rios e Cl\u00ednicas\" \/>\n<meta name=\"robots\" content=\"index, follow, max-snippet:-1, max-image-preview:large, max-video-preview:-1\" \/>\n<link rel=\"canonical\" href=\"https:\/\/www.somospopular.com.br\/consultorios-e-clinicas\/dicio\/meu-namorado-teve-meningite-aos-15-anos-e-ficou-com-sequelas-cegueira-e-reversivel\/\" \/>\n<meta property=\"og:locale\" content=\"pt_BR\" \/>\n<meta property=\"og:type\" content=\"article\" \/>\n<meta property=\"og:title\" content=\"Meu namorado teve meningite aos 15 anos e ficou com sequelas (cegueira). \u00c9 revers\u00edvel?\" \/>\n<meta property=\"og:description\" content=\"Meu namorado teve meningite aos 15 anos e ficou com sequelas (cegueira). \u00c9 revers\u00edvel? . D\u00favidas frequentes Sa\u00fade para Todos. Consult\u00f3rios e Cl\u00ednicas\" \/>\n<meta property=\"og:url\" content=\"https:\/\/www.somospopular.com.br\/consultorios-e-clinicas\/dicio\/meu-namorado-teve-meningite-aos-15-anos-e-ficou-com-sequelas-cegueira-e-reversivel\/\" \/>\n<meta property=\"og:site_name\" content=\"Consult\u00f3rios e Cl\u00ednicas\" \/>\n<meta name=\"twitter:card\" content=\"summary_large_image\" \/>\n<script type=\"application\/ld+json\" class=\"yoast-schema-graph\">{\"@context\":\"https:\\\/\\\/schema.org\",\"@graph\":[{\"@type\":\"WebPage\",\"@id\":\"https:\\\/\\\/www.somospopular.com.br\\\/consultorios-e-clinicas\\\/dicio\\\/meu-namorado-teve-meningite-aos-15-anos-e-ficou-com-sequelas-cegueira-e-reversivel\\\/\",\"url\":\"https:\\\/\\\/www.somospopular.com.br\\\/consultorios-e-clinicas\\\/dicio\\\/meu-namorado-teve-meningite-aos-15-anos-e-ficou-com-sequelas-cegueira-e-reversivel\\\/\",\"name\":\"Meu namorado teve meningite aos 15 anos e ficou com sequelas (cegueira). \u00c9 revers\u00edvel? - Consult\u00f3rios e Cl\u00ednicas\",\"isPartOf\":{\"@id\":\"https:\\\/\\\/www.somospopular.com.br\\\/consultorios-e-clinicas\\\/#website\"},\"datePublished\":\"2022-05-14T03:18:25+00:00\",\"description\":\"Meu namorado teve meningite aos 15 anos e ficou com sequelas (cegueira). \u00c9 revers\u00edvel? . D\u00favidas frequentes Sa\u00fade para Todos. Consult\u00f3rios e Cl\u00ednicas\",\"breadcrumb\":{\"@id\":\"https:\\\/\\\/www.somospopular.com.br\\\/consultorios-e-clinicas\\\/dicio\\\/meu-namorado-teve-meningite-aos-15-anos-e-ficou-com-sequelas-cegueira-e-reversivel\\\/#breadcrumb\"},\"inLanguage\":\"pt-BR\",\"potentialAction\":[{\"@type\":\"ReadAction\",\"target\":[\"https:\\\/\\\/www.somospopular.com.br\\\/consultorios-e-clinicas\\\/dicio\\\/meu-namorado-teve-meningite-aos-15-anos-e-ficou-com-sequelas-cegueira-e-reversivel\\\/\"]}]},{\"@type\":\"BreadcrumbList\",\"@id\":\"https:\\\/\\\/www.somospopular.com.br\\\/consultorios-e-clinicas\\\/dicio\\\/meu-namorado-teve-meningite-aos-15-anos-e-ficou-com-sequelas-cegueira-e-reversivel\\\/#breadcrumb\",\"itemListElement\":[{\"@type\":\"ListItem\",\"position\":1,\"name\":\"In\u00edcio\",\"item\":\"https:\\\/\\\/www.somospopular.com.br\\\/consultorios-e-clinicas\\\/\"},{\"@type\":\"ListItem\",\"position\":2,\"name\":\"Base de Dados\",\"item\":\"https:\\\/\\\/www.somospopular.com.br\\\/consultorios-e-clinicas\\\/dicio\\\/\"},{\"@type\":\"ListItem\",\"position\":3,\"name\":\"Meu namorado teve meningite aos 15 anos e ficou com sequelas (cegueira). \u00c9 revers\u00edvel?\"}]},{\"@type\":\"WebSite\",\"@id\":\"https:\\\/\\\/www.somospopular.com.br\\\/consultorios-e-clinicas\\\/#website\",\"url\":\"https:\\\/\\\/www.somospopular.com.br\\\/consultorios-e-clinicas\\\/\",\"name\":\"Consult\u00f3rios e Cl\u00ednicas - Somos Popular\",\"description\":\"Somos Popular\",\"publisher\":{\"@id\":\"https:\\\/\\\/www.somospopular.com.br\\\/consultorios-e-clinicas\\\/#organization\"},\"alternateName\":\"Somos Popular\",\"potentialAction\":[{\"@type\":\"SearchAction\",\"target\":{\"@type\":\"EntryPoint\",\"urlTemplate\":\"https:\\\/\\\/www.somospopular.com.br\\\/consultorios-e-clinicas\\\/?s={search_term_string}\"},\"query-input\":{\"@type\":\"PropertyValueSpecification\",\"valueRequired\":true,\"valueName\":\"search_term_string\"}}],\"inLanguage\":\"pt-BR\"},{\"@type\":\"Organization\",\"@id\":\"https:\\\/\\\/www.somospopular.com.br\\\/consultorios-e-clinicas\\\/#organization\",\"name\":\"Consult\u00f3rios e Cl\u00ednicas - Somos Popular\",\"url\":\"https:\\\/\\\/www.somospopular.com.br\\\/consultorios-e-clinicas\\\/\",\"logo\":{\"@type\":\"ImageObject\",\"inLanguage\":\"pt-BR\",\"@id\":\"https:\\\/\\\/www.somospopular.com.br\\\/consultorios-e-clinicas\\\/#\\\/schema\\\/logo\\\/image\\\/\",\"url\":\"https:\\\/\\\/www.somospopular.com.br\\\/consultorios-e-clinicas\\\/wp-content\\\/uploads\\\/sites\\\/2\\\/2022\\\/05\\\/somos-popular-logo-80.webp\",\"contentUrl\":\"https:\\\/\\\/www.somospopular.com.br\\\/consultorios-e-clinicas\\\/wp-content\\\/uploads\\\/sites\\\/2\\\/2022\\\/05\\\/somos-popular-logo-80.webp\",\"width\":325,\"height\":80,\"caption\":\"Consult\u00f3rios e Cl\u00ednicas - Somos Popular\"},\"image\":{\"@id\":\"https:\\\/\\\/www.somospopular.com.br\\\/consultorios-e-clinicas\\\/#\\\/schema\\\/logo\\\/image\\\/\"}}]}<\/script>\n<!-- \/ Yoast SEO Premium plugin. -->","yoast_head_json":{"title":"Meu namorado teve meningite aos 15 anos e ficou com sequelas (cegueira). \u00c9 revers\u00edvel? - Consult\u00f3rios e Cl\u00ednicas","description":"Meu namorado teve meningite aos 15 anos e ficou com sequelas (cegueira). \u00c9 revers\u00edvel? . D\u00favidas frequentes Sa\u00fade para Todos. Consult\u00f3rios e Cl\u00ednicas","robots":{"index":"index","follow":"follow","max-snippet":"max-snippet:-1","max-image-preview":"max-image-preview:large","max-video-preview":"max-video-preview:-1"},"canonical":"https:\/\/www.somospopular.com.br\/consultorios-e-clinicas\/dicio\/meu-namorado-teve-meningite-aos-15-anos-e-ficou-com-sequelas-cegueira-e-reversivel\/","og_locale":"pt_BR","og_type":"article","og_title":"Meu namorado teve meningite aos 15 anos e ficou com sequelas (cegueira). \u00c9 revers\u00edvel?","og_description":"Meu namorado teve meningite aos 15 anos e ficou com sequelas (cegueira). \u00c9 revers\u00edvel? . D\u00favidas frequentes Sa\u00fade para Todos. Consult\u00f3rios e Cl\u00ednicas","og_url":"https:\/\/www.somospopular.com.br\/consultorios-e-clinicas\/dicio\/meu-namorado-teve-meningite-aos-15-anos-e-ficou-com-sequelas-cegueira-e-reversivel\/","og_site_name":"Consult\u00f3rios e Cl\u00ednicas","twitter_card":"summary_large_image","schema":{"@context":"https:\/\/schema.org","@graph":[{"@type":"WebPage","@id":"https:\/\/www.somospopular.com.br\/consultorios-e-clinicas\/dicio\/meu-namorado-teve-meningite-aos-15-anos-e-ficou-com-sequelas-cegueira-e-reversivel\/","url":"https:\/\/www.somospopular.com.br\/consultorios-e-clinicas\/dicio\/meu-namorado-teve-meningite-aos-15-anos-e-ficou-com-sequelas-cegueira-e-reversivel\/","name":"Meu namorado teve meningite aos 15 anos e ficou com sequelas (cegueira). \u00c9 revers\u00edvel? - Consult\u00f3rios e Cl\u00ednicas","isPartOf":{"@id":"https:\/\/www.somospopular.com.br\/consultorios-e-clinicas\/#website"},"datePublished":"2022-05-14T03:18:25+00:00","description":"Meu namorado teve meningite aos 15 anos e ficou com sequelas (cegueira). \u00c9 revers\u00edvel? . D\u00favidas frequentes Sa\u00fade para Todos. Consult\u00f3rios e Cl\u00ednicas","breadcrumb":{"@id":"https:\/\/www.somospopular.com.br\/consultorios-e-clinicas\/dicio\/meu-namorado-teve-meningite-aos-15-anos-e-ficou-com-sequelas-cegueira-e-reversivel\/#breadcrumb"},"inLanguage":"pt-BR","potentialAction":[{"@type":"ReadAction","target":["https:\/\/www.somospopular.com.br\/consultorios-e-clinicas\/dicio\/meu-namorado-teve-meningite-aos-15-anos-e-ficou-com-sequelas-cegueira-e-reversivel\/"]}]},{"@type":"BreadcrumbList","@id":"https:\/\/www.somospopular.com.br\/consultorios-e-clinicas\/dicio\/meu-namorado-teve-meningite-aos-15-anos-e-ficou-com-sequelas-cegueira-e-reversivel\/#breadcrumb","itemListElement":[{"@type":"ListItem","position":1,"name":"In\u00edcio","item":"https:\/\/www.somospopular.com.br\/consultorios-e-clinicas\/"},{"@type":"ListItem","position":2,"name":"Base de Dados","item":"https:\/\/www.somospopular.com.br\/consultorios-e-clinicas\/dicio\/"},{"@type":"ListItem","position":3,"name":"Meu namorado teve meningite aos 15 anos e ficou com sequelas (cegueira). \u00c9 revers\u00edvel?"}]},{"@type":"WebSite","@id":"https:\/\/www.somospopular.com.br\/consultorios-e-clinicas\/#website","url":"https:\/\/www.somospopular.com.br\/consultorios-e-clinicas\/","name":"Consult\u00f3rios e Cl\u00ednicas - Somos Popular","description":"Somos Popular","publisher":{"@id":"https:\/\/www.somospopular.com.br\/consultorios-e-clinicas\/#organization"},"alternateName":"Somos Popular","potentialAction":[{"@type":"SearchAction","target":{"@type":"EntryPoint","urlTemplate":"https:\/\/www.somospopular.com.br\/consultorios-e-clinicas\/?s={search_term_string}"},"query-input":{"@type":"PropertyValueSpecification","valueRequired":true,"valueName":"search_term_string"}}],"inLanguage":"pt-BR"},{"@type":"Organization","@id":"https:\/\/www.somospopular.com.br\/consultorios-e-clinicas\/#organization","name":"Consult\u00f3rios e Cl\u00ednicas - Somos Popular","url":"https:\/\/www.somospopular.com.br\/consultorios-e-clinicas\/","logo":{"@type":"ImageObject","inLanguage":"pt-BR","@id":"https:\/\/www.somospopular.com.br\/consultorios-e-clinicas\/#\/schema\/logo\/image\/","url":"https:\/\/www.somospopular.com.br\/consultorios-e-clinicas\/wp-content\/uploads\/sites\/2\/2022\/05\/somos-popular-logo-80.webp","contentUrl":"https:\/\/www.somospopular.com.br\/consultorios-e-clinicas\/wp-content\/uploads\/sites\/2\/2022\/05\/somos-popular-logo-80.webp","width":325,"height":80,"caption":"Consult\u00f3rios e Cl\u00ednicas - Somos Popular"},"image":{"@id":"https:\/\/www.somospopular.com.br\/consultorios-e-clinicas\/#\/schema\/logo\/image\/"}}]}},"_links":{"self":[{"href":"https:\/\/www.somospopular.com.br\/consultorios-e-clinicas\/wp-json\/wp\/v2\/dicio\/215487","targetHints":{"allow":["GET"]}}],"collection":[{"href":"https:\/\/www.somospopular.com.br\/consultorios-e-clinicas\/wp-json\/wp\/v2\/dicio"}],"about":[{"href":"https:\/\/www.somospopular.com.br\/consultorios-e-clinicas\/wp-json\/wp\/v2\/types\/dicio"}],"wp:attachment":[{"href":"https:\/\/www.somospopular.com.br\/consultorios-e-clinicas\/wp-json\/wp\/v2\/media?parent=215487"}],"curies":[{"name":"wp","href":"https:\/\/api.w.org\/{rel}","templated":true}]}}