{"id":164893,"date":"2023-11-25T16:20:41","date_gmt":"2023-11-25T19:20:41","guid":{"rendered":"https:\/\/www.somospopular.com.br\/especialistas\/?post_type=negocio&#038;p=164893"},"modified":"2023-05-20T14:20:56","modified_gmt":"2023-05-20T17:20:56","slug":"dr-alan-mezzavilla-alergista-em-sao-jose-dos-campos-sp","status":"publish","type":"negocio","link":"https:\/\/www.somospopular.com.br\/especialistas\/dr-alan-mezzavilla-alergista-em-sp\/","title":{"rendered":"Dr. Alan Mezzavilla &#8211; Alergista S\u00e3o Jos\u00e9 Dos Campos &#8211; SP"},"content":{"rendered":"<p>Ol\u00e1, sou o Dr. Alan Mezzavilla, venho me apresentar e contar um pouco sobre minha historia para voc\u00eas.<br \/>\nSou Mineiro e fui criado no sul de Minas, em uma pequena cidade chamada Campestre. Foi l\u00e1, que se despertou em mim o desejo em ajudar e amparar as pessoas, uma vez que ainda na inf\u00e2ncia, junto aos meus pais, cuid\u00e1vamos de idosos no asilo da cidade. A partir da\u00ed, surgiu a aspira\u00e7\u00e3o em me tornar m\u00e9dico e continuar auxiliando as necessidades do pr\u00f3ximo.<br \/>\nAo ingressar na faculdade de medicina, iniciei a minha forma\u00e7\u00e3o norteada para o atendimento humanizado, levando em considera\u00e7\u00e3o n\u00e3o s\u00f3 a doen\u00e7a, mas, tamb\u00e9m, o tratamento dos pacientes como um todo, despertando um olhar aos medos, preocupa\u00e7\u00e3o, angustias e bem estar geral dos mesmos.<br \/>\nFoi na faculdade que me identifiquei com a \u00e1rea de Alergia a Imunologia, uma vez que tamb\u00e9m sou al\u00e9rgico.<br \/>\nAo finalizar a faculdade, me especializei e desde ent\u00e3o coloco em pr\u00e1tica todo o conhecimento conquistado. O meu maior objetivo \u00e9 respaldar em um atendimento de qualidade, amig\u00e1vel sempre pautado na responsabilidade e confian\u00e7a. E desta forma, priorizando a satisfa\u00e7\u00e3o do paciente para que o mesmo alcance a melhora da sua enfermidade e especialmente a melhora da qualidade de vida.<\/p>\n<h2>Alergista em S\u00e3o Jos\u00e9 dos Campos &#8211; SP<\/h2>\n<p><strong>Endere\u00e7o:<\/strong> Avenida Cassiano Ricardo, Centro, S\u00e3o Jos\u00e9 dos Campos &#8211; SP<br \/>\n<strong>CEP: <\/strong>12246-870<\/p>\n<p><span class=\"phone-hidden\"><strong>Telefone:<\/strong>  <\/span><\/p>\n<h2>Dr. Alan Mezzavilla &#8211; Alergista S\u00e3o Jos\u00e9 Dos Campos<\/h2>\n<p>Dr. Alan Mezzavilla, Alergista em S\u00e3o Jos\u00e9 Dos Campos. Agende uma consulta com os melhores profissionais de sa\u00fade em Brasil. Imunologia.<\/p>\n<p><span class=\"maps-hidden\"><a href=\"https:\/\/www.google.com\/maps\/search\/?api=1&#038;query=Avenida Cassiano Ricardo, Centro, S\u00e3o Jos\u00e9 dos Campos - SP - 12246-870\" target=\"_blank\" rel=\"noopener\">COMO CHEGAR?<\/a><\/span><\/p>\n<h3 class=\"flex-grow-1 mb-0\">Experi\u00eancia<\/h3>\n<hr \/>\n<ul>\n<li><a href=\"\/especialistas\/#gsc.tab=0&#038;gsc.q=Especialista%20em%20alergia%20dermatologica%20sao%20jose%20dos%20campos\" title=\"Alergia Dermatol\u00f3gica\" class=\"textbody\">Alergia Dermatol\u00f3gica<\/a><\/li>\n<hr >\n<li><a href=\"\/especialistas\/#gsc.tab=0&#038;gsc.q=Especialista%20em%20prurido%20sao%20jose%20dos%20campos\" class=\"textbody\"><br \/>\n\t\tPrurido<br \/>\n\t<\/a><\/li>\n<hr >\n<li><a href=\"\/especialistas\/#gsc.tab=0&#038;gsc.q=Especialista%20em%20alergias%20a%20animais%20de%20estimacao%20sao%20jose%20dos%20campos\" title=\"Alergias a animais de estima\u00e7\u00e3o\" class=\"textbody\">Alergias a animais de estima\u00e7\u00e3o<\/a><\/li>\n<hr >\n<li><a href=\"\/especialistas\/#gsc.tab=0&#038;gsc.q=Especialista%20em%20esofagite%20eosinofilica%20sao%20jose%20dos%20campos\" title=\"Esofagite eosinof\u00edlica\" class=\"textbody\">Esofagite eosinof\u00edlica<\/a><\/li>\n<hr >\n<li><a href=\"\/especialistas\/#gsc.tab=0&#038;gsc.q=Especialista%20em%20mordeduras%20e%20picadas%20de%20insetos%20sao%20jose%20dos%20campos\" class=\"textbody\"><br \/>\n\t\tMordeduras e picadas de insetos<br \/>\n\t<\/a><\/li>\n<hr >\n<li><a href=\"\/especialistas\/#gsc.tab=0&#038;gsc.q=Especialista%20em%20as%20picadas%20da%20vespa%20e%20do%20inseto%20sao%20jose%20dos%20campos\" class=\"textbody\"><br \/>\n\t\tAs picadas da vespa e do inseto<br \/>\n\t<\/a><\/li>\n<hr >\n<li><a href=\"\/especialistas\/#gsc.tab=0&#038;gsc.q=Especialista%20em%20anafilaxia%20sao%20jose%20dos%20campos\" title=\"Anafilaxia\" class=\"textbody\">Anafilaxia<\/a><\/li>\n<hr >\n<li><a href=\"\/especialistas\/#gsc.tab=0&#038;gsc.q=Especialista%20em%20rinite%20alergica%20sao%20jose%20dos%20campos\" title=\"Rinite al\u00e9rgica\" class=\"textbody\">Rinite al\u00e9rgica<\/a><\/li>\n<hr >\n<li><a href=\"\/especialistas\/#gsc.tab=0&#038;gsc.q=Especialista%20em%20rinite%20alergica%20perene%20sao%20jose%20dos%20campos\" class=\"textbody\"><br \/>\n\t\tRinite Al\u00e9rgica Perene<br \/>\n\t<\/a><\/li>\n<hr >\n<li><a href=\"\/especialistas\/#gsc.tab=0&#038;gsc.q=Especialista%20em%20bronquiolite%20sao%20jose%20dos%20campos\" title=\"Bronquiolite\" class=\"textbody\">Bronquiolite<\/a><\/li>\n<hr >\n<li><a href=\"\/especialistas\/#gsc.tab=0&#038;gsc.q=Especialista%20em%20bronquite%20cronica%20sao%20jose%20dos%20campos\" title=\"Bronquite Cr\u00f4nica\" class=\"textbody\">Bronquite Cr\u00f4nica<\/a><\/li>\n<hr >\n<li><a href=\"\/especialistas\/#gsc.tab=0&#038;gsc.q=Especialista%20em%20urticaria%20sao%20jose%20dos%20campos\" title=\"Urtic\u00e1ria\" class=\"textbody\">Urtic\u00e1ria<\/a><\/li>\n<hr >\n<li><a href=\"\/especialistas\/#gsc.tab=0&#038;gsc.q=Especialista%20em%20rinite%20sao%20jose%20dos%20campos\" title=\"Rinite\" class=\"textbody\">Rinite<\/a><\/li>\n<hr >\n<li><a href=\"\/especialistas\/#gsc.tab=0&#038;gsc.q=Especialista%20em%20doencas%20respiratorias%202%20sao%20jose%20dos%20campos\" title=\"Doen\u00e7as respirat\u00f3rias\" class=\"textbody\">Doen\u00e7as respirat\u00f3rias<\/a><\/li>\n<hr >\n<li><a href=\"\/especialistas\/#gsc.tab=0&#038;gsc.q=Especialista%20em%20bronquite%20sao%20jose%20dos%20campos\" title=\"Bronquite\" class=\"textbody\">Bronquite<\/a><\/li>\n<hr >\n<li><a href=\"\/especialistas\/#gsc.tab=0&#038;gsc.q=Especialista%20em%20asma%20em%20criancas%20sao%20jose%20dos%20campos\" title=\"Asma em crian\u00e7as\" class=\"textbody\">Asma em crian\u00e7as<\/a><\/li>\n<hr >\n<li><a href=\"\/especialistas\/#gsc.tab=0&#038;gsc.q=Especialista%20em%20conjuntivite%20alergica%20e%20irritativa%20sao%20jose%20dos%20campos\" class=\"textbody\"><br \/>\n\t\tConjuntivite al\u00e9rgica e irritativa<br \/>\n\t<\/a><\/li>\n<hr >\n<li><a href=\"\/especialistas\/#gsc.tab=0&#038;gsc.q=Especialista%20em%20conjuntivite%20alergica%20sao%20jose%20dos%20campos\" title=\"Conjuntivite Al\u00e9rgica\" class=\"textbody\">Conjuntivite Al\u00e9rgica<\/a><\/li>\n<hr >\n<li><a href=\"\/especialistas\/#gsc.tab=0&#038;gsc.q=Especialista%20em%20sinusite%20sao%20jose%20dos%20campos\" title=\"Sinusite\" class=\"textbody\">Sinusite<\/a><\/li>\n<hr >\n<li><a href=\"\/especialistas\/#gsc.tab=0&#038;gsc.q=Especialista%20em%20dermatite%20atopica%20grave%20sao%20jose%20dos%20campos\" title=\"Dermatite atopica grave\" class=\"textbody\">Dermatite atopica grave<\/a><\/li>\n<hr >\n<li><a href=\"\/especialistas\/#gsc.tab=0&#038;gsc.q=Especialista%20em%20dermatite%20sao%20jose%20dos%20campos\" title=\"Dermatite\" class=\"textbody\">Dermatite<\/a><\/li>\n<hr >\n<li><a href=\"\/especialistas\/#gsc.tab=0&#038;gsc.q=Especialista%20em%20asma%20sao%20jose%20dos%20campos\" title=\"Asma\" class=\"textbody\">Asma<\/a><\/li>\n<hr >\n<li><a href=\"\/especialistas\/#gsc.tab=0&#038;gsc.q=Especialista%20em%20alergia%20a%20medicamentos%20sao%20jose%20dos%20campos\" title=\"Alergia a medicamentos\" class=\"textbody\">Alergia a medicamentos<\/a><\/li>\n<hr >\n<li><a href=\"\/especialistas\/#gsc.tab=0&#038;gsc.q=Especialista%20em%20hipersensibilidade%20sao%20jose%20dos%20campos\" class=\"textbody\"><br \/>\n\t\tHipersensibilidade<br \/>\n\t<\/a><\/li>\n<hr >\n<li><a href=\"\/especialistas\/#gsc.tab=0&#038;gsc.q=Especialista%20em%20alergias%20alimentares%202%20sao%20jose%20dos%20campos\" title=\"Alergias alimentares\" class=\"textbody\">Alergias alimentares<\/a><\/li>\n<hr >\n<li><a href=\"\/especialistas\/#gsc.tab=0&#038;gsc.q=Especialista%20em%20alergia%20aos%20acaros%20do%20po%20sao%20jose%20dos%20campos\" title=\"Alergia aos \u00e1caros do p\u00f3\" class=\"textbody\">Alergia aos \u00e1caros do p\u00f3<\/a><\/li>\n<hr >\n<li><a href=\"\/especialistas\/#gsc.tab=0&#038;gsc.q=Especialista%20em%20dermatite%20de%20contato%20sao%20jose%20dos%20campos\" title=\"Dermatite de contato\" class=\"textbody\">Dermatite de contato<\/a><\/li>\n<hr >\n<li><a href=\"\/especialistas\/#gsc.tab=0&#038;gsc.q=Especialista%20em%20doencas%20alergicas%20sao%20jose%20dos%20campos\" title=\"Doen\u00e7as al\u00e9rgicas\" class=\"textbody\">Doen\u00e7as al\u00e9rgicas<\/a><\/li>\n<hr >\n<li><a href=\"\/especialistas\/#gsc.tab=0&#038;gsc.q=Especialista%20em%20alergia%20alimentar%20e%20reacoes%20cruzadas%20sao%20jose%20dos%20campos\" title=\"Alergia alimentar e rea\u00e7\u00f5es cruzadas\" class=\"textbody\">Alergia alimentar e rea\u00e7\u00f5es cruzadas<\/a><\/li>\n<hr >\n<li><a href=\"\/especialistas\/#gsc.tab=0&#038;gsc.q=Especialista%20em%20eczema%20e%20dermatite%20atopica%20sao%20jose%20dos%20campos\" title=\"Eczema e dermatite at\u00f3pica\" class=\"textbody\">Eczema e dermatite at\u00f3pica<\/a><\/li>\n<\/ul>\n<hr \/>\n<p><strong>T\u00f3picos:<\/strong> Alergista em S\u00e3o Jos\u00e9 dos Campos &#8211; SP <span class=\"topic-hidden\">|   Vaccino Vale<\/span><\/p>\n","protected":false},"author":1,"featured_media":0,"template":"","bairro":[6129],"categoria_parceiro":[20505],"topico-parceiro":[20689],"class_list":["post-164893","negocio","type-negocio","status-publish","hentry","bairro-centro-sao-jose-dos-campos-sp","categoria_parceiro-alergista","topico-parceiro-alergista-em-sao-jose-dos-campos-sp"],"yoast_head":"<!-- This site is optimized with the Yoast SEO Premium plugin v20.9 (Yoast SEO v27.4) - https:\/\/yoast.com\/product\/yoast-seo-premium-wordpress\/ -->\n<title>Dr. Alan Mezzavilla - Alergista S\u00e3o Jos\u00e9 Dos Campos - SP<\/title>\n<meta name=\"description\" content=\"Dr. Alan Mezzavilla, Alergista em S\u00e3o Jos\u00e9 Dos Campos. Agende uma consulta com os melhores profissionais de sa\u00fade em Brasil. Imunologia.\" \/>\n<meta name=\"robots\" content=\"index, follow, max-snippet:-1, max-image-preview:large, max-video-preview:-1\" \/>\n<link rel=\"canonical\" href=\"https:\/\/www.somospopular.com.br\/especialistas\/dr-alan-mezzavilla-alergista-em-sp\/\" \/>\n<meta property=\"og:locale\" content=\"pt_BR\" \/>\n<meta property=\"og:type\" content=\"article\" \/>\n<meta property=\"og:title\" content=\"Dr. Alan Mezzavilla - Alergista S\u00e3o Jos\u00e9 Dos Campos - SP\" \/>\n<meta property=\"og:description\" content=\"Dr. Alan Mezzavilla - Alergista S\u00e3o Jos\u00e9 Dos Campos - SP. Cl\u00ednica Veterin\u00e1ria Popular com pre\u00e7os acess\u00edveis. Especialistas\" \/>\n<meta property=\"og:url\" content=\"https:\/\/www.somospopular.com.br\/especialistas\/dr-alan-mezzavilla-alergista-em-sp\/\" \/>\n<meta property=\"og:site_name\" content=\"Especialistas\" \/>\n<meta name=\"twitter:card\" content=\"summary_large_image\" \/>\n<meta name=\"twitter:title\" content=\"Dr. Alan Mezzavilla - Alergista S\u00e3o Jos\u00e9 Dos Campos - SP\" \/>\n<meta name=\"twitter:label1\" content=\"Est. tempo de leitura\" \/>\n\t<meta name=\"twitter:data1\" content=\"2 minutos\" \/>\n<script type=\"application\/ld+json\" class=\"yoast-schema-graph\">{\"@context\":\"https:\\\/\\\/schema.org\",\"@graph\":[{\"@type\":\"WebPage\",\"@id\":\"https:\\\/\\\/www.somospopular.com.br\\\/especialistas\\\/dr-alan-mezzavilla-alergista-em-sp\\\/\",\"url\":\"https:\\\/\\\/www.somospopular.com.br\\\/especialistas\\\/dr-alan-mezzavilla-alergista-em-sp\\\/\",\"name\":\"Dr. Alan Mezzavilla - Alergista S\u00e3o Jos\u00e9 Dos Campos - SP\",\"isPartOf\":{\"@id\":\"https:\\\/\\\/www.somospopular.com.br\\\/especialistas\\\/#website\"},\"datePublished\":\"2023-11-25T19:20:41+00:00\",\"description\":\"Dr. Alan Mezzavilla, Alergista em S\u00e3o Jos\u00e9 Dos Campos. Agende uma consulta com os melhores profissionais de sa\u00fade em Brasil. Imunologia.\",\"breadcrumb\":{\"@id\":\"https:\\\/\\\/www.somospopular.com.br\\\/especialistas\\\/dr-alan-mezzavilla-alergista-em-sp\\\/#breadcrumb\"},\"inLanguage\":\"pt-BR\",\"potentialAction\":[{\"@type\":\"ReadAction\",\"target\":[\"https:\\\/\\\/www.somospopular.com.br\\\/especialistas\\\/dr-alan-mezzavilla-alergista-em-sp\\\/\"]}]},{\"@type\":\"BreadcrumbList\",\"@id\":\"https:\\\/\\\/www.somospopular.com.br\\\/especialistas\\\/dr-alan-mezzavilla-alergista-em-sp\\\/#breadcrumb\",\"itemListElement\":[{\"@type\":\"ListItem\",\"position\":1,\"name\":\"Especialista\",\"item\":\"https:\\\/\\\/www.somospopular.com.br\\\/especialistas\\\/\"},{\"@type\":\"ListItem\",\"position\":2,\"name\":\"Parceiros\",\"item\":\"https:\\\/\\\/www.somospopular.com.br\\\/especialistas\\\/negocio\\\/\"},{\"@type\":\"ListItem\",\"position\":3,\"name\":\"Alergista\",\"item\":\"https:\\\/\\\/www.somospopular.com.br\\\/especialistas\\\/alergista\\\/\"},{\"@type\":\"ListItem\",\"position\":4,\"name\":\"Dr. Alan Mezzavilla &#8211; Alergista S\u00e3o Jos\u00e9 Dos Campos &#8211; SP\"}]},{\"@type\":\"WebSite\",\"@id\":\"https:\\\/\\\/www.somospopular.com.br\\\/especialistas\\\/#website\",\"url\":\"https:\\\/\\\/www.somospopular.com.br\\\/especialistas\\\/\",\"name\":\"Especialistas\",\"description\":\"Somos Popular\",\"publisher\":{\"@id\":\"https:\\\/\\\/www.somospopular.com.br\\\/especialistas\\\/#organization\"},\"potentialAction\":[{\"@type\":\"SearchAction\",\"target\":{\"@type\":\"EntryPoint\",\"urlTemplate\":\"https:\\\/\\\/www.somospopular.com.br\\\/especialistas\\\/?s={search_term_string}\"},\"query-input\":{\"@type\":\"PropertyValueSpecification\",\"valueRequired\":true,\"valueName\":\"search_term_string\"}}],\"inLanguage\":\"pt-BR\"},{\"@type\":\"Organization\",\"@id\":\"https:\\\/\\\/www.somospopular.com.br\\\/especialistas\\\/#organization\",\"name\":\"M\u00e9dicos Especialistas - Somos Popular\",\"alternateName\":\"M\u00e9dicos Especialistas\",\"url\":\"https:\\\/\\\/www.somospopular.com.br\\\/especialistas\\\/\",\"logo\":{\"@type\":\"ImageObject\",\"inLanguage\":\"pt-BR\",\"@id\":\"https:\\\/\\\/www.somospopular.com.br\\\/especialistas\\\/#\\\/schema\\\/logo\\\/image\\\/\",\"url\":\"https:\\\/\\\/www.somospopular.com.br\\\/especialistas\\\/wp-content\\\/uploads\\\/sites\\\/13\\\/2022\\\/05\\\/somos-popular-logo-80.webp\",\"contentUrl\":\"https:\\\/\\\/www.somospopular.com.br\\\/especialistas\\\/wp-content\\\/uploads\\\/sites\\\/13\\\/2022\\\/05\\\/somos-popular-logo-80.webp\",\"width\":325,\"height\":80,\"caption\":\"M\u00e9dicos Especialistas - Somos Popular\"},\"image\":{\"@id\":\"https:\\\/\\\/www.somospopular.com.br\\\/especialistas\\\/#\\\/schema\\\/logo\\\/image\\\/\"}}]}<\/script>\n<!-- \/ Yoast SEO Premium plugin. -->","yoast_head_json":{"title":"Dr. Alan Mezzavilla - Alergista S\u00e3o Jos\u00e9 Dos Campos - SP","description":"Dr. Alan Mezzavilla, Alergista em S\u00e3o Jos\u00e9 Dos Campos. Agende uma consulta com os melhores profissionais de sa\u00fade em Brasil. Imunologia.","robots":{"index":"index","follow":"follow","max-snippet":"max-snippet:-1","max-image-preview":"max-image-preview:large","max-video-preview":"max-video-preview:-1"},"canonical":"https:\/\/www.somospopular.com.br\/especialistas\/dr-alan-mezzavilla-alergista-em-sp\/","og_locale":"pt_BR","og_type":"article","og_title":"Dr. Alan Mezzavilla - Alergista S\u00e3o Jos\u00e9 Dos Campos - SP","og_description":"Dr. Alan Mezzavilla - Alergista S\u00e3o Jos\u00e9 Dos Campos - SP. Cl\u00ednica Veterin\u00e1ria Popular com pre\u00e7os acess\u00edveis. Especialistas","og_url":"https:\/\/www.somospopular.com.br\/especialistas\/dr-alan-mezzavilla-alergista-em-sp\/","og_site_name":"Especialistas","twitter_card":"summary_large_image","twitter_title":"Dr. Alan Mezzavilla - Alergista S\u00e3o Jos\u00e9 Dos Campos - SP","twitter_misc":{"Est. tempo de leitura":"2 minutos"},"schema":{"@context":"https:\/\/schema.org","@graph":[{"@type":"WebPage","@id":"https:\/\/www.somospopular.com.br\/especialistas\/dr-alan-mezzavilla-alergista-em-sp\/","url":"https:\/\/www.somospopular.com.br\/especialistas\/dr-alan-mezzavilla-alergista-em-sp\/","name":"Dr. Alan Mezzavilla - Alergista S\u00e3o Jos\u00e9 Dos Campos - SP","isPartOf":{"@id":"https:\/\/www.somospopular.com.br\/especialistas\/#website"},"datePublished":"2023-11-25T19:20:41+00:00","description":"Dr. Alan Mezzavilla, Alergista em S\u00e3o Jos\u00e9 Dos Campos. Agende uma consulta com os melhores profissionais de sa\u00fade em Brasil. Imunologia.","breadcrumb":{"@id":"https:\/\/www.somospopular.com.br\/especialistas\/dr-alan-mezzavilla-alergista-em-sp\/#breadcrumb"},"inLanguage":"pt-BR","potentialAction":[{"@type":"ReadAction","target":["https:\/\/www.somospopular.com.br\/especialistas\/dr-alan-mezzavilla-alergista-em-sp\/"]}]},{"@type":"BreadcrumbList","@id":"https:\/\/www.somospopular.com.br\/especialistas\/dr-alan-mezzavilla-alergista-em-sp\/#breadcrumb","itemListElement":[{"@type":"ListItem","position":1,"name":"Especialista","item":"https:\/\/www.somospopular.com.br\/especialistas\/"},{"@type":"ListItem","position":2,"name":"Parceiros","item":"https:\/\/www.somospopular.com.br\/especialistas\/negocio\/"},{"@type":"ListItem","position":3,"name":"Alergista","item":"https:\/\/www.somospopular.com.br\/especialistas\/alergista\/"},{"@type":"ListItem","position":4,"name":"Dr. Alan Mezzavilla &#8211; Alergista S\u00e3o Jos\u00e9 Dos Campos &#8211; SP"}]},{"@type":"WebSite","@id":"https:\/\/www.somospopular.com.br\/especialistas\/#website","url":"https:\/\/www.somospopular.com.br\/especialistas\/","name":"Especialistas","description":"Somos Popular","publisher":{"@id":"https:\/\/www.somospopular.com.br\/especialistas\/#organization"},"potentialAction":[{"@type":"SearchAction","target":{"@type":"EntryPoint","urlTemplate":"https:\/\/www.somospopular.com.br\/especialistas\/?s={search_term_string}"},"query-input":{"@type":"PropertyValueSpecification","valueRequired":true,"valueName":"search_term_string"}}],"inLanguage":"pt-BR"},{"@type":"Organization","@id":"https:\/\/www.somospopular.com.br\/especialistas\/#organization","name":"M\u00e9dicos Especialistas - Somos Popular","alternateName":"M\u00e9dicos Especialistas","url":"https:\/\/www.somospopular.com.br\/especialistas\/","logo":{"@type":"ImageObject","inLanguage":"pt-BR","@id":"https:\/\/www.somospopular.com.br\/especialistas\/#\/schema\/logo\/image\/","url":"https:\/\/www.somospopular.com.br\/especialistas\/wp-content\/uploads\/sites\/13\/2022\/05\/somos-popular-logo-80.webp","contentUrl":"https:\/\/www.somospopular.com.br\/especialistas\/wp-content\/uploads\/sites\/13\/2022\/05\/somos-popular-logo-80.webp","width":325,"height":80,"caption":"M\u00e9dicos Especialistas - Somos Popular"},"image":{"@id":"https:\/\/www.somospopular.com.br\/especialistas\/#\/schema\/logo\/image\/"}}]}},"_links":{"self":[{"href":"https:\/\/www.somospopular.com.br\/especialistas\/wp-json\/wp\/v2\/negocio\/164893","targetHints":{"allow":["GET"]}}],"collection":[{"href":"https:\/\/www.somospopular.com.br\/especialistas\/wp-json\/wp\/v2\/negocio"}],"about":[{"href":"https:\/\/www.somospopular.com.br\/especialistas\/wp-json\/wp\/v2\/types\/negocio"}],"author":[{"embeddable":true,"href":"https:\/\/www.somospopular.com.br\/especialistas\/wp-json\/wp\/v2\/users\/1"}],"wp:attachment":[{"href":"https:\/\/www.somospopular.com.br\/especialistas\/wp-json\/wp\/v2\/media?parent=164893"}],"wp:term":[{"taxonomy":"bairro","embeddable":true,"href":"https:\/\/www.somospopular.com.br\/especialistas\/wp-json\/wp\/v2\/bairro?post=164893"},{"taxonomy":"categoria_parceiro","embeddable":true,"href":"https:\/\/www.somospopular.com.br\/especialistas\/wp-json\/wp\/v2\/categoria_parceiro?post=164893"},{"taxonomy":"topico-parceiro","embeddable":true,"href":"https:\/\/www.somospopular.com.br\/especialistas\/wp-json\/wp\/v2\/topico-parceiro?post=164893"}],"curies":[{"name":"wp","href":"https:\/\/api.w.org\/{rel}","templated":true}]}}