{"id":166310,"date":"2020-01-02T10:03:53","date_gmt":"2020-01-02T13:03:53","guid":{"rendered":"https:\/\/www.somospopular.com.br\/especialistas\/dr-diego-simoes-cirurgiao-toracico-em-pe\/"},"modified":"2023-05-20T14:28:19","modified_gmt":"2023-05-20T17:28:19","slug":"dr-diego-simoes-cirurgiao-toracico-em-recife-pe","status":"publish","type":"negocio","link":"https:\/\/www.somospopular.com.br\/especialistas\/dr-diego-simoes-cirurgiao-toracico-em-recife-pe\/","title":{"rendered":"Dr. Diego Sim\u00f5es &#8211; Cirurgi\u00e3o tor\u00e1cico Recife &#8211; PE"},"content":{"rendered":"<p>Mestrando no n\u00facleo de p\u00f3s gradua\u00e7\u00e3o em Ci\u00eancias da Sa\u00fade da Faculdade de Ci\u00eancias M\u00e9dicas-UPE. Cirurgi\u00e3o tor\u00e1cico formado no Hospital Universit\u00e1rio Oswaldo Cruz; Cirurgi\u00e3o geral formado no programa de Cirurgia Geral do Hospital das Cl\u00ednicas da Universidade Federal de Pernambuco, graduado na nonag\u00e9sima primeira turma da Faculdade de Ci\u00eancias M\u00e9dicas,Universidade de Pernambuco, esteve engajado em v\u00e1rios segmentos da academia m\u00e9dica tais como as Ligas Acad\u00eamicas, sendo presidente, membro fundador e diretor de Ensino da Liga Acad\u00eamica de Mastologia da Universidade de Pernambuco (LAMUPE) de 2009 a 2012; Projetos de pesquisa (Projeto de Cirurgia de Obesidade- Reganho ponderal, C\u00e2ncer de mama em homens e Valida\u00e7\u00e3o do PODCI no Brasil-Ortopedia pedi\u00e1trica). Ainda participante do projeto de extens\u00e3o, Melhores amigos da mama(MAMA), por dois anos, al\u00e9m do projeto de extens\u00e3o Reconstruindo com a UPE. Designado Presidente do Comit\u00ea Acad\u00eamico de Medicina do estado de Pernambuco(CAMPE) mandato 2010 a 2012 e Vice-Presidente da Associa\u00e7\u00e3o dos Estudantes de Medicina do Brasil, AEMED-BRASIL no ano de 2013.<br \/>\nForma\u00e7\u00e3o complementar em cirurgia da parede tor\u00e1cica participando de cursos de corre\u00e7\u00e3o de Pectus com Professor Dr. Donald Nuss na Africa do Sul, Pret\u00f3ria, e reconstru\u00e7\u00e3o complexas de fraturas de arcos costais em Jacksonville, Florida, Estados Unidos da Am\u00e9rica.<\/p>\n<h2>Cirurgi\u00e3o tor\u00e1cico em Recife &#8211; PE<\/h2>\n<p><strong>Endere\u00e7o:<\/strong> Av.Agamenon Magalhaes, 2291, Santo Amaro, Recife &#8211; PE<br \/>\n<strong>CEP: <\/strong>50100-010<\/p>\n<p><span class=\"phone-hidden\"><strong>Telefone:<\/strong>  <\/span><\/p>\n<h2>Dr. Diego Sim\u00f5es &#8211; Cirurgi\u00e3o tor\u00e1cico Recife<\/h2>\n<p>Dr. Diego Sim\u00f5es, Cirurgi\u00e3o tor\u00e1cico em Recife. Agende uma consulta com os melhores profissionais de sa\u00fade em Brasil.<\/p>\n<p><span class=\"maps-hidden\"><a href=\"https:\/\/www.google.com\/maps\/search\/?api=1&#038;query=Av.Agamenon Magalhaes, 2291, Santo Amaro, Recife - PE - 50100-010\" target=\"_blank\" rel=\"noopener\">COMO CHEGAR?<\/a><\/span><\/p>\n<h3 class=\"flex-grow-1 mb-0\">Experi\u00eancia<\/h3>\n<hr \/>\n<ul>\n<li><a href=\"\/especialistas\/#gsc.tab=0&#038;gsc.q=Especialista%20em%20hiperidrose%20recife\" title=\"Hiperidrose\" class=\"textbody\">Hiperidrose<\/a><\/li>\n<hr >\n<li><a href=\"\/especialistas\/#gsc.tab=0&#038;gsc.q=Especialista%20em%20neoplasias%20do%20mediastino%20recife\" title=\"Neoplasias Do Mediastino\" class=\"textbody\">Neoplasias Do Mediastino<\/a><\/li>\n<hr >\n<li><a href=\"\/especialistas\/#gsc.tab=0&#038;gsc.q=Especialista%20em%20pneumotorax%20recife\" title=\"Pneumot\u00f3rax\" class=\"textbody\">Pneumot\u00f3rax<\/a><\/li>\n<hr >\n<li><a href=\"\/especialistas\/#gsc.tab=0&#038;gsc.q=Especialista%20em%20neoplasias%20pulmonares%20recife\" title=\"Neoplasias Pulmonares\" class=\"textbody\">Neoplasias Pulmonares<\/a><\/li>\n<hr >\n<li><a href=\"\/especialistas\/#gsc.tab=0&#038;gsc.q=Especialista%20em%20estenose%20traqueal%20recife\" title=\"Estenose Traqueal\" class=\"textbody\">Estenose Traqueal<\/a><\/li>\n<hr >\n<li><a href=\"\/especialistas\/#gsc.tab=0&#038;gsc.q=Especialista%20em%20neoplasias%20toracicas%20recife\" title=\"Neoplasias Tor\u00e1cicas\" class=\"textbody\">Neoplasias Tor\u00e1cicas<\/a><\/li>\n<hr >\n<li><a href=\"\/especialistas\/#gsc.tab=0&#038;gsc.q=Especialista%20em%20hernia%20diafragmatica%20recife\" title=\"H\u00e9rnia Diafragm\u00e1tica\" class=\"textbody\">H\u00e9rnia Diafragm\u00e1tica<\/a><\/li>\n<hr >\n<li><a href=\"\/especialistas\/#gsc.tab=0&#038;gsc.q=Especialista%20em%20doencas%20toracicas%20recife\" title=\"Doen\u00e7as Tor\u00e1cicas\" class=\"textbody\">Doen\u00e7as Tor\u00e1cicas<\/a><\/li>\n<hr >\n<li><a href=\"\/especialistas\/#gsc.tab=0&#038;gsc.q=Especialista%20em%20pectus%20escavatum%20recife\" title=\"Pectus escavatum\" class=\"textbody\">Pectus escavatum<\/a><\/li>\n<hr >\n<li><a href=\"\/especialistas\/#gsc.tab=0&#038;gsc.q=Especialista%20em%20pectus%20carinatum%20recife\" title=\"Pectus carinatum\" class=\"textbody\">Pectus carinatum<\/a><\/li>\n<\/ul>\n<hr \/>\n<p><strong>T\u00f3picos:<\/strong> Cirurgi\u00e3o tor\u00e1cico em Recife &#8211; PE <span class=\"topic-hidden\">|   <\/span><\/p>\n","protected":false},"author":1,"featured_media":0,"template":"","bairro":[6185],"categoria_parceiro":[20476],"topico-parceiro":[22404],"class_list":["post-166310","negocio","type-negocio","status-publish","hentry","bairro-santo-amaro-recife-pe","categoria_parceiro-cirurgiao-toracico","topico-parceiro-cirurgiao-toracico-em-recife-pe"],"yoast_head":"<!-- This site is optimized with the Yoast SEO Premium plugin v20.9 (Yoast SEO v27.4) - https:\/\/yoast.com\/product\/yoast-seo-premium-wordpress\/ -->\n<title>Dr. Diego Sim\u00f5es - Cirurgi\u00e3o tor\u00e1cico Recife - PE<\/title>\n<meta name=\"description\" content=\"Dr. Diego Sim\u00f5es, Cirurgi\u00e3o tor\u00e1cico em Recife. Agende uma consulta com os melhores profissionais de sa\u00fade em Brasil.\" \/>\n<meta name=\"robots\" content=\"index, follow, max-snippet:-1, max-image-preview:large, max-video-preview:-1\" \/>\n<link rel=\"canonical\" href=\"https:\/\/www.somospopular.com.br\/especialistas\/dr-diego-simoes-cirurgiao-toracico-em-recife-pe\/\" \/>\n<meta property=\"og:locale\" content=\"pt_BR\" \/>\n<meta property=\"og:type\" content=\"article\" \/>\n<meta property=\"og:title\" content=\"Dr. Diego Sim\u00f5es - Cirurgi\u00e3o tor\u00e1cico Recife - PE\" \/>\n<meta property=\"og:description\" content=\"Dr. Diego Sim\u00f5es - Cirurgi\u00e3o tor\u00e1cico Recife - PE. Cl\u00ednica Veterin\u00e1ria Popular com pre\u00e7os acess\u00edveis. Especialistas\" \/>\n<meta property=\"og:url\" content=\"https:\/\/www.somospopular.com.br\/especialistas\/dr-diego-simoes-cirurgiao-toracico-em-recife-pe\/\" \/>\n<meta property=\"og:site_name\" content=\"Especialistas\" \/>\n<meta property=\"article:modified_time\" content=\"2023-05-20T17:28:19+00:00\" \/>\n<meta name=\"twitter:card\" content=\"summary_large_image\" \/>\n<meta name=\"twitter:title\" content=\"Dr. Diego Sim\u00f5es - Cirurgi\u00e3o tor\u00e1cico Recife - PE\" \/>\n<meta name=\"twitter:label1\" content=\"Est. tempo de leitura\" \/>\n\t<meta name=\"twitter:data1\" content=\"2 minutos\" \/>\n<script type=\"application\/ld+json\" class=\"yoast-schema-graph\">{\"@context\":\"https:\\\/\\\/schema.org\",\"@graph\":[{\"@type\":\"WebPage\",\"@id\":\"https:\\\/\\\/www.somospopular.com.br\\\/especialistas\\\/dr-diego-simoes-cirurgiao-toracico-em-recife-pe\\\/\",\"url\":\"https:\\\/\\\/www.somospopular.com.br\\\/especialistas\\\/dr-diego-simoes-cirurgiao-toracico-em-recife-pe\\\/\",\"name\":\"Dr. Diego Sim\u00f5es - Cirurgi\u00e3o tor\u00e1cico Recife - PE\",\"isPartOf\":{\"@id\":\"https:\\\/\\\/www.somospopular.com.br\\\/especialistas\\\/#website\"},\"datePublished\":\"2020-01-02T13:03:53+00:00\",\"dateModified\":\"2023-05-20T17:28:19+00:00\",\"description\":\"Dr. Diego Sim\u00f5es, Cirurgi\u00e3o tor\u00e1cico em Recife. Agende uma consulta com os melhores profissionais de sa\u00fade em Brasil.\",\"breadcrumb\":{\"@id\":\"https:\\\/\\\/www.somospopular.com.br\\\/especialistas\\\/dr-diego-simoes-cirurgiao-toracico-em-recife-pe\\\/#breadcrumb\"},\"inLanguage\":\"pt-BR\",\"potentialAction\":[{\"@type\":\"ReadAction\",\"target\":[\"https:\\\/\\\/www.somospopular.com.br\\\/especialistas\\\/dr-diego-simoes-cirurgiao-toracico-em-recife-pe\\\/\"]}]},{\"@type\":\"BreadcrumbList\",\"@id\":\"https:\\\/\\\/www.somospopular.com.br\\\/especialistas\\\/dr-diego-simoes-cirurgiao-toracico-em-recife-pe\\\/#breadcrumb\",\"itemListElement\":[{\"@type\":\"ListItem\",\"position\":1,\"name\":\"Especialista\",\"item\":\"https:\\\/\\\/www.somospopular.com.br\\\/especialistas\\\/\"},{\"@type\":\"ListItem\",\"position\":2,\"name\":\"Parceiros\",\"item\":\"https:\\\/\\\/www.somospopular.com.br\\\/especialistas\\\/negocio\\\/\"},{\"@type\":\"ListItem\",\"position\":3,\"name\":\"Cirurgi\u00e3o tor\u00e1cico\",\"item\":\"https:\\\/\\\/www.somospopular.com.br\\\/especialistas\\\/cirurgiao-toracico\\\/\"},{\"@type\":\"ListItem\",\"position\":4,\"name\":\"Dr. Diego Sim\u00f5es &#8211; Cirurgi\u00e3o tor\u00e1cico Recife &#8211; PE\"}]},{\"@type\":\"WebSite\",\"@id\":\"https:\\\/\\\/www.somospopular.com.br\\\/especialistas\\\/#website\",\"url\":\"https:\\\/\\\/www.somospopular.com.br\\\/especialistas\\\/\",\"name\":\"Especialistas\",\"description\":\"Somos Popular\",\"publisher\":{\"@id\":\"https:\\\/\\\/www.somospopular.com.br\\\/especialistas\\\/#organization\"},\"potentialAction\":[{\"@type\":\"SearchAction\",\"target\":{\"@type\":\"EntryPoint\",\"urlTemplate\":\"https:\\\/\\\/www.somospopular.com.br\\\/especialistas\\\/?s={search_term_string}\"},\"query-input\":{\"@type\":\"PropertyValueSpecification\",\"valueRequired\":true,\"valueName\":\"search_term_string\"}}],\"inLanguage\":\"pt-BR\"},{\"@type\":\"Organization\",\"@id\":\"https:\\\/\\\/www.somospopular.com.br\\\/especialistas\\\/#organization\",\"name\":\"M\u00e9dicos Especialistas - Somos Popular\",\"alternateName\":\"M\u00e9dicos Especialistas\",\"url\":\"https:\\\/\\\/www.somospopular.com.br\\\/especialistas\\\/\",\"logo\":{\"@type\":\"ImageObject\",\"inLanguage\":\"pt-BR\",\"@id\":\"https:\\\/\\\/www.somospopular.com.br\\\/especialistas\\\/#\\\/schema\\\/logo\\\/image\\\/\",\"url\":\"https:\\\/\\\/www.somospopular.com.br\\\/especialistas\\\/wp-content\\\/uploads\\\/sites\\\/13\\\/2022\\\/05\\\/somos-popular-logo-80.webp\",\"contentUrl\":\"https:\\\/\\\/www.somospopular.com.br\\\/especialistas\\\/wp-content\\\/uploads\\\/sites\\\/13\\\/2022\\\/05\\\/somos-popular-logo-80.webp\",\"width\":325,\"height\":80,\"caption\":\"M\u00e9dicos Especialistas - Somos Popular\"},\"image\":{\"@id\":\"https:\\\/\\\/www.somospopular.com.br\\\/especialistas\\\/#\\\/schema\\\/logo\\\/image\\\/\"}}]}<\/script>\n<!-- \/ Yoast SEO Premium plugin. -->","yoast_head_json":{"title":"Dr. Diego Sim\u00f5es - Cirurgi\u00e3o tor\u00e1cico Recife - PE","description":"Dr. Diego Sim\u00f5es, Cirurgi\u00e3o tor\u00e1cico em Recife. Agende uma consulta com os melhores profissionais de sa\u00fade em Brasil.","robots":{"index":"index","follow":"follow","max-snippet":"max-snippet:-1","max-image-preview":"max-image-preview:large","max-video-preview":"max-video-preview:-1"},"canonical":"https:\/\/www.somospopular.com.br\/especialistas\/dr-diego-simoes-cirurgiao-toracico-em-recife-pe\/","og_locale":"pt_BR","og_type":"article","og_title":"Dr. Diego Sim\u00f5es - Cirurgi\u00e3o tor\u00e1cico Recife - PE","og_description":"Dr. Diego Sim\u00f5es - Cirurgi\u00e3o tor\u00e1cico Recife - PE. Cl\u00ednica Veterin\u00e1ria Popular com pre\u00e7os acess\u00edveis. Especialistas","og_url":"https:\/\/www.somospopular.com.br\/especialistas\/dr-diego-simoes-cirurgiao-toracico-em-recife-pe\/","og_site_name":"Especialistas","article_modified_time":"2023-05-20T17:28:19+00:00","twitter_card":"summary_large_image","twitter_title":"Dr. Diego Sim\u00f5es - Cirurgi\u00e3o tor\u00e1cico Recife - PE","twitter_misc":{"Est. tempo de leitura":"2 minutos"},"schema":{"@context":"https:\/\/schema.org","@graph":[{"@type":"WebPage","@id":"https:\/\/www.somospopular.com.br\/especialistas\/dr-diego-simoes-cirurgiao-toracico-em-recife-pe\/","url":"https:\/\/www.somospopular.com.br\/especialistas\/dr-diego-simoes-cirurgiao-toracico-em-recife-pe\/","name":"Dr. Diego Sim\u00f5es - Cirurgi\u00e3o tor\u00e1cico Recife - PE","isPartOf":{"@id":"https:\/\/www.somospopular.com.br\/especialistas\/#website"},"datePublished":"2020-01-02T13:03:53+00:00","dateModified":"2023-05-20T17:28:19+00:00","description":"Dr. Diego Sim\u00f5es, Cirurgi\u00e3o tor\u00e1cico em Recife. Agende uma consulta com os melhores profissionais de sa\u00fade em Brasil.","breadcrumb":{"@id":"https:\/\/www.somospopular.com.br\/especialistas\/dr-diego-simoes-cirurgiao-toracico-em-recife-pe\/#breadcrumb"},"inLanguage":"pt-BR","potentialAction":[{"@type":"ReadAction","target":["https:\/\/www.somospopular.com.br\/especialistas\/dr-diego-simoes-cirurgiao-toracico-em-recife-pe\/"]}]},{"@type":"BreadcrumbList","@id":"https:\/\/www.somospopular.com.br\/especialistas\/dr-diego-simoes-cirurgiao-toracico-em-recife-pe\/#breadcrumb","itemListElement":[{"@type":"ListItem","position":1,"name":"Especialista","item":"https:\/\/www.somospopular.com.br\/especialistas\/"},{"@type":"ListItem","position":2,"name":"Parceiros","item":"https:\/\/www.somospopular.com.br\/especialistas\/negocio\/"},{"@type":"ListItem","position":3,"name":"Cirurgi\u00e3o tor\u00e1cico","item":"https:\/\/www.somospopular.com.br\/especialistas\/cirurgiao-toracico\/"},{"@type":"ListItem","position":4,"name":"Dr. Diego Sim\u00f5es &#8211; Cirurgi\u00e3o tor\u00e1cico Recife &#8211; PE"}]},{"@type":"WebSite","@id":"https:\/\/www.somospopular.com.br\/especialistas\/#website","url":"https:\/\/www.somospopular.com.br\/especialistas\/","name":"Especialistas","description":"Somos Popular","publisher":{"@id":"https:\/\/www.somospopular.com.br\/especialistas\/#organization"},"potentialAction":[{"@type":"SearchAction","target":{"@type":"EntryPoint","urlTemplate":"https:\/\/www.somospopular.com.br\/especialistas\/?s={search_term_string}"},"query-input":{"@type":"PropertyValueSpecification","valueRequired":true,"valueName":"search_term_string"}}],"inLanguage":"pt-BR"},{"@type":"Organization","@id":"https:\/\/www.somospopular.com.br\/especialistas\/#organization","name":"M\u00e9dicos Especialistas - Somos Popular","alternateName":"M\u00e9dicos Especialistas","url":"https:\/\/www.somospopular.com.br\/especialistas\/","logo":{"@type":"ImageObject","inLanguage":"pt-BR","@id":"https:\/\/www.somospopular.com.br\/especialistas\/#\/schema\/logo\/image\/","url":"https:\/\/www.somospopular.com.br\/especialistas\/wp-content\/uploads\/sites\/13\/2022\/05\/somos-popular-logo-80.webp","contentUrl":"https:\/\/www.somospopular.com.br\/especialistas\/wp-content\/uploads\/sites\/13\/2022\/05\/somos-popular-logo-80.webp","width":325,"height":80,"caption":"M\u00e9dicos Especialistas - Somos Popular"},"image":{"@id":"https:\/\/www.somospopular.com.br\/especialistas\/#\/schema\/logo\/image\/"}}]}},"_links":{"self":[{"href":"https:\/\/www.somospopular.com.br\/especialistas\/wp-json\/wp\/v2\/negocio\/166310","targetHints":{"allow":["GET"]}}],"collection":[{"href":"https:\/\/www.somospopular.com.br\/especialistas\/wp-json\/wp\/v2\/negocio"}],"about":[{"href":"https:\/\/www.somospopular.com.br\/especialistas\/wp-json\/wp\/v2\/types\/negocio"}],"author":[{"embeddable":true,"href":"https:\/\/www.somospopular.com.br\/especialistas\/wp-json\/wp\/v2\/users\/1"}],"wp:attachment":[{"href":"https:\/\/www.somospopular.com.br\/especialistas\/wp-json\/wp\/v2\/media?parent=166310"}],"wp:term":[{"taxonomy":"bairro","embeddable":true,"href":"https:\/\/www.somospopular.com.br\/especialistas\/wp-json\/wp\/v2\/bairro?post=166310"},{"taxonomy":"categoria_parceiro","embeddable":true,"href":"https:\/\/www.somospopular.com.br\/especialistas\/wp-json\/wp\/v2\/categoria_parceiro?post=166310"},{"taxonomy":"topico-parceiro","embeddable":true,"href":"https:\/\/www.somospopular.com.br\/especialistas\/wp-json\/wp\/v2\/topico-parceiro?post=166310"}],"curies":[{"name":"wp","href":"https:\/\/api.w.org\/{rel}","templated":true}]}}