{"id":166628,"date":"2022-01-23T05:17:22","date_gmt":"2022-01-23T08:17:22","guid":{"rendered":"https:\/\/www.somospopular.com.br\/especialistas\/dr-emerson-prisco-oncologista-em\/"},"modified":"2023-05-20T14:30:00","modified_gmt":"2023-05-20T17:30:00","slug":"dr-emerson-prisco-oncologista-em","status":"publish","type":"negocio","link":"https:\/\/www.somospopular.com.br\/especialistas\/dr-emerson-prisco-oncologista-em\/","title":{"rendered":"&#8211;"},"content":{"rendered":"<p>Sou Cirurgi\u00e3o Oncol\u00f3gico com forma\u00e7\u00e3o no Instituto Nacional de C\u00e2ncer &#8211; INCA, e tenho 15 anos de experi\u00eancia! Durante estes anos de jornada profissional, foram mais de 10.000 consultas e 3.000 cirurgias, al\u00e9m da participa\u00e7\u00e3o direta em mais de 5.000 procedimentos.<br \/>\nAcredito em um trabalho pautado na confian\u00e7a e empatia.<br \/>\nAjudo pacientes com c\u00e2ncer a vencerem a doen\u00e7a com \u00e9tica e humanismo.<br \/>\nMinha miss\u00e3o \u00e9 cuidar, confortar e oferecer maiores chances de cura aos pacientes com c\u00e2ncer ou tumores benignos, proporcionando um atendimento diferenciado e personalizado, zelando pela sua sa\u00fade e bem-estar dos familiares e amigos envolvidos, durante todas as fases do tratamento.<br \/>\nRealizo desde procedimentos de pequeno porte at\u00e9 grandes cirurgias para diagn\u00f3stico, tratamento ou palia\u00e7\u00e3o do c\u00e2ncer, com destaque para as cirurgias minimamente invasivas (laparoscopia avan\u00e7ada para tratamento de tumores abdominais).<br \/>\n\u00c1reas de atua\u00e7\u00e3o:<br \/>\n&#8211; Tumores de pele, ossos e partes moles (tecidos musculares, gordurosos, articulares).<br \/>\n&#8211; Tumores do trato digestivo (es\u00f4fago, est\u00f4mago, p\u00e2ncreas, f\u00edgado, ves\u00edcula, intestinos, reto e \u00e2nus).<br \/>\n&#8211; Tumores ginecol\u00f3gicos (\u00fatero, trompas, ov\u00e1rios, vagina, vulva).<br \/>\n&#8211; Tumores retroperitoneais (sarcomas, paragangliomas, linfomas, rins e adrenais).<br \/>\n&#8211; Cirurgia citorredutora com quimioterapia intraperitoneal hipert\u00e9rmica (HIPEC).<br \/>\n&#8211; Implante de cat\u00e9ter permanente para quimioterapia (port-a-cath).<br \/>\n&#8211; Bi\u00f3psias de linfonodos e les\u00f5es suspeitas.<br \/>\n&#8211; Membro Titular das sociedades m\u00e9dicas: SBCO \/ SBC \/ CBC \/ SOBRACIL<br \/>\nLink de interesse:<br \/>\n&#8211; Acesse meu Curr\u00edculo Lates:http:\/\/lattes.cnpq.br\/1188345917038390<\/p>\n<h2>Oncologista em Salvador &#8211; BA<\/h2>\n<p><strong>Endere\u00e7o:<\/strong>  ,  &#8211;<br \/>\n<strong>CEP: <\/strong><\/p>\n<p><span class=\"phone-hidden\"><strong>Telefone:<\/strong>  <\/span><\/p>\n<h2><\/h2>\n<p><span class=\"maps-hidden\"><a href=\"https:\/\/www.google.com\/maps\/search\/?api=1&#038;query= ,  -  - \" target=\"_blank\" rel=\"noopener\">COMO CHEGAR?<\/a><\/span><\/p>\n<hr \/>\n<ul>\n<li><a href=\"\/especialistas\/#gsc.tab=0&#038;gsc.q=Especialista%20em%20cancer%20colorretal%20salvador\" title=\"C\u00e2ncer colorretal\" class=\"textbody\">C\u00e2ncer colorretal<\/a><\/li>\n<hr >\n<li><a href=\"\/especialistas\/#gsc.tab=0&#038;gsc.q=Especialista%20em%20cancer%20de%20estomago%20salvador\" title=\"C\u00e2ncer de est\u00f4mago\" class=\"textbody\">C\u00e2ncer de est\u00f4mago<\/a><\/li>\n<hr >\n<li><a href=\"\/especialistas\/#gsc.tab=0&#038;gsc.q=Especialista%20em%20doencas%20da%20vesicula%20biliar%20salvador\" title=\"Doen\u00e7as Da Ves\u00edcula Biliar\" class=\"textbody\">Doen\u00e7as Da Ves\u00edcula Biliar<\/a><\/li>\n<hr >\n<li><a href=\"\/especialistas\/#gsc.tab=0&#038;gsc.q=Especialista%20em%20condicoes%20pre%20cancerosas%20salvador\" title=\"Condi\u00e7\u00f5es pr\u00e9%20cancerosas\" class=\"textbody\">Condi\u00e7\u00f5es pr\u00e9%20cancerosas<\/a><\/li>\n<hr >\n<li><a href=\"\/especialistas\/#gsc.tab=0&#038;gsc.q=Especialista%20em%20cancer%20da%20bexiga%20salvador\" title=\"C\u00e2ncer da bexiga\" class=\"textbody\">C\u00e2ncer da bexiga<\/a><\/li>\n<hr >\n<li><a href=\"\/especialistas\/#gsc.tab=0&#038;gsc.q=Especialista%20em%20cancer%20de%20esofago%20salvador\" title=\"C\u00e2ncer de es\u00f4fago\" class=\"textbody\">C\u00e2ncer de es\u00f4fago<\/a><\/li>\n<hr >\n<li><a href=\"\/especialistas\/#gsc.tab=0&#038;gsc.q=Especialista%20em%20neoplasia%20endocrina%20multipla%20salvador\" title=\"Neoplasia End\u00f3crina M\u00faltipla\" class=\"textbody\">Neoplasia End\u00f3crina M\u00faltipla<\/a><\/li>\n<hr >\n<li><a href=\"\/especialistas\/#gsc.tab=0&#038;gsc.q=Especialista%20em%20neoplasia%20intra%20epitelial%20cervical%20salvador\" title=\"Neoplasia Intra%20Epitelial Cervical\" class=\"textbody\">Neoplasia Intra%20Epitelial Cervical<\/a><\/li>\n<hr >\n<li><a href=\"\/especialistas\/#gsc.tab=0&#038;gsc.q=Especialista%20em%20neoplasias%20salvador\" title=\"Neoplasias\" class=\"textbody\">Neoplasias<\/a><\/li>\n<hr >\n<li><a href=\"\/especialistas\/#gsc.tab=0&#038;gsc.q=Especialista%20em%20neoplasias%20abdominais%20salvador\" title=\"Neoplasias Abdominais\" class=\"textbody\">Neoplasias Abdominais<\/a><\/li>\n<hr >\n<li><a href=\"\/especialistas\/#gsc.tab=0&#038;gsc.q=Especialista%20em%20nodulos%20e%20tumores%20testiculares%20salvador\" title=\"N\u00f3dulos e tumores testiculares\" class=\"textbody\">N\u00f3dulos e tumores testiculares<\/a><\/li>\n<hr >\n<li><a href=\"\/especialistas\/#gsc.tab=0&#038;gsc.q=Especialista%20em%20tumor%20carcinoide%20salvador\" title=\"Tumor Carcin\u00f3ide\" class=\"textbody\">Tumor Carcin\u00f3ide<\/a><\/li>\n<hr >\n<li><a href=\"\/especialistas\/#gsc.tab=0&#038;gsc.q=Especialista%20em%20tumor%20de%20brenner%20salvador\" title=\"Tumor De Brenner\" class=\"textbody\">Tumor De Brenner<\/a><\/li>\n<hr >\n<li><a href=\"\/especialistas\/#gsc.tab=0&#038;gsc.q=Especialista%20em%20cancer%20de%20ovario%20hereditario%20salvador\" title=\"C\u00e2ncer de ovario heredit\u00e1rio\" class=\"textbody\">C\u00e2ncer de ovario heredit\u00e1rio<\/a><\/li>\n<hr >\n<li><a href=\"\/especialistas\/#gsc.tab=0&#038;gsc.q=Especialista%20em%20neoplasias%20do%20colo%20do%20utero%20salvador\" title=\"Neoplasias Do Colo Do \u00datero\" class=\"textbody\">Neoplasias Do Colo Do \u00datero<\/a><\/li>\n<hr >\n<li><a href=\"\/especialistas\/#gsc.tab=0&#038;gsc.q=Especialista%20em%20cancer%20de%20ovario%20salvador\" title=\"C\u00e2ncer de ov\u00e1rio\" class=\"textbody\">C\u00e2ncer de ov\u00e1rio<\/a><\/li>\n<hr >\n<li><a href=\"\/especialistas\/#gsc.tab=0&#038;gsc.q=Especialista%20em%20cancer%20de%20estomago%20salvador\" title=\"C\u00e2ncer de est\u00f4mago\" class=\"textbody\">C\u00e2ncer de est\u00f4mago<\/a><\/li>\n<hr >\n<li><a href=\"\/especialistas\/#gsc.tab=0&#038;gsc.q=Especialista%20em%20neoplasias%20duodenais%20salvador\" title=\"Neoplasias Duodenais\" class=\"textbody\">Neoplasias Duodenais<\/a><\/li>\n<hr >\n<li><a href=\"\/especialistas\/#gsc.tab=0&#038;gsc.q=Especialista%20em%20cancer%20de%20pancreas%20salvador\" title=\"C\u00e2ncer de p\u00e2ncreas\" class=\"textbody\">C\u00e2ncer de p\u00e2ncreas<\/a><\/li>\n<hr >\n<li><a href=\"\/especialistas\/#gsc.tab=0&#038;gsc.q=Especialista%20em%20cancro%20do%20figado%20salvador\" title=\"Cancro do f\u00edgado\" class=\"textbody\">Cancro do f\u00edgado<\/a><\/li>\n<hr >\n<li><a href=\"\/especialistas\/#gsc.tab=0&#038;gsc.q=Especialista%20em%20hiperplasia%20nodular%20focal%20do%20figado%20salvador\" title=\"Hiperplasia Nodular Focal Do F\u00edgado\" class=\"textbody\">Hiperplasia Nodular Focal Do F\u00edgado<\/a><\/li>\n<hr >\n<li><a href=\"\/especialistas\/#gsc.tab=0&#038;gsc.q=Especialista%20em%20polipos%20do%20intestino%20grosso%20colon%20e%20reto%20salvador\" title=\"P\u00f3lipos do intestino grosso (c\u00f3lon e reto)\" class=\"textbody\">P\u00f3lipos do intestino grosso (c\u00f3lon e reto)<\/a><\/li>\n<hr >\n<li><a href=\"\/especialistas\/#gsc.tab=0&#038;gsc.q=Especialista%20em%20neoplasias%20intestinais%20salvador\" title=\"Neoplasias Intestinais\" class=\"textbody\">Neoplasias Intestinais<\/a><\/li>\n<hr >\n<li><a href=\"\/especialistas\/#gsc.tab=0&#038;gsc.q=Especialista%20em%20neoplasias%20gastrointestinais%20salvador\" title=\"Neoplasias Gastrointestinais\" class=\"textbody\">Neoplasias Gastrointestinais<\/a><\/li>\n<hr >\n<li><a href=\"\/especialistas\/#gsc.tab=0&#038;gsc.q=Especialista%20em%20cancer%20colorretal%20salvador\" title=\"C\u00e2ncer colorretal\" class=\"textbody\">C\u00e2ncer colorretal<\/a><\/li>\n<hr >\n<li><a href=\"\/especialistas\/#gsc.tab=0&#038;gsc.q=Especialista%20em%20neoplasias%20colorretais%20salvador\" title=\"Neoplasias Colorretais\" class=\"textbody\">Neoplasias Colorretais<\/a><\/li>\n<hr >\n<li><a href=\"\/especialistas\/#gsc.tab=0&#038;gsc.q=Especialista%20em%20neoplasias%20colorretais%20hereditarias%20sem%20polipose%20salvador\" title=\"Neoplasias Colorretais Heredit\u00e1rias Sem Polipose\" class=\"textbody\">Neoplasias Colorretais Heredit\u00e1rias Sem Polipose<\/a><\/li>\n<hr >\n<li><a href=\"\/especialistas\/#gsc.tab=0&#038;gsc.q=Especialista%20em%20cancer%20de%20pele%20salvador\" title=\"C\u00e2ncer de pele\" class=\"textbody\">C\u00e2ncer de pele<\/a><\/li>\n<hr >\n<li><a href=\"\/especialistas\/#gsc.tab=0&#038;gsc.q=Especialista%20em%20sarcoma%20alveolar%20de%20partes%20moles%20salvador\" title=\"Sarcoma Alveolar De Partes Moles\" class=\"textbody\">Sarcoma Alveolar De Partes Moles<\/a><\/li>\n<hr >\n<li><a href=\"\/especialistas\/#gsc.tab=0&#038;gsc.q=Especialista%20em%20neoplasias%20de%20tecido%20osseo%20salvador\" title=\"Neoplasias De Tecido \u00d3sseo\" class=\"textbody\">Neoplasias De Tecido \u00d3sseo<\/a><\/li>\n<hr >\n<li><a href=\"\/especialistas\/#gsc.tab=0&#038;gsc.q=Especialista%20em%20tumores%20osseos%20salvador\" title=\"Tumores \u00d3sseos\" class=\"textbody\">Tumores \u00d3sseos<\/a><\/li>\n<hr >\n<li><a href=\"\/especialistas\/#gsc.tab=0&#038;gsc.q=Especialista%20em%20hiperplasia%20do%20linfonodo%20gigante%20salvador\" title=\"Hiperplasia Do Linfonodo Gigante\" class=\"textbody\">Hiperplasia Do Linfonodo Gigante<\/a><\/li>\n<hr >\n<li><a href=\"\/especialistas\/#gsc.tab=0&#038;gsc.q=Especialista%20em%20linfonodos%20aumentados%20salvador\" title=\"Linfonodos aumentados\" class=\"textbody\">Linfonodos aumentados<\/a><\/li>\n<hr >\n<li><a href=\"\/especialistas\/#gsc.tab=0&#038;gsc.q=Especialista%20em%20cancer%20vaginal%20salvador\" title=\"C\u00e2ncer vaginal\" class=\"textbody\">C\u00e2ncer vaginal<\/a><\/li>\n<hr >\n<li><a href=\"\/especialistas\/#gsc.tab=0&#038;gsc.q=Especialista%20em%20neoplasias%20vaginais%20salvador\" title=\"Neoplasias Vaginais\" class=\"textbody\">Neoplasias Vaginais<\/a><\/li>\n<hr >\n<li><a href=\"\/especialistas\/#gsc.tab=0&#038;gsc.q=Especialista%20em%20neoplasias%20vulvares%20salvador\" title=\"Neoplasias Vulvares\" class=\"textbody\">Neoplasias Vulvares<\/a><\/li>\n<hr >\n<li><a href=\"\/especialistas\/#gsc.tab=0&#038;gsc.q=Especialista%20em%20neoplasias%20retroperitoneais%20salvador\" title=\"Neoplasias Retroperitoneais\" class=\"textbody\">Neoplasias Retroperitoneais<\/a><\/li>\n<hr >\n<li><a href=\"\/especialistas\/#gsc.tab=0&#038;gsc.q=Especialista%20em%20adenomas%20adrenal%20salvador\" title=\"Adenomas Adrenal\" class=\"textbody\">Adenomas Adrenal<\/a><\/li>\n<hr >\n<li><a href=\"\/especialistas\/#gsc.tab=0&#038;gsc.q=Especialista%20em%20neoplasias%20das%20glandulas%20supra%20renais%20salvador\" title=\"Neoplasias Das Gl\u00e2ndulas Supra%20Renais\" class=\"textbody\">Neoplasias Das Gl\u00e2ndulas Supra%20Renais<\/a><\/li>\n<hr >\n<li><a href=\"\/especialistas\/#gsc.tab=0&#038;gsc.q=Especialista%20em%20cancer%20de%20rim%20salvador\" title=\"C\u00e2ncer de rim\" class=\"textbody\">C\u00e2ncer de rim<\/a><\/li>\n<hr >\n<li><a href=\"\/especialistas\/#gsc.tab=0&#038;gsc.q=Especialista%20em%20melanoma%20amelanotico%20salvador\" title=\"Melanoma Amelan\u00f3tico\" class=\"textbody\">Melanoma Amelan\u00f3tico<\/a><\/li>\n<hr >\n<li><a href=\"\/especialistas\/#gsc.tab=0&#038;gsc.q=Especialista%20em%20melanoma%20salvador\" title=\"Melanoma\" class=\"textbody\">Melanoma<\/a><\/li>\n<hr >\n<li><a href=\"\/especialistas\/#gsc.tab=0&#038;gsc.q=Especialista%20em%20melanoma%20experimental%20salvador\" title=\"Melanoma Experimental\" class=\"textbody\">Melanoma Experimental<\/a><\/li>\n<hr >\n<li><a href=\"\/especialistas\/#gsc.tab=0&#038;gsc.q=Especialista%20em%20adenocarcinoma%20de%20celulas%20claras%20salvador\" title=\"Adenocarcinoma De C\u00e9lulas Claras\" class=\"textbody\">Adenocarcinoma De C\u00e9lulas Claras<\/a><\/li>\n<hr >\n<li><a href=\"\/especialistas\/#gsc.tab=0&#038;gsc.q=Especialista%20em%20adenocarcinoma%20salvador\" title=\"Adenocarcinoma\" class=\"textbody\">Adenocarcinoma<\/a><\/li>\n<hr >\n<li><a href=\"\/especialistas\/#gsc.tab=0&#038;gsc.q=Especialista%20em%20carcinoma%20adenoescamoso%20salvador\" title=\"Carcinoma Adenoescamoso\" class=\"textbody\">Carcinoma Adenoescamoso<\/a><\/li>\n<hr >\n<li><a href=\"\/especialistas\/#gsc.tab=0&#038;gsc.q=Especialista%20em%20carcinoma%20basoescamoso%20salvador\" title=\"Carcinoma Basoescamoso\" class=\"textbody\">Carcinoma Basoescamoso<\/a><\/li>\n<hr >\n<li><a href=\"\/especialistas\/#gsc.tab=0&#038;gsc.q=Especialista%20em%20carcinoma%20de%20celulas%20escamosas%20salvador\" title=\"Carcinoma De C\u00e9lulas Escamosas\" class=\"textbody\">Carcinoma De C\u00e9lulas Escamosas<\/a><\/li>\n<hr >\n<li><a href=\"\/especialistas\/#gsc.tab=0&#038;gsc.q=Especialista%20em%20neoplasias%20de%20celulas%20escamosas%20salvador\" title=\"Neoplasias De C\u00e9lulas Escamosas\" class=\"textbody\">Neoplasias De C\u00e9lulas Escamosas<\/a><\/li>\n<hr >\n<li><a href=\"\/especialistas\/#gsc.tab=0&#038;gsc.q=Especialista%20em%20carcinoma%20neuroendocrino%20salvador\" title=\"Carcinoma Neuroend\u00f3crino\" class=\"textbody\">Carcinoma Neuroend\u00f3crino<\/a><\/li>\n<hr >\n<li><a href=\"\/especialistas\/#gsc.tab=0&#038;gsc.q=Especialista%20em%20pilomatrixoma%20salvador\" title=\"Pilomatrixoma\" class=\"textbody\">Pilomatrixoma<\/a><\/li>\n<hr >\n<li><a href=\"\/especialistas\/#gsc.tab=0&#038;gsc.q=Especialista%20em%20lipossarcoma%20mixoide%20salvador\" title=\"Lipossarcoma Mix\u00f3ide\" class=\"textbody\">Lipossarcoma Mix\u00f3ide<\/a><\/li>\n<hr >\n<li><a href=\"\/especialistas\/#gsc.tab=0&#038;gsc.q=Especialista%20em%20lipomatose%20salvador\" title=\"Lipomatose\" class=\"textbody\">Lipomatose<\/a><\/li>\n<hr >\n<li><a role=\"button\" onclick=\"(() => window.location = &#8216;\/especialistas\/#gsc.tab=0&#038;gsc.q=Especialista%20em%20neoplasias%20lipomatosas%20salvador&#8221; class=&#8221;textbody&#8221;><br \/>\n\t\tNeoplasias Lipomatosas<br \/>\n\t<\/a><\/li>\n<hr >\n<li><a href=\"\/especialistas\/#gsc.tab=0&#038;gsc.q=Especialista%20em%20adenossarcoma%20salvador\" title=\"Adenossarcoma\" class=\"textbody\">Adenossarcoma<\/a><\/li>\n<hr >\n<li><a href=\"\/especialistas\/#gsc.tab=0&#038;gsc.q=Especialista%20em%20carcinossarcoma%20salvador\" title=\"Carcinossarcoma\" class=\"textbody\">Carcinossarcoma<\/a><\/li>\n<hr >\n<li><a href=\"\/especialistas\/#gsc.tab=0&#038;gsc.q=Especialista%20em%20condrossarcoma%20salvador\" title=\"Condrossarcoma\" class=\"textbody\">Condrossarcoma<\/a><\/li>\n<hr >\n<li><a href=\"\/especialistas\/#gsc.tab=0&#038;gsc.q=Especialista%20em%20dermatofibrossarcoma%20salvador\" title=\"Dermatofibrossarcoma\" class=\"textbody\">Dermatofibrossarcoma<\/a><\/li>\n<hr >\n<li><a href=\"\/especialistas\/#gsc.tab=0&#038;gsc.q=Especialista%20em%20fibrossarcoma%20salvador\" title=\"Fibrossarcoma\" class=\"textbody\">Fibrossarcoma<\/a><\/li>\n<hr >\n<li><a href=\"\/especialistas\/#gsc.tab=0&#038;gsc.q=Especialista%20em%20hemangiossarcoma%20salvador\" title=\"Hemangiossarcoma\" class=\"textbody\">Hemangiossarcoma<\/a><\/li>\n<hr >\n<li><a href=\"\/especialistas\/#gsc.tab=0&#038;gsc.q=Especialista%20em%20carcinoma%20medular%20salvador\" title=\"Carcinoma Medular\" class=\"textbody\">Carcinoma Medular<\/a><\/li>\n<hr >\n<li><a href=\"\/especialistas\/#gsc.tab=0&#038;gsc.q=Especialista%20em%20neoplasias%20da%20medula%20ossea%20salvador\" title=\"Neoplasias Da Medula \u00d3ssea\" class=\"textbody\">Neoplasias Da Medula \u00d3ssea<\/a><\/li>\n<hr >\n<li><a href=\"\/especialistas\/#gsc.tab=0&#038;gsc.q=Especialista%20em%20histiocitoma%20fibroso%20benigno%20salvador\" title=\"Histiocitoma Fibroso Benigno\" class=\"textbody\">Histiocitoma Fibroso Benigno<\/a><\/li>\n<hr >\n<li><a href=\"\/especialistas\/#gsc.tab=0&#038;gsc.q=Especialista%20em%20fibroma%20desmoplasico%20salvador\" title=\"Fibroma Desmopl\u00e1sico\" class=\"textbody\">Fibroma Desmopl\u00e1sico<\/a><\/li>\n<hr >\n<li><a href=\"\/especialistas\/#gsc.tab=0&#038;gsc.q=Especialista%20em%20adenofibroma%20salvador\" title=\"Adenofibroma\" class=\"textbody\">Adenofibroma<\/a><\/li>\n<hr >\n<li><a href=\"\/especialistas\/#gsc.tab=0&#038;gsc.q=Especialista%20em%20fibroma%20ossificante%20salvador\" title=\"Fibroma Ossificante\" class=\"textbody\">Fibroma Ossificante<\/a><\/li>\n<hr >\n<li><a href=\"\/especialistas\/#gsc.tab=0&#038;gsc.q=Especialista%20em%20fibromatose%20abdominal%20salvador\" title=\"Fibromatose Abdominal\" class=\"textbody\">Fibromatose Abdominal<\/a><\/li>\n<hr >\n<li><a href=\"\/especialistas\/#gsc.tab=0&#038;gsc.q=Especialista%20em%20miofibromatose%20salvador\" title=\"Miofibromatose\" class=\"textbody\">Miofibromatose<\/a><\/li>\n<hr >\n<li><a href=\"\/especialistas\/#gsc.tab=0&#038;gsc.q=Especialista%20em%20miofibroma%20salvador\" title=\"Miofibroma\" class=\"textbody\">Miofibroma<\/a><\/li>\n<hr >\n<li><a href=\"\/especialistas\/#gsc.tab=0&#038;gsc.q=Especialista%20em%20fibromatose%20agressiva%20salvador\" title=\"Fibromatose Agressiva\" class=\"textbody\">Fibromatose Agressiva<\/a><\/li>\n<hr >\n<li><a href=\"\/especialistas\/#gsc.tab=0&#038;gsc.q=Especialista%20em%20cancer%20de%20endometrio%20salvador\" title=\"C\u00e1ncer de endometrio\" class=\"textbody\">C\u00e1ncer de endometrio<\/a><\/li>\n<hr >\n<li><a href=\"\/especialistas\/#gsc.tab=0&#038;gsc.q=Especialista%20em%20carcinoma%20endometrioide%20salvador\" title=\"Carcinoma Endometri\u00f3ide\" class=\"textbody\">Carcinoma Endometri\u00f3ide<\/a><\/li>\n<hr >\n<li><a href=\"\/especialistas\/#gsc.tab=0&#038;gsc.q=Especialista%20em%20endometriose%20salvador\" title=\"Endometriose\" class=\"textbody\">Endometriose<\/a><\/li>\n<hr >\n<li><a href=\"\/especialistas\/#gsc.tab=0&#038;gsc.q=Especialista%20em%20sarcoma%20do%20estroma%20endometrial%20salvador\" title=\"Sarcoma Do Estroma Endometrial\" class=\"textbody\">Sarcoma Do Estroma Endometrial<\/a><\/li>\n<hr >\n<li><a href=\"\/especialistas\/#gsc.tab=0&#038;gsc.q=Especialista%20em%20tumores%20do%20estroma%20endometrial%20salvador\" title=\"Tumores Do Estroma Endometrial\" class=\"textbody\">Tumores Do Estroma Endometrial<\/a><\/li>\n<hr >\n<li><a href=\"\/especialistas\/#gsc.tab=0&#038;gsc.q=Especialista%20em%20cistoadenocarcinoma%20mucinoso%20salvador\" title=\"Cistoadenocarcinoma Mucinoso\" class=\"textbody\">Cistoadenocarcinoma Mucinoso<\/a><\/li>\n<hr >\n<li><a href=\"\/especialistas\/#gsc.tab=0&#038;gsc.q=Especialista%20em%20cistoadenocarcinoma%20seroso%20salvador\" title=\"Cistoadenocarcinoma Seroso\" class=\"textbody\">Cistoadenocarcinoma Seroso<\/a><\/li>\n<hr >\n<li><a href=\"\/especialistas\/#gsc.tab=0&#038;gsc.q=Especialista%20em%20cistoadenocarcinoma%20papilar%20salvador\" title=\"Cistoadenocarcinoma Papilar\" class=\"textbody\">Cistoadenocarcinoma Papilar<\/a><\/li>\n<hr >\n<li><a href=\"\/especialistas\/#gsc.tab=0&#038;gsc.q=Especialista%20em%20cistos%20ovarianos%20salvador\" title=\"Cistos Ovarianos\" class=\"textbody\">Cistos Ovarianos<\/a><\/li>\n<hr >\n<li><a href=\"\/especialistas\/#gsc.tab=0&#038;gsc.q=Especialista%20em%20hidrocistoma%20salvador\" title=\"Hidrocistoma\" class=\"textbody\">Hidrocistoma<\/a><\/li>\n<hr >\n<li><a href=\"\/especialistas\/#gsc.tab=0&#038;gsc.q=Especialista%20em%20cistadenoma%20seroso%20salvador\" title=\"Cistadenoma Seroso\" class=\"textbody\">Cistadenoma Seroso<\/a><\/li>\n<hr >\n<li><a href=\"\/especialistas\/#gsc.tab=0&#038;gsc.q=Especialista%20em%20adenocarcinoma%20mucinoso%20salvador\" title=\"Adenocarcinoma Mucinoso\" class=\"textbody\">Adenocarcinoma Mucinoso<\/a><\/li>\n<hr >\n<li><a href=\"\/especialistas\/#gsc.tab=0&#038;gsc.q=Especialista%20em%20cistadenoma%20mucinoso%20salvador\" title=\"Cistadenoma Mucinoso\" class=\"textbody\">Cistadenoma Mucinoso<\/a><\/li>\n<hr >\n<li><a href=\"\/especialistas\/#gsc.tab=0&#038;gsc.q=Especialista%20em%20neoplasias%20cisticas%20mucinosas%20e%20serosas%20salvador\" title=\"Neoplasias C\u00edsticas, Mucinosas E Serosas\" class=\"textbody\">Neoplasias C\u00edsticas, Mucinosas E Serosas<\/a><\/li>\n<hr >\n<li><a href=\"\/especialistas\/#gsc.tab=0&#038;gsc.q=Especialista%20em%20carcinoma%20de%20celulas%20em%20anel%20de%20sinete%20salvador\" title=\"Carcinoma De C\u00e9lulas Em Anel De Sinete\" class=\"textbody\">Carcinoma De C\u00e9lulas Em Anel De Sinete<\/a><\/li>\n<hr >\n<li><a href=\"\/especialistas\/#gsc.tab=0&#038;gsc.q=Especialista%20em%20linfoma%20indiferenciado%20salvador\" title=\"Linfoma Indiferenciado\" class=\"textbody\">Linfoma Indiferenciado<\/a><\/li>\n<hr >\n<li><a href=\"\/especialistas\/#gsc.tab=0&#038;gsc.q=Especialista%20em%20adenolinfoma%20salvador\" title=\"Adenolinfoma\" class=\"textbody\">Adenolinfoma<\/a><\/li>\n<hr >\n<li><a href=\"\/especialistas\/#gsc.tab=0&#038;gsc.q=Especialista%20em%20linfoma%20de%20alto%20grau%20de%20malignidade%20salvador\" title=\"Linfoma De Alto Grau De Malignidade\" class=\"textbody\">Linfoma De Alto Grau De Malignidade<\/a><\/li>\n<hr >\n<li><a href=\"\/especialistas\/#gsc.tab=0&#038;gsc.q=Especialista%20em%20linfoma%20de%20baixo%20grau%20de%20malignidade%20salvador\" title=\"Linfoma De Baixo Grau De Malignidade\" class=\"textbody\">Linfoma De Baixo Grau De Malignidade<\/a><\/li>\n<hr >\n<li><a href=\"\/especialistas\/#gsc.tab=0&#038;gsc.q=Especialista%20em%20condrossarcoma%20mesenquimal%20salvador\" title=\"Condrossarcoma Mesenquimal\" class=\"textbody\">Condrossarcoma Mesenquimal<\/a><\/li>\n<hr >\n<li><a href=\"\/especialistas\/#gsc.tab=0&#038;gsc.q=Especialista%20em%20carcinomatose%20peritoneal%20salvador\" title=\"Carcinomatose peritoneal\" class=\"textbody\">Carcinomatose peritoneal<\/a><\/li>\n<hr >\n<li><a href=\"\/especialistas\/#gsc.tab=0&#038;gsc.q=Especialista%20em%20pseudomixoma%20peritoneal%20salvador\" title=\"Pseudomixoma Peritoneal\" class=\"textbody\">Pseudomixoma Peritoneal<\/a><\/li>\n<hr >\n<li><a href=\"\/especialistas\/#gsc.tab=0&#038;gsc.q=Especialista%20em%20lipoma%20salvador\" title=\"Lipoma\" class=\"textbody\">Lipoma<\/a><\/li>\n<hr >\n<li><a href=\"\/especialistas\/#gsc.tab=0&#038;gsc.q=Especialista%20em%20hiperplasia%20salvador\" title=\"Hiperplasia\" class=\"textbody\">Hiperplasia<\/a><\/li>\n<hr >\n<li><a href=\"\/especialistas\/#gsc.tab=0&#038;gsc.q=Especialista%20em%20hiperplasia%20epitelial%20focal%20salvador\" title=\"Hiperplasia Epitelial Focal\" class=\"textbody\">Hiperplasia Epitelial Focal<\/a><\/li>\n<hr >\n<li><a href=\"\/especialistas\/#gsc.tab=0&#038;gsc.q=Especialista%20em%20hiperplasia%20supra%20renal%20congenita%20salvador\" title=\"Hiperplasia Supra%20Renal Cong\u00eanita\" class=\"textbody\">Hiperplasia Supra%20Renal Cong\u00eanita<\/a><\/li>\n<hr >\n<li><a href=\"\/especialistas\/#gsc.tab=0&#038;gsc.q=Especialista%20em%20epidermodisplasia%20verruciforme%20salvador\" title=\"Epidermodisplasia Verruciforme\" class=\"textbody\">Epidermodisplasia Verruciforme<\/a><\/li>\n<hr >\n<li><a href=\"\/especialistas\/#gsc.tab=0&#038;gsc.q=Especialista%20em%20doenca%20histiocitica%20maligna%20salvador\" title=\"Doen\u00e7a Histioc\u00edtica Maligna\" class=\"textbody\">Doen\u00e7a Histioc\u00edtica Maligna<\/a><\/li>\n<hr >\n<li><a href=\"\/especialistas\/#gsc.tab=0&#038;gsc.q=Especialista%20em%20histiocitoma%20fibroso%20maligno%20salvador\" title=\"Histiocitoma Fibroso Maligno\" class=\"textbody\">Histiocitoma Fibroso Maligno<\/a><\/li>\n<hr >\n<li><a href=\"\/especialistas\/#gsc.tab=0&#038;gsc.q=Especialista%20em%20histiocitose%20de%20celulas%20de%20langerhans%20salvador\" title=\"Histiocitose De C\u00e9lulas De Langerhans\" class=\"textbody\">Histiocitose De C\u00e9lulas De Langerhans<\/a><\/li>\n<hr >\n<li><a href=\"\/especialistas\/#gsc.tab=0&#038;gsc.q=Especialista%20em%20histiocitose%20maligna%20salvador\" title=\"Histiocitose Maligna\" class=\"textbody\">Histiocitose Maligna<\/a><\/li>\n<hr >\n<li><a href=\"\/especialistas\/#gsc.tab=0&#038;gsc.q=Especialista%20em%20mixoma%20salvador\" title=\"Mixoma\" class=\"textbody\">Mixoma<\/a><\/li>\n<hr >\n<li><a href=\"\/especialistas\/#gsc.tab=0&#038;gsc.q=Especialista%20em%20mixossarcoma%20salvador\" title=\"Mixossarcoma\" class=\"textbody\">Mixossarcoma<\/a><\/li>\n<hr >\n<li><a href=\"\/especialistas\/#gsc.tab=0&#038;gsc.q=Especialista%20em%20neoplasias%20da%20orelha%20salvador\" title=\"Neoplasias Da Orelha\" class=\"textbody\">Neoplasias Da Orelha<\/a><\/li>\n<hr >\n<li><a href=\"\/especialistas\/#gsc.tab=0&#038;gsc.q=Especialista%20em%20neoplasias%20nasais%20salvador\" title=\"Neoplasias Nasais\" class=\"textbody\">Neoplasias Nasais<\/a><\/li>\n<hr >\n<li><a href=\"\/especialistas\/#gsc.tab=0&#038;gsc.q=Especialista%20em%20neoplasias%20gastricas%20salvador\" title=\"Neoplasias G\u00e1stricas\" class=\"textbody\">Neoplasias G\u00e1stricas<\/a><\/li>\n<hr >\n<li><a href=\"\/especialistas\/#gsc.tab=0&#038;gsc.q=Especialista%20em%20adenocarcinoma%20sebaceo%20salvador\" title=\"Adenocarcinoma Seb\u00e1ceo\" class=\"textbody\">Adenocarcinoma Seb\u00e1ceo<\/a><\/li>\n<hr >\n<li><a href=\"\/especialistas\/#gsc.tab=0&#038;gsc.q=Especialista%20em%20neoplasias%20das%20glandulas%20sebaceas%20salvador\" title=\"Neoplasias Das Gl\u00e2ndulas Seb\u00e1ceas\" class=\"textbody\">Neoplasias Das Gl\u00e2ndulas Seb\u00e1ceas<\/a><\/li>\n<hr >\n<li><a href=\"\/especialistas\/#gsc.tab=0&#038;gsc.q=Especialista%20em%20linfadenite%20mesenterica%20salvador\" title=\"Linfadenite Mesent\u00e9rica\" class=\"textbody\">Linfadenite Mesent\u00e9rica<\/a><\/li>\n<hr >\n<li><a href=\"\/especialistas\/#gsc.tab=0&#038;gsc.q=Especialista%20em%20paraganglioma%20extra%20supra%20renal%20salvador\" title=\"Paraganglioma Extra%20Supra%20Renal\" class=\"textbody\">Paraganglioma Extra%20Supra%20Renal<\/a><\/li>\n<hr >\n<li><a href=\"\/especialistas\/#gsc.tab=0&#038;gsc.q=Especialista%20em%20paraganglioma%20salvador\" title=\"Paraganglioma\" class=\"textbody\">Paraganglioma<\/a><\/li>\n<hr >\n<li><a href=\"\/especialistas\/#gsc.tab=0&#038;gsc.q=Especialista%20em%20tumores%20neuroectodermicos%20primitivos%20salvador\" title=\"Tumores Neuroectod\u00e9rmicos Primitivos\" class=\"textbody\">Tumores Neuroectod\u00e9rmicos Primitivos<\/a><\/li>\n<hr >\n<li><a href=\"\/especialistas\/#gsc.tab=0&#038;gsc.q=Especialista%20em%20tumores%20neuroectodermicos%20primitivos%20perifericos%20salvador\" title=\"Tumores Neuroectod\u00e9rmicos Primitivos Perif\u00e9ricos\" class=\"textbody\">Tumores Neuroectod\u00e9rmicos Primitivos Perif\u00e9ricos<\/a><\/li>\n<hr >\n<li><a href=\"\/especialistas\/#gsc.tab=0&#038;gsc.q=Especialista%20em%20tumor%20neuroectodermico%20melanotico%20salvador\" title=\"Tumor Neuroectod\u00e9rmico Melan\u00f3tico\" class=\"textbody\">Tumor Neuroectod\u00e9rmico Melan\u00f3tico<\/a><\/li>\n<hr >\n<li><a href=\"\/especialistas\/#gsc.tab=0&#038;gsc.q=Especialista%20em%20tumores%20neuroectodermicos%20salvador\" title=\"Tumores Neuroectod\u00e9rmicos\" class=\"textbody\">Tumores Neuroectod\u00e9rmicos<\/a><\/li>\n<hr >\n<li><a href=\"\/especialistas\/#gsc.tab=0&#038;gsc.q=Especialista%20em%20condroblastoma%20salvador\" title=\"Condroblastoma\" class=\"textbody\">Condroblastoma<\/a><\/li>\n<hr >\n<li><a href=\"\/especialistas\/#gsc.tab=0&#038;gsc.q=Especialista%20em%20encondromatose%20salvador\" title=\"Encondromatose\" class=\"textbody\">Encondromatose<\/a><\/li>\n<hr >\n<li><a href=\"\/especialistas\/#gsc.tab=0&#038;gsc.q=Especialista%20em%20osteocondroma%20salvador\" title=\"Osteocondroma\" class=\"textbody\">Osteocondroma<\/a><\/li>\n<hr >\n<li><a href=\"\/especialistas\/#gsc.tab=0&#038;gsc.q=Especialista%20em%20osteoblastoma%20salvador\" title=\"Osteoblastoma\" class=\"textbody\">Osteoblastoma<\/a><\/li>\n<hr >\n<li><a href=\"\/especialistas\/#gsc.tab=0&#038;gsc.q=Especialista%20em%20osteosarcoma%20salvador\" title=\"Osteosarcoma\" class=\"textbody\">Osteosarcoma<\/a><\/li>\n<hr >\n<li><a role=\"button\" onclick=\"(() => window.location = &#8216;\/especialistas\/#gsc.tab=0&#038;gsc.q=Especialista%20em%20osteossarcoma%20salvador&#8221; class=&#8221;textbody&#8221;><br \/>\n\t\tOsteossarcoma<br \/>\n\t<\/a><\/li>\n<hr >\n<li><a href=\"\/especialistas\/#gsc.tab=0&#038;gsc.q=Especialista%20em%20polipose%20adenomatosa%20do%20colo%20salvador\" title=\"Polipose Adenomatosa Do Colo\" class=\"textbody\">Polipose Adenomatosa Do Colo<\/a><\/li>\n<hr >\n<li><a href=\"\/especialistas\/#gsc.tab=0&#038;gsc.q=Especialista%20em%20polipose%20familiar%20fap%20salvador\" title=\"Polipose familiar (FAP)\" class=\"textbody\">Polipose familiar (FAP)<\/a><\/li>\n<hr >\n<li><a href=\"\/especialistas\/#gsc.tab=0&#038;gsc.q=Especialista%20em%20lipossarcoma%20salvador\" title=\"Lipossarcoma\" class=\"textbody\">Lipossarcoma<\/a><\/li>\n<hr >\n<li><a role=\"button\" onclick=\"(() => window.location = &#8216;\/especialistas\/#gsc.tab=0&#038;gsc.q=Especialista%20em%20mielolipoma%20salvador&#8221; class=&#8221;textbody&#8221;><br \/>\n\t\tMielolipoma<br \/>\n\t<\/a><\/li>\n<hr >\n<li><a href=\"\/especialistas\/#gsc.tab=0&#038;gsc.q=Especialista%20em%20complicacoes%20pos%20operatorias%20salvador\" title=\"Complica\u00e7\u00f5es P\u00f3s%20Operat\u00f3rias\" class=\"textbody\">Complica\u00e7\u00f5es P\u00f3s%20Operat\u00f3rias<\/a><\/li>\n<hr >\n<li><a href=\"\/especialistas\/#gsc.tab=0&#038;gsc.q=Especialista%20em%20hemorragia%20pos%20operatoria%20salvador\" title=\"Hemorragia P\u00f3s%20Operat\u00f3ria\" class=\"textbody\">Hemorragia P\u00f3s%20Operat\u00f3ria<\/a><\/li>\n<hr >\n<li><a href=\"\/especialistas\/#gsc.tab=0&#038;gsc.q=Especialista%20em%20neoplasias%20pos%20traumaticas%20salvador\" title=\"Neoplasias P\u00f3s%20Traum\u00e1ticas\" class=\"textbody\">Neoplasias P\u00f3s%20Traum\u00e1ticas<\/a><\/li>\n<hr >\n<li><a href=\"\/especialistas\/#gsc.tab=0&#038;gsc.q=Especialista%20em%20polipos%20do%20colo%20salvador\" title=\"P\u00f3lipos Do Colo\" class=\"textbody\">P\u00f3lipos Do Colo<\/a><\/li>\n<hr >\n<li><a href=\"\/especialistas\/#gsc.tab=0&#038;gsc.q=Especialista%20em%20polipos%20adenomatosos%20salvador\" title=\"P\u00f3lipos Adenomatosos\" class=\"textbody\">P\u00f3lipos Adenomatosos<\/a><\/li>\n<hr >\n<li><a href=\"\/especialistas\/#gsc.tab=0&#038;gsc.q=Especialista%20em%20polipos%20salvador\" title=\"P\u00f3lipos\" class=\"textbody\">P\u00f3lipos<\/a><\/li>\n<hr >\n<li><a href=\"\/especialistas\/#gsc.tab=0&#038;gsc.q=Especialista%20em%20cordoma%20salvador\" title=\"Cordoma\" class=\"textbody\">Cordoma<\/a><\/li>\n<hr >\n<li><a href=\"\/especialistas\/#gsc.tab=0&#038;gsc.q=Especialista%20em%20doencas%20do%20colo%20do%20utero%20salvador\" title=\"Doen\u00e7as Do Colo Do \u00datero\" class=\"textbody\">Doen\u00e7as Do Colo Do \u00datero<\/a><\/li>\n<hr >\n<li><a href=\"\/especialistas\/#gsc.tab=0&#038;gsc.q=Especialista%20em%20neoplasias%20das%20tubas%20uterinas%20salvador\" title=\"Neoplasias Das Tubas Uterinas\" class=\"textbody\">Neoplasias Das Tubas Uterinas<\/a><\/li>\n<hr >\n<li><a href=\"\/especialistas\/#gsc.tab=0&#038;gsc.q=Especialista%20em%20neoplasias%20uterinas%20salvador\" title=\"Neoplasias Uterinas\" class=\"textbody\">Neoplasias Uterinas<\/a><\/li>\n<hr >\n<li><a href=\"\/especialistas\/#gsc.tab=0&#038;gsc.q=Especialista%20em%20leiomioma%20epitelioide%20salvador\" title=\"Leiomioma Epiteli\u00f3ide\" class=\"textbody\">Leiomioma Epiteli\u00f3ide<\/a><\/li>\n<hr >\n<li><a href=\"\/especialistas\/#gsc.tab=0&#038;gsc.q=Especialista%20em%20linfangiomioma%20salvador\" title=\"Linfangiomioma\" class=\"textbody\">Linfangiomioma<\/a><\/li>\n<hr >\n<li><a href=\"\/especialistas\/#gsc.tab=0&#038;gsc.q=Especialista%20em%20mioma%20salvador\" title=\"Mioma\" class=\"textbody\">Mioma<\/a><\/li>\n<hr >\n<li><a href=\"\/especialistas\/#gsc.tab=0&#038;gsc.q=Especialista%20em%20rabdomioma%20salvador\" title=\"Rabdomioma\" class=\"textbody\">Rabdomioma<\/a><\/li>\n<hr >\n<li><a href=\"\/especialistas\/#gsc.tab=0&#038;gsc.q=Especialista%20em%20lipodistrofia%20salvador\" title=\"Lipodistrofia\" class=\"textbody\">Lipodistrofia<\/a><\/li>\n<hr >\n<li><a href=\"\/especialistas\/#gsc.tab=0&#038;gsc.q=Especialista%20em%20adenoma%20de%20ducto%20biliar%20salvador\" title=\"Adenoma De Ducto Biliar\" class=\"textbody\">Adenoma De Ducto Biliar<\/a><\/li>\n<hr >\n<li><a href=\"\/especialistas\/#gsc.tab=0&#038;gsc.q=Especialista%20em%20adenoma%20salvador\" title=\"Adenoma\" class=\"textbody\">Adenoma<\/a><\/li>\n<hr >\n<li><a href=\"\/especialistas\/#gsc.tab=0&#038;gsc.q=Especialista%20em%20adenoma%20acidofilo%20salvador\" title=\"Adenoma Acid\u00f3filo\" class=\"textbody\">Adenoma Acid\u00f3filo<\/a><\/li>\n<hr >\n<li><a href=\"\/especialistas\/#gsc.tab=0&#038;gsc.q=Especialista%20em%20adenoma%20adrenocortical%20salvador\" title=\"Adenoma Adrenocortical\" class=\"textbody\">Adenoma Adrenocortical<\/a><\/li>\n<hr >\n<li><a href=\"\/especialistas\/#gsc.tab=0&#038;gsc.q=Especialista%20em%20adenoma%20de%20celulas%20das%20ilhotas%20pancreaticas%20salvador\" title=\"Adenoma de C\u00e9lulas Das Ilhotas Pancre\u00e1ticas\" class=\"textbody\">Adenoma de C\u00e9lulas Das Ilhotas Pancre\u00e1ticas<\/a><\/li>\n<hr >\n<li><a href=\"\/especialistas\/#gsc.tab=0&#038;gsc.q=Especialista%20em%20adenoma%20de%20glandula%20sudoripara%20salvador\" title=\"Adenoma De Gl\u00e2ndula Sudor\u00edpara\" class=\"textbody\">Adenoma De Gl\u00e2ndula Sudor\u00edpara<\/a><\/li>\n<hr >\n<li><a href=\"\/especialistas\/#gsc.tab=0&#038;gsc.q=Especialista%20em%20esofago%20de%20barrett%20salvador\" title=\"Es\u00f4fago De Barrett\" class=\"textbody\">Es\u00f4fago De Barrett<\/a><\/li>\n<hr >\n<li><a href=\"\/especialistas\/#gsc.tab=0&#038;gsc.q=Especialista%20em%20neoplasias%20do%20ducto%20biliar%20comum%20salvador\" title=\"Neoplasias Do Ducto Biliar Comum\" class=\"textbody\">Neoplasias Do Ducto Biliar Comum<\/a><\/li>\n<hr >\n<li><a href=\"\/especialistas\/#gsc.tab=0&#038;gsc.q=Especialista%20em%20neoplasias%20dos%20ductos%20biliares%20salvador\" title=\"Neoplasias Dos Ductos Biliares\" class=\"textbody\">Neoplasias Dos Ductos Biliares<\/a><\/li>\n<hr >\n<li><a href=\"\/especialistas\/#gsc.tab=0&#038;gsc.q=Especialista%20em%20neoplasias%20hepaticas%20experimentais%20salvador\" title=\"Neoplasias Hep\u00e1ticas Experimentais\" class=\"textbody\">Neoplasias Hep\u00e1ticas Experimentais<\/a><\/li>\n<hr >\n<li><a href=\"\/especialistas\/#gsc.tab=0&#038;gsc.q=Especialista%20em%20neoplasias%20experimentais%20salvador\" title=\"Neoplasias Experimentais\" class=\"textbody\">Neoplasias Experimentais<\/a><\/li>\n<hr >\n<li><a href=\"\/especialistas\/#gsc.tab=0&#038;gsc.q=Especialista%20em%20obstrucao%20intestinal%20salvador\" title=\"Obstru\u00e7\u00e3o Intestinal\" class=\"textbody\">Obstru\u00e7\u00e3o Intestinal<\/a><\/li>\n<hr >\n<li><a href=\"\/especialistas\/#gsc.tab=0&#038;gsc.q=Especialista%20em%20perfuracao%20intestinal%20salvador\" title=\"Perfura\u00e7\u00e3o Intestinal\" class=\"textbody\">Perfura\u00e7\u00e3o Intestinal<\/a><\/li>\n<hr >\n<li><a href=\"\/especialistas\/#gsc.tab=0&#038;gsc.q=Especialista%20em%20polipose%20intestinal%20salvador\" title=\"Polipose intestinal\" class=\"textbody\">Polipose intestinal<\/a><\/li>\n<hr >\n<li><a href=\"\/especialistas\/#gsc.tab=0&#038;gsc.q=Especialista%20em%20polipos%20intestinais%20salvador\" title=\"P\u00f3lipos intestinais\" class=\"textbody\">P\u00f3lipos intestinais<\/a><\/li>\n<hr >\n<li><a href=\"\/especialistas\/#gsc.tab=0&#038;gsc.q=Especialista%20em%20sindromes%20neoplasicas%20hereditarias%20salvador\" title=\"S\u00edndromes Neopl\u00e1sicas Heredit\u00e1rias\" class=\"textbody\">S\u00edndromes Neopl\u00e1sicas Heredit\u00e1rias<\/a><\/li>\n<hr >\n<li><a href=\"\/especialistas\/#gsc.tab=0&#038;gsc.q=Especialista%20em%20cancro%20do%20ovario%20salvador\" title=\"Cancro do ov\u00e1rio\" class=\"textbody\">Cancro do ov\u00e1rio<\/a><\/li>\n<hr >\n<li><a href=\"\/especialistas\/#gsc.tab=0&#038;gsc.q=Especialista%20em%20cisco%20de%20ovario%20salvador\" title=\"Cisco de ov\u00e1rio\" class=\"textbody\">Cisco de ov\u00e1rio<\/a><\/li>\n<hr >\n<li><a href=\"\/especialistas\/#gsc.tab=0&#038;gsc.q=Especialista%20em%20cancer%20do%20endometrio%20salvador\" title=\"C\u00e2ncer do endom\u00e9trio\" class=\"textbody\">C\u00e2ncer do endom\u00e9trio<\/a><\/li>\n<hr >\n<li><a href=\"\/especialistas\/#gsc.tab=0&#038;gsc.q=Especialista%20em%20neoplasias%20do%20endometrio%20salvador\" title=\"Neoplasias Do Endom\u00e9trio\" class=\"textbody\">Neoplasias Do Endom\u00e9trio<\/a><\/li>\n<hr >\n<li><a href=\"\/especialistas\/#gsc.tab=0&#038;gsc.q=Especialista%20em%20sarcoma%20de%20celulas%20claras%20salvador\" title=\"Sarcoma De C\u00e9lulas Claras\" class=\"textbody\">Sarcoma De C\u00e9lulas Claras<\/a><\/li>\n<hr >\n<li><a href=\"\/especialistas\/#gsc.tab=0&#038;gsc.q=Especialista%20em%20adenoma%20de%20celulas%20hepaticas%20salvador\" title=\"Adenoma De C\u00e9lulas Hep\u00e1ticas\" class=\"textbody\">Adenoma De C\u00e9lulas Hep\u00e1ticas<\/a><\/li>\n<hr >\n<li><a href=\"\/especialistas\/#gsc.tab=0&#038;gsc.q=Especialista%20em%20carcinoma%20de%20celulas%20das%20ilhotas%20pancreaticas%20salvador\" title=\"Carcinoma de C\u00e9lulas Das Ilhotas Pancre\u00e1ticas\" class=\"textbody\">Carcinoma de C\u00e9lulas Das Ilhotas Pancre\u00e1ticas<\/a><\/li>\n<hr >\n<li><a href=\"\/especialistas\/#gsc.tab=0&#038;gsc.q=Especialista%20em%20carcinoma%20de%20celulas%20acinosas%20salvador\" title=\"Carcinoma De C\u00e9lulas Acinosas\" class=\"textbody\">Carcinoma De C\u00e9lulas Acinosas<\/a><\/li>\n<hr >\n<li><a href=\"\/especialistas\/#gsc.tab=0&#038;gsc.q=Especialista%20em%20carcinoma%20de%20celulas%20grandes%20salvador\" title=\"Carcinoma De C\u00e9lulas Grandes\" class=\"textbody\">Carcinoma De C\u00e9lulas Grandes<\/a><\/li>\n<hr >\n<li><a href=\"\/especialistas\/#gsc.tab=0&#038;gsc.q=Especialista%20em%20carcinoma%20mucoepidermoide%20salvador\" title=\"Carcinoma Mucoepiderm\u00f3ide\" class=\"textbody\">Carcinoma Mucoepiderm\u00f3ide<\/a><\/li>\n<hr >\n<li><a href=\"\/especialistas\/#gsc.tab=0&#038;gsc.q=Especialista%20em%20tumor%20mucoepidermoide%20salvador\" title=\"Tumor Mucoepiderm\u00f3ide\" class=\"textbody\">Tumor Mucoepiderm\u00f3ide<\/a><\/li>\n<hr >\n<li><a href=\"\/especialistas\/#gsc.tab=0&#038;gsc.q=Especialista%20em%20tumores%20neuroendocrinos%20salvador\" title=\"Tumores Neuroend\u00f3crinos\" class=\"textbody\">Tumores Neuroend\u00f3crinos<\/a><\/li>\n<hr >\n<li><a href=\"\/especialistas\/#gsc.tab=0&#038;gsc.q=Especialista%20em%20nevo%20fusocelular%20salvador\" title=\"Nevo Fusocelular\" class=\"textbody\">Nevo Fusocelular<\/a><\/li>\n<hr >\n<li><a href=\"\/especialistas\/#gsc.tab=0&#038;gsc.q=Especialista%20em%20tumores%20do%20estroma%20gastrointestinal%20gist%20salvador\" title=\"Tumores do estroma gastrointestinal (GIST)\" class=\"textbody\">Tumores do estroma gastrointestinal (GIST)<\/a><\/li>\n<hr >\n<li><a href=\"\/especialistas\/#gsc.tab=0&#038;gsc.q=Especialista%20em%20carcinoma%20in%20situ%20salvador\" title=\"Carcinoma In Situ\" class=\"textbody\">Carcinoma In Situ<\/a><\/li>\n<hr >\n<li><a href=\"\/especialistas\/#gsc.tab=0&#038;gsc.q=Especialista%20em%20tumor%20de%20klatskin%20salvador\" title=\"Tumor De Klatskin\" class=\"textbody\">Tumor De Klatskin<\/a><\/li>\n<hr >\n<li><a href=\"\/especialistas\/#gsc.tab=0&#038;gsc.q=Especialista%20em%20tumor%20de%20krukenberg%20salvador\" title=\"Tumor De Krukenberg\" class=\"textbody\">Tumor De Krukenberg<\/a><\/li>\n<hr >\n<li><a href=\"\/especialistas\/#gsc.tab=0&#038;gsc.q=Especialista%20em%20tumor%20de%20wilms%20salvador\" title=\"Tumor D<\/ul>\n<hr \/>\n<p><strong>T\u00f3picos:<\/strong> Oncologista em Salvador &#8211; BA <span class=\"topic-hidden\">| Cirurgi\u00e3o oncol\u00f3gico em Salvador &#8211; BA Cirurgi\u00e3o geral em Salvador &#8211; BA <\/span><\/p>\n","protected":false},"author":1,"featured_media":0,"template":"","bairro":[14],"categoria_parceiro":[20447,21229,21514],"topico-parceiro":[20813,21515,21516],"class_list":["post-166628","negocio","type-negocio","status-publish","hentry","bairro-centro-acrelandia-ac","categoria_parceiro-cirurgiao-geral","categoria_parceiro-cirurgiao-oncologico","categoria_parceiro-oncologista","topico-parceiro-cirurgiao-geral-em-salvador-ba","topico-parceiro-cirurgiao-oncologico-em-salvador-ba","topico-parceiro-oncologista-em-salvador-ba"],"yoast_head":"<!-- This site is optimized with the Yoast SEO Premium plugin v20.9 (Yoast SEO v27.4) - https:\/\/yoast.com\/product\/yoast-seo-premium-wordpress\/ -->\n<title>-<\/title>\n<meta name=\"description\" content=\"-. Fale com especialista e agende consultas com os melhores profissionais. Especialistas - Somos Popular\" \/>\n<meta name=\"robots\" content=\"index, follow, max-snippet:-1, max-image-preview:large, max-video-preview:-1\" \/>\n<link rel=\"canonical\" href=\"https:\/\/www.somospopular.com.br\/especialistas\/dr-emerson-prisco-oncologista-em\/\" \/>\n<meta property=\"og:locale\" content=\"pt_BR\" \/>\n<meta property=\"og:type\" content=\"article\" \/>\n<meta property=\"og:title\" content=\"-\" \/>\n<meta property=\"og:description\" content=\"-. Cl\u00ednica Veterin\u00e1ria Popular com pre\u00e7os acess\u00edveis. Especialistas\" \/>\n<meta property=\"og:url\" content=\"https:\/\/www.somospopular.com.br\/especialistas\/dr-emerson-prisco-oncologista-em\/\" \/>\n<meta property=\"og:site_name\" content=\"Especialistas\" \/>\n<meta property=\"article:modified_time\" content=\"2023-05-20T17:30:00+00:00\" \/>\n<meta name=\"twitter:card\" content=\"summary_large_image\" \/>\n<meta name=\"twitter:title\" content=\"-\" \/>\n<meta name=\"twitter:label1\" content=\"Est. tempo de leitura\" \/>\n\t<meta name=\"twitter:data1\" content=\"4 minutos\" \/>\n<script type=\"application\/ld+json\" class=\"yoast-schema-graph\">{\"@context\":\"https:\\\/\\\/schema.org\",\"@graph\":[{\"@type\":\"WebPage\",\"@id\":\"https:\\\/\\\/www.somospopular.com.br\\\/especialistas\\\/dr-emerson-prisco-oncologista-em\\\/\",\"url\":\"https:\\\/\\\/www.somospopular.com.br\\\/especialistas\\\/dr-emerson-prisco-oncologista-em\\\/\",\"name\":\"-\",\"isPartOf\":{\"@id\":\"https:\\\/\\\/www.somospopular.com.br\\\/especialistas\\\/#website\"},\"datePublished\":\"2022-01-23T08:17:22+00:00\",\"dateModified\":\"2023-05-20T17:30:00+00:00\",\"description\":\"-. Fale com especialista e agende consultas com os melhores profissionais. Especialistas - Somos Popular\",\"breadcrumb\":{\"@id\":\"https:\\\/\\\/www.somospopular.com.br\\\/especialistas\\\/dr-emerson-prisco-oncologista-em\\\/#breadcrumb\"},\"inLanguage\":\"pt-BR\",\"potentialAction\":[{\"@type\":\"ReadAction\",\"target\":[\"https:\\\/\\\/www.somospopular.com.br\\\/especialistas\\\/dr-emerson-prisco-oncologista-em\\\/\"]}]},{\"@type\":\"BreadcrumbList\",\"@id\":\"https:\\\/\\\/www.somospopular.com.br\\\/especialistas\\\/dr-emerson-prisco-oncologista-em\\\/#breadcrumb\",\"itemListElement\":[{\"@type\":\"ListItem\",\"position\":1,\"name\":\"Especialista\",\"item\":\"https:\\\/\\\/www.somospopular.com.br\\\/especialistas\\\/\"},{\"@type\":\"ListItem\",\"position\":2,\"name\":\"Parceiros\",\"item\":\"https:\\\/\\\/www.somospopular.com.br\\\/especialistas\\\/negocio\\\/\"},{\"@type\":\"ListItem\",\"position\":3,\"name\":\"Cirurgi\u00e3o geral\",\"item\":\"https:\\\/\\\/www.somospopular.com.br\\\/especialistas\\\/cirurgiao-geral\\\/\"},{\"@type\":\"ListItem\",\"position\":4,\"name\":\"&#8211;\"}]},{\"@type\":\"WebSite\",\"@id\":\"https:\\\/\\\/www.somospopular.com.br\\\/especialistas\\\/#website\",\"url\":\"https:\\\/\\\/www.somospopular.com.br\\\/especialistas\\\/\",\"name\":\"Especialistas\",\"description\":\"Somos Popular\",\"publisher\":{\"@id\":\"https:\\\/\\\/www.somospopular.com.br\\\/especialistas\\\/#organization\"},\"potentialAction\":[{\"@type\":\"SearchAction\",\"target\":{\"@type\":\"EntryPoint\",\"urlTemplate\":\"https:\\\/\\\/www.somospopular.com.br\\\/especialistas\\\/?s={search_term_string}\"},\"query-input\":{\"@type\":\"PropertyValueSpecification\",\"valueRequired\":true,\"valueName\":\"search_term_string\"}}],\"inLanguage\":\"pt-BR\"},{\"@type\":\"Organization\",\"@id\":\"https:\\\/\\\/www.somospopular.com.br\\\/especialistas\\\/#organization\",\"name\":\"M\u00e9dicos Especialistas - Somos Popular\",\"alternateName\":\"M\u00e9dicos Especialistas\",\"url\":\"https:\\\/\\\/www.somospopular.com.br\\\/especialistas\\\/\",\"logo\":{\"@type\":\"ImageObject\",\"inLanguage\":\"pt-BR\",\"@id\":\"https:\\\/\\\/www.somospopular.com.br\\\/especialistas\\\/#\\\/schema\\\/logo\\\/image\\\/\",\"url\":\"https:\\\/\\\/www.somospopular.com.br\\\/especialistas\\\/wp-content\\\/uploads\\\/sites\\\/13\\\/2022\\\/05\\\/somos-popular-logo-80.webp\",\"contentUrl\":\"https:\\\/\\\/www.somospopular.com.br\\\/especialistas\\\/wp-content\\\/uploads\\\/sites\\\/13\\\/2022\\\/05\\\/somos-popular-logo-80.webp\",\"width\":325,\"height\":80,\"caption\":\"M\u00e9dicos Especialistas - Somos Popular\"},\"image\":{\"@id\":\"https:\\\/\\\/www.somospopular.com.br\\\/especialistas\\\/#\\\/schema\\\/logo\\\/image\\\/\"}}]}<\/script>\n<!-- \/ Yoast SEO Premium plugin. -->","yoast_head_json":{"title":"-","description":"-. Fale com especialista e agende consultas com os melhores profissionais. Especialistas - Somos Popular","robots":{"index":"index","follow":"follow","max-snippet":"max-snippet:-1","max-image-preview":"max-image-preview:large","max-video-preview":"max-video-preview:-1"},"canonical":"https:\/\/www.somospopular.com.br\/especialistas\/dr-emerson-prisco-oncologista-em\/","og_locale":"pt_BR","og_type":"article","og_title":"-","og_description":"-. Cl\u00ednica Veterin\u00e1ria Popular com pre\u00e7os acess\u00edveis. Especialistas","og_url":"https:\/\/www.somospopular.com.br\/especialistas\/dr-emerson-prisco-oncologista-em\/","og_site_name":"Especialistas","article_modified_time":"2023-05-20T17:30:00+00:00","twitter_card":"summary_large_image","twitter_title":"-","twitter_misc":{"Est. tempo de leitura":"4 minutos"},"schema":{"@context":"https:\/\/schema.org","@graph":[{"@type":"WebPage","@id":"https:\/\/www.somospopular.com.br\/especialistas\/dr-emerson-prisco-oncologista-em\/","url":"https:\/\/www.somospopular.com.br\/especialistas\/dr-emerson-prisco-oncologista-em\/","name":"-","isPartOf":{"@id":"https:\/\/www.somospopular.com.br\/especialistas\/#website"},"datePublished":"2022-01-23T08:17:22+00:00","dateModified":"2023-05-20T17:30:00+00:00","description":"-. Fale com especialista e agende consultas com os melhores profissionais. Especialistas - Somos Popular","breadcrumb":{"@id":"https:\/\/www.somospopular.com.br\/especialistas\/dr-emerson-prisco-oncologista-em\/#breadcrumb"},"inLanguage":"pt-BR","potentialAction":[{"@type":"ReadAction","target":["https:\/\/www.somospopular.com.br\/especialistas\/dr-emerson-prisco-oncologista-em\/"]}]},{"@type":"BreadcrumbList","@id":"https:\/\/www.somospopular.com.br\/especialistas\/dr-emerson-prisco-oncologista-em\/#breadcrumb","itemListElement":[{"@type":"ListItem","position":1,"name":"Especialista","item":"https:\/\/www.somospopular.com.br\/especialistas\/"},{"@type":"ListItem","position":2,"name":"Parceiros","item":"https:\/\/www.somospopular.com.br\/especialistas\/negocio\/"},{"@type":"ListItem","position":3,"name":"Cirurgi\u00e3o geral","item":"https:\/\/www.somospopular.com.br\/especialistas\/cirurgiao-geral\/"},{"@type":"ListItem","position":4,"name":"&#8211;"}]},{"@type":"WebSite","@id":"https:\/\/www.somospopular.com.br\/especialistas\/#website","url":"https:\/\/www.somospopular.com.br\/especialistas\/","name":"Especialistas","description":"Somos Popular","publisher":{"@id":"https:\/\/www.somospopular.com.br\/especialistas\/#organization"},"potentialAction":[{"@type":"SearchAction","target":{"@type":"EntryPoint","urlTemplate":"https:\/\/www.somospopular.com.br\/especialistas\/?s={search_term_string}"},"query-input":{"@type":"PropertyValueSpecification","valueRequired":true,"valueName":"search_term_string"}}],"inLanguage":"pt-BR"},{"@type":"Organization","@id":"https:\/\/www.somospopular.com.br\/especialistas\/#organization","name":"M\u00e9dicos Especialistas - Somos Popular","alternateName":"M\u00e9dicos Especialistas","url":"https:\/\/www.somospopular.com.br\/especialistas\/","logo":{"@type":"ImageObject","inLanguage":"pt-BR","@id":"https:\/\/www.somospopular.com.br\/especialistas\/#\/schema\/logo\/image\/","url":"https:\/\/www.somospopular.com.br\/especialistas\/wp-content\/uploads\/sites\/13\/2022\/05\/somos-popular-logo-80.webp","contentUrl":"https:\/\/www.somospopular.com.br\/especialistas\/wp-content\/uploads\/sites\/13\/2022\/05\/somos-popular-logo-80.webp","width":325,"height":80,"caption":"M\u00e9dicos Especialistas - Somos Popular"},"image":{"@id":"https:\/\/www.somospopular.com.br\/especialistas\/#\/schema\/logo\/image\/"}}]}},"_links":{"self":[{"href":"https:\/\/www.somospopular.com.br\/especialistas\/wp-json\/wp\/v2\/negocio\/166628","targetHints":{"allow":["GET"]}}],"collection":[{"href":"https:\/\/www.somospopular.com.br\/especialistas\/wp-json\/wp\/v2\/negocio"}],"about":[{"href":"https:\/\/www.somospopular.com.br\/especialistas\/wp-json\/wp\/v2\/types\/negocio"}],"author":[{"embeddable":true,"href":"https:\/\/www.somospopular.com.br\/especialistas\/wp-json\/wp\/v2\/users\/1"}],"wp:attachment":[{"href":"https:\/\/www.somospopular.com.br\/especialistas\/wp-json\/wp\/v2\/media?parent=166628"}],"wp:term":[{"taxonomy":"bairro","embeddable":true,"href":"https:\/\/www.somospopular.com.br\/especialistas\/wp-json\/wp\/v2\/bairro?post=166628"},{"taxonomy":"categoria_parceiro","embeddable":true,"href":"https:\/\/www.somospopular.com.br\/especialistas\/wp-json\/wp\/v2\/categoria_parceiro?post=166628"},{"taxonomy":"topico-parceiro","embeddable":true,"href":"https:\/\/www.somospopular.com.br\/especialistas\/wp-json\/wp\/v2\/topico-parceiro?post=166628"}],"curies":[{"name":"wp","href":"https:\/\/api.w.org\/{rel}","templated":true}]}}