{"id":166717,"date":"2020-11-29T13:52:21","date_gmt":"2020-11-29T16:52:21","guid":{"rendered":"https:\/\/www.somospopular.com.br\/especialistas\/dr-eudes-freire-cardoso-coloproctologista-em-mg\/"},"modified":"2023-05-20T14:30:35","modified_gmt":"2023-05-20T17:30:35","slug":"dr-eudes-freire-cardoso-coloproctologista-em-montes-claros-mg","status":"publish","type":"negocio","link":"https:\/\/www.somospopular.com.br\/especialistas\/dr-eudes-freire-cardoso-coloproctologista-em-montes-claros-mg\/","title":{"rendered":"Dr. Eudes Freire Cardoso &#8211; Coloproctologista, Endoscopista, Gastroenterologista Montes Claros &#8211; MG"},"content":{"rendered":"<h2>Coloproctologista em Montes Claros &#8211; MG<\/h2>\n<p><strong>Endere\u00e7o:<\/strong> Avenida Deputado Esteves Rodrigues, 97, Centro, Montes Claros &#8211; MG<br \/>\n<strong>CEP: <\/strong>39401-414<\/p>\n<p><span class=\"phone-hidden\"><strong>Telefone:<\/strong>  <\/span><\/p>\n<h2>Dr. Eudes Freire Cardoso &#8211; Coloproctologista, Endoscopista, Gastroenterologista Montes Claros<\/h2>\n<p>Dr. Eudes Freire Cardoso, Coloproctologista, Endoscopista, Gastroenterologista em Montes Claros. Agende uma consulta com os melhores profissionais de sa\u00fade em Brasil.<\/p>\n<p><span class=\"maps-hidden\"><a href=\"https:\/\/www.google.com\/maps\/search\/?api=1&#038;query=Avenida Deputado Esteves Rodrigues, 97, Centro, Montes Claros - MG - 39401-414\" target=\"_blank\" rel=\"noopener\">COMO CHEGAR?<\/a><\/span><\/p>\n<hr \/>\n<ul>\n<li><a href=\"\/especialistas\/#gsc.tab=0&#038;gsc.q=Especialista%20em%20pectus%20carinatum%20brasilia\" title=\"Pectus carinatum\" class=\"textbody\">Pectus carinatum<\/a><\/li>\n<hr >\n<li><a href=\"\/especialistas\/#gsc.tab=0&#038;gsc.q=Especialista%20em%20neoplasias%20pulmonares%20brasilia\" title=\"Neoplasias Pulmonares\" class=\"textbody\">Neoplasias Pulmonares<\/a><\/li>\n<hr >\n<li><a href=\"\/especialistas\/#gsc.tab=0&#038;gsc.q=Especialista%20em%20estenose%20traqueal%20brasilia\" title=\"Estenose Traqueal\" class=\"textbody\">Estenose Traqueal<\/a><\/li>\n<hr >\n<li><a href=\"\/especialistas\/#gsc.tab=0&#038;gsc.q=Especialista%20em%20estenose%20laringotraqueal%20brasilia\" title=\"Estenose laringotraqueal\" class=\"textbody\">Estenose laringotraqueal<\/a><\/li>\n<hr >\n<li><a href=\"\/especialistas\/#gsc.tab=0&#038;gsc.q=Especialista%20em%20neoplasias%20do%20mediastino%20brasilia\" title=\"Neoplasias Do Mediastino\" class=\"textbody\">Neoplasias Do Mediastino<\/a><\/li>\n<hr >\n<li><a href=\"\/especialistas\/#gsc.tab=0&#038;gsc.q=Especialista%20em%20neoplasias%20do%20timo%20brasilia\" title=\"Neoplasias Do Timo\" class=\"textbody\">Neoplasias Do Timo<\/a><\/li>\n<hr >\n<li><a href=\"\/especialistas\/#gsc.tab=0&#038;gsc.q=Especialista%20em%20neoplasias%20toracicas%20brasilia\" title=\"Neoplasias Tor\u00e1cicas\" class=\"textbody\">Neoplasias Tor\u00e1cicas<\/a><\/li>\n<hr >\n<li><a href=\"\/especialistas\/#gsc.tab=0&#038;gsc.q=Especialista%20em%20neoplasia%20de%20pulmao%20nao%20pequenas%20celulas%20brasilia\" title=\"Neoplasia de pulm\u00e3o n\u00e3o pequenas c\u00e9lulas\" class=\"textbody\">Neoplasia de pulm\u00e3o n\u00e3o pequenas c\u00e9lulas<\/a><\/li>\n<hr >\n<li><a href=\"\/especialistas\/#gsc.tab=0&#038;gsc.q=Especialista%20em%20hiperidrose%20brasilia\" title=\"Hiperidrose\" class=\"textbody\">Hiperidrose<\/a><\/li>\n<hr >\n<li><a href=\"\/especialistas\/#gsc.tab=0&#038;gsc.q=Especialista%20em%20pectus%20escavatum%20brasilia\" title=\"Pectus escavatum\" class=\"textbody\">Pectus escavatum<\/a><\/li>\n<hr >\n<li><a href=\"\/especialistas\/#gsc.tab=0&#038;gsc.q=Especialista%20em%20hernia%20diafragmatica%20brasilia\" title=\"H\u00e9rnia Diafragm\u00e1tica\" class=\"textbody\">H\u00e9rnia Diafragm\u00e1tica<\/a><\/li>\n<hr >\n<li><a href=\"\/especialistas\/#gsc.tab=0&#038;gsc.q=Especialista%20em%20abscesso%20pulmonar%20brasilia\" title=\"Abscesso Pulmonar\" class=\"textbody\">Abscesso Pulmonar<\/a><\/li>\n<hr >\n<li><a href=\"\/especialistas\/#gsc.tab=0&#038;gsc.q=Especialista%20em%20nodulo%20pulmonar%20brasilia\" title=\"N\u00f3dulo pulmonar\" class=\"textbody\">N\u00f3dulo pulmonar<\/a><\/li>\n<hr >\n<li><a href=\"\/especialistas\/#gsc.tab=0&#038;gsc.q=Especialista%20em%20tumor%20carcinoide%20de%20pulmao%20brasilia\" title=\"Tumor carcin\u00f3ide de pulm\u00e3o\" class=\"textbody\">Tumor carcin\u00f3ide de pulm\u00e3o<\/a><\/li>\n<hr >\n<li><a href=\"\/especialistas\/#gsc.tab=0&#038;gsc.q=Especialista%20em%20malformacao%20adenomatoide%20cistica%20congenita%20do%20pulmao%20brasilia\" title=\"Malforma\u00e7\u00e3o Adenomat\u00f3ide C\u00edstica Cong\u00eanita Do Pulm\u00e3o\" class=\"textbody\">Malforma\u00e7\u00e3o Adenomat\u00f3ide C\u00edstica Cong\u00eanita Do Pulm\u00e3o<\/a><\/li>\n<hr >\n<li><a href=\"\/especialistas\/#gsc.tab=0&#038;gsc.q=Especialista%20em%20massa%20pulmonar%20brasilia\" title=\"Massa pulmonar\" class=\"textbody\">Massa pulmonar<\/a><\/li>\n<hr >\n<li><a href=\"\/especialistas\/#gsc.tab=0&#038;gsc.q=Especialista%20em%20cisto%20broncogenico%20brasilia\" title=\"Cisto Broncog\u00eanico\" class=\"textbody\">Cisto Broncog\u00eanico<\/a><\/li>\n<hr >\n<li><a href=\"\/especialistas\/#gsc.tab=0&#038;gsc.q=Especialista%20em%20cisto%20mediastinico%20brasilia\" title=\"Cisto Mediast\u00ednico\" class=\"textbody\">Cisto Mediast\u00ednico<\/a><\/li>\n<hr >\n<li><a href=\"\/especialistas\/#gsc.tab=0&#038;gsc.q=Especialista%20em%20traumatismos%20toracicos%20brasilia\" title=\"Traumatismos Tor\u00e1cicos\" class=\"textbody\">Traumatismos Tor\u00e1cicos<\/a><\/li>\n<hr >\n<li><a href=\"\/especialistas\/#gsc.tab=0&#038;gsc.q=Especialista%20em%20eventracao%20diafragmatica%20brasilia\" title=\"Eventra\u00e7\u00e3o Diafragm\u00e1tica\" class=\"textbody\">Eventra\u00e7\u00e3o Diafragm\u00e1tica<\/a><\/li>\n<hr >\n<li><a href=\"\/especialistas\/#gsc.tab=0&#038;gsc.q=Especialista%20em%20doencas%20toracicas%20brasilia\" title=\"Doen\u00e7as Tor\u00e1cicas\" class=\"textbody\">Doen\u00e7as Tor\u00e1cicas<\/a><\/li>\n<hr >\n<li><a href=\"\/especialistas\/#gsc.tab=0&#038;gsc.q=Especialista%20em%20sindrome%20do%20desfiladeiro%20toracico%20brasilia\" title=\"S\u00edndrome do desfiladeiro tor\u00e1cico\" class=\"textbody\">S\u00edndrome do desfiladeiro tor\u00e1cico<\/a><\/li>\n<hr >\n<li><a href=\"\/especialistas\/#gsc.tab=0&#038;gsc.q=Especialista%20em%20patologias%20toracicas%20congenitas%20brasilia\" title=\"Patologias tor\u00e1cicas cong\u00eanitas\" class=\"textbody\">Patologias tor\u00e1cicas cong\u00eanitas<\/a><\/li>\n<hr >\n<li><a href=\"\/especialistas\/#gsc.tab=0&#038;gsc.q=Especialista%20em%20pneumotorax%20brasilia\" title=\"Pneumot\u00f3rax\" class=\"textbody\">Pneumot\u00f3rax<\/a><\/li>\n<hr >\n<li><a href=\"\/especialistas\/#gsc.tab=0&#038;gsc.q=Especialista%20em%20hidropneumotorax%20brasilia\" title=\"Hidropneumot\u00f3rax\" class=\"textbody\">Hidropneumot\u00f3rax<\/a><\/li>\n<hr >\n<li><a href=\"\/especialistas\/#gsc.tab=0&#038;gsc.q=Especialista%20em%20derrame%20pleural%20maligno%20brasilia\" title=\"Derrame pleural maligno\" class=\"textbody\">Derrame pleural maligno<\/a><\/li>\n<hr >\n<li><a href=\"\/especialistas\/#gsc.tab=0&#038;gsc.q=Especialista%20em%20bocio%20subesternal%20brasilia\" title=\"B\u00f3cio Subesternal\" class=\"textbody\">B\u00f3cio Subesternal<\/a><\/li>\n<hr >\n<li><a href=\"\/especialistas\/#gsc.tab=0&#038;gsc.q=Especialista%20em%20fratura%20de%20esterno%20brasilia\" title=\"Fratura de esterno\" class=\"textbody\">Fratura de esterno<\/a><\/li>\n<hr >\n<li><a href=\"\/especialistas\/#gsc.tab=0&#038;gsc.q=Especialista%20em%20timoma%20brasilia\" title=\"Timoma\" class=\"textbody\">Timoma<\/a><\/li>\n<hr >\n<li><a href=\"\/especialistas\/#gsc.tab=0&#038;gsc.q=Especialista%20em%20mediastinite%20brasilia\" title=\"Mediastinite\" class=\"textbody\">Mediastinite<\/a><\/li>\n<hr >\n<li><a href=\"\/especialistas\/#gsc.tab=0&#038;gsc.q=Especialista%20em%20hernia%20diafragmatica%20traumatica%20brasilia\" title=\"H\u00e9rnia Diafragm\u00e1tica Traum\u00e1tica\" class=\"textbody\">H\u00e9rnia Diafragm\u00e1tica Traum\u00e1tica<\/a><\/li>\n<hr >\n<li><a href=\"\/especialistas\/#gsc.tab=0&#038;gsc.q=Especialista%20em%20tumor%20fibroso%20solitario%20de%20pleura%20brasilia\" title=\"Tumor fibroso solit\u00e1rio de pleura\" class=\"textbody\">Tumor fibroso solit\u00e1rio de pleura<\/a><\/li>\n<hr >\n<li><a href=\"\/especialistas\/#gsc.tab=0&#038;gsc.q=Especialista%20em%20pleurostomia%20brasilia\" title=\"Pleurostomia\" class=\"textbody\">Pleurostomia<\/a><\/li>\n<hr >\n<li><a href=\"\/especialistas\/#gsc.tab=0&#038;gsc.q=Especialista%20em%20pleurodese%20brasilia\" title=\"Pleurodese\" class=\"textbody\">Pleurodese<\/a><\/li>\n<\/ul>\n<hr \/>\n<p><strong>T\u00f3picos:<\/strong> Coloproctologista em Montes Claros &#8211; MG <span class=\"topic-hidden\">| Endoscopista em Montes Claros &#8211; MG Gastroenterologista em Montes Claros &#8211; MG Consult\u00f3rio particular<\/span><\/p>\n","protected":false},"author":1,"featured_media":0,"template":"","bairro":[6447],"categoria_parceiro":[20562,20463,20472],"topico-parceiro":[23337,23338,23339],"class_list":["post-166717","negocio","type-negocio","status-publish","hentry","bairro-centro-montes-claros-mg","categoria_parceiro-coloproctologista","categoria_parceiro-endoscopista","categoria_parceiro-gastroenterologista","topico-parceiro-coloproctologista-em-montes-claros-mg","topico-parceiro-endoscopista-em-montes-claros-mg","topico-parceiro-gastroenterologista-em-montes-claros-mg"],"yoast_head":"<!-- This site is optimized with the Yoast SEO Premium plugin v20.9 (Yoast SEO v27.5) - https:\/\/yoast.com\/product\/yoast-seo-premium-wordpress\/ -->\n<title>Dr. Eudes Freire Cardoso - Coloproctologista, Endoscopista, Gastroenterologista Montes Claros - MG<\/title>\n<meta name=\"description\" content=\"Dr. Eudes Freire Cardoso, Coloproctologista, Endoscopista, Gastroenterologista em Montes Claros. Agende uma consulta com os melhores profissionais de sa\u00fade em Brasil.\" \/>\n<meta name=\"robots\" content=\"index, follow, max-snippet:-1, max-image-preview:large, max-video-preview:-1\" \/>\n<link rel=\"canonical\" href=\"https:\/\/www.somospopular.com.br\/especialistas\/dr-eudes-freire-cardoso-coloproctologista-em-montes-claros-mg\/\" \/>\n<meta property=\"og:locale\" content=\"pt_BR\" \/>\n<meta property=\"og:type\" content=\"article\" \/>\n<meta property=\"og:title\" content=\"Dr. Eudes Freire Cardoso - Coloproctologista, Endoscopista, Gastroenterologista Montes Claros - MG\" \/>\n<meta property=\"og:description\" content=\"Dr. Eudes Freire Cardoso - Coloproctologista, Endoscopista, Gastroenterologista Montes Claros - MG. Cl\u00ednica Veterin\u00e1ria Popular com pre\u00e7os acess\u00edveis. Especialistas\" \/>\n<meta property=\"og:url\" content=\"https:\/\/www.somospopular.com.br\/especialistas\/dr-eudes-freire-cardoso-coloproctologista-em-montes-claros-mg\/\" \/>\n<meta property=\"og:site_name\" content=\"Especialistas\" \/>\n<meta property=\"article:modified_time\" content=\"2023-05-20T17:30:35+00:00\" \/>\n<meta name=\"twitter:card\" content=\"summary_large_image\" \/>\n<meta name=\"twitter:title\" content=\"Dr. Eudes Freire Cardoso - Coloproctologista, Endoscopista, Gastroenterologista Montes Claros - MG\" \/>\n<meta name=\"twitter:label1\" content=\"Est. tempo de leitura\" \/>\n\t<meta name=\"twitter:data1\" content=\"1 minuto\" \/>\n<script type=\"application\/ld+json\" class=\"yoast-schema-graph\">{\"@context\":\"https:\\\/\\\/schema.org\",\"@graph\":[{\"@type\":\"WebPage\",\"@id\":\"https:\\\/\\\/www.somospopular.com.br\\\/especialistas\\\/dr-eudes-freire-cardoso-coloproctologista-em-montes-claros-mg\\\/\",\"url\":\"https:\\\/\\\/www.somospopular.com.br\\\/especialistas\\\/dr-eudes-freire-cardoso-coloproctologista-em-montes-claros-mg\\\/\",\"name\":\"Dr. Eudes Freire Cardoso - Coloproctologista, Endoscopista, Gastroenterologista Montes Claros - MG\",\"isPartOf\":{\"@id\":\"https:\\\/\\\/www.somospopular.com.br\\\/especialistas\\\/#website\"},\"datePublished\":\"2020-11-29T16:52:21+00:00\",\"dateModified\":\"2023-05-20T17:30:35+00:00\",\"description\":\"Dr. Eudes Freire Cardoso, Coloproctologista, Endoscopista, Gastroenterologista em Montes Claros. Agende uma consulta com os melhores profissionais de sa\u00fade em Brasil.\",\"breadcrumb\":{\"@id\":\"https:\\\/\\\/www.somospopular.com.br\\\/especialistas\\\/dr-eudes-freire-cardoso-coloproctologista-em-montes-claros-mg\\\/#breadcrumb\"},\"inLanguage\":\"pt-BR\",\"potentialAction\":[{\"@type\":\"ReadAction\",\"target\":[\"https:\\\/\\\/www.somospopular.com.br\\\/especialistas\\\/dr-eudes-freire-cardoso-coloproctologista-em-montes-claros-mg\\\/\"]}]},{\"@type\":\"BreadcrumbList\",\"@id\":\"https:\\\/\\\/www.somospopular.com.br\\\/especialistas\\\/dr-eudes-freire-cardoso-coloproctologista-em-montes-claros-mg\\\/#breadcrumb\",\"itemListElement\":[{\"@type\":\"ListItem\",\"position\":1,\"name\":\"Especialista\",\"item\":\"https:\\\/\\\/www.somospopular.com.br\\\/especialistas\\\/\"},{\"@type\":\"ListItem\",\"position\":2,\"name\":\"Parceiros\",\"item\":\"https:\\\/\\\/www.somospopular.com.br\\\/especialistas\\\/negocio\\\/\"},{\"@type\":\"ListItem\",\"position\":3,\"name\":\"Coloproctologista\",\"item\":\"https:\\\/\\\/www.somospopular.com.br\\\/especialistas\\\/coloproctologista\\\/\"},{\"@type\":\"ListItem\",\"position\":4,\"name\":\"Dr. Eudes Freire Cardoso &#8211; Coloproctologista, Endoscopista, Gastroenterologista Montes Claros &#8211; MG\"}]},{\"@type\":\"WebSite\",\"@id\":\"https:\\\/\\\/www.somospopular.com.br\\\/especialistas\\\/#website\",\"url\":\"https:\\\/\\\/www.somospopular.com.br\\\/especialistas\\\/\",\"name\":\"Especialistas\",\"description\":\"Somos Popular\",\"publisher\":{\"@id\":\"https:\\\/\\\/www.somospopular.com.br\\\/especialistas\\\/#organization\"},\"potentialAction\":[{\"@type\":\"SearchAction\",\"target\":{\"@type\":\"EntryPoint\",\"urlTemplate\":\"https:\\\/\\\/www.somospopular.com.br\\\/especialistas\\\/?s={search_term_string}\"},\"query-input\":{\"@type\":\"PropertyValueSpecification\",\"valueRequired\":true,\"valueName\":\"search_term_string\"}}],\"inLanguage\":\"pt-BR\"},{\"@type\":\"Organization\",\"@id\":\"https:\\\/\\\/www.somospopular.com.br\\\/especialistas\\\/#organization\",\"name\":\"M\u00e9dicos Especialistas - Somos Popular\",\"alternateName\":\"M\u00e9dicos Especialistas\",\"url\":\"https:\\\/\\\/www.somospopular.com.br\\\/especialistas\\\/\",\"logo\":{\"@type\":\"ImageObject\",\"inLanguage\":\"pt-BR\",\"@id\":\"https:\\\/\\\/www.somospopular.com.br\\\/especialistas\\\/#\\\/schema\\\/logo\\\/image\\\/\",\"url\":\"https:\\\/\\\/www.somospopular.com.br\\\/especialistas\\\/wp-content\\\/uploads\\\/sites\\\/13\\\/2022\\\/05\\\/somos-popular-logo-80.webp\",\"contentUrl\":\"https:\\\/\\\/www.somospopular.com.br\\\/especialistas\\\/wp-content\\\/uploads\\\/sites\\\/13\\\/2022\\\/05\\\/somos-popular-logo-80.webp\",\"width\":325,\"height\":80,\"caption\":\"M\u00e9dicos Especialistas - Somos Popular\"},\"image\":{\"@id\":\"https:\\\/\\\/www.somospopular.com.br\\\/especialistas\\\/#\\\/schema\\\/logo\\\/image\\\/\"}}]}<\/script>\n<!-- \/ Yoast SEO Premium plugin. -->","yoast_head_json":{"title":"Dr. Eudes Freire Cardoso - Coloproctologista, Endoscopista, Gastroenterologista Montes Claros - MG","description":"Dr. Eudes Freire Cardoso, Coloproctologista, Endoscopista, Gastroenterologista em Montes Claros. Agende uma consulta com os melhores profissionais de sa\u00fade em Brasil.","robots":{"index":"index","follow":"follow","max-snippet":"max-snippet:-1","max-image-preview":"max-image-preview:large","max-video-preview":"max-video-preview:-1"},"canonical":"https:\/\/www.somospopular.com.br\/especialistas\/dr-eudes-freire-cardoso-coloproctologista-em-montes-claros-mg\/","og_locale":"pt_BR","og_type":"article","og_title":"Dr. Eudes Freire Cardoso - Coloproctologista, Endoscopista, Gastroenterologista Montes Claros - MG","og_description":"Dr. Eudes Freire Cardoso - Coloproctologista, Endoscopista, Gastroenterologista Montes Claros - MG. Cl\u00ednica Veterin\u00e1ria Popular com pre\u00e7os acess\u00edveis. Especialistas","og_url":"https:\/\/www.somospopular.com.br\/especialistas\/dr-eudes-freire-cardoso-coloproctologista-em-montes-claros-mg\/","og_site_name":"Especialistas","article_modified_time":"2023-05-20T17:30:35+00:00","twitter_card":"summary_large_image","twitter_title":"Dr. Eudes Freire Cardoso - Coloproctologista, Endoscopista, Gastroenterologista Montes Claros - MG","twitter_misc":{"Est. tempo de leitura":"1 minuto"},"schema":{"@context":"https:\/\/schema.org","@graph":[{"@type":"WebPage","@id":"https:\/\/www.somospopular.com.br\/especialistas\/dr-eudes-freire-cardoso-coloproctologista-em-montes-claros-mg\/","url":"https:\/\/www.somospopular.com.br\/especialistas\/dr-eudes-freire-cardoso-coloproctologista-em-montes-claros-mg\/","name":"Dr. Eudes Freire Cardoso - Coloproctologista, Endoscopista, Gastroenterologista Montes Claros - MG","isPartOf":{"@id":"https:\/\/www.somospopular.com.br\/especialistas\/#website"},"datePublished":"2020-11-29T16:52:21+00:00","dateModified":"2023-05-20T17:30:35+00:00","description":"Dr. Eudes Freire Cardoso, Coloproctologista, Endoscopista, Gastroenterologista em Montes Claros. Agende uma consulta com os melhores profissionais de sa\u00fade em Brasil.","breadcrumb":{"@id":"https:\/\/www.somospopular.com.br\/especialistas\/dr-eudes-freire-cardoso-coloproctologista-em-montes-claros-mg\/#breadcrumb"},"inLanguage":"pt-BR","potentialAction":[{"@type":"ReadAction","target":["https:\/\/www.somospopular.com.br\/especialistas\/dr-eudes-freire-cardoso-coloproctologista-em-montes-claros-mg\/"]}]},{"@type":"BreadcrumbList","@id":"https:\/\/www.somospopular.com.br\/especialistas\/dr-eudes-freire-cardoso-coloproctologista-em-montes-claros-mg\/#breadcrumb","itemListElement":[{"@type":"ListItem","position":1,"name":"Especialista","item":"https:\/\/www.somospopular.com.br\/especialistas\/"},{"@type":"ListItem","position":2,"name":"Parceiros","item":"https:\/\/www.somospopular.com.br\/especialistas\/negocio\/"},{"@type":"ListItem","position":3,"name":"Coloproctologista","item":"https:\/\/www.somospopular.com.br\/especialistas\/coloproctologista\/"},{"@type":"ListItem","position":4,"name":"Dr. Eudes Freire Cardoso &#8211; Coloproctologista, Endoscopista, Gastroenterologista Montes Claros &#8211; MG"}]},{"@type":"WebSite","@id":"https:\/\/www.somospopular.com.br\/especialistas\/#website","url":"https:\/\/www.somospopular.com.br\/especialistas\/","name":"Especialistas","description":"Somos Popular","publisher":{"@id":"https:\/\/www.somospopular.com.br\/especialistas\/#organization"},"potentialAction":[{"@type":"SearchAction","target":{"@type":"EntryPoint","urlTemplate":"https:\/\/www.somospopular.com.br\/especialistas\/?s={search_term_string}"},"query-input":{"@type":"PropertyValueSpecification","valueRequired":true,"valueName":"search_term_string"}}],"inLanguage":"pt-BR"},{"@type":"Organization","@id":"https:\/\/www.somospopular.com.br\/especialistas\/#organization","name":"M\u00e9dicos Especialistas - Somos Popular","alternateName":"M\u00e9dicos Especialistas","url":"https:\/\/www.somospopular.com.br\/especialistas\/","logo":{"@type":"ImageObject","inLanguage":"pt-BR","@id":"https:\/\/www.somospopular.com.br\/especialistas\/#\/schema\/logo\/image\/","url":"https:\/\/www.somospopular.com.br\/especialistas\/wp-content\/uploads\/sites\/13\/2022\/05\/somos-popular-logo-80.webp","contentUrl":"https:\/\/www.somospopular.com.br\/especialistas\/wp-content\/uploads\/sites\/13\/2022\/05\/somos-popular-logo-80.webp","width":325,"height":80,"caption":"M\u00e9dicos Especialistas - Somos Popular"},"image":{"@id":"https:\/\/www.somospopular.com.br\/especialistas\/#\/schema\/logo\/image\/"}}]}},"_links":{"self":[{"href":"https:\/\/www.somospopular.com.br\/especialistas\/wp-json\/wp\/v2\/negocio\/166717","targetHints":{"allow":["GET"]}}],"collection":[{"href":"https:\/\/www.somospopular.com.br\/especialistas\/wp-json\/wp\/v2\/negocio"}],"about":[{"href":"https:\/\/www.somospopular.com.br\/especialistas\/wp-json\/wp\/v2\/types\/negocio"}],"author":[{"embeddable":true,"href":"https:\/\/www.somospopular.com.br\/especialistas\/wp-json\/wp\/v2\/users\/1"}],"wp:attachment":[{"href":"https:\/\/www.somospopular.com.br\/especialistas\/wp-json\/wp\/v2\/media?parent=166717"}],"wp:term":[{"taxonomy":"bairro","embeddable":true,"href":"https:\/\/www.somospopular.com.br\/especialistas\/wp-json\/wp\/v2\/bairro?post=166717"},{"taxonomy":"categoria_parceiro","embeddable":true,"href":"https:\/\/www.somospopular.com.br\/especialistas\/wp-json\/wp\/v2\/categoria_parceiro?post=166717"},{"taxonomy":"topico-parceiro","embeddable":true,"href":"https:\/\/www.somospopular.com.br\/especialistas\/wp-json\/wp\/v2\/topico-parceiro?post=166717"}],"curies":[{"name":"wp","href":"https:\/\/api.w.org\/{rel}","templated":true}]}}