{"id":166975,"date":"2022-01-07T22:30:53","date_gmt":"2022-01-08T01:30:53","guid":{"rendered":"https:\/\/www.somospopular.com.br\/especialistas\/dr-fernando-cesar-camara-cirurgiao-plastico-em-rn\/"},"modified":"2023-05-20T14:32:03","modified_gmt":"2023-05-20T17:32:03","slug":"dr-fernando-cesar-camara-cirurgiao-plastico-em-natal-rn","status":"publish","type":"negocio","link":"https:\/\/www.somospopular.com.br\/especialistas\/dr-fernando-cesar-camara-cirurgiao-plastico-em-natal-rn\/","title":{"rendered":"Dr. Fernando C\u00e9sar Camara Cirurgi\u00e3o pl\u00e1stico, Natal &#8211; Agende uma consulta &#8211; RN"},"content":{"rendered":"<p>Possui gradua\u00e7\u00e3o em Medicina pela Universidade Federal do Rio Grande do Norte (2008). Resid\u00eancia M\u00e9dica em Cirurgia Geral no Hospital Heli\u00f3polis em S\u00e3o Paulo (2009-2011). Resid\u00eancia m\u00e9dica em Cirurgia Pl\u00e1stica no Hospital Universit\u00e1rio Professor Edgard Santos &#8211; UFBA (2011-2014). Realizou est\u00e1gio (fellow) em cirurgia pl\u00e1stica reparadora e microcirurgia no Hospital Aristides Maltez &#8211; Salvador\/BA. Atualmente \u00e9 cirurgi\u00e3o pl\u00e1stico no Hospital Universit\u00e1rio Onofre Lopes &#8211; UFRN pela Ebserh ap\u00f3s aprova\u00e7\u00e3o em concurso p\u00fablico (2018). Atua tamb\u00e9m em consult\u00f3rio particular na Cl\u00ednica Infinity, onde \u00e9 um dos s\u00f3cios.<\/p>\n<h2>Cirurgi\u00e3o pl\u00e1stico em Natal &#8211; RN<\/h2>\n<p><strong>Endere\u00e7o:<\/strong> Avenida Campos Sales, 901. Manhattan Business, Sala 1601, Petr\u00f3polis, Natal &#8211; RN<br \/>\n<strong>CEP: <\/strong>59020-300<\/p>\n<p><span class=\"phone-hidden\"><strong>Telefone:<\/strong> (84) 99628-0137 <\/span><br \/>\nInfinity Cirurgia Pl\u00e1stica e Dermatologia  Cart\u00e3o de Cr\u00e9dito, <\/p>\n<p>\t\t\t\t\t\t\t\t\t\t\t\t\t\t\t\tCart\u00e3o de D\u00e9bito, <\/p>\n<p>\t\t\t\t\t\t\t\t\t\t\t\t\t\t\t\tTransfer\u00eancia Banc\u00e1ria, <\/p>\n<p>\t\t\t\t\t\t\t\t\t+ 1 mais<\/p>\n<h2>Dr. Fernando C\u00e9sar Camara Cirurgi\u00e3o pl\u00e1stico, Natal &#8211; Agende uma consulta<\/h2>\n<p>Economize agendando um hor\u00e1rio online com Dr. Fernando C\u00e9sar Camara, Cirurgi\u00e3o pl\u00e1stico em Natal. Escolha uma data e fa\u00e7a o agendamento em alguns segundos Lipoaspira\u00e7\u00e3o, Mamoplastia De Aumento, Rinoplastia.<\/p>\n<p><span class=\"maps-hidden\"><a href=\"https:\/\/www.google.com\/maps\/search\/?api=1&#038;query=Avenida Campos Sales, 901. Manhattan Business, Sala 1601, Petr\u00f3polis, Natal - RN - 59020-300\" target=\"_blank\" rel=\"noopener\">COMO CHEGAR?<\/a><\/span><\/p>\n<h3 class=\"flex-grow-1 mb-0\">Experi\u00eancia<\/h3>\n<ul class=\"list-unstyled text-list\">\n<li>\n\t\t\t\t\tLipoaspira\u00e7\u00e3o<\/p>\n<hr class=\"my-1\"><\/li>\n<li>\n\t\t\t\t\tMamoplastia de Aumento<\/p>\n<hr class=\"my-1\"><\/li>\n<li>\n\t\t\t\t\tRinoplastia<\/p>\n<hr class=\"my-1\"><\/li>\n<li>\n\t\t\t\t\tAbdominoplastia\n\t\t\t\t\t\t\t\t\t<\/li>\n<\/ul>\n<hr \/>\n<ul>\n<li><a href=\"\/especialistas\/#gsc.tab=0&#038;gsc.q=Especialista%20em%20calculos%20na%20vesicula%20biliar%20sorocaba\" title=\"C\u00e1lculos na ves\u00edcula biliar\" class=\"textbody\">C\u00e1lculos na ves\u00edcula biliar<\/a><\/li>\n<hr >\n<li><a href=\"\/especialistas\/#gsc.tab=0&#038;gsc.q=Especialista%20em%20colelitiase%20sorocaba\" title=\"Colelit\u00edase\" class=\"textbody\">Colelit\u00edase<\/a><\/li>\n<hr >\n<li><a href=\"\/especialistas\/#gsc.tab=0&#038;gsc.q=Especialista%20em%20hernia%20sorocaba\" title=\"Hernia\" class=\"textbody\">Hernia<\/a><\/li>\n<hr >\n<li><a href=\"\/especialistas\/#gsc.tab=0&#038;gsc.q=Especialista%20em%20apendicite%20sorocaba\" title=\"Apendicite\" class=\"textbody\">Apendicite<\/a><\/li>\n<hr >\n<li><a href=\"\/especialistas\/#gsc.tab=0&#038;gsc.q=Especialista%20em%20cancer%20colorretal%20sorocaba\" title=\"C\u00e2ncer colorretal\" class=\"textbody\">C\u00e2ncer colorretal<\/a><\/li>\n<hr >\n<li><a href=\"\/especialistas\/#gsc.tab=0&#038;gsc.q=Especialista%20em%20hernia%20abdominal%20sorocaba\" title=\"H\u00e9rnia Abdominal\" class=\"textbody\">H\u00e9rnia Abdominal<\/a><\/li>\n<hr >\n<li><a href=\"\/especialistas\/#gsc.tab=0&#038;gsc.q=Especialista%20em%20hernia%20inguinal%20sorocaba\" title=\"H\u00e9rnia inguinal\" class=\"textbody\">H\u00e9rnia inguinal<\/a><\/li>\n<hr >\n<li><a href=\"\/especialistas\/#gsc.tab=0&#038;gsc.q=Especialista%20em%20refluxo%20gastroesofagico%202%20sorocaba\" title=\"Refluxo gastroesof\u00e1gico\" class=\"textbody\">Refluxo gastroesof\u00e1gico<\/a><\/li>\n<hr >\n<li><a href=\"\/especialistas\/#gsc.tab=0&#038;gsc.q=Especialista%20em%20doencas%20da%20vesicula%20biliar%20sorocaba\" title=\"Doen\u00e7as Da Ves\u00edcula Biliar\" class=\"textbody\">Doen\u00e7as Da Ves\u00edcula Biliar<\/a><\/li>\n<hr >\n<li><a href=\"\/especialistas\/#gsc.tab=0&#038;gsc.q=Especialista%20em%20hemorroidas%20sorocaba\" title=\"Hemorr\u00f3idas\" class=\"textbody\">Hemorr\u00f3idas<\/a><\/li>\n<hr >\n<li>\n<p>Pedras na Ves\u00edcula Biliar\t\t\t\t<\/li>\n<hr >\n<li>\n<p>F\u00edstula Peri Anal\t\t\t\t<\/li>\n<\/ul>\n<hr \/>\n<p><strong>T\u00f3picos:<\/strong> Cirurgi\u00e3o pl\u00e1stico em Natal &#8211; RN <span class=\"topic-hidden\">|   <\/span><\/p>\n","protected":false},"author":1,"featured_media":0,"template":"","bairro":[6301],"categoria_parceiro":[20455],"topico-parceiro":[21754],"class_list":["post-166975","negocio","type-negocio","status-publish","hentry","bairro-petropolis-natal-rn","categoria_parceiro-cirurgiao-plastico","topico-parceiro-cirurgiao-plastico-em-natal-rn"],"yoast_head":"<!-- This site is optimized with the Yoast SEO Premium plugin v20.9 (Yoast SEO v27.4) - https:\/\/yoast.com\/product\/yoast-seo-premium-wordpress\/ -->\n<title>Dr. Fernando C\u00e9sar Camara Cirurgi\u00e3o pl\u00e1stico, Natal - Agende uma consulta - RN<\/title>\n<meta name=\"description\" content=\"Economize agendando um hor\u00e1rio online com Dr. Fernando C\u00e9sar Camara, Cirurgi\u00e3o pl\u00e1stico em Natal. Escolha uma data e fa\u00e7a o agendamento em alguns segundos Lipoaspira\u00e7\u00e3o, Mamoplastia De Aumento, Rinoplastia.\" \/>\n<meta name=\"robots\" content=\"index, follow, max-snippet:-1, max-image-preview:large, max-video-preview:-1\" \/>\n<link rel=\"canonical\" href=\"https:\/\/www.somospopular.com.br\/especialistas\/dr-fernando-cesar-camara-cirurgiao-plastico-em-natal-rn\/\" \/>\n<meta property=\"og:locale\" content=\"pt_BR\" \/>\n<meta property=\"og:type\" content=\"article\" \/>\n<meta property=\"og:title\" content=\"Dr. Fernando C\u00e9sar Camara Cirurgi\u00e3o pl\u00e1stico, Natal - Agende uma consulta - RN\" \/>\n<meta property=\"og:description\" content=\"Dr. Fernando C\u00e9sar Camara Cirurgi\u00e3o pl\u00e1stico, Natal - Agende uma consulta - RN. Cl\u00ednica Veterin\u00e1ria Popular com pre\u00e7os acess\u00edveis. Especialistas\" \/>\n<meta property=\"og:url\" content=\"https:\/\/www.somospopular.com.br\/especialistas\/dr-fernando-cesar-camara-cirurgiao-plastico-em-natal-rn\/\" \/>\n<meta property=\"og:site_name\" content=\"Especialistas\" \/>\n<meta property=\"article:modified_time\" content=\"2023-05-20T17:32:03+00:00\" \/>\n<meta name=\"twitter:card\" content=\"summary_large_image\" \/>\n<meta name=\"twitter:title\" content=\"Dr. Fernando C\u00e9sar Camara Cirurgi\u00e3o pl\u00e1stico, Natal - Agende uma consulta - RN\" \/>\n<meta name=\"twitter:label1\" content=\"Est. tempo de leitura\" \/>\n\t<meta name=\"twitter:data1\" content=\"1 minuto\" \/>\n<script type=\"application\/ld+json\" class=\"yoast-schema-graph\">{\"@context\":\"https:\\\/\\\/schema.org\",\"@graph\":[{\"@type\":\"WebPage\",\"@id\":\"https:\\\/\\\/www.somospopular.com.br\\\/especialistas\\\/dr-fernando-cesar-camara-cirurgiao-plastico-em-natal-rn\\\/\",\"url\":\"https:\\\/\\\/www.somospopular.com.br\\\/especialistas\\\/dr-fernando-cesar-camara-cirurgiao-plastico-em-natal-rn\\\/\",\"name\":\"Dr. Fernando C\u00e9sar Camara Cirurgi\u00e3o pl\u00e1stico, Natal - Agende uma consulta - RN\",\"isPartOf\":{\"@id\":\"https:\\\/\\\/www.somospopular.com.br\\\/especialistas\\\/#website\"},\"datePublished\":\"2022-01-08T01:30:53+00:00\",\"dateModified\":\"2023-05-20T17:32:03+00:00\",\"description\":\"Economize agendando um hor\u00e1rio online com Dr. Fernando C\u00e9sar Camara, Cirurgi\u00e3o pl\u00e1stico em Natal. Escolha uma data e fa\u00e7a o agendamento em alguns segundos Lipoaspira\u00e7\u00e3o, Mamoplastia De Aumento, Rinoplastia.\",\"breadcrumb\":{\"@id\":\"https:\\\/\\\/www.somospopular.com.br\\\/especialistas\\\/dr-fernando-cesar-camara-cirurgiao-plastico-em-natal-rn\\\/#breadcrumb\"},\"inLanguage\":\"pt-BR\",\"potentialAction\":[{\"@type\":\"ReadAction\",\"target\":[\"https:\\\/\\\/www.somospopular.com.br\\\/especialistas\\\/dr-fernando-cesar-camara-cirurgiao-plastico-em-natal-rn\\\/\"]}]},{\"@type\":\"BreadcrumbList\",\"@id\":\"https:\\\/\\\/www.somospopular.com.br\\\/especialistas\\\/dr-fernando-cesar-camara-cirurgiao-plastico-em-natal-rn\\\/#breadcrumb\",\"itemListElement\":[{\"@type\":\"ListItem\",\"position\":1,\"name\":\"Especialista\",\"item\":\"https:\\\/\\\/www.somospopular.com.br\\\/especialistas\\\/\"},{\"@type\":\"ListItem\",\"position\":2,\"name\":\"Parceiros\",\"item\":\"https:\\\/\\\/www.somospopular.com.br\\\/especialistas\\\/negocio\\\/\"},{\"@type\":\"ListItem\",\"position\":3,\"name\":\"Cirurgi\u00e3o pl\u00e1stico\",\"item\":\"https:\\\/\\\/www.somospopular.com.br\\\/especialistas\\\/cirurgiao-plastico\\\/\"},{\"@type\":\"ListItem\",\"position\":4,\"name\":\"Dr. Fernando C\u00e9sar Camara Cirurgi\u00e3o pl\u00e1stico, Natal &#8211; Agende uma consulta &#8211; RN\"}]},{\"@type\":\"WebSite\",\"@id\":\"https:\\\/\\\/www.somospopular.com.br\\\/especialistas\\\/#website\",\"url\":\"https:\\\/\\\/www.somospopular.com.br\\\/especialistas\\\/\",\"name\":\"Especialistas\",\"description\":\"Somos Popular\",\"publisher\":{\"@id\":\"https:\\\/\\\/www.somospopular.com.br\\\/especialistas\\\/#organization\"},\"potentialAction\":[{\"@type\":\"SearchAction\",\"target\":{\"@type\":\"EntryPoint\",\"urlTemplate\":\"https:\\\/\\\/www.somospopular.com.br\\\/especialistas\\\/?s={search_term_string}\"},\"query-input\":{\"@type\":\"PropertyValueSpecification\",\"valueRequired\":true,\"valueName\":\"search_term_string\"}}],\"inLanguage\":\"pt-BR\"},{\"@type\":\"Organization\",\"@id\":\"https:\\\/\\\/www.somospopular.com.br\\\/especialistas\\\/#organization\",\"name\":\"M\u00e9dicos Especialistas - Somos Popular\",\"alternateName\":\"M\u00e9dicos Especialistas\",\"url\":\"https:\\\/\\\/www.somospopular.com.br\\\/especialistas\\\/\",\"logo\":{\"@type\":\"ImageObject\",\"inLanguage\":\"pt-BR\",\"@id\":\"https:\\\/\\\/www.somospopular.com.br\\\/especialistas\\\/#\\\/schema\\\/logo\\\/image\\\/\",\"url\":\"https:\\\/\\\/www.somospopular.com.br\\\/especialistas\\\/wp-content\\\/uploads\\\/sites\\\/13\\\/2022\\\/05\\\/somos-popular-logo-80.webp\",\"contentUrl\":\"https:\\\/\\\/www.somospopular.com.br\\\/especialistas\\\/wp-content\\\/uploads\\\/sites\\\/13\\\/2022\\\/05\\\/somos-popular-logo-80.webp\",\"width\":325,\"height\":80,\"caption\":\"M\u00e9dicos Especialistas - Somos Popular\"},\"image\":{\"@id\":\"https:\\\/\\\/www.somospopular.com.br\\\/especialistas\\\/#\\\/schema\\\/logo\\\/image\\\/\"}}]}<\/script>\n<!-- \/ Yoast SEO Premium plugin. -->","yoast_head_json":{"title":"Dr. Fernando C\u00e9sar Camara Cirurgi\u00e3o pl\u00e1stico, Natal - Agende uma consulta - RN","description":"Economize agendando um hor\u00e1rio online com Dr. Fernando C\u00e9sar Camara, Cirurgi\u00e3o pl\u00e1stico em Natal. Escolha uma data e fa\u00e7a o agendamento em alguns segundos Lipoaspira\u00e7\u00e3o, Mamoplastia De Aumento, Rinoplastia.","robots":{"index":"index","follow":"follow","max-snippet":"max-snippet:-1","max-image-preview":"max-image-preview:large","max-video-preview":"max-video-preview:-1"},"canonical":"https:\/\/www.somospopular.com.br\/especialistas\/dr-fernando-cesar-camara-cirurgiao-plastico-em-natal-rn\/","og_locale":"pt_BR","og_type":"article","og_title":"Dr. Fernando C\u00e9sar Camara Cirurgi\u00e3o pl\u00e1stico, Natal - Agende uma consulta - RN","og_description":"Dr. Fernando C\u00e9sar Camara Cirurgi\u00e3o pl\u00e1stico, Natal - Agende uma consulta - RN. Cl\u00ednica Veterin\u00e1ria Popular com pre\u00e7os acess\u00edveis. Especialistas","og_url":"https:\/\/www.somospopular.com.br\/especialistas\/dr-fernando-cesar-camara-cirurgiao-plastico-em-natal-rn\/","og_site_name":"Especialistas","article_modified_time":"2023-05-20T17:32:03+00:00","twitter_card":"summary_large_image","twitter_title":"Dr. Fernando C\u00e9sar Camara Cirurgi\u00e3o pl\u00e1stico, Natal - Agende uma consulta - RN","twitter_misc":{"Est. tempo de leitura":"1 minuto"},"schema":{"@context":"https:\/\/schema.org","@graph":[{"@type":"WebPage","@id":"https:\/\/www.somospopular.com.br\/especialistas\/dr-fernando-cesar-camara-cirurgiao-plastico-em-natal-rn\/","url":"https:\/\/www.somospopular.com.br\/especialistas\/dr-fernando-cesar-camara-cirurgiao-plastico-em-natal-rn\/","name":"Dr. Fernando C\u00e9sar Camara Cirurgi\u00e3o pl\u00e1stico, Natal - Agende uma consulta - RN","isPartOf":{"@id":"https:\/\/www.somospopular.com.br\/especialistas\/#website"},"datePublished":"2022-01-08T01:30:53+00:00","dateModified":"2023-05-20T17:32:03+00:00","description":"Economize agendando um hor\u00e1rio online com Dr. Fernando C\u00e9sar Camara, Cirurgi\u00e3o pl\u00e1stico em Natal. Escolha uma data e fa\u00e7a o agendamento em alguns segundos Lipoaspira\u00e7\u00e3o, Mamoplastia De Aumento, Rinoplastia.","breadcrumb":{"@id":"https:\/\/www.somospopular.com.br\/especialistas\/dr-fernando-cesar-camara-cirurgiao-plastico-em-natal-rn\/#breadcrumb"},"inLanguage":"pt-BR","potentialAction":[{"@type":"ReadAction","target":["https:\/\/www.somospopular.com.br\/especialistas\/dr-fernando-cesar-camara-cirurgiao-plastico-em-natal-rn\/"]}]},{"@type":"BreadcrumbList","@id":"https:\/\/www.somospopular.com.br\/especialistas\/dr-fernando-cesar-camara-cirurgiao-plastico-em-natal-rn\/#breadcrumb","itemListElement":[{"@type":"ListItem","position":1,"name":"Especialista","item":"https:\/\/www.somospopular.com.br\/especialistas\/"},{"@type":"ListItem","position":2,"name":"Parceiros","item":"https:\/\/www.somospopular.com.br\/especialistas\/negocio\/"},{"@type":"ListItem","position":3,"name":"Cirurgi\u00e3o pl\u00e1stico","item":"https:\/\/www.somospopular.com.br\/especialistas\/cirurgiao-plastico\/"},{"@type":"ListItem","position":4,"name":"Dr. Fernando C\u00e9sar Camara Cirurgi\u00e3o pl\u00e1stico, Natal &#8211; Agende uma consulta &#8211; RN"}]},{"@type":"WebSite","@id":"https:\/\/www.somospopular.com.br\/especialistas\/#website","url":"https:\/\/www.somospopular.com.br\/especialistas\/","name":"Especialistas","description":"Somos Popular","publisher":{"@id":"https:\/\/www.somospopular.com.br\/especialistas\/#organization"},"potentialAction":[{"@type":"SearchAction","target":{"@type":"EntryPoint","urlTemplate":"https:\/\/www.somospopular.com.br\/especialistas\/?s={search_term_string}"},"query-input":{"@type":"PropertyValueSpecification","valueRequired":true,"valueName":"search_term_string"}}],"inLanguage":"pt-BR"},{"@type":"Organization","@id":"https:\/\/www.somospopular.com.br\/especialistas\/#organization","name":"M\u00e9dicos Especialistas - Somos Popular","alternateName":"M\u00e9dicos Especialistas","url":"https:\/\/www.somospopular.com.br\/especialistas\/","logo":{"@type":"ImageObject","inLanguage":"pt-BR","@id":"https:\/\/www.somospopular.com.br\/especialistas\/#\/schema\/logo\/image\/","url":"https:\/\/www.somospopular.com.br\/especialistas\/wp-content\/uploads\/sites\/13\/2022\/05\/somos-popular-logo-80.webp","contentUrl":"https:\/\/www.somospopular.com.br\/especialistas\/wp-content\/uploads\/sites\/13\/2022\/05\/somos-popular-logo-80.webp","width":325,"height":80,"caption":"M\u00e9dicos Especialistas - Somos Popular"},"image":{"@id":"https:\/\/www.somospopular.com.br\/especialistas\/#\/schema\/logo\/image\/"}}]}},"_links":{"self":[{"href":"https:\/\/www.somospopular.com.br\/especialistas\/wp-json\/wp\/v2\/negocio\/166975","targetHints":{"allow":["GET"]}}],"collection":[{"href":"https:\/\/www.somospopular.com.br\/especialistas\/wp-json\/wp\/v2\/negocio"}],"about":[{"href":"https:\/\/www.somospopular.com.br\/especialistas\/wp-json\/wp\/v2\/types\/negocio"}],"author":[{"embeddable":true,"href":"https:\/\/www.somospopular.com.br\/especialistas\/wp-json\/wp\/v2\/users\/1"}],"wp:attachment":[{"href":"https:\/\/www.somospopular.com.br\/especialistas\/wp-json\/wp\/v2\/media?parent=166975"}],"wp:term":[{"taxonomy":"bairro","embeddable":true,"href":"https:\/\/www.somospopular.com.br\/especialistas\/wp-json\/wp\/v2\/bairro?post=166975"},{"taxonomy":"categoria_parceiro","embeddable":true,"href":"https:\/\/www.somospopular.com.br\/especialistas\/wp-json\/wp\/v2\/categoria_parceiro?post=166975"},{"taxonomy":"topico-parceiro","embeddable":true,"href":"https:\/\/www.somospopular.com.br\/especialistas\/wp-json\/wp\/v2\/topico-parceiro?post=166975"}],"curies":[{"name":"wp","href":"https:\/\/api.w.org\/{rel}","templated":true}]}}