{"id":167303,"date":"2022-12-14T01:43:55","date_gmt":"2022-12-14T04:43:55","guid":{"rendered":"https:\/\/www.somospopular.com.br\/especialistas\/dr-gabriel-longuini-moreira-especialista-em-dor-em-ro\/"},"modified":"2023-05-20T14:34:03","modified_gmt":"2023-05-20T17:34:03","slug":"dr-gabriel-longuini-moreira-especialista-em-dor-em-porto-velho-ro","status":"publish","type":"negocio","link":"https:\/\/www.somospopular.com.br\/especialistas\/dr-gabriel-longuini-moreira-especialista-em-dor-em-porto-velho-ro\/","title":{"rendered":"Dr. Gabriel Longuini Moreira &#8211; Especialista em Dor Porto Velho &#8211; RO"},"content":{"rendered":"<p>Eu sou Dr. Gabriel Longuini Moreira, natural da cidade de Catanduva \u0096 SP, venho de uma fam\u00edlia simples e com valores bem desenhados. Sou pai do Lorenzo e do Pietro e casado com a m\u00e9dica Nefrologista Dra. Zhara Pimentel.<br \/>\nMe formei m\u00e9dico em 2011 pela FSL e em seguida me especializei em Ultrassonografia Geral obtendo meu t\u00edtulo de especialista pela Associa\u00e7\u00e3o M\u00e9dica Brasileira (AMB) e em 2012 estudei DOR no Hospital Israelita Albert Einstein de S\u00e3o Paulo \u0096 SP e em Medicina Intervencionista pela SINGULAR &#8211; SP.<br \/>\nSempre fui \u00e1vido pelo conhecimento e nunca mais parei de estudar e aperfei\u00e7oar minhas t\u00e9cnicas com profundo conhecimento cient\u00edfico para ajudar pessoas com dor. Al\u00e9m de participar assiduamente de Congressos Nacionais e Internacionais sobre dor cr\u00f4nica e medicina intervencionista em dor, fa\u00e7o publica\u00e7\u00f5es cient\u00edficas anualmente. Realizei um aperfei\u00e7oamento em medicina intervencionista em dor na Semmelweis University em Budapeste \u0096 Hungria, e tenho muito orgulho deste grande feito.<br \/>\nSou professor do Hospital Israelita Albert Einstein desde 2014 e Fundador e Diretor Cl\u00ednico do Pain Center, Centro de Diagn\u00f3stico da Dor.<\/p>\n<h2>Especialista em Dor em Porto Velho &#8211; RO<\/h2>\n<p><strong>Endere\u00e7o:<\/strong> R. Mal. Deodoro, 2789, Olaria, Tucumanzal, Porto Velho &#8211; RO<br \/>\n<strong>CEP: <\/strong>76801-260<\/p>\n<p><span class=\"phone-hidden\"><strong>Telefone:<\/strong>  <\/span><\/p>\n<h2>Dr. Gabriel Longuini Moreira &#8211; Especialista em Dor Porto Velho<\/h2>\n<p>Dr. Gabriel Longuini Moreira, Especialista em Dor em Porto Velho. Agende uma consulta com os melhores profissionais de sa\u00fade em Brasil.<\/p>\n<p><span class=\"maps-hidden\"><a href=\"https:\/\/www.google.com\/maps\/search\/?api=1&#038;query=R. Mal. Deodoro, 2789, Olaria, Tucumanzal, Porto Velho - RO - 76801-260\" target=\"_blank\" rel=\"noopener\">COMO CHEGAR?<\/a><\/span><\/p>\n<h3 class=\"flex-grow-1 mb-0\">Experi\u00eancia<\/h3>\n<hr \/>\n<ul>\n<li><a href=\"\/especialistas\/#gsc.tab=0&#038;gsc.q=Especialista%20em%20artrose%20sao%20paulo\" title=\"Artrose\" class=\"textbody\">Artrose<\/a><\/li>\n<hr >\n<li><a href=\"\/especialistas\/#gsc.tab=0&#038;gsc.q=Especialista%20em%20bursite%20sao%20paulo\" title=\"Bursite\" class=\"textbody\">Bursite<\/a><\/li>\n<hr >\n<li><a href=\"\/especialistas\/#gsc.tab=0&#038;gsc.q=Especialista%20em%20lesoes%20do%20joelho%20meniscos%20sao%20paulo\" title=\"Les\u00f5es do joelho: meniscos\" class=\"textbody\">Les\u00f5es do joelho: meniscos<\/a><\/li>\n<hr >\n<li><a href=\"\/especialistas\/#gsc.tab=0&#038;gsc.q=Especialista%20em%20gonartrose%20artrose%20do%20joelho%20sao%20paulo\" title=\"Gonartrose (artrose do joelho)\" class=\"textbody\">Gonartrose (artrose do joelho)<\/a><\/li>\n<hr >\n<li><a href=\"\/especialistas\/#gsc.tab=0&#038;gsc.q=Especialista%20em%20condromalacia%20da%20patela%20sao%20paulo\" title=\"Condromal\u00e1cia Da Patela\" class=\"textbody\">Condromal\u00e1cia Da Patela<\/a><\/li>\n<hr >\n<li><a href=\"\/especialistas\/#gsc.tab=0&#038;gsc.q=Especialista%20em%20sindrome%20do%20tunel%20carpal%202%20sao%20paulo\" title=\"S\u00edndrome do t\u00fanel carpal\" class=\"textbody\">S\u00edndrome do t\u00fanel carpal<\/a><\/li>\n<hr >\n<li><a href=\"\/especialistas\/#gsc.tab=0&#038;gsc.q=Especialista%20em%20tendinite%20sao%20paulo\" title=\"Tendinite\" class=\"textbody\">Tendinite<\/a><\/li>\n<hr >\n<li><a href=\"\/especialistas\/#gsc.tab=0&#038;gsc.q=Especialista%20em%20tenossinovite%20sao%20paulo\" title=\"Tenossinovite\" class=\"textbody\">Tenossinovite<\/a><\/li>\n<hr >\n<li><a href=\"\/especialistas\/#gsc.tab=0&#038;gsc.q=Especialista%20em%20contratura%20de%20dupuytren%20sao%20paulo\" title=\"Contratura de dupuytren\" class=\"textbody\">Contratura de dupuytren<\/a><\/li>\n<hr >\n<li><a href=\"\/especialistas\/#gsc.tab=0&#038;gsc.q=Especialista%20em%20amputacoes%20sao%20paulo\" title=\"Amputa\u00e7\u00f5es\" class=\"textbody\">Amputa\u00e7\u00f5es<\/a><\/li>\n<hr >\n<li><a href=\"\/especialistas\/#gsc.tab=0&#038;gsc.q=Especialista%20em%20amputacao%20traumatica%20sao%20paulo\" title=\"Amputa\u00e7\u00e3o Traum\u00e1tica\" class=\"textbody\">Amputa\u00e7\u00e3o Traum\u00e1tica<\/a><\/li>\n<hr >\n<li><a href=\"\/especialistas\/#gsc.tab=0&#038;gsc.q=Especialista%20em%20lesao%20dos%20nervos%20perifericos%20sao%20paulo\" title=\"Les\u00e3o dos nervos perif\u00e9ricos\" class=\"textbody\">Les\u00e3o dos nervos perif\u00e9ricos<\/a><\/li>\n<hr >\n<li><a href=\"\/especialistas\/#gsc.tab=0&#038;gsc.q=Especialista%20em%20sindromes%20de%20compressao%20do%20nervo%20ulnar%20sao%20paulo\" title=\"S\u00edndromes de compress\u00e3o do nervo ulnar\" class=\"textbody\">S\u00edndromes de compress\u00e3o do nervo ulnar<\/a><\/li>\n<hr >\n<li><a href=\"\/especialistas\/#gsc.tab=0&#038;gsc.q=Especialista%20em%20neuropatias%20do%20plexo%20braquial%20sao%20paulo\" title=\"Neuropatias Do Plexo Braquial\" class=\"textbody\">Neuropatias Do Plexo Braquial<\/a><\/li>\n<hr >\n<li><a href=\"\/especialistas\/#gsc.tab=0&#038;gsc.q=Especialista%20em%20deformidades%20congenitas%20da%20mao%20sao%20paulo\" title=\"Deformidades Cong\u00eanitas Da M\u00e3o\" class=\"textbody\">Deformidades Cong\u00eanitas Da M\u00e3o<\/a><\/li>\n<hr >\n<li><a href=\"\/especialistas\/#gsc.tab=0&#038;gsc.q=Especialista%20em%20dedo%20em%20gatilho%20sao%20paulo\" title=\"Dedo em gatilho\" class=\"textbody\">Dedo em gatilho<\/a><\/li>\n<hr >\n<li><a href=\"\/especialistas\/#gsc.tab=0&#038;gsc.q=Especialista%20em%20traumatismos%20dos%20dedos%20sao%20paulo\" title=\"Traumatismos Dos Dedos\" class=\"textbody\">Traumatismos Dos Dedos<\/a><\/li>\n<hr >\n<li><a href=\"\/especialistas\/#gsc.tab=0&#038;gsc.q=Especialista%20em%20neuropatia%20radial%20sao%20paulo\" title=\"Neuropatia radial\" class=\"textbody\">Neuropatia radial<\/a><\/li>\n<hr >\n<li><a href=\"\/especialistas\/#gsc.tab=0&#038;gsc.q=Especialista%20em%20deformidades%20da%20mao%20sao%20paulo\" title=\"Deformidades Da M\u00e3o\" class=\"textbody\">Deformidades Da M\u00e3o<\/a><\/li>\n<hr >\n<li><a href=\"\/especialistas\/#gsc.tab=0&#038;gsc.q=Especialista%20em%20deformidades%20adquiridas%20da%20mao%20sao%20paulo\" title=\"Deformidades Adquiridas Da M\u00e3o\" class=\"textbody\">Deformidades Adquiridas Da M\u00e3o<\/a><\/li>\n<hr >\n<li><a href=\"\/especialistas\/#gsc.tab=0&#038;gsc.q=Especialista%20em%20pseudo%20artrose%20sao%20paulo\" title=\"Pseudo%20Artrose\" class=\"textbody\">Pseudo%20Artrose<\/a><\/li>\n<hr >\n<li><a href=\"\/especialistas\/#gsc.tab=0&#038;gsc.q=Especialista%20em%20encarceramento%20do%20tendao%20sao%20paulo\" title=\"Encarceramento Do Tend\u00e3o\" class=\"textbody\">Encarceramento Do Tend\u00e3o<\/a><\/li>\n<hr >\n<li>\n<p>Artroscopia\t\t\t\t<\/li>\n<\/ul>\n<hr \/>\n<p><strong>T\u00f3picos:<\/strong> Especialista em Dor em Porto Velho &#8211; RO <span class=\"topic-hidden\">|   Cl\u00ednica M\u00e9dica Vivere<\/span><\/p>\n","protected":false},"author":1,"featured_media":0,"template":"","bairro":[23708],"categoria_parceiro":[20780],"topico-parceiro":[23709],"class_list":["post-167303","negocio","type-negocio","status-publish","hentry","bairro-tucumanzal-porto-velho-ro","categoria_parceiro-especialista-em-dor","topico-parceiro-especialista-em-dor-em-porto-velho-ro"],"yoast_head":"<!-- This site is optimized with the Yoast SEO Premium plugin v20.9 (Yoast SEO v27.5) - https:\/\/yoast.com\/product\/yoast-seo-premium-wordpress\/ -->\n<title>Dr. Gabriel Longuini Moreira - Especialista em Dor Porto Velho - RO<\/title>\n<meta name=\"description\" content=\"Dr. Gabriel Longuini Moreira, Especialista em Dor em Porto Velho. Agende uma consulta com os melhores profissionais de sa\u00fade em Brasil.\" \/>\n<meta name=\"robots\" content=\"index, follow, max-snippet:-1, max-image-preview:large, max-video-preview:-1\" \/>\n<link rel=\"canonical\" href=\"https:\/\/www.somospopular.com.br\/especialistas\/dr-gabriel-longuini-moreira-especialista-em-dor-em-porto-velho-ro\/\" \/>\n<meta property=\"og:locale\" content=\"pt_BR\" \/>\n<meta property=\"og:type\" content=\"article\" \/>\n<meta property=\"og:title\" content=\"Dr. Gabriel Longuini Moreira - Especialista em Dor Porto Velho - RO\" \/>\n<meta property=\"og:description\" content=\"Dr. Gabriel Longuini Moreira - Especialista em Dor Porto Velho - RO. Cl\u00ednica Veterin\u00e1ria Popular com pre\u00e7os acess\u00edveis. Especialistas\" \/>\n<meta property=\"og:url\" content=\"https:\/\/www.somospopular.com.br\/especialistas\/dr-gabriel-longuini-moreira-especialista-em-dor-em-porto-velho-ro\/\" \/>\n<meta property=\"og:site_name\" content=\"Especialistas\" \/>\n<meta property=\"article:modified_time\" content=\"2023-05-20T17:34:03+00:00\" \/>\n<meta name=\"twitter:card\" content=\"summary_large_image\" \/>\n<meta name=\"twitter:title\" content=\"Dr. Gabriel Longuini Moreira - Especialista em Dor Porto Velho - RO\" \/>\n<meta name=\"twitter:label1\" content=\"Est. tempo de leitura\" \/>\n\t<meta name=\"twitter:data1\" content=\"2 minutos\" \/>\n<script type=\"application\/ld+json\" class=\"yoast-schema-graph\">{\"@context\":\"https:\\\/\\\/schema.org\",\"@graph\":[{\"@type\":\"WebPage\",\"@id\":\"https:\\\/\\\/www.somospopular.com.br\\\/especialistas\\\/dr-gabriel-longuini-moreira-especialista-em-dor-em-porto-velho-ro\\\/\",\"url\":\"https:\\\/\\\/www.somospopular.com.br\\\/especialistas\\\/dr-gabriel-longuini-moreira-especialista-em-dor-em-porto-velho-ro\\\/\",\"name\":\"Dr. Gabriel Longuini Moreira - Especialista em Dor Porto Velho - RO\",\"isPartOf\":{\"@id\":\"https:\\\/\\\/www.somospopular.com.br\\\/especialistas\\\/#website\"},\"datePublished\":\"2022-12-14T04:43:55+00:00\",\"dateModified\":\"2023-05-20T17:34:03+00:00\",\"description\":\"Dr. Gabriel Longuini Moreira, Especialista em Dor em Porto Velho. Agende uma consulta com os melhores profissionais de sa\u00fade em Brasil.\",\"breadcrumb\":{\"@id\":\"https:\\\/\\\/www.somospopular.com.br\\\/especialistas\\\/dr-gabriel-longuini-moreira-especialista-em-dor-em-porto-velho-ro\\\/#breadcrumb\"},\"inLanguage\":\"pt-BR\",\"potentialAction\":[{\"@type\":\"ReadAction\",\"target\":[\"https:\\\/\\\/www.somospopular.com.br\\\/especialistas\\\/dr-gabriel-longuini-moreira-especialista-em-dor-em-porto-velho-ro\\\/\"]}]},{\"@type\":\"BreadcrumbList\",\"@id\":\"https:\\\/\\\/www.somospopular.com.br\\\/especialistas\\\/dr-gabriel-longuini-moreira-especialista-em-dor-em-porto-velho-ro\\\/#breadcrumb\",\"itemListElement\":[{\"@type\":\"ListItem\",\"position\":1,\"name\":\"Especialista\",\"item\":\"https:\\\/\\\/www.somospopular.com.br\\\/especialistas\\\/\"},{\"@type\":\"ListItem\",\"position\":2,\"name\":\"Parceiros\",\"item\":\"https:\\\/\\\/www.somospopular.com.br\\\/especialistas\\\/negocio\\\/\"},{\"@type\":\"ListItem\",\"position\":3,\"name\":\"Especialista em Dor\",\"item\":\"https:\\\/\\\/www.somospopular.com.br\\\/especialistas\\\/especialista-em-dor\\\/\"},{\"@type\":\"ListItem\",\"position\":4,\"name\":\"Dr. Gabriel Longuini Moreira &#8211; Especialista em Dor Porto Velho &#8211; RO\"}]},{\"@type\":\"WebSite\",\"@id\":\"https:\\\/\\\/www.somospopular.com.br\\\/especialistas\\\/#website\",\"url\":\"https:\\\/\\\/www.somospopular.com.br\\\/especialistas\\\/\",\"name\":\"Especialistas\",\"description\":\"Somos Popular\",\"publisher\":{\"@id\":\"https:\\\/\\\/www.somospopular.com.br\\\/especialistas\\\/#organization\"},\"potentialAction\":[{\"@type\":\"SearchAction\",\"target\":{\"@type\":\"EntryPoint\",\"urlTemplate\":\"https:\\\/\\\/www.somospopular.com.br\\\/especialistas\\\/?s={search_term_string}\"},\"query-input\":{\"@type\":\"PropertyValueSpecification\",\"valueRequired\":true,\"valueName\":\"search_term_string\"}}],\"inLanguage\":\"pt-BR\"},{\"@type\":\"Organization\",\"@id\":\"https:\\\/\\\/www.somospopular.com.br\\\/especialistas\\\/#organization\",\"name\":\"M\u00e9dicos Especialistas - Somos Popular\",\"alternateName\":\"M\u00e9dicos Especialistas\",\"url\":\"https:\\\/\\\/www.somospopular.com.br\\\/especialistas\\\/\",\"logo\":{\"@type\":\"ImageObject\",\"inLanguage\":\"pt-BR\",\"@id\":\"https:\\\/\\\/www.somospopular.com.br\\\/especialistas\\\/#\\\/schema\\\/logo\\\/image\\\/\",\"url\":\"https:\\\/\\\/www.somospopular.com.br\\\/especialistas\\\/wp-content\\\/uploads\\\/sites\\\/13\\\/2022\\\/05\\\/somos-popular-logo-80.webp\",\"contentUrl\":\"https:\\\/\\\/www.somospopular.com.br\\\/especialistas\\\/wp-content\\\/uploads\\\/sites\\\/13\\\/2022\\\/05\\\/somos-popular-logo-80.webp\",\"width\":325,\"height\":80,\"caption\":\"M\u00e9dicos Especialistas - Somos Popular\"},\"image\":{\"@id\":\"https:\\\/\\\/www.somospopular.com.br\\\/especialistas\\\/#\\\/schema\\\/logo\\\/image\\\/\"}}]}<\/script>\n<!-- \/ Yoast SEO Premium plugin. -->","yoast_head_json":{"title":"Dr. Gabriel Longuini Moreira - Especialista em Dor Porto Velho - RO","description":"Dr. Gabriel Longuini Moreira, Especialista em Dor em Porto Velho. Agende uma consulta com os melhores profissionais de sa\u00fade em Brasil.","robots":{"index":"index","follow":"follow","max-snippet":"max-snippet:-1","max-image-preview":"max-image-preview:large","max-video-preview":"max-video-preview:-1"},"canonical":"https:\/\/www.somospopular.com.br\/especialistas\/dr-gabriel-longuini-moreira-especialista-em-dor-em-porto-velho-ro\/","og_locale":"pt_BR","og_type":"article","og_title":"Dr. Gabriel Longuini Moreira - Especialista em Dor Porto Velho - RO","og_description":"Dr. Gabriel Longuini Moreira - Especialista em Dor Porto Velho - RO. Cl\u00ednica Veterin\u00e1ria Popular com pre\u00e7os acess\u00edveis. Especialistas","og_url":"https:\/\/www.somospopular.com.br\/especialistas\/dr-gabriel-longuini-moreira-especialista-em-dor-em-porto-velho-ro\/","og_site_name":"Especialistas","article_modified_time":"2023-05-20T17:34:03+00:00","twitter_card":"summary_large_image","twitter_title":"Dr. Gabriel Longuini Moreira - Especialista em Dor Porto Velho - RO","twitter_misc":{"Est. tempo de leitura":"2 minutos"},"schema":{"@context":"https:\/\/schema.org","@graph":[{"@type":"WebPage","@id":"https:\/\/www.somospopular.com.br\/especialistas\/dr-gabriel-longuini-moreira-especialista-em-dor-em-porto-velho-ro\/","url":"https:\/\/www.somospopular.com.br\/especialistas\/dr-gabriel-longuini-moreira-especialista-em-dor-em-porto-velho-ro\/","name":"Dr. Gabriel Longuini Moreira - Especialista em Dor Porto Velho - RO","isPartOf":{"@id":"https:\/\/www.somospopular.com.br\/especialistas\/#website"},"datePublished":"2022-12-14T04:43:55+00:00","dateModified":"2023-05-20T17:34:03+00:00","description":"Dr. Gabriel Longuini Moreira, Especialista em Dor em Porto Velho. Agende uma consulta com os melhores profissionais de sa\u00fade em Brasil.","breadcrumb":{"@id":"https:\/\/www.somospopular.com.br\/especialistas\/dr-gabriel-longuini-moreira-especialista-em-dor-em-porto-velho-ro\/#breadcrumb"},"inLanguage":"pt-BR","potentialAction":[{"@type":"ReadAction","target":["https:\/\/www.somospopular.com.br\/especialistas\/dr-gabriel-longuini-moreira-especialista-em-dor-em-porto-velho-ro\/"]}]},{"@type":"BreadcrumbList","@id":"https:\/\/www.somospopular.com.br\/especialistas\/dr-gabriel-longuini-moreira-especialista-em-dor-em-porto-velho-ro\/#breadcrumb","itemListElement":[{"@type":"ListItem","position":1,"name":"Especialista","item":"https:\/\/www.somospopular.com.br\/especialistas\/"},{"@type":"ListItem","position":2,"name":"Parceiros","item":"https:\/\/www.somospopular.com.br\/especialistas\/negocio\/"},{"@type":"ListItem","position":3,"name":"Especialista em Dor","item":"https:\/\/www.somospopular.com.br\/especialistas\/especialista-em-dor\/"},{"@type":"ListItem","position":4,"name":"Dr. Gabriel Longuini Moreira &#8211; Especialista em Dor Porto Velho &#8211; RO"}]},{"@type":"WebSite","@id":"https:\/\/www.somospopular.com.br\/especialistas\/#website","url":"https:\/\/www.somospopular.com.br\/especialistas\/","name":"Especialistas","description":"Somos Popular","publisher":{"@id":"https:\/\/www.somospopular.com.br\/especialistas\/#organization"},"potentialAction":[{"@type":"SearchAction","target":{"@type":"EntryPoint","urlTemplate":"https:\/\/www.somospopular.com.br\/especialistas\/?s={search_term_string}"},"query-input":{"@type":"PropertyValueSpecification","valueRequired":true,"valueName":"search_term_string"}}],"inLanguage":"pt-BR"},{"@type":"Organization","@id":"https:\/\/www.somospopular.com.br\/especialistas\/#organization","name":"M\u00e9dicos Especialistas - Somos Popular","alternateName":"M\u00e9dicos Especialistas","url":"https:\/\/www.somospopular.com.br\/especialistas\/","logo":{"@type":"ImageObject","inLanguage":"pt-BR","@id":"https:\/\/www.somospopular.com.br\/especialistas\/#\/schema\/logo\/image\/","url":"https:\/\/www.somospopular.com.br\/especialistas\/wp-content\/uploads\/sites\/13\/2022\/05\/somos-popular-logo-80.webp","contentUrl":"https:\/\/www.somospopular.com.br\/especialistas\/wp-content\/uploads\/sites\/13\/2022\/05\/somos-popular-logo-80.webp","width":325,"height":80,"caption":"M\u00e9dicos Especialistas - Somos Popular"},"image":{"@id":"https:\/\/www.somospopular.com.br\/especialistas\/#\/schema\/logo\/image\/"}}]}},"_links":{"self":[{"href":"https:\/\/www.somospopular.com.br\/especialistas\/wp-json\/wp\/v2\/negocio\/167303","targetHints":{"allow":["GET"]}}],"collection":[{"href":"https:\/\/www.somospopular.com.br\/especialistas\/wp-json\/wp\/v2\/negocio"}],"about":[{"href":"https:\/\/www.somospopular.com.br\/especialistas\/wp-json\/wp\/v2\/types\/negocio"}],"author":[{"embeddable":true,"href":"https:\/\/www.somospopular.com.br\/especialistas\/wp-json\/wp\/v2\/users\/1"}],"wp:attachment":[{"href":"https:\/\/www.somospopular.com.br\/especialistas\/wp-json\/wp\/v2\/media?parent=167303"}],"wp:term":[{"taxonomy":"bairro","embeddable":true,"href":"https:\/\/www.somospopular.com.br\/especialistas\/wp-json\/wp\/v2\/bairro?post=167303"},{"taxonomy":"categoria_parceiro","embeddable":true,"href":"https:\/\/www.somospopular.com.br\/especialistas\/wp-json\/wp\/v2\/categoria_parceiro?post=167303"},{"taxonomy":"topico-parceiro","embeddable":true,"href":"https:\/\/www.somospopular.com.br\/especialistas\/wp-json\/wp\/v2\/topico-parceiro?post=167303"}],"curies":[{"name":"wp","href":"https:\/\/api.w.org\/{rel}","templated":true}]}}