{"id":167609,"date":"2023-04-23T15:17:42","date_gmt":"2023-04-23T18:17:42","guid":{"rendered":"https:\/\/www.somospopular.com.br\/especialistas\/dr-gustavo-nunes-vilar-coloproctologista-em-pb\/"},"modified":"2023-05-20T14:35:47","modified_gmt":"2023-05-20T17:35:47","slug":"dr-gustavo-nunes-vilar-coloproctologista-em-joao-pessoa-pb","status":"publish","type":"negocio","link":"https:\/\/www.somospopular.com.br\/especialistas\/dr-gustavo-nunes-vilar-coloproctologista-em-joao-pessoa-pb\/","title":{"rendered":"Dr. Gustavo Nunes Vilar Coloproctologista, Cirurgi\u00e3o geral, Jo\u00e3o Pessoa &#8211; Agende uma consulta &#8211; PB"},"content":{"rendered":"<p>Formado em Medicina pela UFPB, busquei minha qualifica\u00e7\u00e3o profissional em centros de excel\u00eancia no sudeste do pa\u00eds: Resid\u00eancia de Cirurgia Geral pela Santa Casa de Miseric\u00f3rdia de S\u00e3o Paulo e Resid\u00eancia em Coloproctologia pela Hospital das Cl\u00ednicas de Ribeir\u00e3o Preto (USP).<br \/>\nTenho experi\u00eancia no tratamento cl\u00ednico e cir\u00fargico das doen\u00e7as do intestino, reto e \u00e2nus, dentre elas, as mais comuns s\u00e3o: c\u00e2ncer do intestino e reto, hemorroidas, f\u00edstulas, fissuras, abcessos, cisto pilonidal, doen\u00e7as inflamat\u00f3rias intestinais (doen\u00e7a de Crohn e retocolite ulcerativa), constipa\u00e7\u00e3o intestinal, diarreias cr\u00f4nicas, prolapso do reto e incontin\u00eancia fecal. Realizo exames de colonoscopia e cirurgia videolaparosc\u00f3pica.<br \/>\nAtualmente sou doutorando pela USP em doen\u00e7as inflamat\u00f3rias intestinais, \u00e1rea que tenho uma forma\u00e7\u00e3o especializada e que me fascina. Tenho experi\u00eancia no tratamento cl\u00ednico e cir\u00fargico dessas patologias.<br \/>\nSer\u00e1 uma satisfa\u00e7\u00e3o poder cuidar da sa\u00fade sem tabus, com muito respeito e sempre guiado por evid\u00eancias cient\u00edficas.<\/p>\n<h2>Coloproctologista em Jo\u00e3o Pessoa &#8211; PB<\/h2>\n<p><strong>Endere\u00e7o:<\/strong> Avenida Governador Flavio Ribeiro Coutinho, 500, sala 523, Jardim Oceania, Jo\u00e3o Pessoa &#8211; PB<br \/>\n<strong>CEP: <\/strong>58037-005<\/p>\n<p><span class=\"phone-hidden\"><strong>Telefone:<\/strong> (83) 4062-9461 <\/span><br \/>\nSalvarti Atende:<br \/>\n\t\t\tadultos Dinheiro, <\/p>\n<p>\t\t\t\t\t\t\t\t\t\t\t\t\t\t\t\tCart\u00e3o de Cr\u00e9dito, <\/p>\n<p>\t\t\t\t\t\t\t\t\t\t\t\t\t\t\t\tCart\u00e3o de D\u00e9bito, <\/p>\n<p>\t\t\t\t\t\t\t\t\t+ 1 mais<\/p>\n<h2>Dr. Gustavo Nunes Vilar Coloproctologista, Cirurgi\u00e3o geral, Jo\u00e3o Pessoa &#8211; Agende uma consulta<\/h2>\n<p>Economize agendando um hor\u00e1rio online com Dr. Gustavo Nunes Vilar, Coloproctologista, Cirurgi\u00e3o geral em Jo\u00e3o Pessoa. Escolha uma data e fa\u00e7a o agendamento em alguns segundos Cirurgia Videolaparosc\u00f3pica, Videocirurgia, Proctologia.<\/p>\n<p><span class=\"maps-hidden\"><a href=\"https:\/\/www.google.com\/maps\/search\/?api=1&#038;query=Avenida Governador Flavio Ribeiro Coutinho, 500, sala 523, Jardim Oceania, Jo\u00e3o Pessoa - PB - 58037-005\" target=\"_blank\" rel=\"noopener\">COMO CHEGAR?<\/a><\/span><\/p>\n<h3 class=\"flex-grow-1 mb-0\">Experi\u00eancia<\/h3>\n<ul class=\"list-unstyled text-list\">\n<li>\n\t\t\t\t\tCirurgia Videolaparosc\u00f3pica<\/p>\n<hr class=\"my-1\"><\/li>\n<li>\n\t\t\t\t\tVideocirurgia<\/p>\n<hr class=\"my-1\"><\/li>\n<li>\n\t\t\t\t\tProctologia<\/p>\n<hr class=\"my-1\"><\/li>\n<li>\n\t\t\t\t\tColonoscopia<\/p>\n<hr class=\"my-1\"><\/li>\n<li>\n\t\t\t\t\tCirurgia Oncol\u00f3gica do C\u00f3lon, Reto e \u00c2nus<\/p>\n<hr class=\"my-1\"><\/li>\n<li>\n\t\t\t\t\tDoen\u00e7as Inflamat\u00f3rias Intestinais<\/p>\n<hr class=\"my-1\"><\/li>\n<li>\n\t\t\t\t\tRetossigmoidectomia<\/p>\n<hr class=\"my-1\"><\/li>\n<li>\n\t\t\t\t\tCirurgia Coloproctologica\n\t\t\t\t\t\t\t\t\t<\/li>\n<\/ul>\n<hr \/>\n<ul><\/ul>\n<hr \/>\n<p><strong>T\u00f3picos:<\/strong> Coloproctologista em Jo\u00e3o Pessoa &#8211; PB <span class=\"topic-hidden\">| Cirurgi\u00e3o geral em Jo\u00e3o Pessoa &#8211; PB  <\/span><\/p>\n","protected":false},"author":1,"featured_media":0,"template":"","bairro":[22185],"categoria_parceiro":[20447,20562],"topico-parceiro":[20990,22895],"class_list":["post-167609","negocio","type-negocio","status-publish","hentry","bairro-jardim-oceania-joao-pessoa-pb","categoria_parceiro-cirurgiao-geral","categoria_parceiro-coloproctologista","topico-parceiro-cirurgiao-geral-em-joao-pessoa-pb","topico-parceiro-coloproctologista-em-joao-pessoa-pb"],"yoast_head":"<!-- This site is optimized with the Yoast SEO Premium plugin v20.9 (Yoast SEO v27.5) - https:\/\/yoast.com\/product\/yoast-seo-premium-wordpress\/ -->\n<title>Dr. Gustavo Nunes Vilar Coloproctologista, Cirurgi\u00e3o geral, Jo\u00e3o Pessoa - Agende uma consulta - PB<\/title>\n<meta name=\"description\" content=\"Economize agendando um hor\u00e1rio online com Dr. Gustavo Nunes Vilar, Coloproctologista, Cirurgi\u00e3o geral em Jo\u00e3o Pessoa. Escolha uma data e fa\u00e7a o agendamento em alguns segundos Cirurgia Videolaparosc\u00f3pica, Videocirurgia, Proctologia.\" \/>\n<meta name=\"robots\" content=\"index, follow, max-snippet:-1, max-image-preview:large, max-video-preview:-1\" \/>\n<link rel=\"canonical\" href=\"https:\/\/www.somospopular.com.br\/especialistas\/dr-gustavo-nunes-vilar-coloproctologista-em-joao-pessoa-pb\/\" \/>\n<meta property=\"og:locale\" content=\"pt_BR\" \/>\n<meta property=\"og:type\" content=\"article\" \/>\n<meta property=\"og:title\" content=\"Dr. Gustavo Nunes Vilar Coloproctologista, Cirurgi\u00e3o geral, Jo\u00e3o Pessoa - Agende uma consulta - PB\" \/>\n<meta property=\"og:description\" content=\"Dr. Gustavo Nunes Vilar Coloproctologista, Cirurgi\u00e3o geral, Jo\u00e3o Pessoa - Agende uma consulta - PB. Cl\u00ednica Veterin\u00e1ria Popular com pre\u00e7os acess\u00edveis. Especialistas\" \/>\n<meta property=\"og:url\" content=\"https:\/\/www.somospopular.com.br\/especialistas\/dr-gustavo-nunes-vilar-coloproctologista-em-joao-pessoa-pb\/\" \/>\n<meta property=\"og:site_name\" content=\"Especialistas\" \/>\n<meta property=\"article:modified_time\" content=\"2023-05-20T17:35:47+00:00\" \/>\n<meta name=\"twitter:card\" content=\"summary_large_image\" \/>\n<meta name=\"twitter:title\" content=\"Dr. Gustavo Nunes Vilar Coloproctologista, Cirurgi\u00e3o geral, Jo\u00e3o Pessoa - Agende uma consulta - PB\" \/>\n<meta name=\"twitter:label1\" content=\"Est. tempo de leitura\" \/>\n\t<meta name=\"twitter:data1\" content=\"2 minutos\" \/>\n<script type=\"application\/ld+json\" class=\"yoast-schema-graph\">{\"@context\":\"https:\\\/\\\/schema.org\",\"@graph\":[{\"@type\":\"WebPage\",\"@id\":\"https:\\\/\\\/www.somospopular.com.br\\\/especialistas\\\/dr-gustavo-nunes-vilar-coloproctologista-em-joao-pessoa-pb\\\/\",\"url\":\"https:\\\/\\\/www.somospopular.com.br\\\/especialistas\\\/dr-gustavo-nunes-vilar-coloproctologista-em-joao-pessoa-pb\\\/\",\"name\":\"Dr. Gustavo Nunes Vilar Coloproctologista, Cirurgi\u00e3o geral, Jo\u00e3o Pessoa - Agende uma consulta - PB\",\"isPartOf\":{\"@id\":\"https:\\\/\\\/www.somospopular.com.br\\\/especialistas\\\/#website\"},\"datePublished\":\"2023-04-23T18:17:42+00:00\",\"dateModified\":\"2023-05-20T17:35:47+00:00\",\"description\":\"Economize agendando um hor\u00e1rio online com Dr. Gustavo Nunes Vilar, Coloproctologista, Cirurgi\u00e3o geral em Jo\u00e3o Pessoa. Escolha uma data e fa\u00e7a o agendamento em alguns segundos Cirurgia Videolaparosc\u00f3pica, Videocirurgia, Proctologia.\",\"breadcrumb\":{\"@id\":\"https:\\\/\\\/www.somospopular.com.br\\\/especialistas\\\/dr-gustavo-nunes-vilar-coloproctologista-em-joao-pessoa-pb\\\/#breadcrumb\"},\"inLanguage\":\"pt-BR\",\"potentialAction\":[{\"@type\":\"ReadAction\",\"target\":[\"https:\\\/\\\/www.somospopular.com.br\\\/especialistas\\\/dr-gustavo-nunes-vilar-coloproctologista-em-joao-pessoa-pb\\\/\"]}]},{\"@type\":\"BreadcrumbList\",\"@id\":\"https:\\\/\\\/www.somospopular.com.br\\\/especialistas\\\/dr-gustavo-nunes-vilar-coloproctologista-em-joao-pessoa-pb\\\/#breadcrumb\",\"itemListElement\":[{\"@type\":\"ListItem\",\"position\":1,\"name\":\"Especialista\",\"item\":\"https:\\\/\\\/www.somospopular.com.br\\\/especialistas\\\/\"},{\"@type\":\"ListItem\",\"position\":2,\"name\":\"Parceiros\",\"item\":\"https:\\\/\\\/www.somospopular.com.br\\\/especialistas\\\/negocio\\\/\"},{\"@type\":\"ListItem\",\"position\":3,\"name\":\"Cirurgi\u00e3o geral\",\"item\":\"https:\\\/\\\/www.somospopular.com.br\\\/especialistas\\\/cirurgiao-geral\\\/\"},{\"@type\":\"ListItem\",\"position\":4,\"name\":\"Dr. Gustavo Nunes Vilar Coloproctologista, Cirurgi\u00e3o geral, Jo\u00e3o Pessoa &#8211; Agende uma consulta &#8211; PB\"}]},{\"@type\":\"WebSite\",\"@id\":\"https:\\\/\\\/www.somospopular.com.br\\\/especialistas\\\/#website\",\"url\":\"https:\\\/\\\/www.somospopular.com.br\\\/especialistas\\\/\",\"name\":\"Especialistas\",\"description\":\"Somos Popular\",\"publisher\":{\"@id\":\"https:\\\/\\\/www.somospopular.com.br\\\/especialistas\\\/#organization\"},\"potentialAction\":[{\"@type\":\"SearchAction\",\"target\":{\"@type\":\"EntryPoint\",\"urlTemplate\":\"https:\\\/\\\/www.somospopular.com.br\\\/especialistas\\\/?s={search_term_string}\"},\"query-input\":{\"@type\":\"PropertyValueSpecification\",\"valueRequired\":true,\"valueName\":\"search_term_string\"}}],\"inLanguage\":\"pt-BR\"},{\"@type\":\"Organization\",\"@id\":\"https:\\\/\\\/www.somospopular.com.br\\\/especialistas\\\/#organization\",\"name\":\"M\u00e9dicos Especialistas - Somos Popular\",\"alternateName\":\"M\u00e9dicos Especialistas\",\"url\":\"https:\\\/\\\/www.somospopular.com.br\\\/especialistas\\\/\",\"logo\":{\"@type\":\"ImageObject\",\"inLanguage\":\"pt-BR\",\"@id\":\"https:\\\/\\\/www.somospopular.com.br\\\/especialistas\\\/#\\\/schema\\\/logo\\\/image\\\/\",\"url\":\"https:\\\/\\\/www.somospopular.com.br\\\/especialistas\\\/wp-content\\\/uploads\\\/sites\\\/13\\\/2022\\\/05\\\/somos-popular-logo-80.webp\",\"contentUrl\":\"https:\\\/\\\/www.somospopular.com.br\\\/especialistas\\\/wp-content\\\/uploads\\\/sites\\\/13\\\/2022\\\/05\\\/somos-popular-logo-80.webp\",\"width\":325,\"height\":80,\"caption\":\"M\u00e9dicos Especialistas - Somos Popular\"},\"image\":{\"@id\":\"https:\\\/\\\/www.somospopular.com.br\\\/especialistas\\\/#\\\/schema\\\/logo\\\/image\\\/\"}}]}<\/script>\n<!-- \/ Yoast SEO Premium plugin. -->","yoast_head_json":{"title":"Dr. Gustavo Nunes Vilar Coloproctologista, Cirurgi\u00e3o geral, Jo\u00e3o Pessoa - Agende uma consulta - PB","description":"Economize agendando um hor\u00e1rio online com Dr. Gustavo Nunes Vilar, Coloproctologista, Cirurgi\u00e3o geral em Jo\u00e3o Pessoa. Escolha uma data e fa\u00e7a o agendamento em alguns segundos Cirurgia Videolaparosc\u00f3pica, Videocirurgia, Proctologia.","robots":{"index":"index","follow":"follow","max-snippet":"max-snippet:-1","max-image-preview":"max-image-preview:large","max-video-preview":"max-video-preview:-1"},"canonical":"https:\/\/www.somospopular.com.br\/especialistas\/dr-gustavo-nunes-vilar-coloproctologista-em-joao-pessoa-pb\/","og_locale":"pt_BR","og_type":"article","og_title":"Dr. Gustavo Nunes Vilar Coloproctologista, Cirurgi\u00e3o geral, Jo\u00e3o Pessoa - Agende uma consulta - PB","og_description":"Dr. Gustavo Nunes Vilar Coloproctologista, Cirurgi\u00e3o geral, Jo\u00e3o Pessoa - Agende uma consulta - PB. Cl\u00ednica Veterin\u00e1ria Popular com pre\u00e7os acess\u00edveis. Especialistas","og_url":"https:\/\/www.somospopular.com.br\/especialistas\/dr-gustavo-nunes-vilar-coloproctologista-em-joao-pessoa-pb\/","og_site_name":"Especialistas","article_modified_time":"2023-05-20T17:35:47+00:00","twitter_card":"summary_large_image","twitter_title":"Dr. Gustavo Nunes Vilar Coloproctologista, Cirurgi\u00e3o geral, Jo\u00e3o Pessoa - Agende uma consulta - PB","twitter_misc":{"Est. tempo de leitura":"2 minutos"},"schema":{"@context":"https:\/\/schema.org","@graph":[{"@type":"WebPage","@id":"https:\/\/www.somospopular.com.br\/especialistas\/dr-gustavo-nunes-vilar-coloproctologista-em-joao-pessoa-pb\/","url":"https:\/\/www.somospopular.com.br\/especialistas\/dr-gustavo-nunes-vilar-coloproctologista-em-joao-pessoa-pb\/","name":"Dr. Gustavo Nunes Vilar Coloproctologista, Cirurgi\u00e3o geral, Jo\u00e3o Pessoa - Agende uma consulta - PB","isPartOf":{"@id":"https:\/\/www.somospopular.com.br\/especialistas\/#website"},"datePublished":"2023-04-23T18:17:42+00:00","dateModified":"2023-05-20T17:35:47+00:00","description":"Economize agendando um hor\u00e1rio online com Dr. Gustavo Nunes Vilar, Coloproctologista, Cirurgi\u00e3o geral em Jo\u00e3o Pessoa. Escolha uma data e fa\u00e7a o agendamento em alguns segundos Cirurgia Videolaparosc\u00f3pica, Videocirurgia, Proctologia.","breadcrumb":{"@id":"https:\/\/www.somospopular.com.br\/especialistas\/dr-gustavo-nunes-vilar-coloproctologista-em-joao-pessoa-pb\/#breadcrumb"},"inLanguage":"pt-BR","potentialAction":[{"@type":"ReadAction","target":["https:\/\/www.somospopular.com.br\/especialistas\/dr-gustavo-nunes-vilar-coloproctologista-em-joao-pessoa-pb\/"]}]},{"@type":"BreadcrumbList","@id":"https:\/\/www.somospopular.com.br\/especialistas\/dr-gustavo-nunes-vilar-coloproctologista-em-joao-pessoa-pb\/#breadcrumb","itemListElement":[{"@type":"ListItem","position":1,"name":"Especialista","item":"https:\/\/www.somospopular.com.br\/especialistas\/"},{"@type":"ListItem","position":2,"name":"Parceiros","item":"https:\/\/www.somospopular.com.br\/especialistas\/negocio\/"},{"@type":"ListItem","position":3,"name":"Cirurgi\u00e3o geral","item":"https:\/\/www.somospopular.com.br\/especialistas\/cirurgiao-geral\/"},{"@type":"ListItem","position":4,"name":"Dr. Gustavo Nunes Vilar Coloproctologista, Cirurgi\u00e3o geral, Jo\u00e3o Pessoa &#8211; Agende uma consulta &#8211; PB"}]},{"@type":"WebSite","@id":"https:\/\/www.somospopular.com.br\/especialistas\/#website","url":"https:\/\/www.somospopular.com.br\/especialistas\/","name":"Especialistas","description":"Somos Popular","publisher":{"@id":"https:\/\/www.somospopular.com.br\/especialistas\/#organization"},"potentialAction":[{"@type":"SearchAction","target":{"@type":"EntryPoint","urlTemplate":"https:\/\/www.somospopular.com.br\/especialistas\/?s={search_term_string}"},"query-input":{"@type":"PropertyValueSpecification","valueRequired":true,"valueName":"search_term_string"}}],"inLanguage":"pt-BR"},{"@type":"Organization","@id":"https:\/\/www.somospopular.com.br\/especialistas\/#organization","name":"M\u00e9dicos Especialistas - Somos Popular","alternateName":"M\u00e9dicos Especialistas","url":"https:\/\/www.somospopular.com.br\/especialistas\/","logo":{"@type":"ImageObject","inLanguage":"pt-BR","@id":"https:\/\/www.somospopular.com.br\/especialistas\/#\/schema\/logo\/image\/","url":"https:\/\/www.somospopular.com.br\/especialistas\/wp-content\/uploads\/sites\/13\/2022\/05\/somos-popular-logo-80.webp","contentUrl":"https:\/\/www.somospopular.com.br\/especialistas\/wp-content\/uploads\/sites\/13\/2022\/05\/somos-popular-logo-80.webp","width":325,"height":80,"caption":"M\u00e9dicos Especialistas - Somos Popular"},"image":{"@id":"https:\/\/www.somospopular.com.br\/especialistas\/#\/schema\/logo\/image\/"}}]}},"_links":{"self":[{"href":"https:\/\/www.somospopular.com.br\/especialistas\/wp-json\/wp\/v2\/negocio\/167609","targetHints":{"allow":["GET"]}}],"collection":[{"href":"https:\/\/www.somospopular.com.br\/especialistas\/wp-json\/wp\/v2\/negocio"}],"about":[{"href":"https:\/\/www.somospopular.com.br\/especialistas\/wp-json\/wp\/v2\/types\/negocio"}],"author":[{"embeddable":true,"href":"https:\/\/www.somospopular.com.br\/especialistas\/wp-json\/wp\/v2\/users\/1"}],"wp:attachment":[{"href":"https:\/\/www.somospopular.com.br\/especialistas\/wp-json\/wp\/v2\/media?parent=167609"}],"wp:term":[{"taxonomy":"bairro","embeddable":true,"href":"https:\/\/www.somospopular.com.br\/especialistas\/wp-json\/wp\/v2\/bairro?post=167609"},{"taxonomy":"categoria_parceiro","embeddable":true,"href":"https:\/\/www.somospopular.com.br\/especialistas\/wp-json\/wp\/v2\/categoria_parceiro?post=167609"},{"taxonomy":"topico-parceiro","embeddable":true,"href":"https:\/\/www.somospopular.com.br\/especialistas\/wp-json\/wp\/v2\/topico-parceiro?post=167609"}],"curies":[{"name":"wp","href":"https:\/\/api.w.org\/{rel}","templated":true}]}}