{"id":167752,"date":"2020-08-13T22:32:16","date_gmt":"2020-08-14T01:32:16","guid":{"rendered":"https:\/\/www.somospopular.com.br\/especialistas\/dr-hermann-solz-cirurgiao-plastico-em-sp\/"},"modified":"2023-05-20T14:36:41","modified_gmt":"2023-05-20T17:36:41","slug":"dr-hermann-solz-cirurgiao-plastico-em-santos-sp","status":"publish","type":"negocio","link":"https:\/\/www.somospopular.com.br\/especialistas\/dr-hermann-solz-cirurgiao-plastico-em-santos-sp\/","title":{"rendered":"Dr. Hermann Solz &#8211; Cirurgi\u00e3o pl\u00e1stico Santos &#8211; SP"},"content":{"rendered":"<p>Curriculum vitae Dr. Hermann Solz<br \/>\nDr. Hermann Solz<br \/>\nM\u00e9dico Especialista em Cirurgia Pl\u00e1stica e Est\u00e9tica<br \/>\nDr. Hermann Solz nasceu em S\u00e3o Paulo e cursou a Faculdade de Medicina na Universidade Severino Sombra no Rio de Janeiro. De 1983 a 1989 e novamente a partir de 2005 foi Professor Assistente e Professor Adjunto na Cadeira de Cirurgia Pl\u00e1stica da Universidade Santa Cecilia em Santos. Aprimorou t\u00e9cnicas cir\u00fargicas especiais (aumento mam\u00e1rio pela via axilar) e foi idealizador e inventor de Instrumentos cir\u00fargicos espec\u00edficos para o aumento mam\u00e1rio pela via axilar, o facelifting e a abdominoplastia (pl\u00e1stica abdominal). Dr. Solz \u00e9 M\u00e9dico Especialista em Cirurgia Pl\u00e1stica e Est\u00e9tica na Alemanha e no Brasil, bem como Membro Ativo Qualificado para a Especializa\u00e7\u00e3o e Forma\u00e7\u00e3o Profissional de M\u00e9dicos Especialistas em Cirurgia Pl\u00e1stica at\u00e9 2012, tanto na Alemanha como no Brasil.<br \/>\nDr. Hermann Solz \u00e9 Doutor em medicina com Defesa de Tese na Universidade de Heidelberg-Alemanha.<br \/>\nSua especializa\u00e7\u00e3o em Cirurgia Pl\u00e1stica, em especial Cirurgia Est\u00e9tica foi realizada no Brasil, Alemanha, Fran\u00e7a, \u00c1ustria e Inglaterra.<br \/>\nEm abril de 1989 fundou a Mannheimer Klinik f\u00fcr Plastische Chirurgie (Cl\u00ednica de Cirurgia Pl\u00e1stica da Cidade de Mannheim), onde foi seu M\u00e9dico Chefe at\u00e9 Maio de 2012 e Diretor Superintendente at\u00e9 Junho de 2017. Aqui atendeu mais de 34.500 pacientes. Tratou pacientes de 28 pa\u00edses. Hoje \u00e9 cirurgiao pl\u00e1stico em Santos e em sua cl\u00ednica em Ketsch na Alemanha.<br \/>\nEm Pesquisa e Ensino aprimorou t\u00e9cnicas em Cirurgia Pl\u00e1stica Est\u00e9tica, principalmente no Aumento mam\u00e1rio pela Via axilar. Neste tema ele \u00e9 internacionalmente reconhecido e frequentemente chamado para proferir palestras em Congressos internacionais, ministrar Cursos e fazer demonstra\u00e7\u00f0es cirurgicas (Live-Surgery). No ano de 2003 fez demonstra\u00e7\u00e3o cir\u00fargica de um aumento mam\u00e1rio pela via axilar transmitida ao vivo para o audit\u00f3rio do Maksoud Plaza em S\u00e3o Paulo para 900 cirurgi\u00f0es pl\u00e1sticos.<br \/>\nAt\u00e9 o ano de 2011 ministrava todos os anos Cursos e Cirurgias ao Vivo (Live surgery) na Cl\u00ednica de Cirurgia Pl\u00e1stica de Mannheim em Aumento Mam\u00e1rio e Facelifting para os m\u00e9dicos residentes em forma\u00e7\u00e3o como cirurgi\u00f0es pl\u00e1sticos da Sociedade Alem\u00e3 de Cirurgia Pl\u00e1stica. (VDPC \u0096 Vereinigung der Deutschen Plastischen Chirurgen, mais tarde DGPR\u00c4C \u0096 Deutsche Gesellschaft der Plastischen Rekonstruktiven und \u00c4sthetischen Chirurgen).<br \/>\nAlgumas centenas de Cirurgi\u00f0es Pl\u00e1sticos de todo o mundo foram treinados por Dr.Hermann Solz em sua Cl\u00ednica de Cirurgia Pl\u00e1stica em Mannheim. Colegas de 32 pa\u00edses receberam treinamento espec\u00edfico em Cirurgia Est\u00e9tica, principalmente em sua t\u00e9cnica pessoal do aumento mam\u00e1rio axilar e do facelifting: Alemanha, Brasil, Estados Unidos (USA), Canad\u00e1, Chile, Paraguai, Uruguai, Bolivia, Argentina, Colombia, Peru, M\u00e9xico, Republica Dominicana, Austr\u00e1lia, China, Jap\u00e3o, Turquia, Sui\u00e7a, \u00c1ustria, Portugal, Espanha, Fran\u00e7a, B\u00e9lgica, Holanda, R\u00fassia, Gr\u00e9cia, Rep\u00fablica Tcheca, Cro\u00e1cia, B\u00f3snia, Bulg\u00e1ria, Luxemburgo e It\u00e1lia.<br \/>\nDr. Solz trabalhou intensivamente e aprimorou as T\u00e9cnicas da Cirurgia Pl\u00e1stica Est\u00e9tica, principalmente na Cirurgia da Face (Facelift, P\u00e1lpebras, Nariz), do Aumento e Redu\u00e7\u00e3o Mam\u00e1ria, bem como da Modelagem Corporal (Lipoaspira\u00e7\u00e3o, Lipoescultura, Abdominoplastia e Aumento de Gl\u00fateo).<br \/>\nDr. Hermann Solz proferiu mais de 80 palestras, transmitindo seus conhecimentos em Congressos nacionais e internacionais, workshops, cirurgias ao vivo, semin\u00e1rios e cursos.<br \/>\nPublicou mais de 50 artigos em revistas m\u00e9dicas nacionais e internacionais, bem como o Cap\u00edtulo \u0093Aumento Mam\u00e1rio pela Via Axilar\u0094 do Compendio did\u00e1tico mais importante da Alemanha: Lehrbuch f\u00fcr \u00c4sthetische Chirurgie de Prof. Lemperle, Prof. Von Heimburg (26 p\u00e1ginas) (ECOMED), bem como o Cap\u00edtulo sobre \u0093Aumento Mam\u00e1rio pela Via Axilar\u0094 do Livro Did\u00e1tico: Plastische Chirurgie \u0096 Klinik und Praxis de Prof. Krupp, Prof.Rennekampff, Prof.N.Pallua (ECOMED) e o Cap\u00edtulo \u0093Aumento de Gl\u00fateo \u0096 Gluteoplastia\u0094 do Livro de Dr. J\u00e4ger (ECOMED).<br \/>\nNo ano de 2002 foi Presidente do Congresso da Sociedade Alem\u00e3 de Cirurgia Pl\u00e1stica (VDPC-Vereinigung der Deutschen Plastischen Chirurgen) e da Sociedade Alem\u00e3 de Cirurgia Est\u00e9tica (VD\u00c4PC-Vereinigung der Deutschen \u00c4sthetisch-Plastischen Chirurgen) em Heidelberg, bem como no ano de 2004 Presidente do Congresso da Sociedade Alem\u00e3 de Cirurgia Pl\u00e1stica Est\u00e9tica (DG\u00c4PC-Deutsche Gesellschaft der \u00c4sthetischen Plastischen Chirurgie) na cidade de Mannheim, bem como no Ano de 2006 Presidente do 19. Congresso Internacional da Sociedade Alem\u00e3 de Cirurgia Est\u00e9tica (G\u00c4CD-Gesellschaft f\u00fcr \u00c4sthetische Chirurgie Deutschlands) em Mannheim, com Prof.Dr.Ivo Pitanguy, o Patrono da Cirurgia Pl\u00e1stica Brasileira e Mestre internacional, como Presidente de Honra.<br \/>\nDevido \u00e0 sua educa\u00e7\u00e3o poliglota, Dr.Solz consegue se comunicar em Congressos Internacionais em portugues, alem\u00e3o, ingles, espanhol e frances, isto auxiliando em sua forma\u00e7\u00e3o profissional e deixando-o constantemente a par de novidades e t\u00e9cnicas cir\u00fargicas atuais. Al\u00e9m de sua atividade como Membro Docente em Congressos Nacionais e Internacionais, participou de mais de 280 Congressos, Simp\u00f3sios e outras atividades cient\u00edficas, bem como de 43 Cursos em Cirurgia Pl\u00e1stica.<br \/>\nCom a inven\u00e7\u00e3o e desenvolvimento dos seguintes instrumentos cir\u00fargicos, Dr.Solz contribuiu para a estandardiza\u00e7\u00e3o e padronizaca\u00e7\u00e3o de t\u00e9cnicas cir\u00fargicas do aumento mam\u00e1rio pela via axilar, do facelift e da abdominoplastia: .<br \/>\n\tDescolador mam\u00e1rio de Dr.Solz \u0096 Instrumento para o descolamento atraum\u00e1tico da Cirurgia do aumento mam\u00e1rio pela via axilar (produzido e distribuido em todo o mundo pela Firma Medicon\/Tuttlingen\/Alemanha)<br \/>\n\tTesoura de Facelift de Dr.Solz \u0096 Instrumento cir\u00fargico idealizado para a dissec\u00e7\u00e3o e descolamento menos traum\u00e1tico e exato dos tecidos na cirurgia do rejuvenescimento facial e do pesco\u00e7o (facelift ou ritidoplastia) (produzido e distribuido em todo o mundo pela Firma Medicon\/Tuttlingen\/Alemanha)<br \/>\n\tMarcador de Umbigo de Dr.Solz \u0096 Instrumento para o posicionamento exato do umbigo na Abdominoplastia (produzido e distribuido em todo o mundo pela Firma Medicon\/Tuttlingen\/Alemanha)<br \/>\n\tAfastador para Pl\u00e1stica Abdominal de Saldanha-Solz \u0096 instrumento especial para utiliza\u00e7\u00e3o na t\u00e9cnica da Lipoabdominoplastia e da Abdominoplastia (produzido e distribuido em todo o mundo pela Firma Medicon de Tuttlingen\/Alemanha).<br \/>\nDr. Solz \u00e9 membro associado e titular nas mais importantes Sociedades Cient\u00edficas internacionais e foi Membro da Diretoria da Sociedade Alem\u00e3 de Cirurgia Pl\u00e1stica Est\u00e9tica (DG\u00c4PC- Deutsche Gesellschaft f\u00fcr \u00c4sthetisch-Plastische Chirurgie), a mais antiga Sociedade de Cirurgia Pl\u00e1stica Est\u00e9tica da Alemanha.<br \/>\nNo Brasil \u00e9 membro da Sociedade Brasileira de Cirurgia Pl\u00e1stica (SBCP) desde 1987.<\/p>\n<h2>Cirurgi\u00e3o pl\u00e1stico em Santos &#8211; SP<\/h2>\n<p><strong>Endere\u00e7o:<\/strong> Av. Dr. Bernardino de Campos, 77, Encruzilhada, Santos &#8211; SP<br \/>\n<strong>CEP: <\/strong>11065-001<\/p>\n<p><span class=\"phone-hidden\"><strong>Telefone:<\/strong>  <\/span><\/p>\n<h2>Dr. Hermann Solz &#8211; Cirurgi\u00e3o pl\u00e1stico Santos<\/h2>\n<p>Dr. Hermann Solz, Cirurgi\u00e3o pl\u00e1stico em Santos. Agende uma consulta com os melhores profissionais de sa\u00fade em Brasil.<\/p>\n<p><span class=\"maps-hidden\"><a href=\"https:\/\/www.google.com\/maps\/search\/?api=1&#038;query=Av. Dr. Bernardino de Campos, 77, Encruzilhada, Santos - SP - 11065-001\" target=\"_blank\" rel=\"noopener\">COMO CHEGAR?<\/a><\/span><\/p>\n<h3 class=\"flex-grow-1 mb-0\">Experi\u00eancia<\/h3>\n<hr \/>\n<ul>\n<li><a href=\"\/especialistas\/#gsc.tab=0&#038;gsc.q=Especialista%20em%20verrugas%20goiania\" title=\"Verrugas\" class=\"textbody\">Verrugas<\/a><\/li>\n<hr >\n<li><a href=\"\/especialistas\/#gsc.tab=0&#038;gsc.q=Especialista%20em%20carcinoma%20basocelular%20goiania\" title=\"Carcinoma Basocelular\" class=\"textbody\">Carcinoma Basocelular<\/a><\/li>\n<hr >\n<li><a href=\"\/especialistas\/#gsc.tab=0&#038;gsc.q=Especialista%20em%20carcinoma%20de%20celulas%20escamosas%20goiania\" title=\"Carcinoma De C\u00e9lulas Escamosas\" class=\"textbody\">Carcinoma De C\u00e9lulas Escamosas<\/a><\/li>\n<hr >\n<li><a href=\"\/especialistas\/#gsc.tab=0&#038;gsc.q=Especialista%20em%20carcinoma%20basoescamoso%20goiania\" title=\"Carcinoma Basoescamoso\" class=\"textbody\">Carcinoma Basoescamoso<\/a><\/li>\n<hr >\n<li><a href=\"\/especialistas\/#gsc.tab=0&#038;gsc.q=Especialista%20em%20nevos%20e%20melanomas%20goiania\" title=\"Nevos E Melanomas\" class=\"textbody\">Nevos E Melanomas<\/a><\/li>\n<hr >\n<li><a href=\"\/especialistas\/#gsc.tab=0&#038;gsc.q=Especialista%20em%20nevo%20intradermico%20goiania\" title=\"Nevo Intrad\u00e9rmico\" class=\"textbody\">Nevo Intrad\u00e9rmico<\/a><\/li>\n<hr >\n<li><a href=\"\/especialistas\/#gsc.tab=0&#038;gsc.q=Especialista%20em%20cisto%20epidermico%20goiania\" title=\"Cisto Epid\u00e9rmico\" class=\"textbody\">Cisto Epid\u00e9rmico<\/a><\/li>\n<hr >\n<li><a href=\"\/especialistas\/#gsc.tab=0&#038;gsc.q=Especialista%20em%20lipoma%20goiania\" title=\"Lipoma\" class=\"textbody\">Lipoma<\/a><\/li>\n<hr >\n<li><a href=\"\/especialistas\/#gsc.tab=0&#038;gsc.q=Especialista%20em%20unha%20encravada%20goiania\" title=\"Unha encravada\" class=\"textbody\">Unha encravada<\/a><\/li>\n<hr >\n<li><a href=\"\/especialistas\/#gsc.tab=0&#038;gsc.q=Especialista%20em%20ceratose%20seborreica%20goiania\" title=\"Ceratose Seborr\u00e9ica\" class=\"textbody\">Ceratose Seborr\u00e9ica<\/a><\/li>\n<hr >\n<li><a href=\"\/especialistas\/#gsc.tab=0&#038;gsc.q=Especialista%20em%20cancer%20de%20pele%20goiania\" title=\"C\u00e2ncer de pele\" class=\"textbody\">C\u00e2ncer de pele<\/a><\/li>\n<hr >\n<li><a href=\"\/especialistas\/#gsc.tab=0&#038;gsc.q=Especialista%20em%20anormalidades%20da%20pele%20goiania\" title=\"Anormalidades da pele\" class=\"textbody\">Anormalidades da pele<\/a><\/li>\n<hr >\n<li><a href=\"\/especialistas\/#gsc.tab=0&#038;gsc.q=Especialista%20em%20doencas%20da%20pele%20e%20do%20tecido%20conjuntivo%20goiania\" title=\"Doen\u00e7as da pele e do tecido conjuntivo\" class=\"textbody\">Doen\u00e7as da pele e do tecido conjuntivo<\/a><\/li>\n<hr >\n<li><a href=\"\/especialistas\/#gsc.tab=0&#038;gsc.q=Especialista%20em%20dermatoses%20do%20couro%20cabeludo%20goiania\" title=\"Dermatoses Do Couro Cabeludo\" class=\"textbody\">Dermatoses Do Couro Cabeludo<\/a><\/li>\n<hr >\n<li><a href=\"\/especialistas\/#gsc.tab=0&#038;gsc.q=Especialista%20em%20doencas%20do%20cabelo%20goiania\" title=\"Doen\u00e7as do cabelo\" class=\"textbody\">Doen\u00e7as do cabelo<\/a><\/li>\n<hr >\n<li><a href=\"\/especialistas\/#gsc.tab=0&#038;gsc.q=Especialista%20em%20queda%20do%20cabelo%20goiania\" title=\"Queda do cabelo\" class=\"textbody\">Queda do cabelo<\/a><\/li>\n<hr >\n<li>\n<p>Ceratose Act\u00ednica\t\t\t\t<\/li>\n<hr >\n<li>\n<p>Doen\u00e7as das unhas\t\t\t\t<\/li>\n<\/ul>\n<hr \/>\n<p><strong>T\u00f3picos:<\/strong> Cirurgi\u00e3o pl\u00e1stico em Santos &#8211; SP <span class=\"topic-hidden\">|   Consult\u00f3rio particular<\/span><\/p>\n","protected":false},"author":1,"featured_media":0,"template":"","bairro":[6591],"categoria_parceiro":[20455],"topico-parceiro":[22180],"class_list":["post-167752","negocio","type-negocio","status-publish","hentry","bairro-encruzilhada-santos-sp","categoria_parceiro-cirurgiao-plastico","topico-parceiro-cirurgiao-plastico-em-santos-sp"],"yoast_head":"<!-- This site is optimized with the Yoast SEO Premium plugin v20.9 (Yoast SEO v27.5) - https:\/\/yoast.com\/product\/yoast-seo-premium-wordpress\/ -->\n<title>Dr. Hermann Solz - Cirurgi\u00e3o pl\u00e1stico Santos - SP<\/title>\n<meta name=\"description\" content=\"Dr. Hermann Solz, Cirurgi\u00e3o pl\u00e1stico em Santos. Agende uma consulta com os melhores profissionais de sa\u00fade em Brasil.\" \/>\n<meta name=\"robots\" content=\"index, follow, max-snippet:-1, max-image-preview:large, max-video-preview:-1\" \/>\n<link rel=\"canonical\" href=\"https:\/\/www.somospopular.com.br\/especialistas\/dr-hermann-solz-cirurgiao-plastico-em-santos-sp\/\" \/>\n<meta property=\"og:locale\" content=\"pt_BR\" \/>\n<meta property=\"og:type\" content=\"article\" \/>\n<meta property=\"og:title\" content=\"Dr. Hermann Solz - Cirurgi\u00e3o pl\u00e1stico Santos - SP\" \/>\n<meta property=\"og:description\" content=\"Dr. Hermann Solz - Cirurgi\u00e3o pl\u00e1stico Santos - SP. Cl\u00ednica Veterin\u00e1ria Popular com pre\u00e7os acess\u00edveis. Especialistas\" \/>\n<meta property=\"og:url\" content=\"https:\/\/www.somospopular.com.br\/especialistas\/dr-hermann-solz-cirurgiao-plastico-em-santos-sp\/\" \/>\n<meta property=\"og:site_name\" content=\"Especialistas\" \/>\n<meta property=\"article:modified_time\" content=\"2023-05-20T17:36:41+00:00\" \/>\n<meta name=\"twitter:card\" content=\"summary_large_image\" \/>\n<meta name=\"twitter:title\" content=\"Dr. Hermann Solz - Cirurgi\u00e3o pl\u00e1stico Santos - SP\" \/>\n<meta name=\"twitter:label1\" content=\"Est. tempo de leitura\" \/>\n\t<meta name=\"twitter:data1\" content=\"6 minutos\" \/>\n<script type=\"application\/ld+json\" class=\"yoast-schema-graph\">{\"@context\":\"https:\\\/\\\/schema.org\",\"@graph\":[{\"@type\":\"WebPage\",\"@id\":\"https:\\\/\\\/www.somospopular.com.br\\\/especialistas\\\/dr-hermann-solz-cirurgiao-plastico-em-santos-sp\\\/\",\"url\":\"https:\\\/\\\/www.somospopular.com.br\\\/especialistas\\\/dr-hermann-solz-cirurgiao-plastico-em-santos-sp\\\/\",\"name\":\"Dr. Hermann Solz - Cirurgi\u00e3o pl\u00e1stico Santos - SP\",\"isPartOf\":{\"@id\":\"https:\\\/\\\/www.somospopular.com.br\\\/especialistas\\\/#website\"},\"datePublished\":\"2020-08-14T01:32:16+00:00\",\"dateModified\":\"2023-05-20T17:36:41+00:00\",\"description\":\"Dr. Hermann Solz, Cirurgi\u00e3o pl\u00e1stico em Santos. Agende uma consulta com os melhores profissionais de sa\u00fade em Brasil.\",\"breadcrumb\":{\"@id\":\"https:\\\/\\\/www.somospopular.com.br\\\/especialistas\\\/dr-hermann-solz-cirurgiao-plastico-em-santos-sp\\\/#breadcrumb\"},\"inLanguage\":\"pt-BR\",\"potentialAction\":[{\"@type\":\"ReadAction\",\"target\":[\"https:\\\/\\\/www.somospopular.com.br\\\/especialistas\\\/dr-hermann-solz-cirurgiao-plastico-em-santos-sp\\\/\"]}]},{\"@type\":\"BreadcrumbList\",\"@id\":\"https:\\\/\\\/www.somospopular.com.br\\\/especialistas\\\/dr-hermann-solz-cirurgiao-plastico-em-santos-sp\\\/#breadcrumb\",\"itemListElement\":[{\"@type\":\"ListItem\",\"position\":1,\"name\":\"Especialista\",\"item\":\"https:\\\/\\\/www.somospopular.com.br\\\/especialistas\\\/\"},{\"@type\":\"ListItem\",\"position\":2,\"name\":\"Parceiros\",\"item\":\"https:\\\/\\\/www.somospopular.com.br\\\/especialistas\\\/negocio\\\/\"},{\"@type\":\"ListItem\",\"position\":3,\"name\":\"Cirurgi\u00e3o pl\u00e1stico\",\"item\":\"https:\\\/\\\/www.somospopular.com.br\\\/especialistas\\\/cirurgiao-plastico\\\/\"},{\"@type\":\"ListItem\",\"position\":4,\"name\":\"Dr. Hermann Solz &#8211; Cirurgi\u00e3o pl\u00e1stico Santos &#8211; SP\"}]},{\"@type\":\"WebSite\",\"@id\":\"https:\\\/\\\/www.somospopular.com.br\\\/especialistas\\\/#website\",\"url\":\"https:\\\/\\\/www.somospopular.com.br\\\/especialistas\\\/\",\"name\":\"Especialistas\",\"description\":\"Somos Popular\",\"publisher\":{\"@id\":\"https:\\\/\\\/www.somospopular.com.br\\\/especialistas\\\/#organization\"},\"potentialAction\":[{\"@type\":\"SearchAction\",\"target\":{\"@type\":\"EntryPoint\",\"urlTemplate\":\"https:\\\/\\\/www.somospopular.com.br\\\/especialistas\\\/?s={search_term_string}\"},\"query-input\":{\"@type\":\"PropertyValueSpecification\",\"valueRequired\":true,\"valueName\":\"search_term_string\"}}],\"inLanguage\":\"pt-BR\"},{\"@type\":\"Organization\",\"@id\":\"https:\\\/\\\/www.somospopular.com.br\\\/especialistas\\\/#organization\",\"name\":\"M\u00e9dicos Especialistas - Somos Popular\",\"alternateName\":\"M\u00e9dicos Especialistas\",\"url\":\"https:\\\/\\\/www.somospopular.com.br\\\/especialistas\\\/\",\"logo\":{\"@type\":\"ImageObject\",\"inLanguage\":\"pt-BR\",\"@id\":\"https:\\\/\\\/www.somospopular.com.br\\\/especialistas\\\/#\\\/schema\\\/logo\\\/image\\\/\",\"url\":\"https:\\\/\\\/www.somospopular.com.br\\\/especialistas\\\/wp-content\\\/uploads\\\/sites\\\/13\\\/2022\\\/05\\\/somos-popular-logo-80.webp\",\"contentUrl\":\"https:\\\/\\\/www.somospopular.com.br\\\/especialistas\\\/wp-content\\\/uploads\\\/sites\\\/13\\\/2022\\\/05\\\/somos-popular-logo-80.webp\",\"width\":325,\"height\":80,\"caption\":\"M\u00e9dicos Especialistas - Somos Popular\"},\"image\":{\"@id\":\"https:\\\/\\\/www.somospopular.com.br\\\/especialistas\\\/#\\\/schema\\\/logo\\\/image\\\/\"}}]}<\/script>\n<!-- \/ Yoast SEO Premium plugin. -->","yoast_head_json":{"title":"Dr. Hermann Solz - Cirurgi\u00e3o pl\u00e1stico Santos - SP","description":"Dr. Hermann Solz, Cirurgi\u00e3o pl\u00e1stico em Santos. Agende uma consulta com os melhores profissionais de sa\u00fade em Brasil.","robots":{"index":"index","follow":"follow","max-snippet":"max-snippet:-1","max-image-preview":"max-image-preview:large","max-video-preview":"max-video-preview:-1"},"canonical":"https:\/\/www.somospopular.com.br\/especialistas\/dr-hermann-solz-cirurgiao-plastico-em-santos-sp\/","og_locale":"pt_BR","og_type":"article","og_title":"Dr. Hermann Solz - Cirurgi\u00e3o pl\u00e1stico Santos - SP","og_description":"Dr. Hermann Solz - Cirurgi\u00e3o pl\u00e1stico Santos - SP. Cl\u00ednica Veterin\u00e1ria Popular com pre\u00e7os acess\u00edveis. Especialistas","og_url":"https:\/\/www.somospopular.com.br\/especialistas\/dr-hermann-solz-cirurgiao-plastico-em-santos-sp\/","og_site_name":"Especialistas","article_modified_time":"2023-05-20T17:36:41+00:00","twitter_card":"summary_large_image","twitter_title":"Dr. Hermann Solz - Cirurgi\u00e3o pl\u00e1stico Santos - SP","twitter_misc":{"Est. tempo de leitura":"6 minutos"},"schema":{"@context":"https:\/\/schema.org","@graph":[{"@type":"WebPage","@id":"https:\/\/www.somospopular.com.br\/especialistas\/dr-hermann-solz-cirurgiao-plastico-em-santos-sp\/","url":"https:\/\/www.somospopular.com.br\/especialistas\/dr-hermann-solz-cirurgiao-plastico-em-santos-sp\/","name":"Dr. Hermann Solz - Cirurgi\u00e3o pl\u00e1stico Santos - SP","isPartOf":{"@id":"https:\/\/www.somospopular.com.br\/especialistas\/#website"},"datePublished":"2020-08-14T01:32:16+00:00","dateModified":"2023-05-20T17:36:41+00:00","description":"Dr. Hermann Solz, Cirurgi\u00e3o pl\u00e1stico em Santos. Agende uma consulta com os melhores profissionais de sa\u00fade em Brasil.","breadcrumb":{"@id":"https:\/\/www.somospopular.com.br\/especialistas\/dr-hermann-solz-cirurgiao-plastico-em-santos-sp\/#breadcrumb"},"inLanguage":"pt-BR","potentialAction":[{"@type":"ReadAction","target":["https:\/\/www.somospopular.com.br\/especialistas\/dr-hermann-solz-cirurgiao-plastico-em-santos-sp\/"]}]},{"@type":"BreadcrumbList","@id":"https:\/\/www.somospopular.com.br\/especialistas\/dr-hermann-solz-cirurgiao-plastico-em-santos-sp\/#breadcrumb","itemListElement":[{"@type":"ListItem","position":1,"name":"Especialista","item":"https:\/\/www.somospopular.com.br\/especialistas\/"},{"@type":"ListItem","position":2,"name":"Parceiros","item":"https:\/\/www.somospopular.com.br\/especialistas\/negocio\/"},{"@type":"ListItem","position":3,"name":"Cirurgi\u00e3o pl\u00e1stico","item":"https:\/\/www.somospopular.com.br\/especialistas\/cirurgiao-plastico\/"},{"@type":"ListItem","position":4,"name":"Dr. Hermann Solz &#8211; Cirurgi\u00e3o pl\u00e1stico Santos &#8211; SP"}]},{"@type":"WebSite","@id":"https:\/\/www.somospopular.com.br\/especialistas\/#website","url":"https:\/\/www.somospopular.com.br\/especialistas\/","name":"Especialistas","description":"Somos Popular","publisher":{"@id":"https:\/\/www.somospopular.com.br\/especialistas\/#organization"},"potentialAction":[{"@type":"SearchAction","target":{"@type":"EntryPoint","urlTemplate":"https:\/\/www.somospopular.com.br\/especialistas\/?s={search_term_string}"},"query-input":{"@type":"PropertyValueSpecification","valueRequired":true,"valueName":"search_term_string"}}],"inLanguage":"pt-BR"},{"@type":"Organization","@id":"https:\/\/www.somospopular.com.br\/especialistas\/#organization","name":"M\u00e9dicos Especialistas - Somos Popular","alternateName":"M\u00e9dicos Especialistas","url":"https:\/\/www.somospopular.com.br\/especialistas\/","logo":{"@type":"ImageObject","inLanguage":"pt-BR","@id":"https:\/\/www.somospopular.com.br\/especialistas\/#\/schema\/logo\/image\/","url":"https:\/\/www.somospopular.com.br\/especialistas\/wp-content\/uploads\/sites\/13\/2022\/05\/somos-popular-logo-80.webp","contentUrl":"https:\/\/www.somospopular.com.br\/especialistas\/wp-content\/uploads\/sites\/13\/2022\/05\/somos-popular-logo-80.webp","width":325,"height":80,"caption":"M\u00e9dicos Especialistas - Somos Popular"},"image":{"@id":"https:\/\/www.somospopular.com.br\/especialistas\/#\/schema\/logo\/image\/"}}]}},"_links":{"self":[{"href":"https:\/\/www.somospopular.com.br\/especialistas\/wp-json\/wp\/v2\/negocio\/167752","targetHints":{"allow":["GET"]}}],"collection":[{"href":"https:\/\/www.somospopular.com.br\/especialistas\/wp-json\/wp\/v2\/negocio"}],"about":[{"href":"https:\/\/www.somospopular.com.br\/especialistas\/wp-json\/wp\/v2\/types\/negocio"}],"author":[{"embeddable":true,"href":"https:\/\/www.somospopular.com.br\/especialistas\/wp-json\/wp\/v2\/users\/1"}],"wp:attachment":[{"href":"https:\/\/www.somospopular.com.br\/especialistas\/wp-json\/wp\/v2\/media?parent=167752"}],"wp:term":[{"taxonomy":"bairro","embeddable":true,"href":"https:\/\/www.somospopular.com.br\/especialistas\/wp-json\/wp\/v2\/bairro?post=167752"},{"taxonomy":"categoria_parceiro","embeddable":true,"href":"https:\/\/www.somospopular.com.br\/especialistas\/wp-json\/wp\/v2\/categoria_parceiro?post=167752"},{"taxonomy":"topico-parceiro","embeddable":true,"href":"https:\/\/www.somospopular.com.br\/especialistas\/wp-json\/wp\/v2\/topico-parceiro?post=167752"}],"curies":[{"name":"wp","href":"https:\/\/api.w.org\/{rel}","templated":true}]}}