{"id":168231,"date":"2020-04-06T12:35:32","date_gmt":"2020-04-06T15:35:32","guid":{"rendered":"https:\/\/www.somospopular.com.br\/especialistas\/dr-jorge-vasquez-del-aguila-cirurgiao-do-aparelho-digestivo-em-mg\/"},"modified":"2023-05-20T14:39:35","modified_gmt":"2023-05-20T17:39:35","slug":"dr-jorge-vasquez-del-aguila-cirurgiao-do-aparelho-digestivo-em-belo-horizonte-mg","status":"publish","type":"negocio","link":"https:\/\/www.somospopular.com.br\/especialistas\/dr-jorge-vasquez-del-aguila-cirurgiao-do-aparelho-digestivo-em-belo-horizonte-mg\/","title":{"rendered":"Dr. Jorge V\u00e1squez Del Aguila Cirurgi\u00e3o do aparelho digestivo, Cirurgi\u00e3o geral, Belo Horizonte &#8211; Agende uma consulta &#8211; MG"},"content":{"rendered":"<p>Sou m\u00e9dico, formado em 2007. Fiz a resid\u00eancia m\u00e9dica em Cirurgia Geral (2009 &#8211; 2011) e Cirurgia do Aparelho Digestivo (2011 &#8211; 2014) no Hospital Vall d\u0092 Hebron da Universidade Aut\u00f4noma de Barcelona, na Espanha. Durante esse per\u00edodo tive a oportunidade de fazer est\u00e1gios em diferentes hospitais europeus e nos Estados Unidos, no Cleveland Clinic. Al\u00e9m disso, fiz Mestrado em Bio\u00e9tica na Universidade de M\u00farcia (Espanha) e estudos de Doutorado na Universidade Aut\u00f4noma de Barcelona.<br \/>\nPor motivos familiares, vim para o Brasil em 2014 e fiz o processo de revalida\u00e7\u00e3o do diploma m\u00e9dico e dos t\u00edtulos de Cirurgi\u00e3o pelo Hospital das Clinicas da Universidade Federal de Minas Gerais (UFMG). Ademais, obtive os seguintes certificados:<br \/>\n&#8211; T\u00edtulo de Especialista em Cirurgia Geral pelo Col\u00e9gio Brasileiro de Cirurgi\u00f5es\/Associa\u00e7\u00e3o M\u00e9dica Brasileira<br \/>\n&#8211; T\u00edtulo de Especialista em Cirurgia do Aparelho Digestivo pelo Col\u00e9gio Brasileiro de Cirurgia Digestiva\/Associa\u00e7\u00e3o M\u00e9dica Brasileira<br \/>\n&#8211; Certificado de Habilita\u00e7\u00e3o em Videocirurgia pela Sociedade Brasileira de Cirurgia M\u00ednimamente Invasiva e Rob\u00f3tica &#8211; Sobracil<br \/>\n&#8211; Certificado de Habilita\u00e7\u00e3o em Cirurgia Oncol\u00f3gica do Aparelho Digestivo pelo Col\u00e9gio Brasileiro de Cirurgia Digestiva\/Associa\u00e7\u00e3o M\u00e9dica Brasileira<br \/>\n&#8211; P\u00f3s-gradua\u00e7\u00e3o Lato Sensu em Educa\u00e7\u00e3o em Sa\u00fade pela Faculdade Pit\u00e1goras &#8211; BH<br \/>\n&#8211; Certifica\u00e7\u00e3o em Cirurgia Rob\u00f3tica pela Faculdade de Ci\u00eancias M\u00e9dicas de Minas Gerais<br \/>\n&#8211; Certificado de \u00c1rea de Atua\u00e7\u00e3o em Cirurgia Laparosc\u00f3pica pelo Col\u00e9gio Brasileiro de Cirurgi\u00f5es\/Associa\u00e7\u00e3o M\u00e9dica Brasileira<br \/>\nSou membro do corpo cl\u00ednico de diferentes hospitais, mas atualmente trabalho nos seguintes centros:<br \/>\n&#8211; Insitituto Orizonti<br \/>\n&#8211; Hospital Mater Dei Contorno<br \/>\nParticipo de algumas das principais sociedades m\u00e9dicas, nacionais e internacionais, das \u00e1reas em que atuo:<br \/>\n&#8211; Col\u00e9gio Brasileiro de Cirurgia Digestiva<br \/>\n&#8211; Sociedade Brasileira de H\u00e9rnia e Parede Abdominal<br \/>\n&#8211; Sociedade Brasileira de Cirurgia Oncol\u00f3gica<br \/>\n&#8211; Sociedade Brasileira de Cirurgia Minimamente Invasiva e Rob\u00f3tica (SOBRACIL)<br \/>\n&#8211; European Hernia Society<br \/>\n&#8211; Society of Surgical Oncology<br \/>\n&#8211; Asociaci\u00f3n Espa\u00f1ola de Cirujanos<br \/>\nTenho como miss\u00e3o e compromisso o atendimento pr\u00f3ximo e humanizado aos meus pacientes, alinhado com o constante aperfei\u00e7oamento do conhecimento nas minhas \u00e1reas de atua\u00e7\u00e3o.<\/p>\n<h2>Cirurgi\u00e3o do aparelho digestivo em Belo Horizonte &#8211; MG<\/h2>\n<p><strong>Endere\u00e7o:<\/strong> R. Pium-\u00cd, 775, Anchieta, Belo Horizonte &#8211; MG<br \/>\n<strong>CEP: <\/strong>30310-080<\/p>\n<p><span class=\"phone-hidden\"><strong>Telefone:<\/strong> (31) 3281-1211 (31) 99690-3154<\/span><\/p>\n<h2>Dr. Jorge V\u00e1squez Del Aguila Cirurgi\u00e3o do aparelho digestivo, Cirurgi\u00e3o geral, Belo Horizonte &#8211; Agende uma consulta<\/h2>\n<p>Economize agendando um hor\u00e1rio online com Dr. Jorge V\u00e1squez Del Aguila, Cirurgi\u00e3o do aparelho digestivo, Cirurgi\u00e3o geral em Belo Horizonte. Escolha uma data e fa\u00e7a o agendamento em alguns segundos<\/p>\n<p><span class=\"maps-hidden\"><a href=\"https:\/\/www.google.com\/maps\/search\/?api=1&#038;query=R. Pium-\u00cd, 775, Anchieta, Belo Horizonte - MG - 30310-080\" target=\"_blank\" rel=\"noopener\">COMO CHEGAR?<\/a><\/span><\/p>\n<h3 class=\"flex-grow-1 mb-0\">Experi\u00eancia<\/h3>\n<hr \/>\n<ul>\n<li><a href=\"\/especialistas\/#gsc.tab=0&#038;gsc.q=Especialista%20em%20calculos%20na%20vesicula%20biliar%20barueri\" title=\"C\u00e1lculos na ves\u00edcula biliar\" class=\"textbody\">C\u00e1lculos na ves\u00edcula biliar<\/a><\/li>\n<hr >\n<li><a href=\"\/especialistas\/#gsc.tab=0&#038;gsc.q=Especialista%20em%20obesidade%20barueri\" title=\"Obesidade\" class=\"textbody\">Obesidade<\/a><\/li>\n<hr >\n<li><a href=\"\/especialistas\/#gsc.tab=0&#038;gsc.q=Especialista%20em%20patologias%20das%20vias%20biliares%20e%20pancreaticas%20barueri\" class=\"textbody\"><br \/>\n\t\tPatologias das vias biliares e pancre\u00e1ticas<br \/>\n\t<\/a><\/li>\n<hr >\n<li><a href=\"\/especialistas\/#gsc.tab=0&#038;gsc.q=Especialista%20em%20gastrite%20barueri\" title=\"Gastrite\" class=\"textbody\">Gastrite<\/a><\/li>\n<hr >\n<li><a href=\"\/especialistas\/#gsc.tab=0&#038;gsc.q=Especialista%20em%20colecistite%20aguda%20barueri\" title=\"Colecistite Aguda\" class=\"textbody\">Colecistite Aguda<\/a><\/li>\n<hr >\n<li><a href=\"\/especialistas\/#gsc.tab=0&#038;gsc.q=Especialista%20em%20obesidade%20morbida%20barueri\" title=\"Obesidade M\u00f3rbida\" class=\"textbody\">Obesidade M\u00f3rbida<\/a><\/li>\n<hr >\n<li><a href=\"\/especialistas\/#gsc.tab=0&#038;gsc.q=Especialista%20em%20cancer%20de%20esofago%20barueri\" title=\"C\u00e2ncer de es\u00f4fago\" class=\"textbody\">C\u00e2ncer de es\u00f4fago<\/a><\/li>\n<hr >\n<li><a href=\"\/especialistas\/#gsc.tab=0&#038;gsc.q=Especialista%20em%20coledocolitiase%20barueri\" title=\"Coledocolit\u00edase\" class=\"textbody\">Coledocolit\u00edase<\/a><\/li>\n<hr >\n<li><a href=\"\/especialistas\/#gsc.tab=0&#038;gsc.q=Especialista%20em%20hemorroidas%20barueri\" title=\"Hemorr\u00f3idas\" class=\"textbody\">Hemorr\u00f3idas<\/a><\/li>\n<hr >\n<li><a href=\"\/especialistas\/#gsc.tab=0&#038;gsc.q=Especialista%20em%20neoplasias%20abdominais%20barueri\" title=\"Neoplasias Abdominais\" class=\"textbody\">Neoplasias Abdominais<\/a><\/li>\n<hr >\n<li><a href=\"\/especialistas\/#gsc.tab=0&#038;gsc.q=Especialista%20em%20doencas%20da%20vesicula%20biliar%20barueri\" title=\"Doen\u00e7as Da Ves\u00edcula Biliar\" class=\"textbody\">Doen\u00e7as Da Ves\u00edcula Biliar<\/a><\/li>\n<hr >\n<li><a href=\"\/especialistas\/#gsc.tab=0&#038;gsc.q=Especialista%20em%20carcinoma%20hepatocelular%20barueri\" title=\"Carcinoma Hepatocelular\" class=\"textbody\">Carcinoma Hepatocelular<\/a><\/li>\n<hr >\n<li><a href=\"\/especialistas\/#gsc.tab=0&#038;gsc.q=Especialista%20em%20refluxo%20gastroesofagico%202%20barueri\" title=\"Refluxo gastroesof\u00e1gico\" class=\"textbody\">Refluxo gastroesof\u00e1gico<\/a><\/li>\n<hr >\n<li><a href=\"\/especialistas\/#gsc.tab=0&#038;gsc.q=Especialista%20em%20diverticulite%20barueri\" title=\"Diverticulite\" class=\"textbody\">Diverticulite<\/a><\/li>\n<hr >\n<li><a href=\"\/especialistas\/#gsc.tab=0&#038;gsc.q=Especialista%20em%20cancer%20colorretal%20barueri\" title=\"C\u00e2ncer colorretal\" class=\"textbody\">C\u00e2ncer colorretal<\/a><\/li>\n<hr >\n<li><a href=\"\/especialistas\/#gsc.tab=0&#038;gsc.q=Especialista%20em%20hernia%20abdominal%20barueri\" title=\"H\u00e9rnia Abdominal\" class=\"textbody\">H\u00e9rnia Abdominal<\/a><\/li>\n<hr >\n<li><a href=\"\/especialistas\/#gsc.tab=0&#038;gsc.q=Especialista%20em%20hernia%20barueri\" title=\"Hernia\" class=\"textbody\">Hernia<\/a><\/li>\n<hr >\n<li><a href=\"\/especialistas\/#gsc.tab=0&#038;gsc.q=Especialista%20em%20pancreatite%20barueri\" title=\"Pancreatite\" class=\"textbody\">Pancreatite<\/a><\/li>\n<hr >\n<li><a href=\"\/especialistas\/#gsc.tab=0&#038;gsc.q=Especialista%20em%20colecistite%20barueri\" title=\"Colecistite\" class=\"textbody\">Colecistite<\/a><\/li>\n<hr >\n<li><a href=\"\/especialistas\/#gsc.tab=0&#038;gsc.q=Especialista%20em%20hernia%20umbilical%20barueri\" title=\"H\u00e9rnia Umbilical\" class=\"textbody\">H\u00e9rnia Umbilical<\/a><\/li>\n<hr >\n<li><a href=\"\/especialistas\/#gsc.tab=0&#038;gsc.q=Especialista%20em%20doencas%20do%20sistema%20digestorio%20barueri\" title=\"Doen\u00e7as Do Sistema Digest\u00f3rio\" class=\"textbody\">Doen\u00e7as Do Sistema Digest\u00f3rio<\/a><\/li>\n<hr >\n<li><a href=\"\/especialistas\/#gsc.tab=0&#038;gsc.q=Especialista%20em%20hernia%20hiatal%20barueri\" title=\"H\u00e9rnia Hiatal\" class=\"textbody\">H\u00e9rnia Hiatal<\/a><\/li>\n<hr >\n<li><a href=\"\/especialistas\/#gsc.tab=0&#038;gsc.q=Especialista%20em%20esofago%20de%20barrett%20barueri\" title=\"Es\u00f4fago De Barrett\" class=\"textbody\">Es\u00f4fago De Barrett<\/a><\/li>\n<hr >\n<li><a href=\"\/especialistas\/#gsc.tab=0&#038;gsc.q=Especialista%20em%20hernia%20ventral%20barueri\" title=\"H\u00e9rnia Ventral\" class=\"textbody\">H\u00e9rnia Ventral<\/a><\/li>\n<hr >\n<li><a href=\"\/especialistas\/#gsc.tab=0&#038;gsc.q=Especialista%20em%20acalasia%20esofagica%20barueri\" class=\"textbody\"><br \/>\n\t\tAcalasia Esof\u00e1gica<br \/>\n\t<\/a><\/li>\n<hr >\n<li><a href=\"\/especialistas\/#gsc.tab=0&#038;gsc.q=Especialista%20em%20cancer%20de%20pancreas%20barueri\" title=\"C\u00e2ncer de p\u00e2ncreas\" class=\"textbody\">C\u00e2ncer de p\u00e2ncreas<\/a><\/li>\n<hr >\n<li><a href=\"\/especialistas\/#gsc.tab=0&#038;gsc.q=Especialista%20em%20colelitiase%20barueri\" title=\"Colelit\u00edase\" class=\"textbody\">Colelit\u00edase<\/a><\/li>\n<hr >\n<li><a href=\"\/especialistas\/#gsc.tab=0&#038;gsc.q=Especialista%20em%20apendicite%20barueri\" title=\"Apendicite\" class=\"textbody\">Apendicite<\/a><\/li>\n<hr >\n<li><a href=\"\/especialistas\/#gsc.tab=0&#038;gsc.q=Especialista%20em%20cisto%20pancreatico%20barueri\" title=\"Cisto Pancre\u00e1tico\" class=\"textbody\">Cisto Pancre\u00e1tico<\/a><\/li>\n<hr >\n<li><a href=\"\/especialistas\/#gsc.tab=0&#038;gsc.q=Especialista%20em%20refluxo%20gastroesofagico%20esofagite%20barueri\" title=\"Refluxo gastroesof\u00e1gico (esofagite)\" class=\"textbody\">Refluxo gastroesof\u00e1gico (esofagite)<\/a><\/li>\n<\/ul>\n<hr \/>\n<p><strong>T\u00f3picos:<\/strong> Cirurgi\u00e3o do aparelho digestivo em Belo Horizonte &#8211; MG <span class=\"topic-hidden\">| Cirurgi\u00e3o geral em Belo Horizonte &#8211; MG  <\/span><\/p>\n","protected":false},"author":1,"featured_media":0,"template":"","bairro":[24276],"categoria_parceiro":[20571,20447],"topico-parceiro":[22019,21029],"class_list":["post-168231","negocio","type-negocio","status-publish","hentry","bairro-anchieta-belo-horizonte-mg","categoria_parceiro-cirurgiao-do-aparelho-digestivo","categoria_parceiro-cirurgiao-geral","topico-parceiro-cirurgiao-do-aparelho-digestivo-em-belo-horizonte-mg","topico-parceiro-cirurgiao-geral-em-belo-horizonte-mg"],"yoast_head":"<!-- This site is optimized with the Yoast SEO Premium plugin v20.9 (Yoast SEO v27.4) - https:\/\/yoast.com\/product\/yoast-seo-premium-wordpress\/ -->\n<title>Dr. Jorge V\u00e1squez Del Aguila Cirurgi\u00e3o do aparelho digestivo, Cirurgi\u00e3o geral, Belo Horizonte - Agende uma consulta - MG<\/title>\n<meta name=\"description\" content=\"Economize agendando um hor\u00e1rio online com Dr. Jorge V\u00e1squez Del Aguila, Cirurgi\u00e3o do aparelho digestivo, Cirurgi\u00e3o geral em Belo Horizonte. Escolha uma data e fa\u00e7a o agendamento em alguns segundos\" \/>\n<meta name=\"robots\" content=\"index, follow, max-snippet:-1, max-image-preview:large, max-video-preview:-1\" \/>\n<link rel=\"canonical\" href=\"https:\/\/www.somospopular.com.br\/especialistas\/dr-jorge-vasquez-del-aguila-cirurgiao-do-aparelho-digestivo-em-belo-horizonte-mg\/\" \/>\n<meta property=\"og:locale\" content=\"pt_BR\" \/>\n<meta property=\"og:type\" content=\"article\" \/>\n<meta property=\"og:title\" content=\"Dr. Jorge V\u00e1squez Del Aguila Cirurgi\u00e3o do aparelho digestivo, Cirurgi\u00e3o geral, Belo Horizonte - Agende uma consulta - MG\" \/>\n<meta property=\"og:description\" content=\"Dr. Jorge V\u00e1squez Del Aguila Cirurgi\u00e3o do aparelho digestivo, Cirurgi\u00e3o geral, Belo Horizonte - Agende uma consulta - MG. Cl\u00ednica Veterin\u00e1ria Popular com pre\u00e7os acess\u00edveis. Especialistas\" \/>\n<meta property=\"og:url\" content=\"https:\/\/www.somospopular.com.br\/especialistas\/dr-jorge-vasquez-del-aguila-cirurgiao-do-aparelho-digestivo-em-belo-horizonte-mg\/\" \/>\n<meta property=\"og:site_name\" content=\"Especialistas\" \/>\n<meta property=\"article:modified_time\" content=\"2023-05-20T17:39:35+00:00\" \/>\n<meta name=\"twitter:card\" content=\"summary_large_image\" \/>\n<meta name=\"twitter:title\" content=\"Dr. Jorge V\u00e1squez Del Aguila Cirurgi\u00e3o do aparelho digestivo, Cirurgi\u00e3o geral, Belo Horizonte - Agende uma consulta - MG\" \/>\n<meta name=\"twitter:label1\" content=\"Est. tempo de leitura\" \/>\n\t<meta name=\"twitter:data1\" content=\"3 minutos\" \/>\n<script type=\"application\/ld+json\" class=\"yoast-schema-graph\">{\"@context\":\"https:\\\/\\\/schema.org\",\"@graph\":[{\"@type\":\"WebPage\",\"@id\":\"https:\\\/\\\/www.somospopular.com.br\\\/especialistas\\\/dr-jorge-vasquez-del-aguila-cirurgiao-do-aparelho-digestivo-em-belo-horizonte-mg\\\/\",\"url\":\"https:\\\/\\\/www.somospopular.com.br\\\/especialistas\\\/dr-jorge-vasquez-del-aguila-cirurgiao-do-aparelho-digestivo-em-belo-horizonte-mg\\\/\",\"name\":\"Dr. Jorge V\u00e1squez Del Aguila Cirurgi\u00e3o do aparelho digestivo, Cirurgi\u00e3o geral, Belo Horizonte - Agende uma consulta - MG\",\"isPartOf\":{\"@id\":\"https:\\\/\\\/www.somospopular.com.br\\\/especialistas\\\/#website\"},\"datePublished\":\"2020-04-06T15:35:32+00:00\",\"dateModified\":\"2023-05-20T17:39:35+00:00\",\"description\":\"Economize agendando um hor\u00e1rio online com Dr. Jorge V\u00e1squez Del Aguila, Cirurgi\u00e3o do aparelho digestivo, Cirurgi\u00e3o geral em Belo Horizonte. Escolha uma data e fa\u00e7a o agendamento em alguns segundos\",\"breadcrumb\":{\"@id\":\"https:\\\/\\\/www.somospopular.com.br\\\/especialistas\\\/dr-jorge-vasquez-del-aguila-cirurgiao-do-aparelho-digestivo-em-belo-horizonte-mg\\\/#breadcrumb\"},\"inLanguage\":\"pt-BR\",\"potentialAction\":[{\"@type\":\"ReadAction\",\"target\":[\"https:\\\/\\\/www.somospopular.com.br\\\/especialistas\\\/dr-jorge-vasquez-del-aguila-cirurgiao-do-aparelho-digestivo-em-belo-horizonte-mg\\\/\"]}]},{\"@type\":\"BreadcrumbList\",\"@id\":\"https:\\\/\\\/www.somospopular.com.br\\\/especialistas\\\/dr-jorge-vasquez-del-aguila-cirurgiao-do-aparelho-digestivo-em-belo-horizonte-mg\\\/#breadcrumb\",\"itemListElement\":[{\"@type\":\"ListItem\",\"position\":1,\"name\":\"Especialista\",\"item\":\"https:\\\/\\\/www.somospopular.com.br\\\/especialistas\\\/\"},{\"@type\":\"ListItem\",\"position\":2,\"name\":\"Parceiros\",\"item\":\"https:\\\/\\\/www.somospopular.com.br\\\/especialistas\\\/negocio\\\/\"},{\"@type\":\"ListItem\",\"position\":3,\"name\":\"Cirurgi\u00e3o do aparelho digestivo\",\"item\":\"https:\\\/\\\/www.somospopular.com.br\\\/especialistas\\\/cirurgiao-do-aparelho-digestivo\\\/\"},{\"@type\":\"ListItem\",\"position\":4,\"name\":\"Dr. Jorge V\u00e1squez Del Aguila Cirurgi\u00e3o do aparelho digestivo, Cirurgi\u00e3o geral, Belo Horizonte &#8211; Agende uma consulta &#8211; MG\"}]},{\"@type\":\"WebSite\",\"@id\":\"https:\\\/\\\/www.somospopular.com.br\\\/especialistas\\\/#website\",\"url\":\"https:\\\/\\\/www.somospopular.com.br\\\/especialistas\\\/\",\"name\":\"Especialistas\",\"description\":\"Somos Popular\",\"publisher\":{\"@id\":\"https:\\\/\\\/www.somospopular.com.br\\\/especialistas\\\/#organization\"},\"potentialAction\":[{\"@type\":\"SearchAction\",\"target\":{\"@type\":\"EntryPoint\",\"urlTemplate\":\"https:\\\/\\\/www.somospopular.com.br\\\/especialistas\\\/?s={search_term_string}\"},\"query-input\":{\"@type\":\"PropertyValueSpecification\",\"valueRequired\":true,\"valueName\":\"search_term_string\"}}],\"inLanguage\":\"pt-BR\"},{\"@type\":\"Organization\",\"@id\":\"https:\\\/\\\/www.somospopular.com.br\\\/especialistas\\\/#organization\",\"name\":\"M\u00e9dicos Especialistas - Somos Popular\",\"alternateName\":\"M\u00e9dicos Especialistas\",\"url\":\"https:\\\/\\\/www.somospopular.com.br\\\/especialistas\\\/\",\"logo\":{\"@type\":\"ImageObject\",\"inLanguage\":\"pt-BR\",\"@id\":\"https:\\\/\\\/www.somospopular.com.br\\\/especialistas\\\/#\\\/schema\\\/logo\\\/image\\\/\",\"url\":\"https:\\\/\\\/www.somospopular.com.br\\\/especialistas\\\/wp-content\\\/uploads\\\/sites\\\/13\\\/2022\\\/05\\\/somos-popular-logo-80.webp\",\"contentUrl\":\"https:\\\/\\\/www.somospopular.com.br\\\/especialistas\\\/wp-content\\\/uploads\\\/sites\\\/13\\\/2022\\\/05\\\/somos-popular-logo-80.webp\",\"width\":325,\"height\":80,\"caption\":\"M\u00e9dicos Especialistas - Somos Popular\"},\"image\":{\"@id\":\"https:\\\/\\\/www.somospopular.com.br\\\/especialistas\\\/#\\\/schema\\\/logo\\\/image\\\/\"}}]}<\/script>\n<!-- \/ Yoast SEO Premium plugin. -->","yoast_head_json":{"title":"Dr. Jorge V\u00e1squez Del Aguila Cirurgi\u00e3o do aparelho digestivo, Cirurgi\u00e3o geral, Belo Horizonte - Agende uma consulta - MG","description":"Economize agendando um hor\u00e1rio online com Dr. Jorge V\u00e1squez Del Aguila, Cirurgi\u00e3o do aparelho digestivo, Cirurgi\u00e3o geral em Belo Horizonte. Escolha uma data e fa\u00e7a o agendamento em alguns segundos","robots":{"index":"index","follow":"follow","max-snippet":"max-snippet:-1","max-image-preview":"max-image-preview:large","max-video-preview":"max-video-preview:-1"},"canonical":"https:\/\/www.somospopular.com.br\/especialistas\/dr-jorge-vasquez-del-aguila-cirurgiao-do-aparelho-digestivo-em-belo-horizonte-mg\/","og_locale":"pt_BR","og_type":"article","og_title":"Dr. Jorge V\u00e1squez Del Aguila Cirurgi\u00e3o do aparelho digestivo, Cirurgi\u00e3o geral, Belo Horizonte - Agende uma consulta - MG","og_description":"Dr. Jorge V\u00e1squez Del Aguila Cirurgi\u00e3o do aparelho digestivo, Cirurgi\u00e3o geral, Belo Horizonte - Agende uma consulta - MG. Cl\u00ednica Veterin\u00e1ria Popular com pre\u00e7os acess\u00edveis. Especialistas","og_url":"https:\/\/www.somospopular.com.br\/especialistas\/dr-jorge-vasquez-del-aguila-cirurgiao-do-aparelho-digestivo-em-belo-horizonte-mg\/","og_site_name":"Especialistas","article_modified_time":"2023-05-20T17:39:35+00:00","twitter_card":"summary_large_image","twitter_title":"Dr. Jorge V\u00e1squez Del Aguila Cirurgi\u00e3o do aparelho digestivo, Cirurgi\u00e3o geral, Belo Horizonte - Agende uma consulta - MG","twitter_misc":{"Est. tempo de leitura":"3 minutos"},"schema":{"@context":"https:\/\/schema.org","@graph":[{"@type":"WebPage","@id":"https:\/\/www.somospopular.com.br\/especialistas\/dr-jorge-vasquez-del-aguila-cirurgiao-do-aparelho-digestivo-em-belo-horizonte-mg\/","url":"https:\/\/www.somospopular.com.br\/especialistas\/dr-jorge-vasquez-del-aguila-cirurgiao-do-aparelho-digestivo-em-belo-horizonte-mg\/","name":"Dr. Jorge V\u00e1squez Del Aguila Cirurgi\u00e3o do aparelho digestivo, Cirurgi\u00e3o geral, Belo Horizonte - Agende uma consulta - MG","isPartOf":{"@id":"https:\/\/www.somospopular.com.br\/especialistas\/#website"},"datePublished":"2020-04-06T15:35:32+00:00","dateModified":"2023-05-20T17:39:35+00:00","description":"Economize agendando um hor\u00e1rio online com Dr. Jorge V\u00e1squez Del Aguila, Cirurgi\u00e3o do aparelho digestivo, Cirurgi\u00e3o geral em Belo Horizonte. Escolha uma data e fa\u00e7a o agendamento em alguns segundos","breadcrumb":{"@id":"https:\/\/www.somospopular.com.br\/especialistas\/dr-jorge-vasquez-del-aguila-cirurgiao-do-aparelho-digestivo-em-belo-horizonte-mg\/#breadcrumb"},"inLanguage":"pt-BR","potentialAction":[{"@type":"ReadAction","target":["https:\/\/www.somospopular.com.br\/especialistas\/dr-jorge-vasquez-del-aguila-cirurgiao-do-aparelho-digestivo-em-belo-horizonte-mg\/"]}]},{"@type":"BreadcrumbList","@id":"https:\/\/www.somospopular.com.br\/especialistas\/dr-jorge-vasquez-del-aguila-cirurgiao-do-aparelho-digestivo-em-belo-horizonte-mg\/#breadcrumb","itemListElement":[{"@type":"ListItem","position":1,"name":"Especialista","item":"https:\/\/www.somospopular.com.br\/especialistas\/"},{"@type":"ListItem","position":2,"name":"Parceiros","item":"https:\/\/www.somospopular.com.br\/especialistas\/negocio\/"},{"@type":"ListItem","position":3,"name":"Cirurgi\u00e3o do aparelho digestivo","item":"https:\/\/www.somospopular.com.br\/especialistas\/cirurgiao-do-aparelho-digestivo\/"},{"@type":"ListItem","position":4,"name":"Dr. Jorge V\u00e1squez Del Aguila Cirurgi\u00e3o do aparelho digestivo, Cirurgi\u00e3o geral, Belo Horizonte &#8211; Agende uma consulta &#8211; MG"}]},{"@type":"WebSite","@id":"https:\/\/www.somospopular.com.br\/especialistas\/#website","url":"https:\/\/www.somospopular.com.br\/especialistas\/","name":"Especialistas","description":"Somos Popular","publisher":{"@id":"https:\/\/www.somospopular.com.br\/especialistas\/#organization"},"potentialAction":[{"@type":"SearchAction","target":{"@type":"EntryPoint","urlTemplate":"https:\/\/www.somospopular.com.br\/especialistas\/?s={search_term_string}"},"query-input":{"@type":"PropertyValueSpecification","valueRequired":true,"valueName":"search_term_string"}}],"inLanguage":"pt-BR"},{"@type":"Organization","@id":"https:\/\/www.somospopular.com.br\/especialistas\/#organization","name":"M\u00e9dicos Especialistas - Somos Popular","alternateName":"M\u00e9dicos Especialistas","url":"https:\/\/www.somospopular.com.br\/especialistas\/","logo":{"@type":"ImageObject","inLanguage":"pt-BR","@id":"https:\/\/www.somospopular.com.br\/especialistas\/#\/schema\/logo\/image\/","url":"https:\/\/www.somospopular.com.br\/especialistas\/wp-content\/uploads\/sites\/13\/2022\/05\/somos-popular-logo-80.webp","contentUrl":"https:\/\/www.somospopular.com.br\/especialistas\/wp-content\/uploads\/sites\/13\/2022\/05\/somos-popular-logo-80.webp","width":325,"height":80,"caption":"M\u00e9dicos Especialistas - Somos Popular"},"image":{"@id":"https:\/\/www.somospopular.com.br\/especialistas\/#\/schema\/logo\/image\/"}}]}},"_links":{"self":[{"href":"https:\/\/www.somospopular.com.br\/especialistas\/wp-json\/wp\/v2\/negocio\/168231","targetHints":{"allow":["GET"]}}],"collection":[{"href":"https:\/\/www.somospopular.com.br\/especialistas\/wp-json\/wp\/v2\/negocio"}],"about":[{"href":"https:\/\/www.somospopular.com.br\/especialistas\/wp-json\/wp\/v2\/types\/negocio"}],"author":[{"embeddable":true,"href":"https:\/\/www.somospopular.com.br\/especialistas\/wp-json\/wp\/v2\/users\/1"}],"wp:attachment":[{"href":"https:\/\/www.somospopular.com.br\/especialistas\/wp-json\/wp\/v2\/media?parent=168231"}],"wp:term":[{"taxonomy":"bairro","embeddable":true,"href":"https:\/\/www.somospopular.com.br\/especialistas\/wp-json\/wp\/v2\/bairro?post=168231"},{"taxonomy":"categoria_parceiro","embeddable":true,"href":"https:\/\/www.somospopular.com.br\/especialistas\/wp-json\/wp\/v2\/categoria_parceiro?post=168231"},{"taxonomy":"topico-parceiro","embeddable":true,"href":"https:\/\/www.somospopular.com.br\/especialistas\/wp-json\/wp\/v2\/topico-parceiro?post=168231"}],"curies":[{"name":"wp","href":"https:\/\/api.w.org\/{rel}","templated":true}]}}