{"id":170446,"date":"2022-06-18T21:17:44","date_gmt":"2022-06-19T00:17:44","guid":{"rendered":"https:\/\/www.somospopular.com.br\/especialistas\/dr-rafael-pires-quinellato-endoscopista-em-rj\/"},"modified":"2023-05-20T14:52:56","modified_gmt":"2023-05-20T17:52:56","slug":"dr-rafael-pires-quinellato-endoscopista-em-niteroi-rj","status":"publish","type":"negocio","link":"https:\/\/www.somospopular.com.br\/especialistas\/dr-rafael-pires-quinellato-endoscopista-em-niteroi-rj\/","title":{"rendered":"Dr. Rafael Pires Quinellato &#8211; Endoscopista, Gastroenterologista, M\u00e9dico cl\u00ednico geral Niter\u00f3i &#8211; RJ"},"content":{"rendered":"<p>Gostar do que se faz \u00e9 uma grande divers\u00e3o, mas poder ajudar aos outros \u00e9 um bem maior que retorna para voc\u00ea, como se fosse uma grande religi\u00e3o. Atualmente tenho focado minha atua\u00e7\u00e3o no diagn\u00f3stico e tratamento endosc\u00f3pico de doen\u00e7as do aparelho digestivo, seja atrav\u00e9s de exames como Endoscopia digestiva diagn\u00f3stica ou terap\u00eautica, colonoscopia, ecoendoscopia, endoscopia da via biliar (Colangiopancreatografia retr\u00f3grada endosc\u00f3pica- CPRE),  c\u00e1psula endosc\u00f3pica ou enteroscopia.  Realizei subespecializa\u00e7\u00e3o em procedimentos endosc\u00f3picos  avan\u00e7ados no Hospital 9 de julho- SP e venho trazendo tamb\u00e9m novidades no tratamento por endoscopia da OBESIDADE (Sleeve ou Gastroplastia endosc\u00f3pica) e da doen\u00e7a do Refluxo (Stretta).<\/p>\n<h2>Endoscopista em Niter\u00f3i &#8211; RJ<\/h2>\n<p><strong>Endere\u00e7o:<\/strong> R. Gavi\u00e3o Peixoto 70, Sala: 801. Icara\u00ed. (Ed. Coorporate) Niter\u00f3i, Rio de Janeiro CEP: 24230-100, Icara\u00ed, Niter\u00f3i &#8211; RJ<br \/>\n<strong>CEP: <\/strong>24230-090<\/p>\n<p><span class=\"phone-hidden\"><strong>Telefone:<\/strong>  <\/span><\/p>\n<h2>Dr. Rafael Pires Quinellato &#8211; Endoscopista, Gastroenterologista, M\u00e9dico cl\u00ednico geral Niter\u00f3i<\/h2>\n<p>Dr. Rafael Pires Quinellato, Endoscopista, Gastroenterologista, M\u00e9dico cl\u00ednico geral em Niter\u00f3i. Agende uma consulta com os melhores profissionais de sa\u00fade em Brasil. Doen\u00e7a Cel\u00edaca, Doen\u00e7a Inflamat\u00f3ria Intestinal, Endoscopia Digestiva.<\/p>\n<p><span class=\"maps-hidden\"><a href=\"https:\/\/www.google.com\/maps\/search\/?api=1&#038;query=R. Gavi\u00e3o Peixoto 70, Sala: 801. Icara\u00ed. (Ed. Coorporate) Niter\u00f3i, Rio de Janeiro CEP: 24230-100, Icara\u00ed, Niter\u00f3i - RJ - 24230-090\" target=\"_blank\" rel=\"noopener\">COMO CHEGAR?<\/a><\/span><\/p>\n<h3 class=\"flex-grow-1 mb-0\">Experi\u00eancia<\/h3>\n<ul class=\"list-unstyled text-list\">\n<li>\n\t\t\t\t\tDoen\u00e7a Cel\u00edaca<\/p>\n<hr class=\"my-1\"><\/li>\n<li>\n\t\t\t\t\tDoen\u00e7a Inflamat\u00f3ria Intestinal<\/p>\n<hr class=\"my-1\"><\/li>\n<li>\n\t\t\t\t\tEndoscopia Digestiva<\/p>\n<hr class=\"my-1\"><\/li>\n<li>\n\t\t\t\t\tUltrassom Endosc\u00f3pico<\/p>\n<hr class=\"my-1\"><\/li>\n<li>\n\t\t\t\t\tEndoscopia Bari\u00e1trica<\/p>\n<hr class=\"my-1\"><\/li>\n<li>\n\t\t\t\t\tBal\u00e3o Intragastrico<\/p>\n<hr class=\"my-1\"><\/li>\n<li>\n\t\t\t\t\tColonoscopia<\/p>\n<hr class=\"my-1\"><\/li>\n<li>\n\t\t\t\t\tEndoscopia Digestiva\n\t\t\t\t\t\t\t\t\t<\/li>\n<\/ul>\n<hr \/>\n<ul>\n<li><a href=\"\/especialistas\/#gsc.tab=0&#038;gsc.q=Especialista%20em%20cisto%20sinovial%20brasilia\" title=\"Cisto Sinovial\" class=\"textbody\">Cisto Sinovial<\/a><\/li>\n<hr >\n<li><a href=\"\/especialistas\/#gsc.tab=0&#038;gsc.q=Especialista%20em%20sindrome%20do%20tunel%20carpal%202%20brasilia\" title=\"S\u00edndrome do t\u00fanel carpal\" class=\"textbody\">S\u00edndrome do t\u00fanel carpal<\/a><\/li>\n<hr >\n<li><a href=\"\/especialistas\/#gsc.tab=0&#038;gsc.q=Especialista%20em%20lesao%20dos%20nervos%20perifericos%20brasilia\" title=\"Les\u00e3o dos nervos perif\u00e9ricos\" class=\"textbody\">Les\u00e3o dos nervos perif\u00e9ricos<\/a><\/li>\n<hr >\n<li><a href=\"\/especialistas\/#gsc.tab=0&#038;gsc.q=Especialista%20em%20deformidades%20congenitas%20da%20mao%20brasilia\" title=\"Deformidades Cong\u00eanitas Da M\u00e3o\" class=\"textbody\">Deformidades Cong\u00eanitas Da M\u00e3o<\/a><\/li>\n<hr >\n<li><a href=\"\/especialistas\/#gsc.tab=0&#038;gsc.q=Especialista%20em%20artrose%20brasilia\" title=\"Artrose\" class=\"textbody\">Artrose<\/a><\/li>\n<hr >\n<li><a href=\"\/especialistas\/#gsc.tab=0&#038;gsc.q=Especialista%20em%20traumatismos%20da%20mao%20brasilia\" title=\"Traumatismos Da M\u00e3o\" class=\"textbody\">Traumatismos Da M\u00e3o<\/a><\/li>\n<hr >\n<li><a href=\"\/especialistas\/#gsc.tab=0&#038;gsc.q=Especialista%20em%20deformidades%20adquiridas%20da%20mao%20brasilia\" title=\"Deformidades Adquiridas Da M\u00e3o\" class=\"textbody\">Deformidades Adquiridas Da M\u00e3o<\/a><\/li>\n<hr >\n<li><a href=\"\/especialistas\/#gsc.tab=0&#038;gsc.q=Especialista%20em%20tendinite%20brasilia\" title=\"Tendinite\" class=\"textbody\">Tendinite<\/a><\/li>\n<hr >\n<li><a href=\"\/especialistas\/#gsc.tab=0&#038;gsc.q=Especialista%20em%20neuropatias%20do%20plexo%20braquial%20brasilia\" title=\"Neuropatias Do Plexo Braquial\" class=\"textbody\">Neuropatias Do Plexo Braquial<\/a><\/li>\n<hr >\n<li><a href=\"\/especialistas\/#gsc.tab=0&#038;gsc.q=Especialista%20em%20complicacoes%20e%20sequelas%20de%20traumas%20fraturas%20brasilia\" title=\"Complica\u00e7\u00f5es e sequelas de traumas (fraturas)\" class=\"textbody\">Complica\u00e7\u00f5es e sequelas de traumas (fraturas)<\/a><\/li>\n<hr >\n<li><a href=\"\/especialistas\/#gsc.tab=0&#038;gsc.q=Especialista%20em%20dedo%20em%20gatilho%20brasilia\" title=\"Dedo em gatilho\" class=\"textbody\">Dedo em gatilho<\/a><\/li>\n<hr >\n<li><a href=\"\/especialistas\/#gsc.tab=0&#038;gsc.q=Especialista%20em%20traumatismos%20do%20punho%20brasilia\" title=\"Traumatismos Do Punho\" class=\"textbody\">Traumatismos Do Punho<\/a><\/li>\n<hr >\n<li><a href=\"\/especialistas\/#gsc.tab=0&#038;gsc.q=Especialista%20em%20fraturas%20de%20punho%20radio%20e%20ulna%20brasilia\" title=\"Fraturas de punho (radio e ulna)\" class=\"textbody\">Fraturas de punho (radio e ulna)<\/a><\/li>\n<hr >\n<li><a href=\"\/especialistas\/#gsc.tab=0&#038;gsc.q=Especialista%20em%20sindromes%20de%20compressao%20nervosa%20brasilia\" title=\"S\u00edndromes De Compress\u00e3o Nervosa\" class=\"textbody\">S\u00edndromes De Compress\u00e3o Nervosa<\/a><\/li>\n<\/ul>\n<hr \/>\n<p><strong>T\u00f3picos:<\/strong> Endoscopista em Niter\u00f3i &#8211; RJ <span class=\"topic-hidden\">| Gastroenterologista em Niter\u00f3i &#8211; RJ M\u00e9dico cl\u00ednico geral em Niter\u00f3i &#8211; RJ <\/span><\/p>\n","protected":false},"author":1,"featured_media":0,"template":"","bairro":[9009],"categoria_parceiro":[20463,20472,20466],"topico-parceiro":[24739,24740,23331],"class_list":["post-170446","negocio","type-negocio","status-publish","hentry","bairro-icarai-niteroi-rj","categoria_parceiro-endoscopista","categoria_parceiro-gastroenterologista","categoria_parceiro-medico-clinico-geral","topico-parceiro-endoscopista-em-niteroi-rj","topico-parceiro-gastroenterologista-em-niteroi-rj","topico-parceiro-medico-clinico-geral-em-niteroi-rj"],"yoast_head":"<!-- This site is optimized with the Yoast SEO Premium plugin v20.9 (Yoast SEO v27.4) - https:\/\/yoast.com\/product\/yoast-seo-premium-wordpress\/ -->\n<title>Dr. Rafael Pires Quinellato - Endoscopista, Gastroenterologista, M\u00e9dico cl\u00ednico geral Niter\u00f3i - RJ<\/title>\n<meta name=\"description\" content=\"Dr. Rafael Pires Quinellato, Endoscopista, Gastroenterologista, M\u00e9dico cl\u00ednico geral em Niter\u00f3i. Agende uma consulta com os melhores profissionais de sa\u00fade em Brasil. Doen\u00e7a Cel\u00edaca, Doen\u00e7a Inflamat\u00f3ria Intestinal, Endoscopia Digestiva.\" \/>\n<meta name=\"robots\" content=\"index, follow, max-snippet:-1, max-image-preview:large, max-video-preview:-1\" \/>\n<link rel=\"canonical\" href=\"https:\/\/www.somospopular.com.br\/especialistas\/dr-rafael-pires-quinellato-endoscopista-em-niteroi-rj\/\" \/>\n<meta property=\"og:locale\" content=\"pt_BR\" \/>\n<meta property=\"og:type\" content=\"article\" \/>\n<meta property=\"og:title\" content=\"Dr. Rafael Pires Quinellato - Endoscopista, Gastroenterologista, M\u00e9dico cl\u00ednico geral Niter\u00f3i - RJ\" \/>\n<meta property=\"og:description\" content=\"Dr. Rafael Pires Quinellato - Endoscopista, Gastroenterologista, M\u00e9dico cl\u00ednico geral Niter\u00f3i - RJ. Cl\u00ednica Veterin\u00e1ria Popular com pre\u00e7os acess\u00edveis. Especialistas\" \/>\n<meta property=\"og:url\" content=\"https:\/\/www.somospopular.com.br\/especialistas\/dr-rafael-pires-quinellato-endoscopista-em-niteroi-rj\/\" \/>\n<meta property=\"og:site_name\" content=\"Especialistas\" \/>\n<meta property=\"article:modified_time\" content=\"2023-05-20T17:52:56+00:00\" \/>\n<meta name=\"twitter:card\" content=\"summary_large_image\" \/>\n<meta name=\"twitter:title\" content=\"Dr. Rafael Pires Quinellato - Endoscopista, Gastroenterologista, M\u00e9dico cl\u00ednico geral Niter\u00f3i - RJ\" \/>\n<meta name=\"twitter:label1\" content=\"Est. tempo de leitura\" \/>\n\t<meta name=\"twitter:data1\" content=\"2 minutos\" \/>\n<script type=\"application\/ld+json\" class=\"yoast-schema-graph\">{\"@context\":\"https:\\\/\\\/schema.org\",\"@graph\":[{\"@type\":\"WebPage\",\"@id\":\"https:\\\/\\\/www.somospopular.com.br\\\/especialistas\\\/dr-rafael-pires-quinellato-endoscopista-em-niteroi-rj\\\/\",\"url\":\"https:\\\/\\\/www.somospopular.com.br\\\/especialistas\\\/dr-rafael-pires-quinellato-endoscopista-em-niteroi-rj\\\/\",\"name\":\"Dr. Rafael Pires Quinellato - Endoscopista, Gastroenterologista, M\u00e9dico cl\u00ednico geral Niter\u00f3i - RJ\",\"isPartOf\":{\"@id\":\"https:\\\/\\\/www.somospopular.com.br\\\/especialistas\\\/#website\"},\"datePublished\":\"2022-06-19T00:17:44+00:00\",\"dateModified\":\"2023-05-20T17:52:56+00:00\",\"description\":\"Dr. Rafael Pires Quinellato, Endoscopista, Gastroenterologista, M\u00e9dico cl\u00ednico geral em Niter\u00f3i. Agende uma consulta com os melhores profissionais de sa\u00fade em Brasil. Doen\u00e7a Cel\u00edaca, Doen\u00e7a Inflamat\u00f3ria Intestinal, Endoscopia Digestiva.\",\"breadcrumb\":{\"@id\":\"https:\\\/\\\/www.somospopular.com.br\\\/especialistas\\\/dr-rafael-pires-quinellato-endoscopista-em-niteroi-rj\\\/#breadcrumb\"},\"inLanguage\":\"pt-BR\",\"potentialAction\":[{\"@type\":\"ReadAction\",\"target\":[\"https:\\\/\\\/www.somospopular.com.br\\\/especialistas\\\/dr-rafael-pires-quinellato-endoscopista-em-niteroi-rj\\\/\"]}]},{\"@type\":\"BreadcrumbList\",\"@id\":\"https:\\\/\\\/www.somospopular.com.br\\\/especialistas\\\/dr-rafael-pires-quinellato-endoscopista-em-niteroi-rj\\\/#breadcrumb\",\"itemListElement\":[{\"@type\":\"ListItem\",\"position\":1,\"name\":\"Especialista\",\"item\":\"https:\\\/\\\/www.somospopular.com.br\\\/especialistas\\\/\"},{\"@type\":\"ListItem\",\"position\":2,\"name\":\"Parceiros\",\"item\":\"https:\\\/\\\/www.somospopular.com.br\\\/especialistas\\\/negocio\\\/\"},{\"@type\":\"ListItem\",\"position\":3,\"name\":\"Endoscopista\",\"item\":\"https:\\\/\\\/www.somospopular.com.br\\\/especialistas\\\/endoscopista\\\/\"},{\"@type\":\"ListItem\",\"position\":4,\"name\":\"Dr. Rafael Pires Quinellato &#8211; Endoscopista, Gastroenterologista, M\u00e9dico cl\u00ednico geral Niter\u00f3i &#8211; RJ\"}]},{\"@type\":\"WebSite\",\"@id\":\"https:\\\/\\\/www.somospopular.com.br\\\/especialistas\\\/#website\",\"url\":\"https:\\\/\\\/www.somospopular.com.br\\\/especialistas\\\/\",\"name\":\"Especialistas\",\"description\":\"Somos Popular\",\"publisher\":{\"@id\":\"https:\\\/\\\/www.somospopular.com.br\\\/especialistas\\\/#organization\"},\"potentialAction\":[{\"@type\":\"SearchAction\",\"target\":{\"@type\":\"EntryPoint\",\"urlTemplate\":\"https:\\\/\\\/www.somospopular.com.br\\\/especialistas\\\/?s={search_term_string}\"},\"query-input\":{\"@type\":\"PropertyValueSpecification\",\"valueRequired\":true,\"valueName\":\"search_term_string\"}}],\"inLanguage\":\"pt-BR\"},{\"@type\":\"Organization\",\"@id\":\"https:\\\/\\\/www.somospopular.com.br\\\/especialistas\\\/#organization\",\"name\":\"M\u00e9dicos Especialistas - Somos Popular\",\"alternateName\":\"M\u00e9dicos Especialistas\",\"url\":\"https:\\\/\\\/www.somospopular.com.br\\\/especialistas\\\/\",\"logo\":{\"@type\":\"ImageObject\",\"inLanguage\":\"pt-BR\",\"@id\":\"https:\\\/\\\/www.somospopular.com.br\\\/especialistas\\\/#\\\/schema\\\/logo\\\/image\\\/\",\"url\":\"https:\\\/\\\/www.somospopular.com.br\\\/especialistas\\\/wp-content\\\/uploads\\\/sites\\\/13\\\/2022\\\/05\\\/somos-popular-logo-80.webp\",\"contentUrl\":\"https:\\\/\\\/www.somospopular.com.br\\\/especialistas\\\/wp-content\\\/uploads\\\/sites\\\/13\\\/2022\\\/05\\\/somos-popular-logo-80.webp\",\"width\":325,\"height\":80,\"caption\":\"M\u00e9dicos Especialistas - Somos Popular\"},\"image\":{\"@id\":\"https:\\\/\\\/www.somospopular.com.br\\\/especialistas\\\/#\\\/schema\\\/logo\\\/image\\\/\"}}]}<\/script>\n<!-- \/ Yoast SEO Premium plugin. -->","yoast_head_json":{"title":"Dr. Rafael Pires Quinellato - Endoscopista, Gastroenterologista, M\u00e9dico cl\u00ednico geral Niter\u00f3i - RJ","description":"Dr. Rafael Pires Quinellato, Endoscopista, Gastroenterologista, M\u00e9dico cl\u00ednico geral em Niter\u00f3i. Agende uma consulta com os melhores profissionais de sa\u00fade em Brasil. Doen\u00e7a Cel\u00edaca, Doen\u00e7a Inflamat\u00f3ria Intestinal, Endoscopia Digestiva.","robots":{"index":"index","follow":"follow","max-snippet":"max-snippet:-1","max-image-preview":"max-image-preview:large","max-video-preview":"max-video-preview:-1"},"canonical":"https:\/\/www.somospopular.com.br\/especialistas\/dr-rafael-pires-quinellato-endoscopista-em-niteroi-rj\/","og_locale":"pt_BR","og_type":"article","og_title":"Dr. Rafael Pires Quinellato - Endoscopista, Gastroenterologista, M\u00e9dico cl\u00ednico geral Niter\u00f3i - RJ","og_description":"Dr. Rafael Pires Quinellato - Endoscopista, Gastroenterologista, M\u00e9dico cl\u00ednico geral Niter\u00f3i - RJ. Cl\u00ednica Veterin\u00e1ria Popular com pre\u00e7os acess\u00edveis. Especialistas","og_url":"https:\/\/www.somospopular.com.br\/especialistas\/dr-rafael-pires-quinellato-endoscopista-em-niteroi-rj\/","og_site_name":"Especialistas","article_modified_time":"2023-05-20T17:52:56+00:00","twitter_card":"summary_large_image","twitter_title":"Dr. Rafael Pires Quinellato - Endoscopista, Gastroenterologista, M\u00e9dico cl\u00ednico geral Niter\u00f3i - RJ","twitter_misc":{"Est. tempo de leitura":"2 minutos"},"schema":{"@context":"https:\/\/schema.org","@graph":[{"@type":"WebPage","@id":"https:\/\/www.somospopular.com.br\/especialistas\/dr-rafael-pires-quinellato-endoscopista-em-niteroi-rj\/","url":"https:\/\/www.somospopular.com.br\/especialistas\/dr-rafael-pires-quinellato-endoscopista-em-niteroi-rj\/","name":"Dr. Rafael Pires Quinellato - Endoscopista, Gastroenterologista, M\u00e9dico cl\u00ednico geral Niter\u00f3i - RJ","isPartOf":{"@id":"https:\/\/www.somospopular.com.br\/especialistas\/#website"},"datePublished":"2022-06-19T00:17:44+00:00","dateModified":"2023-05-20T17:52:56+00:00","description":"Dr. Rafael Pires Quinellato, Endoscopista, Gastroenterologista, M\u00e9dico cl\u00ednico geral em Niter\u00f3i. Agende uma consulta com os melhores profissionais de sa\u00fade em Brasil. Doen\u00e7a Cel\u00edaca, Doen\u00e7a Inflamat\u00f3ria Intestinal, Endoscopia Digestiva.","breadcrumb":{"@id":"https:\/\/www.somospopular.com.br\/especialistas\/dr-rafael-pires-quinellato-endoscopista-em-niteroi-rj\/#breadcrumb"},"inLanguage":"pt-BR","potentialAction":[{"@type":"ReadAction","target":["https:\/\/www.somospopular.com.br\/especialistas\/dr-rafael-pires-quinellato-endoscopista-em-niteroi-rj\/"]}]},{"@type":"BreadcrumbList","@id":"https:\/\/www.somospopular.com.br\/especialistas\/dr-rafael-pires-quinellato-endoscopista-em-niteroi-rj\/#breadcrumb","itemListElement":[{"@type":"ListItem","position":1,"name":"Especialista","item":"https:\/\/www.somospopular.com.br\/especialistas\/"},{"@type":"ListItem","position":2,"name":"Parceiros","item":"https:\/\/www.somospopular.com.br\/especialistas\/negocio\/"},{"@type":"ListItem","position":3,"name":"Endoscopista","item":"https:\/\/www.somospopular.com.br\/especialistas\/endoscopista\/"},{"@type":"ListItem","position":4,"name":"Dr. Rafael Pires Quinellato &#8211; Endoscopista, Gastroenterologista, M\u00e9dico cl\u00ednico geral Niter\u00f3i &#8211; RJ"}]},{"@type":"WebSite","@id":"https:\/\/www.somospopular.com.br\/especialistas\/#website","url":"https:\/\/www.somospopular.com.br\/especialistas\/","name":"Especialistas","description":"Somos Popular","publisher":{"@id":"https:\/\/www.somospopular.com.br\/especialistas\/#organization"},"potentialAction":[{"@type":"SearchAction","target":{"@type":"EntryPoint","urlTemplate":"https:\/\/www.somospopular.com.br\/especialistas\/?s={search_term_string}"},"query-input":{"@type":"PropertyValueSpecification","valueRequired":true,"valueName":"search_term_string"}}],"inLanguage":"pt-BR"},{"@type":"Organization","@id":"https:\/\/www.somospopular.com.br\/especialistas\/#organization","name":"M\u00e9dicos Especialistas - Somos Popular","alternateName":"M\u00e9dicos Especialistas","url":"https:\/\/www.somospopular.com.br\/especialistas\/","logo":{"@type":"ImageObject","inLanguage":"pt-BR","@id":"https:\/\/www.somospopular.com.br\/especialistas\/#\/schema\/logo\/image\/","url":"https:\/\/www.somospopular.com.br\/especialistas\/wp-content\/uploads\/sites\/13\/2022\/05\/somos-popular-logo-80.webp","contentUrl":"https:\/\/www.somospopular.com.br\/especialistas\/wp-content\/uploads\/sites\/13\/2022\/05\/somos-popular-logo-80.webp","width":325,"height":80,"caption":"M\u00e9dicos Especialistas - Somos Popular"},"image":{"@id":"https:\/\/www.somospopular.com.br\/especialistas\/#\/schema\/logo\/image\/"}}]}},"_links":{"self":[{"href":"https:\/\/www.somospopular.com.br\/especialistas\/wp-json\/wp\/v2\/negocio\/170446","targetHints":{"allow":["GET"]}}],"collection":[{"href":"https:\/\/www.somospopular.com.br\/especialistas\/wp-json\/wp\/v2\/negocio"}],"about":[{"href":"https:\/\/www.somospopular.com.br\/especialistas\/wp-json\/wp\/v2\/types\/negocio"}],"author":[{"embeddable":true,"href":"https:\/\/www.somospopular.com.br\/especialistas\/wp-json\/wp\/v2\/users\/1"}],"wp:attachment":[{"href":"https:\/\/www.somospopular.com.br\/especialistas\/wp-json\/wp\/v2\/media?parent=170446"}],"wp:term":[{"taxonomy":"bairro","embeddable":true,"href":"https:\/\/www.somospopular.com.br\/especialistas\/wp-json\/wp\/v2\/bairro?post=170446"},{"taxonomy":"categoria_parceiro","embeddable":true,"href":"https:\/\/www.somospopular.com.br\/especialistas\/wp-json\/wp\/v2\/categoria_parceiro?post=170446"},{"taxonomy":"topico-parceiro","embeddable":true,"href":"https:\/\/www.somospopular.com.br\/especialistas\/wp-json\/wp\/v2\/topico-parceiro?post=170446"}],"curies":[{"name":"wp","href":"https:\/\/api.w.org\/{rel}","templated":true}]}}