{"id":170502,"date":"2021-09-02T18:03:22","date_gmt":"2021-09-02T21:03:22","guid":{"rendered":"https:\/\/www.somospopular.com.br\/especialistas\/dr-raphael-coelho-figueredo-alergista-em-ma\/"},"modified":"2023-05-20T14:53:19","modified_gmt":"2023-05-20T17:53:19","slug":"dr-raphael-coelho-figueredo-alergista-em-imperatriz-ma","status":"publish","type":"negocio","link":"https:\/\/www.somospopular.com.br\/especialistas\/dr-raphael-coelho-figueredo-alergista-em-imperatriz-ma\/","title":{"rendered":"Dr. Raphael Coelho Figueredo &#8211; Alergista Imperatriz &#8211; MA"},"content":{"rendered":"<h2>Alergista em Imperatriz &#8211; MA<\/h2>\n<p><strong>Endere\u00e7o:<\/strong> Rua Urbano Santos, 155 &#8211; Ed. Aracati Office \/ Sala 303, Centro, Imperatriz &#8211; MA<br \/>\n<strong>CEP: <\/strong>65900-410<\/p>\n<p><span class=\"phone-hidden\"><strong>Telefone:<\/strong>  <\/span><\/p>\n<h2>Dr. Raphael Coelho Figueredo &#8211; Alergista Imperatriz<\/h2>\n<p>Dr. Raphael Coelho Figueredo, Alergista em Imperatriz. Agende uma consulta com os melhores profissionais de sa\u00fade em Brasil.<\/p>\n<p><span class=\"maps-hidden\"><a href=\"https:\/\/www.google.com\/maps\/search\/?api=1&#038;query=Rua Urbano Santos, 155 - Ed. Aracati Office \/ Sala 303, Centro, Imperatriz - MA - 65900-410\" target=\"_blank\" rel=\"noopener\">COMO CHEGAR?<\/a><\/span><\/p>\n<h3 class=\"flex-grow-1 mb-0\">Experi\u00eancia<\/h3>\n<hr \/>\n<ul>\n<li><a href=\"\/especialistas\/#gsc.tab=0&#038;gsc.q=Especialista%20em%20anormalidades%20maxilofaciais%20taubate\" title=\"Anormalidades Maxilofaciais\" class=\"textbody\">Anormalidades Maxilofaciais<\/a><\/li>\n<hr >\n<li><a href=\"\/especialistas\/#gsc.tab=0&#038;gsc.q=Especialista%20em%20disfuncao%20da%20atm%20taubate\" title=\"Disfun\u00e7\u00e3o da ATM\" class=\"textbody\">Disfun\u00e7\u00e3o da ATM<\/a><\/li>\n<hr >\n<li><a href=\"\/especialistas\/#gsc.tab=0&#038;gsc.q=Especialista%20em%20implante%20e%20siso%20incluso%20taubate\" title=\"Implante e siso incluso\" class=\"textbody\">Implante e siso incluso<\/a><\/li>\n<hr >\n<li><a href=\"\/especialistas\/#gsc.tab=0&#038;gsc.q=Especialista%20em%20assimetria%20facial%20taubate\" title=\"Assimetria Facial\" class=\"textbody\">Assimetria Facial<\/a><\/li>\n<hr >\n<li><a href=\"\/especialistas\/#gsc.tab=0&#038;gsc.q=Especialista%20em%20dor%20facial%20taubate\" title=\"Dor Facial\" class=\"textbody\">Dor Facial<\/a><\/li>\n<hr >\n<li><a href=\"\/especialistas\/#gsc.tab=0&#038;gsc.q=Especialista%20em%20traumatismos%20faciais%20taubate\" title=\"Traumatismos Faciais\" class=\"textbody\">Traumatismos Faciais<\/a><\/li>\n<hr >\n<li><a href=\"\/especialistas\/#gsc.tab=0&#038;gsc.q=Especialista%20em%20traumatismos%20maxilofaciais%20taubate\" title=\"Traumatismos Maxilofaciais\" class=\"textbody\">Traumatismos Maxilofaciais<\/a><\/li>\n<hr >\n<li><a href=\"\/especialistas\/#gsc.tab=0&#038;gsc.q=Especialista%20em%20traumatismos%20mandibulares%20taubate\" title=\"Traumatismos Mandibulares\" class=\"textbody\">Traumatismos Mandibulares<\/a><\/li>\n<hr >\n<li><a href=\"\/especialistas\/#gsc.tab=0&#038;gsc.q=Especialista%20em%20anormalidades%20maxilomandibulares%20taubate\" title=\"Anormalidades Maxilomandibulares\" class=\"textbody\">Anormalidades Maxilomandibulares<\/a><\/li>\n<hr >\n<li><a href=\"\/especialistas\/#gsc.tab=0&#038;gsc.q=Especialista%20em%20prognatismo%20taubate\" title=\"Prognatismo\" class=\"textbody\">Prognatismo<\/a><\/li>\n<hr >\n<li><a href=\"\/especialistas\/#gsc.tab=0&#038;gsc.q=Especialista%20em%20retrognatismo%20classe%20ii%20taubate\" title=\"Retrognatismo ( classe II)\" class=\"textbody\">Retrognatismo ( classe II)<\/a><\/li>\n<hr >\n<li><a href=\"\/especialistas\/#gsc.tab=0&#038;gsc.q=Especialista%20em%20retrognatismo%20classe%20iii%20taubate\" title=\"Retrognatismo ( classe III)\" class=\"textbody\">Retrognatismo ( classe III)<\/a><\/li>\n<hr >\n<li><a href=\"\/especialistas\/#gsc.tab=0&#038;gsc.q=Especialista%20em%20anormalidades%20do%20sistema%20estomatognatico%20taubate\" title=\"Anormalidades do Sistema Estomatogn\u00e1tico\" class=\"textbody\">Anormalidades do Sistema Estomatogn\u00e1tico<\/a><\/li>\n<hr >\n<li><a href=\"\/especialistas\/#gsc.tab=0&#038;gsc.q=Especialista%20em%20abcessos%20dentarios%20taubate\" title=\"Abcessos dent\u00e1rios\" class=\"textbody\">Abcessos dent\u00e1rios<\/a><\/li>\n<hr >\n<li><a href=\"\/especialistas\/#gsc.tab=0&#038;gsc.q=Especialista%20em%20infeccao%20focal%20dentaria%20taubate\" title=\"Infec\u00e7\u00e3o Focal Dent\u00e1ria\" class=\"textbody\">Infec\u00e7\u00e3o Focal Dent\u00e1ria<\/a><\/li>\n<hr >\n<li><a href=\"\/especialistas\/#gsc.tab=0&#038;gsc.q=Especialista%20em%20ameloblastoma%20taubate\" title=\"Ameloblastoma\" class=\"textbody\">Ameloblastoma<\/a><\/li>\n<hr >\n<li><a href=\"\/especialistas\/#gsc.tab=0&#038;gsc.q=Especialista%20em%20anormalidades%20da%20boca%20taubate\" title=\"Anormalidades da Boca\" class=\"textbody\">Anormalidades da Boca<\/a><\/li>\n<hr >\n<li><a href=\"\/especialistas\/#gsc.tab=0&#038;gsc.q=Especialista%20em%20cisto%20dentigero%20taubate\" title=\"Cisto Dent\u00edgero\" class=\"textbody\">Cisto Dent\u00edgero<\/a><\/li>\n<hr >\n<li><a href=\"\/especialistas\/#gsc.tab=0&#038;gsc.q=Especialista%20em%20cisto%20odontogenico%20calcificante%20taubate\" title=\"Cisto Odontog\u00eanico Calcificante\" class=\"textbody\">Cisto Odontog\u00eanico Calcificante<\/a><\/li>\n<hr >\n<li><a href=\"\/especialistas\/#gsc.tab=0&#038;gsc.q=Especialista%20em%20cistos%20odontogenicos%20taubate\" title=\"Cistos Odontog\u00eanicos\" class=\"textbody\">Cistos Odontog\u00eanicos<\/a><\/li>\n<hr >\n<li><a href=\"\/especialistas\/#gsc.tab=0&#038;gsc.q=Especialista%20em%20hemorragia%20bucal%20taubate\" title=\"Hemorragia Bucal\" class=\"textbody\">Hemorragia Bucal<\/a><\/li>\n<hr >\n<li><a href=\"\/especialistas\/#gsc.tab=0&#038;gsc.q=Especialista%20em%20apneia%202%20taubate\" title=\"Apneia\" class=\"textbody\">Apneia<\/a><\/li>\n<hr >\n<li><a href=\"\/especialistas\/#gsc.tab=0&#038;gsc.q=Especialista%20em%20anquilose%20dental%20taubate\" title=\"Anquilose Dental\" class=\"textbody\">Anquilose Dental<\/a><\/li>\n<hr >\n<li><a href=\"\/especialistas\/#gsc.tab=0&#038;gsc.q=Especialista%20em%20bruxismo%20do%20sono%20taubate\" title=\"Bruxismo do sono\" class=\"textbody\">Bruxismo do sono<\/a><\/li>\n<hr >\n<li><a href=\"\/especialistas\/#gsc.tab=0&#038;gsc.q=Especialista%20em%20avulsao%20dentaria%20taubate\" title=\"Avuls\u00e3o Dent\u00e1ria\" class=\"textbody\">Avuls\u00e3o Dent\u00e1ria<\/a><\/li>\n<hr >\n<li><a href=\"\/especialistas\/#gsc.tab=0&#038;gsc.q=Especialista%20em%20calculos%20salivares%20taubate\" title=\"C\u00e1lculos Salivares\" class=\"textbody\">C\u00e1lculos Salivares<\/a><\/li>\n<hr >\n<li><a href=\"\/especialistas\/#gsc.tab=0&#038;gsc.q=Especialista%20em%20cistos%20maxilomandibulares%20taubate\" title=\"Cistos Maxilomandibulares\" class=\"textbody\">Cistos Maxilomandibulares<\/a><\/li>\n<hr >\n<li><a href=\"\/especialistas\/#gsc.tab=0&#038;gsc.q=Especialista%20em%20doencas%20maxilares%20taubate\" title=\"Doen\u00e7as Maxilares\" class=\"textbody\">Doen\u00e7as Maxilares<\/a><\/li>\n<hr >\n<li><a href=\"\/especialistas\/#gsc.tab=0&#038;gsc.q=Especialista%20em%20doencas%20maxilomandibulares%20taubate\" title=\"Doen\u00e7as Maxilomandibulares\" class=\"textbody\">Doen\u00e7as Maxilomandibulares<\/a><\/li>\n<hr >\n<li><a href=\"\/especialistas\/#gsc.tab=0&#038;gsc.q=Especialista%20em%20fraturas%20zigomaticas%20taubate\" title=\"Fraturas Zigom\u00e1ticas\" class=\"textbody\">Fraturas Zigom\u00e1ticas<\/a><\/li>\n<hr >\n<li><a href=\"\/especialistas\/#gsc.tab=0&#038;gsc.q=Especialista%20em%20mordida%20cruzada%202%20taubate\" title=\"Mordida cruzada\" class=\"textbody\">Mordida cruzada<\/a><\/li>\n<hr >\n<li><a href=\"\/especialistas\/#gsc.tab=0&#038;gsc.q=Especialista%20em%20fistula%20bucosinusal%20taubate\" title=\"F\u00edstula bucosinusal\" class=\"textbody\">F\u00edstula bucosinusal<\/a><\/li>\n<hr >\n<li><a href=\"\/especialistas\/#gsc.tab=0&#038;gsc.q=Especialista%20em%20sindrome%20da%20disfuncao%20da%20articulacao%20temporomandibular%20taubate\" title=\"S\u00edndrome Da Disfun\u00e7\u00e3o Da Articula\u00e7\u00e3o Temporomandibular\" class=\"textbody\">S\u00edndrome Da Disfun\u00e7\u00e3o Da Articula\u00e7\u00e3o Temporomandibular<\/a><\/li>\n<hr >\n<li><a href=\"\/especialistas\/#gsc.tab=0&#038;gsc.q=Especialista%20em%20sindrome%20de%20pierre%20robin%20taubate\" title=\"S\u00edndrome De Pierre Robin\" class=\"textbody\">S\u00edndrome De Pierre Robin<\/a><\/li>\n<hr >\n<li><a href=\"\/especialistas\/#gsc.tab=0&#038;gsc.q=Especialista%20em%20ronco%20e%20apneias%20obstrutivas%20do%20sono%20osa%20taubate\" title=\"Ronco e apn\u00e9ias obstrutivas do sono (OSA)\" class=\"textbody\">Ronco e apn\u00e9ias obstrutivas do sono (OSA)<\/a><\/li>\n<hr >\n<li><a href=\"\/especialistas\/#gsc.tab=0&#038;gsc.q=Especialista%20em%20dente%20impactado%20taubate\" title=\"Dente Impactado\" class=\"textbody\">Dente Impactado<\/a><\/li>\n<hr >\n<li><a href=\"\/especialistas\/#gsc.tab=0&#038;gsc.q=Especialista%20em%20dente%20nao%20erupcionado%20taubate\" title=\"Dente N\u00e3o%20Erupcionado\" class=\"textbody\">Dente N\u00e3o%20Erupcionado<\/a><\/li>\n<hr >\n<li><a href=\"\/especialistas\/#gsc.tab=0&#038;gsc.q=Especialista%20em%20dentes%20tortos%20taubate\" title=\"Dentes tortos\" class=\"textbody\">Dentes tortos<\/a><\/li>\n<hr >\n<li><a href=\"\/especialistas\/#gsc.tab=0&#038;gsc.q=Especialista%20em%20maloclusao%20dentaria%20taubate\" title=\"Maloclus\u00e3o dent\u00e1ria\" class=\"textbody\">Maloclus\u00e3o dent\u00e1ria<\/a><\/li>\n<hr >\n<li><a href=\"\/especialistas\/#gsc.tab=0&#038;gsc.q=Especialista%20em%20respiracao%20bucal%20taubate\" title=\"Respira\u00e7\u00e3o Bucal\" class=\"textbody\">Respira\u00e7\u00e3o Bucal<\/a><\/li>\n<hr >\n<li><a href=\"\/especialistas\/#gsc.tab=0&#038;gsc.q=Especialista%20em%20mordida%20aberta%20taubate\" title=\"Mordida Aberta\" class=\"textbody\">Mordida Aberta<\/a><\/li>\n<hr >\n<li><a href=\"\/especialistas\/#gsc.tab=0&#038;gsc.q=Especialista%20em%20dor%20orofacial%20taubate\" title=\"Dor orofacial\" class=\"textbody\">Dor orofacial<\/a><\/li>\n<hr >\n<li><a href=\"\/especialistas\/#gsc.tab=0&#038;gsc.q=Especialista%20em%20dor%20na%20face%20taubate\" title=\"Dor na face\" class=\"textbody\">Dor na face<\/a><\/li>\n<\/ul>\n<hr \/>\n<p><strong>T\u00f3picos:<\/strong> Alergista em Imperatriz &#8211; MA <span class=\"topic-hidden\">|   Consult\u00f3rio particular<\/span><\/p>\n","protected":false},"author":1,"featured_media":0,"template":"","bairro":[6618],"categoria_parceiro":[20505],"topico-parceiro":[25393],"class_list":["post-170502","negocio","type-negocio","status-publish","hentry","bairro-centro-imperatriz-ma","categoria_parceiro-alergista","topico-parceiro-alergista-em-imperatriz-ma"],"yoast_head":"<!-- This site is optimized with the Yoast SEO Premium plugin v20.9 (Yoast SEO v27.4) - https:\/\/yoast.com\/product\/yoast-seo-premium-wordpress\/ -->\n<title>Dr. Raphael Coelho Figueredo - Alergista Imperatriz - MA<\/title>\n<meta name=\"description\" content=\"Dr. Raphael Coelho Figueredo, Alergista em Imperatriz. Agende uma consulta com os melhores profissionais de sa\u00fade em Brasil.\" \/>\n<meta name=\"robots\" content=\"index, follow, max-snippet:-1, max-image-preview:large, max-video-preview:-1\" \/>\n<link rel=\"canonical\" href=\"https:\/\/www.somospopular.com.br\/especialistas\/dr-raphael-coelho-figueredo-alergista-em-imperatriz-ma\/\" \/>\n<meta property=\"og:locale\" content=\"pt_BR\" \/>\n<meta property=\"og:type\" content=\"article\" \/>\n<meta property=\"og:title\" content=\"Dr. Raphael Coelho Figueredo - Alergista Imperatriz - MA\" \/>\n<meta property=\"og:description\" content=\"Dr. Raphael Coelho Figueredo - Alergista Imperatriz - MA. Cl\u00ednica Veterin\u00e1ria Popular com pre\u00e7os acess\u00edveis. Especialistas\" \/>\n<meta property=\"og:url\" content=\"https:\/\/www.somospopular.com.br\/especialistas\/dr-raphael-coelho-figueredo-alergista-em-imperatriz-ma\/\" \/>\n<meta property=\"og:site_name\" content=\"Especialistas\" \/>\n<meta property=\"article:modified_time\" content=\"2023-05-20T17:53:19+00:00\" \/>\n<meta name=\"twitter:card\" content=\"summary_large_image\" \/>\n<meta name=\"twitter:title\" content=\"Dr. Raphael Coelho Figueredo - Alergista Imperatriz - MA\" \/>\n<meta name=\"twitter:label1\" content=\"Est. tempo de leitura\" \/>\n\t<meta name=\"twitter:data1\" content=\"1 minuto\" \/>\n<script type=\"application\/ld+json\" class=\"yoast-schema-graph\">{\"@context\":\"https:\\\/\\\/schema.org\",\"@graph\":[{\"@type\":\"WebPage\",\"@id\":\"https:\\\/\\\/www.somospopular.com.br\\\/especialistas\\\/dr-raphael-coelho-figueredo-alergista-em-imperatriz-ma\\\/\",\"url\":\"https:\\\/\\\/www.somospopular.com.br\\\/especialistas\\\/dr-raphael-coelho-figueredo-alergista-em-imperatriz-ma\\\/\",\"name\":\"Dr. Raphael Coelho Figueredo - Alergista Imperatriz - MA\",\"isPartOf\":{\"@id\":\"https:\\\/\\\/www.somospopular.com.br\\\/especialistas\\\/#website\"},\"datePublished\":\"2021-09-02T21:03:22+00:00\",\"dateModified\":\"2023-05-20T17:53:19+00:00\",\"description\":\"Dr. Raphael Coelho Figueredo, Alergista em Imperatriz. Agende uma consulta com os melhores profissionais de sa\u00fade em Brasil.\",\"breadcrumb\":{\"@id\":\"https:\\\/\\\/www.somospopular.com.br\\\/especialistas\\\/dr-raphael-coelho-figueredo-alergista-em-imperatriz-ma\\\/#breadcrumb\"},\"inLanguage\":\"pt-BR\",\"potentialAction\":[{\"@type\":\"ReadAction\",\"target\":[\"https:\\\/\\\/www.somospopular.com.br\\\/especialistas\\\/dr-raphael-coelho-figueredo-alergista-em-imperatriz-ma\\\/\"]}]},{\"@type\":\"BreadcrumbList\",\"@id\":\"https:\\\/\\\/www.somospopular.com.br\\\/especialistas\\\/dr-raphael-coelho-figueredo-alergista-em-imperatriz-ma\\\/#breadcrumb\",\"itemListElement\":[{\"@type\":\"ListItem\",\"position\":1,\"name\":\"Especialista\",\"item\":\"https:\\\/\\\/www.somospopular.com.br\\\/especialistas\\\/\"},{\"@type\":\"ListItem\",\"position\":2,\"name\":\"Parceiros\",\"item\":\"https:\\\/\\\/www.somospopular.com.br\\\/especialistas\\\/negocio\\\/\"},{\"@type\":\"ListItem\",\"position\":3,\"name\":\"Alergista\",\"item\":\"https:\\\/\\\/www.somospopular.com.br\\\/especialistas\\\/alergista\\\/\"},{\"@type\":\"ListItem\",\"position\":4,\"name\":\"Dr. Raphael Coelho Figueredo &#8211; Alergista Imperatriz &#8211; MA\"}]},{\"@type\":\"WebSite\",\"@id\":\"https:\\\/\\\/www.somospopular.com.br\\\/especialistas\\\/#website\",\"url\":\"https:\\\/\\\/www.somospopular.com.br\\\/especialistas\\\/\",\"name\":\"Especialistas\",\"description\":\"Somos Popular\",\"publisher\":{\"@id\":\"https:\\\/\\\/www.somospopular.com.br\\\/especialistas\\\/#organization\"},\"potentialAction\":[{\"@type\":\"SearchAction\",\"target\":{\"@type\":\"EntryPoint\",\"urlTemplate\":\"https:\\\/\\\/www.somospopular.com.br\\\/especialistas\\\/?s={search_term_string}\"},\"query-input\":{\"@type\":\"PropertyValueSpecification\",\"valueRequired\":true,\"valueName\":\"search_term_string\"}}],\"inLanguage\":\"pt-BR\"},{\"@type\":\"Organization\",\"@id\":\"https:\\\/\\\/www.somospopular.com.br\\\/especialistas\\\/#organization\",\"name\":\"M\u00e9dicos Especialistas - Somos Popular\",\"alternateName\":\"M\u00e9dicos Especialistas\",\"url\":\"https:\\\/\\\/www.somospopular.com.br\\\/especialistas\\\/\",\"logo\":{\"@type\":\"ImageObject\",\"inLanguage\":\"pt-BR\",\"@id\":\"https:\\\/\\\/www.somospopular.com.br\\\/especialistas\\\/#\\\/schema\\\/logo\\\/image\\\/\",\"url\":\"https:\\\/\\\/www.somospopular.com.br\\\/especialistas\\\/wp-content\\\/uploads\\\/sites\\\/13\\\/2022\\\/05\\\/somos-popular-logo-80.webp\",\"contentUrl\":\"https:\\\/\\\/www.somospopular.com.br\\\/especialistas\\\/wp-content\\\/uploads\\\/sites\\\/13\\\/2022\\\/05\\\/somos-popular-logo-80.webp\",\"width\":325,\"height\":80,\"caption\":\"M\u00e9dicos Especialistas - Somos Popular\"},\"image\":{\"@id\":\"https:\\\/\\\/www.somospopular.com.br\\\/especialistas\\\/#\\\/schema\\\/logo\\\/image\\\/\"}}]}<\/script>\n<!-- \/ Yoast SEO Premium plugin. -->","yoast_head_json":{"title":"Dr. Raphael Coelho Figueredo - Alergista Imperatriz - MA","description":"Dr. Raphael Coelho Figueredo, Alergista em Imperatriz. Agende uma consulta com os melhores profissionais de sa\u00fade em Brasil.","robots":{"index":"index","follow":"follow","max-snippet":"max-snippet:-1","max-image-preview":"max-image-preview:large","max-video-preview":"max-video-preview:-1"},"canonical":"https:\/\/www.somospopular.com.br\/especialistas\/dr-raphael-coelho-figueredo-alergista-em-imperatriz-ma\/","og_locale":"pt_BR","og_type":"article","og_title":"Dr. Raphael Coelho Figueredo - Alergista Imperatriz - MA","og_description":"Dr. Raphael Coelho Figueredo - Alergista Imperatriz - MA. Cl\u00ednica Veterin\u00e1ria Popular com pre\u00e7os acess\u00edveis. Especialistas","og_url":"https:\/\/www.somospopular.com.br\/especialistas\/dr-raphael-coelho-figueredo-alergista-em-imperatriz-ma\/","og_site_name":"Especialistas","article_modified_time":"2023-05-20T17:53:19+00:00","twitter_card":"summary_large_image","twitter_title":"Dr. Raphael Coelho Figueredo - Alergista Imperatriz - MA","twitter_misc":{"Est. tempo de leitura":"1 minuto"},"schema":{"@context":"https:\/\/schema.org","@graph":[{"@type":"WebPage","@id":"https:\/\/www.somospopular.com.br\/especialistas\/dr-raphael-coelho-figueredo-alergista-em-imperatriz-ma\/","url":"https:\/\/www.somospopular.com.br\/especialistas\/dr-raphael-coelho-figueredo-alergista-em-imperatriz-ma\/","name":"Dr. Raphael Coelho Figueredo - Alergista Imperatriz - MA","isPartOf":{"@id":"https:\/\/www.somospopular.com.br\/especialistas\/#website"},"datePublished":"2021-09-02T21:03:22+00:00","dateModified":"2023-05-20T17:53:19+00:00","description":"Dr. Raphael Coelho Figueredo, Alergista em Imperatriz. Agende uma consulta com os melhores profissionais de sa\u00fade em Brasil.","breadcrumb":{"@id":"https:\/\/www.somospopular.com.br\/especialistas\/dr-raphael-coelho-figueredo-alergista-em-imperatriz-ma\/#breadcrumb"},"inLanguage":"pt-BR","potentialAction":[{"@type":"ReadAction","target":["https:\/\/www.somospopular.com.br\/especialistas\/dr-raphael-coelho-figueredo-alergista-em-imperatriz-ma\/"]}]},{"@type":"BreadcrumbList","@id":"https:\/\/www.somospopular.com.br\/especialistas\/dr-raphael-coelho-figueredo-alergista-em-imperatriz-ma\/#breadcrumb","itemListElement":[{"@type":"ListItem","position":1,"name":"Especialista","item":"https:\/\/www.somospopular.com.br\/especialistas\/"},{"@type":"ListItem","position":2,"name":"Parceiros","item":"https:\/\/www.somospopular.com.br\/especialistas\/negocio\/"},{"@type":"ListItem","position":3,"name":"Alergista","item":"https:\/\/www.somospopular.com.br\/especialistas\/alergista\/"},{"@type":"ListItem","position":4,"name":"Dr. Raphael Coelho Figueredo &#8211; Alergista Imperatriz &#8211; MA"}]},{"@type":"WebSite","@id":"https:\/\/www.somospopular.com.br\/especialistas\/#website","url":"https:\/\/www.somospopular.com.br\/especialistas\/","name":"Especialistas","description":"Somos Popular","publisher":{"@id":"https:\/\/www.somospopular.com.br\/especialistas\/#organization"},"potentialAction":[{"@type":"SearchAction","target":{"@type":"EntryPoint","urlTemplate":"https:\/\/www.somospopular.com.br\/especialistas\/?s={search_term_string}"},"query-input":{"@type":"PropertyValueSpecification","valueRequired":true,"valueName":"search_term_string"}}],"inLanguage":"pt-BR"},{"@type":"Organization","@id":"https:\/\/www.somospopular.com.br\/especialistas\/#organization","name":"M\u00e9dicos Especialistas - Somos Popular","alternateName":"M\u00e9dicos Especialistas","url":"https:\/\/www.somospopular.com.br\/especialistas\/","logo":{"@type":"ImageObject","inLanguage":"pt-BR","@id":"https:\/\/www.somospopular.com.br\/especialistas\/#\/schema\/logo\/image\/","url":"https:\/\/www.somospopular.com.br\/especialistas\/wp-content\/uploads\/sites\/13\/2022\/05\/somos-popular-logo-80.webp","contentUrl":"https:\/\/www.somospopular.com.br\/especialistas\/wp-content\/uploads\/sites\/13\/2022\/05\/somos-popular-logo-80.webp","width":325,"height":80,"caption":"M\u00e9dicos Especialistas - Somos Popular"},"image":{"@id":"https:\/\/www.somospopular.com.br\/especialistas\/#\/schema\/logo\/image\/"}}]}},"_links":{"self":[{"href":"https:\/\/www.somospopular.com.br\/especialistas\/wp-json\/wp\/v2\/negocio\/170502","targetHints":{"allow":["GET"]}}],"collection":[{"href":"https:\/\/www.somospopular.com.br\/especialistas\/wp-json\/wp\/v2\/negocio"}],"about":[{"href":"https:\/\/www.somospopular.com.br\/especialistas\/wp-json\/wp\/v2\/types\/negocio"}],"author":[{"embeddable":true,"href":"https:\/\/www.somospopular.com.br\/especialistas\/wp-json\/wp\/v2\/users\/1"}],"wp:attachment":[{"href":"https:\/\/www.somospopular.com.br\/especialistas\/wp-json\/wp\/v2\/media?parent=170502"}],"wp:term":[{"taxonomy":"bairro","embeddable":true,"href":"https:\/\/www.somospopular.com.br\/especialistas\/wp-json\/wp\/v2\/bairro?post=170502"},{"taxonomy":"categoria_parceiro","embeddable":true,"href":"https:\/\/www.somospopular.com.br\/especialistas\/wp-json\/wp\/v2\/categoria_parceiro?post=170502"},{"taxonomy":"topico-parceiro","embeddable":true,"href":"https:\/\/www.somospopular.com.br\/especialistas\/wp-json\/wp\/v2\/topico-parceiro?post=170502"}],"curies":[{"name":"wp","href":"https:\/\/api.w.org\/{rel}","templated":true}]}}