{"id":171376,"date":"2022-12-14T22:52:15","date_gmt":"2022-12-15T01:52:15","guid":{"rendered":"https:\/\/www.somospopular.com.br\/especialistas\/dr-thiago-albeny-ortopedista-traumatologista-em-df\/"},"modified":"2023-05-20T14:58:40","modified_gmt":"2023-05-20T17:58:40","slug":"dr-thiago-albeny-ortopedista-traumatologista-em-brasilia-df","status":"publish","type":"negocio","link":"https:\/\/www.somospopular.com.br\/especialistas\/dr-thiago-albeny-ortopedista-traumatologista-em-brasilia-df\/","title":{"rendered":"Dr. Thiago Albeny Ortopedista &#8211; Traumatologista, Cirurgi\u00e3o da m\u00e3o, &#8211; Agende uma consulta &#8211; DF"},"content":{"rendered":"<p>Sou Dr. Thiago Albeny, ortopedista e traumatologista especialista em Cirurgia da M\u00e3o e Microcirurgia.<br \/>\nEsta especialidade envolve preven\u00e7\u00e3o, diagn\u00f3stico, tratamento e reabilita\u00e7\u00e3o de patologias que envolvem as m\u00e3os e punhos bem como nervos perif\u00e9ricos e reconstru\u00e7\u00f5es teciduais (enxertos, retalhos e reimplantes), como s\u00edndrome do t\u00fanel do carpo, dedo em gatilho, tenossinovites, fraturas, amputa\u00e7\u00f5es, entre outras.<br \/>\nTrabalho h\u00e1 mais de 5 anos nesta \u00e1rea, atrav\u00e9s de consultas presenciais e por telemedicina, realizando cirurgias eletivas e de urg\u00eancia\/emerg\u00eancia, cuidando do p\u00f3s operat\u00f3rio e prestando assist\u00eancia humana ao paciente.<br \/>\nAtualmente, atendo pacientes de conv\u00eanio e particulares na Cl\u00ednica COTE, no Hospital S\u00edrio Liban\u00eas, Hospital Bras\u00edlia, Hospital Santa Luzia e DF Star.<br \/>\nTamb\u00e9m trabalho no Hospital de Base do DF, onde presto atendimento a pacientes do sistema p\u00fablico de sa\u00fade com a mesma dedica\u00e7\u00e3o.<br \/>\nFico a disposi\u00e7\u00e3o para ajudar nos locais de trabalho citados e atrav\u00e9s dos canais de comunica\u00e7\u00e3o!<\/p>\n<h2>Ortopedista &#8211; Traumatologista em Bras\u00edlia &#8211; DF<\/h2>\n<p><strong>Endere\u00e7o:<\/strong> Lago Sul &#8211; SHIS QI 05 Bloco D (Edif\u00edcio Hangar 5) Ao lago do Gilberto Salomao, Ch\u00e1cara 05, Bras\u00edlia &#8211; DF<br \/>\n<strong>CEP: <\/strong>71615-540<\/p>\n<p><span class=\"phone-hidden\"><strong>Telefone:<\/strong> (61) 3772-6586 (61) 98251-6887<\/span><\/p>\n<h2>Dr. Thiago Albeny Ortopedista &#8211; Traumatologista, Cirurgi\u00e3o da m\u00e3o, &#8211; Agende uma consulta<\/h2>\n<p>Economize agendando um hor\u00e1rio online com Dr. Thiago Albeny, Ortopedista &#8211; Traumatologista, Cirurgi\u00e3o da m\u00e3o em . Escolha uma data e fa\u00e7a o agendamento em alguns segundos<\/p>\n<p><span class=\"maps-hidden\"><a href=\"https:\/\/www.google.com\/maps\/search\/?api=1&#038;query=Lago Sul - SHIS QI 05 Bloco D (Edif\u00edcio Hangar 5) Ao lago do Gilberto Salomao, Ch\u00e1cara 05, Bras\u00edlia - DF - 71615-540\" target=\"_blank\" rel=\"noopener\">COMO CHEGAR?<\/a><\/span><\/p>\n<h3 class=\"flex-grow-1 mb-0\">Experi\u00eancia<\/h3>\n<hr \/>\n<ul>\n<li><a href=\"\/especialistas\/#gsc.tab=0&#038;gsc.q=Especialista%20em%20cistos%20maxilomandibulares%20sao%20bernardo%20do%20campo\" title=\"Cistos Maxilomandibulares\" class=\"textbody\">Cistos Maxilomandibulares<\/a><\/li>\n<hr >\n<li><a href=\"\/especialistas\/#gsc.tab=0&#038;gsc.q=Especialista%20em%20cisto%20dentigero%20sao%20bernardo%20do%20campo\" title=\"Cisto Dent\u00edgero\" class=\"textbody\">Cisto Dent\u00edgero<\/a><\/li>\n<hr >\n<li><a href=\"\/especialistas\/#gsc.tab=0&#038;gsc.q=Especialista%20em%20disfuncao%20da%20atm%20sao%20bernardo%20do%20campo\" title=\"Disfun\u00e7\u00e3o da ATM\" class=\"textbody\">Disfun\u00e7\u00e3o da ATM<\/a><\/li>\n<hr >\n<li><a href=\"\/especialistas\/#gsc.tab=0&#038;gsc.q=Especialista%20em%20doencas%20orbitarias%20sao%20bernardo%20do%20campo\" class=\"textbody\"><br \/>\n\t\tDoen\u00e7as Orbit\u00e1rias<br \/>\n\t<\/a><\/li>\n<hr >\n<li><a href=\"\/especialistas\/#gsc.tab=0&#038;gsc.q=Especialista%20em%20ameloblastoma%20sao%20bernardo%20do%20campo\" title=\"Ameloblastoma\" class=\"textbody\">Ameloblastoma<\/a><\/li>\n<hr >\n<li><a href=\"\/especialistas\/#gsc.tab=0&#038;gsc.q=Especialista%20em%20fraturas%20maxilomandibulares%20sao%20bernardo%20do%20campo\" title=\"Fraturas Maxilomandibulares\" class=\"textbody\">Fraturas Maxilomandibulares<\/a><\/li>\n<hr >\n<li><a href=\"\/especialistas\/#gsc.tab=0&#038;gsc.q=Especialista%20em%20traumatismos%20maxilofaciais%20sao%20bernardo%20do%20campo\" title=\"Traumatismos Maxilofaciais\" class=\"textbody\">Traumatismos Maxilofaciais<\/a><\/li>\n<hr >\n<li><a href=\"\/especialistas\/#gsc.tab=0&#038;gsc.q=Especialista%20em%20fraturas%20mandibulares%20sao%20bernardo%20do%20campo\" title=\"Fraturas Mandibulares\" class=\"textbody\">Fraturas Mandibulares<\/a><\/li>\n<hr >\n<li><a href=\"\/especialistas\/#gsc.tab=0&#038;gsc.q=Especialista%20em%20doencas%20maxilomandibulares%20sao%20bernardo%20do%20campo\" class=\"textbody\"><br \/>\n\t\tDoen\u00e7as Maxilomandibulares<br \/>\n\t<\/a><\/li>\n<hr >\n<li><a href=\"\/especialistas\/#gsc.tab=0&#038;gsc.q=Especialista%20em%20fraturas%20maxilares%20sao%20bernardo%20do%20campo\" title=\"Fraturas Maxilares\" class=\"textbody\">Fraturas Maxilares<\/a><\/li>\n<hr >\n<li><a href=\"\/especialistas\/#gsc.tab=0&#038;gsc.q=Especialista%20em%20traumatismos%20mandibulares%20sao%20bernardo%20do%20campo\" class=\"textbody\"><br \/>\n\t\tTraumatismos Mandibulares<br \/>\n\t<\/a><\/li>\n<hr >\n<li><a href=\"\/especialistas\/#gsc.tab=0&#038;gsc.q=Especialista%20em%20fraturas%20zigomaticas%20sao%20bernardo%20do%20campo\" title=\"Fraturas Zigom\u00e1ticas\" class=\"textbody\">Fraturas Zigom\u00e1ticas<\/a><\/li>\n<\/ul>\n<hr \/>\n<p><strong>T\u00f3picos:<\/strong> Ortopedista &#8211; Traumatologista em Bras\u00edlia &#8211; DF <span class=\"topic-hidden\">| Cirurgi\u00e3o da m\u00e3o em Bras\u00edlia &#8211; DF  <\/span><\/p>\n","protected":false},"author":1,"featured_media":0,"template":"","bairro":[25543],"categoria_parceiro":[20784,20785],"topico-parceiro":[22521,22522],"class_list":["post-171376","negocio","type-negocio","status-publish","hentry","bairro-chacara-05-brasilia-df","categoria_parceiro-cirurgiao-da-mao","categoria_parceiro-ortopedista-traumatologista","topico-parceiro-cirurgiao-da-mao-em-brasilia-df","topico-parceiro-ortopedista-traumatologista-em-brasilia-df"],"yoast_head":"<!-- This site is optimized with the Yoast SEO Premium plugin v20.9 (Yoast SEO v27.4) - https:\/\/yoast.com\/product\/yoast-seo-premium-wordpress\/ -->\n<title>Dr. Thiago Albeny Ortopedista - Traumatologista, Cirurgi\u00e3o da m\u00e3o, - Agende uma consulta - DF<\/title>\n<meta name=\"description\" content=\"Economize agendando um hor\u00e1rio online com Dr. Thiago Albeny, Ortopedista - Traumatologista, Cirurgi\u00e3o da m\u00e3o em . Escolha uma data e fa\u00e7a o agendamento em alguns segundos\" \/>\n<meta name=\"robots\" content=\"index, follow, max-snippet:-1, max-image-preview:large, max-video-preview:-1\" \/>\n<link rel=\"canonical\" href=\"https:\/\/www.somospopular.com.br\/especialistas\/dr-thiago-albeny-ortopedista-traumatologista-em-brasilia-df\/\" \/>\n<meta property=\"og:locale\" content=\"pt_BR\" \/>\n<meta property=\"og:type\" content=\"article\" \/>\n<meta property=\"og:title\" content=\"Dr. Thiago Albeny Ortopedista - Traumatologista, Cirurgi\u00e3o da m\u00e3o, - Agende uma consulta - DF\" \/>\n<meta property=\"og:description\" content=\"Dr. Thiago Albeny Ortopedista - Traumatologista, Cirurgi\u00e3o da m\u00e3o, - Agende uma consulta - DF. Cl\u00ednica Veterin\u00e1ria Popular com pre\u00e7os acess\u00edveis. Especialistas\" \/>\n<meta property=\"og:url\" content=\"https:\/\/www.somospopular.com.br\/especialistas\/dr-thiago-albeny-ortopedista-traumatologista-em-brasilia-df\/\" \/>\n<meta property=\"og:site_name\" content=\"Especialistas\" \/>\n<meta property=\"article:modified_time\" content=\"2023-05-20T17:58:40+00:00\" \/>\n<meta name=\"twitter:card\" content=\"summary_large_image\" \/>\n<meta name=\"twitter:title\" content=\"Dr. Thiago Albeny Ortopedista - Traumatologista, Cirurgi\u00e3o da m\u00e3o, - Agende uma consulta - DF\" \/>\n<meta name=\"twitter:label1\" content=\"Est. tempo de leitura\" \/>\n\t<meta name=\"twitter:data1\" content=\"2 minutos\" \/>\n<script type=\"application\/ld+json\" class=\"yoast-schema-graph\">{\"@context\":\"https:\\\/\\\/schema.org\",\"@graph\":[{\"@type\":\"WebPage\",\"@id\":\"https:\\\/\\\/www.somospopular.com.br\\\/especialistas\\\/dr-thiago-albeny-ortopedista-traumatologista-em-brasilia-df\\\/\",\"url\":\"https:\\\/\\\/www.somospopular.com.br\\\/especialistas\\\/dr-thiago-albeny-ortopedista-traumatologista-em-brasilia-df\\\/\",\"name\":\"Dr. Thiago Albeny Ortopedista - Traumatologista, Cirurgi\u00e3o da m\u00e3o, - Agende uma consulta - DF\",\"isPartOf\":{\"@id\":\"https:\\\/\\\/www.somospopular.com.br\\\/especialistas\\\/#website\"},\"datePublished\":\"2022-12-15T01:52:15+00:00\",\"dateModified\":\"2023-05-20T17:58:40+00:00\",\"description\":\"Economize agendando um hor\u00e1rio online com Dr. Thiago Albeny, Ortopedista - Traumatologista, Cirurgi\u00e3o da m\u00e3o em . Escolha uma data e fa\u00e7a o agendamento em alguns segundos\",\"breadcrumb\":{\"@id\":\"https:\\\/\\\/www.somospopular.com.br\\\/especialistas\\\/dr-thiago-albeny-ortopedista-traumatologista-em-brasilia-df\\\/#breadcrumb\"},\"inLanguage\":\"pt-BR\",\"potentialAction\":[{\"@type\":\"ReadAction\",\"target\":[\"https:\\\/\\\/www.somospopular.com.br\\\/especialistas\\\/dr-thiago-albeny-ortopedista-traumatologista-em-brasilia-df\\\/\"]}]},{\"@type\":\"BreadcrumbList\",\"@id\":\"https:\\\/\\\/www.somospopular.com.br\\\/especialistas\\\/dr-thiago-albeny-ortopedista-traumatologista-em-brasilia-df\\\/#breadcrumb\",\"itemListElement\":[{\"@type\":\"ListItem\",\"position\":1,\"name\":\"Especialista\",\"item\":\"https:\\\/\\\/www.somospopular.com.br\\\/especialistas\\\/\"},{\"@type\":\"ListItem\",\"position\":2,\"name\":\"Parceiros\",\"item\":\"https:\\\/\\\/www.somospopular.com.br\\\/especialistas\\\/negocio\\\/\"},{\"@type\":\"ListItem\",\"position\":3,\"name\":\"Cirurgi\u00e3o da m\u00e3o\",\"item\":\"https:\\\/\\\/www.somospopular.com.br\\\/especialistas\\\/cirurgiao-da-mao\\\/\"},{\"@type\":\"ListItem\",\"position\":4,\"name\":\"Dr. Thiago Albeny Ortopedista &#8211; Traumatologista, Cirurgi\u00e3o da m\u00e3o, &#8211; Agende uma consulta &#8211; DF\"}]},{\"@type\":\"WebSite\",\"@id\":\"https:\\\/\\\/www.somospopular.com.br\\\/especialistas\\\/#website\",\"url\":\"https:\\\/\\\/www.somospopular.com.br\\\/especialistas\\\/\",\"name\":\"Especialistas\",\"description\":\"Somos Popular\",\"publisher\":{\"@id\":\"https:\\\/\\\/www.somospopular.com.br\\\/especialistas\\\/#organization\"},\"potentialAction\":[{\"@type\":\"SearchAction\",\"target\":{\"@type\":\"EntryPoint\",\"urlTemplate\":\"https:\\\/\\\/www.somospopular.com.br\\\/especialistas\\\/?s={search_term_string}\"},\"query-input\":{\"@type\":\"PropertyValueSpecification\",\"valueRequired\":true,\"valueName\":\"search_term_string\"}}],\"inLanguage\":\"pt-BR\"},{\"@type\":\"Organization\",\"@id\":\"https:\\\/\\\/www.somospopular.com.br\\\/especialistas\\\/#organization\",\"name\":\"M\u00e9dicos Especialistas - Somos Popular\",\"alternateName\":\"M\u00e9dicos Especialistas\",\"url\":\"https:\\\/\\\/www.somospopular.com.br\\\/especialistas\\\/\",\"logo\":{\"@type\":\"ImageObject\",\"inLanguage\":\"pt-BR\",\"@id\":\"https:\\\/\\\/www.somospopular.com.br\\\/especialistas\\\/#\\\/schema\\\/logo\\\/image\\\/\",\"url\":\"https:\\\/\\\/www.somospopular.com.br\\\/especialistas\\\/wp-content\\\/uploads\\\/sites\\\/13\\\/2022\\\/05\\\/somos-popular-logo-80.webp\",\"contentUrl\":\"https:\\\/\\\/www.somospopular.com.br\\\/especialistas\\\/wp-content\\\/uploads\\\/sites\\\/13\\\/2022\\\/05\\\/somos-popular-logo-80.webp\",\"width\":325,\"height\":80,\"caption\":\"M\u00e9dicos Especialistas - Somos Popular\"},\"image\":{\"@id\":\"https:\\\/\\\/www.somospopular.com.br\\\/especialistas\\\/#\\\/schema\\\/logo\\\/image\\\/\"}}]}<\/script>\n<!-- \/ Yoast SEO Premium plugin. -->","yoast_head_json":{"title":"Dr. Thiago Albeny Ortopedista - Traumatologista, Cirurgi\u00e3o da m\u00e3o, - Agende uma consulta - DF","description":"Economize agendando um hor\u00e1rio online com Dr. Thiago Albeny, Ortopedista - Traumatologista, Cirurgi\u00e3o da m\u00e3o em . Escolha uma data e fa\u00e7a o agendamento em alguns segundos","robots":{"index":"index","follow":"follow","max-snippet":"max-snippet:-1","max-image-preview":"max-image-preview:large","max-video-preview":"max-video-preview:-1"},"canonical":"https:\/\/www.somospopular.com.br\/especialistas\/dr-thiago-albeny-ortopedista-traumatologista-em-brasilia-df\/","og_locale":"pt_BR","og_type":"article","og_title":"Dr. Thiago Albeny Ortopedista - Traumatologista, Cirurgi\u00e3o da m\u00e3o, - Agende uma consulta - DF","og_description":"Dr. Thiago Albeny Ortopedista - Traumatologista, Cirurgi\u00e3o da m\u00e3o, - Agende uma consulta - DF. Cl\u00ednica Veterin\u00e1ria Popular com pre\u00e7os acess\u00edveis. Especialistas","og_url":"https:\/\/www.somospopular.com.br\/especialistas\/dr-thiago-albeny-ortopedista-traumatologista-em-brasilia-df\/","og_site_name":"Especialistas","article_modified_time":"2023-05-20T17:58:40+00:00","twitter_card":"summary_large_image","twitter_title":"Dr. Thiago Albeny Ortopedista - Traumatologista, Cirurgi\u00e3o da m\u00e3o, - Agende uma consulta - DF","twitter_misc":{"Est. tempo de leitura":"2 minutos"},"schema":{"@context":"https:\/\/schema.org","@graph":[{"@type":"WebPage","@id":"https:\/\/www.somospopular.com.br\/especialistas\/dr-thiago-albeny-ortopedista-traumatologista-em-brasilia-df\/","url":"https:\/\/www.somospopular.com.br\/especialistas\/dr-thiago-albeny-ortopedista-traumatologista-em-brasilia-df\/","name":"Dr. Thiago Albeny Ortopedista - Traumatologista, Cirurgi\u00e3o da m\u00e3o, - Agende uma consulta - DF","isPartOf":{"@id":"https:\/\/www.somospopular.com.br\/especialistas\/#website"},"datePublished":"2022-12-15T01:52:15+00:00","dateModified":"2023-05-20T17:58:40+00:00","description":"Economize agendando um hor\u00e1rio online com Dr. Thiago Albeny, Ortopedista - Traumatologista, Cirurgi\u00e3o da m\u00e3o em . Escolha uma data e fa\u00e7a o agendamento em alguns segundos","breadcrumb":{"@id":"https:\/\/www.somospopular.com.br\/especialistas\/dr-thiago-albeny-ortopedista-traumatologista-em-brasilia-df\/#breadcrumb"},"inLanguage":"pt-BR","potentialAction":[{"@type":"ReadAction","target":["https:\/\/www.somospopular.com.br\/especialistas\/dr-thiago-albeny-ortopedista-traumatologista-em-brasilia-df\/"]}]},{"@type":"BreadcrumbList","@id":"https:\/\/www.somospopular.com.br\/especialistas\/dr-thiago-albeny-ortopedista-traumatologista-em-brasilia-df\/#breadcrumb","itemListElement":[{"@type":"ListItem","position":1,"name":"Especialista","item":"https:\/\/www.somospopular.com.br\/especialistas\/"},{"@type":"ListItem","position":2,"name":"Parceiros","item":"https:\/\/www.somospopular.com.br\/especialistas\/negocio\/"},{"@type":"ListItem","position":3,"name":"Cirurgi\u00e3o da m\u00e3o","item":"https:\/\/www.somospopular.com.br\/especialistas\/cirurgiao-da-mao\/"},{"@type":"ListItem","position":4,"name":"Dr. Thiago Albeny Ortopedista &#8211; Traumatologista, Cirurgi\u00e3o da m\u00e3o, &#8211; Agende uma consulta &#8211; DF"}]},{"@type":"WebSite","@id":"https:\/\/www.somospopular.com.br\/especialistas\/#website","url":"https:\/\/www.somospopular.com.br\/especialistas\/","name":"Especialistas","description":"Somos Popular","publisher":{"@id":"https:\/\/www.somospopular.com.br\/especialistas\/#organization"},"potentialAction":[{"@type":"SearchAction","target":{"@type":"EntryPoint","urlTemplate":"https:\/\/www.somospopular.com.br\/especialistas\/?s={search_term_string}"},"query-input":{"@type":"PropertyValueSpecification","valueRequired":true,"valueName":"search_term_string"}}],"inLanguage":"pt-BR"},{"@type":"Organization","@id":"https:\/\/www.somospopular.com.br\/especialistas\/#organization","name":"M\u00e9dicos Especialistas - Somos Popular","alternateName":"M\u00e9dicos Especialistas","url":"https:\/\/www.somospopular.com.br\/especialistas\/","logo":{"@type":"ImageObject","inLanguage":"pt-BR","@id":"https:\/\/www.somospopular.com.br\/especialistas\/#\/schema\/logo\/image\/","url":"https:\/\/www.somospopular.com.br\/especialistas\/wp-content\/uploads\/sites\/13\/2022\/05\/somos-popular-logo-80.webp","contentUrl":"https:\/\/www.somospopular.com.br\/especialistas\/wp-content\/uploads\/sites\/13\/2022\/05\/somos-popular-logo-80.webp","width":325,"height":80,"caption":"M\u00e9dicos Especialistas - Somos Popular"},"image":{"@id":"https:\/\/www.somospopular.com.br\/especialistas\/#\/schema\/logo\/image\/"}}]}},"_links":{"self":[{"href":"https:\/\/www.somospopular.com.br\/especialistas\/wp-json\/wp\/v2\/negocio\/171376","targetHints":{"allow":["GET"]}}],"collection":[{"href":"https:\/\/www.somospopular.com.br\/especialistas\/wp-json\/wp\/v2\/negocio"}],"about":[{"href":"https:\/\/www.somospopular.com.br\/especialistas\/wp-json\/wp\/v2\/types\/negocio"}],"author":[{"embeddable":true,"href":"https:\/\/www.somospopular.com.br\/especialistas\/wp-json\/wp\/v2\/users\/1"}],"wp:attachment":[{"href":"https:\/\/www.somospopular.com.br\/especialistas\/wp-json\/wp\/v2\/media?parent=171376"}],"wp:term":[{"taxonomy":"bairro","embeddable":true,"href":"https:\/\/www.somospopular.com.br\/especialistas\/wp-json\/wp\/v2\/bairro?post=171376"},{"taxonomy":"categoria_parceiro","embeddable":true,"href":"https:\/\/www.somospopular.com.br\/especialistas\/wp-json\/wp\/v2\/categoria_parceiro?post=171376"},{"taxonomy":"topico-parceiro","embeddable":true,"href":"https:\/\/www.somospopular.com.br\/especialistas\/wp-json\/wp\/v2\/topico-parceiro?post=171376"}],"curies":[{"name":"wp","href":"https:\/\/api.w.org\/{rel}","templated":true}]}}