{"id":172423,"date":"2021-11-26T21:56:14","date_gmt":"2021-11-27T00:56:14","guid":{"rendered":"https:\/\/www.somospopular.com.br\/especialistas\/dra-bruna-pereira-rocha-scodeler-dermatologista-em-mg\/"},"modified":"2023-05-20T17:49:42","modified_gmt":"2023-05-20T20:49:42","slug":"dra-bruna-pereira-rocha-scodeler-dermatologista-em-jacutinga-mg","status":"publish","type":"negocio","link":"https:\/\/www.somospopular.com.br\/especialistas\/dra-bruna-pereira-rocha-scodeler-dermatologista-em-jacutinga-mg\/","title":{"rendered":"Dra. Bruna Pereira Rocha Scodeler Dermatologista, Especialista em Cl\u00ednica M\u00e9dica, Florian\u00f3polis &#8211; Agende uma consulta &#8211; MG"},"content":{"rendered":"<p>T\u00edtulo de Especialista pela Sociedade Brasileira de Dermatologia<br \/>\nMembro Titular da Sociedade Brasileira de Dermatologia e Sociedade Brasileira de Cirurgia Dermatol\u00f3gica<br \/>\nGradua\u00e7\u00e3o em Medicina pela Faculdade de Medicina de Araraquara  (2010 -2015)<br \/>\nResid\u00eancia M\u00e9dica em Cl\u00ednica M\u00e9dica pela Faculdade de Medicina de Jundia\u00ed (2016 \u0096 2018)<br \/>\nP\u00f3s Gradua\u00e7\u00e3o em Dermatologia pelo Instituto de Dermatologia Professor Rubem David Azulay \u0096 Santa Casa do Rio de Janeiro (2019 \u0096 2022)<br \/>\nEspecializa\u00e7\u00e3o em Cosmiatria por Bravo Cursos \u0096 Dra Bruna F\u00e9lix Bravo (2021 -2022)<br \/>\nCurso Extensivo de Tricologia \u0096 Alopecia Hands On (2021)<br \/>\nPreceptora do Ambulat\u00f3rio de Cabelos e Unhas da Resid\u00eancia de Dermatologia do Hospital Santa Teresa &#8211; Santa Catarina &#8211; (2022-2023)<\/p>\n<h2>Dermatologista em Jacutinga &#8211; MG<\/h2>\n<p><strong>Endere\u00e7o:<\/strong> Rua Marechal Deodoro 845, Centro, Jacutinga &#8211; MG<br \/>\n<strong>CEP: <\/strong>37590-000<\/p>\n<p><span class=\"phone-hidden\"><strong>Telefone:<\/strong> (11) 99429-0322 (35) 3443-2008<\/span><br \/>\nCl\u00ednica CBA Jacutinga  Cart\u00e3o de Cr\u00e9dito, <\/p>\n<p>\t\t\t\t\t\t\t\t\t\t\t\t\t\t\t\tDinheiro, <\/p>\n<p>\t\t\t\t\t\t\t\t\t\t\t\t\t\t\t\tCart\u00e3o de D\u00e9bito, <\/p>\n<p>\t\t\t\t\t\t\t\t\t+ 1 mais<\/p>\n<h2>Dra. Bruna Pereira Rocha Scodeler Dermatologista, Especialista em Cl\u00ednica M\u00e9dica, Florian\u00f3polis &#8211; Agende uma consulta<\/h2>\n<p>Economize agendando um hor\u00e1rio online com Dra. Bruna Pereira Rocha Scodeler, Dermatologista, Especialista em Cl\u00ednica M\u00e9dica em Florian\u00f3polis. Escolha uma data e fa\u00e7a o agendamento em alguns segundos Cosmiatria, Cirurgia Das Unhas, Doen\u00e7as Do Cabelo E Unhas.<\/p>\n<p><span class=\"maps-hidden\"><a href=\"https:\/\/www.google.com\/maps\/search\/?api=1&#038;query=Rua Marechal Deodoro 845, Centro, Jacutinga - MG - 37590-000\" target=\"_blank\" rel=\"noopener\">COMO CHEGAR?<\/a><\/span><\/p>\n<h3 class=\"flex-grow-1 mb-0\">Experi\u00eancia<\/h3>\n<ul class=\"list-unstyled text-list\">\n<li>\n\t\t\t\t\tCosmiatria<\/p>\n<hr class=\"my-1\"><\/li>\n<li>\n\t\t\t\t\tCirurgia das Unhas<\/p>\n<hr class=\"my-1\"><\/li>\n<li>\n\t\t\t\t\tDoen\u00e7as do Cabelo e Unhas<\/p>\n<hr class=\"my-1\"><\/li>\n<li>\n\t\t\t\t\tTricologia\n\t\t\t\t\t\t\t\t\t<\/li>\n<\/ul>\n<hr \/>\n<ul>\n<li><a href=\"\/especialistas\/#gsc.tab=0&#038;gsc.q=Especialista%20em%20varizes%20belo%20horizonte\" title=\"Varizes\" class=\"textbody\">Varizes<\/a><\/li>\n<hr >\n<li><a href=\"\/especialistas\/#gsc.tab=0&#038;gsc.q=Especialista%20em%20varizes%20nas%20pernas%20belo%20horizonte\" title=\"Varizes nas pernas\" class=\"textbody\">Varizes nas pernas<\/a><\/li>\n<hr >\n<li><a href=\"\/especialistas\/#gsc.tab=0&#038;gsc.q=Especialista%20em%20embolia%20e%20trombose%20belo%20horizonte\" title=\"Embolia E Trombose\" class=\"textbody\">Embolia E Trombose<\/a><\/li>\n<hr >\n<li><a href=\"\/especialistas\/#gsc.tab=0&#038;gsc.q=Especialista%20em%20pe%20diabetico%20belo%20horizonte\" title=\"P\u00e9 Diab\u00e9tico\" class=\"textbody\">P\u00e9 Diab\u00e9tico<\/a><\/li>\n<hr >\n<li><a href=\"\/especialistas\/#gsc.tab=0&#038;gsc.q=Especialista%20em%20insuficiencia%20venosa%20belo%20horizonte\" title=\"Insufici\u00eancia Venosa\" class=\"textbody\">Insufici\u00eancia Venosa<\/a><\/li>\n<hr >\n<li><a href=\"\/especialistas\/#gsc.tab=0&#038;gsc.q=Especialista%20em%20doencas%20vasculares%20perifericas%20belo%20horizonte\" title=\"Doen\u00e7as Vasculares Perif\u00e9ricas\" class=\"textbody\">Doen\u00e7as Vasculares Perif\u00e9ricas<\/a><\/li>\n<hr >\n<li><a href=\"\/especialistas\/#gsc.tab=0&#038;gsc.q=Especialista%20em%20doencas%20das%20arterias%20carotidas%20belo%20horizonte\" title=\"Doen\u00e7as Das Art\u00e9rias Car\u00f3tidas\" class=\"textbody\">Doen\u00e7as Das Art\u00e9rias Car\u00f3tidas<\/a><\/li>\n<hr >\n<li><a href=\"\/especialistas\/#gsc.tab=0&#038;gsc.q=Especialista%20em%20ulcera%20varicosa%20belo%20horizonte\" title=\"\u00dalcera Varicosa\" class=\"textbody\">\u00dalcera Varicosa<\/a><\/li>\n<hr >\n<li><a href=\"\/especialistas\/#gsc.tab=0&#038;gsc.q=Especialista%20em%20telangiectasia%20belo%20horizonte\" title=\"Telangiectasia\" class=\"textbody\">Telangiectasia<\/a><\/li>\n<hr >\n<li><a href=\"\/especialistas\/#gsc.tab=0&#038;gsc.q=Especialista%20em%20aneurisma%20belo%20horizonte\" title=\"Aneurisma\" class=\"textbody\">Aneurisma<\/a><\/li>\n<hr >\n<li><a href=\"\/especialistas\/#gsc.tab=0&#038;gsc.q=Especialista%20em%20vasculite%20belo%20horizonte\" title=\"Vasculite\" class=\"textbody\">Vasculite<\/a><\/li>\n<hr >\n<li><a href=\"\/especialistas\/#gsc.tab=0&#038;gsc.q=Especialista%20em%20linfedema%20belo%20horizonte\" title=\"Linfedema\" class=\"textbody\">Linfedema<\/a><\/li>\n<hr >\n<li><a href=\"\/especialistas\/#gsc.tab=0&#038;gsc.q=Especialista%20em%20doencas%20linfaticas%20belo%20horizonte\" title=\"Doen\u00e7as Linf\u00e1ticas\" class=\"textbody\">Doen\u00e7as Linf\u00e1ticas<\/a><\/li>\n<\/ul>\n<hr \/>\n<p><strong>T\u00f3picos:<\/strong> Dermatologista em Jacutinga &#8211; MG <span class=\"topic-hidden\">| Especialista em Cl\u00ednica M\u00e9dica em Jacutinga &#8211; MG  <\/span><\/p>\n","protected":false},"author":1,"featured_media":0,"template":"","bairro":[10498],"categoria_parceiro":[20537,20845],"topico-parceiro":[26118,26119],"class_list":["post-172423","negocio","type-negocio","status-publish","hentry","bairro-centro-jacutinga-mg","categoria_parceiro-dermatologista","categoria_parceiro-especialista-em-clinica-medica","topico-parceiro-dermatologista-em-jacutinga-mg","topico-parceiro-especialista-em-clinica-medica-em-jacutinga-mg"],"yoast_head":"<!-- This site is optimized with the Yoast SEO Premium plugin v20.9 (Yoast SEO v27.4) - https:\/\/yoast.com\/product\/yoast-seo-premium-wordpress\/ -->\n<title>Dra. Bruna Pereira Rocha Scodeler Dermatologista, Especialista em Cl\u00ednica M\u00e9dica, Florian\u00f3polis - Agende uma consulta - MG<\/title>\n<meta name=\"description\" content=\"Economize agendando um hor\u00e1rio online com Dra. Bruna Pereira Rocha Scodeler, Dermatologista, Especialista em Cl\u00ednica M\u00e9dica em Florian\u00f3polis. Escolha uma data e fa\u00e7a o agendamento em alguns segundos Cosmiatria, Cirurgia Das Unhas, Doen\u00e7as Do Cabelo E Unhas.\" \/>\n<meta name=\"robots\" content=\"index, follow, max-snippet:-1, max-image-preview:large, max-video-preview:-1\" \/>\n<link rel=\"canonical\" href=\"https:\/\/www.somospopular.com.br\/especialistas\/dra-bruna-pereira-rocha-scodeler-dermatologista-em-jacutinga-mg\/\" \/>\n<meta property=\"og:locale\" content=\"pt_BR\" \/>\n<meta property=\"og:type\" content=\"article\" \/>\n<meta property=\"og:title\" content=\"Dra. Bruna Pereira Rocha Scodeler Dermatologista, Especialista em Cl\u00ednica M\u00e9dica, Florian\u00f3polis - Agende uma consulta - MG\" \/>\n<meta property=\"og:description\" content=\"Dra. Bruna Pereira Rocha Scodeler Dermatologista, Especialista em Cl\u00ednica M\u00e9dica, Florian\u00f3polis - Agende uma consulta - MG. Cl\u00ednica Veterin\u00e1ria Popular com pre\u00e7os acess\u00edveis. Especialistas\" \/>\n<meta property=\"og:url\" content=\"https:\/\/www.somospopular.com.br\/especialistas\/dra-bruna-pereira-rocha-scodeler-dermatologista-em-jacutinga-mg\/\" \/>\n<meta property=\"og:site_name\" content=\"Especialistas\" \/>\n<meta property=\"article:modified_time\" content=\"2023-05-20T20:49:42+00:00\" \/>\n<meta name=\"twitter:card\" content=\"summary_large_image\" \/>\n<meta name=\"twitter:title\" content=\"Dra. Bruna Pereira Rocha Scodeler Dermatologista, Especialista em Cl\u00ednica M\u00e9dica, Florian\u00f3polis - Agende uma consulta - MG\" \/>\n<meta name=\"twitter:label1\" content=\"Est. tempo de leitura\" \/>\n\t<meta name=\"twitter:data1\" content=\"1 minuto\" \/>\n<script type=\"application\/ld+json\" class=\"yoast-schema-graph\">{\"@context\":\"https:\\\/\\\/schema.org\",\"@graph\":[{\"@type\":\"WebPage\",\"@id\":\"https:\\\/\\\/www.somospopular.com.br\\\/especialistas\\\/dra-bruna-pereira-rocha-scodeler-dermatologista-em-jacutinga-mg\\\/\",\"url\":\"https:\\\/\\\/www.somospopular.com.br\\\/especialistas\\\/dra-bruna-pereira-rocha-scodeler-dermatologista-em-jacutinga-mg\\\/\",\"name\":\"Dra. Bruna Pereira Rocha Scodeler Dermatologista, Especialista em Cl\u00ednica M\u00e9dica, Florian\u00f3polis - Agende uma consulta - MG\",\"isPartOf\":{\"@id\":\"https:\\\/\\\/www.somospopular.com.br\\\/especialistas\\\/#website\"},\"datePublished\":\"2021-11-27T00:56:14+00:00\",\"dateModified\":\"2023-05-20T20:49:42+00:00\",\"description\":\"Economize agendando um hor\u00e1rio online com Dra. Bruna Pereira Rocha Scodeler, Dermatologista, Especialista em Cl\u00ednica M\u00e9dica em Florian\u00f3polis. Escolha uma data e fa\u00e7a o agendamento em alguns segundos Cosmiatria, Cirurgia Das Unhas, Doen\u00e7as Do Cabelo E Unhas.\",\"breadcrumb\":{\"@id\":\"https:\\\/\\\/www.somospopular.com.br\\\/especialistas\\\/dra-bruna-pereira-rocha-scodeler-dermatologista-em-jacutinga-mg\\\/#breadcrumb\"},\"inLanguage\":\"pt-BR\",\"potentialAction\":[{\"@type\":\"ReadAction\",\"target\":[\"https:\\\/\\\/www.somospopular.com.br\\\/especialistas\\\/dra-bruna-pereira-rocha-scodeler-dermatologista-em-jacutinga-mg\\\/\"]}]},{\"@type\":\"BreadcrumbList\",\"@id\":\"https:\\\/\\\/www.somospopular.com.br\\\/especialistas\\\/dra-bruna-pereira-rocha-scodeler-dermatologista-em-jacutinga-mg\\\/#breadcrumb\",\"itemListElement\":[{\"@type\":\"ListItem\",\"position\":1,\"name\":\"Especialista\",\"item\":\"https:\\\/\\\/www.somospopular.com.br\\\/especialistas\\\/\"},{\"@type\":\"ListItem\",\"position\":2,\"name\":\"Parceiros\",\"item\":\"https:\\\/\\\/www.somospopular.com.br\\\/especialistas\\\/negocio\\\/\"},{\"@type\":\"ListItem\",\"position\":3,\"name\":\"Dermatologista\",\"item\":\"https:\\\/\\\/www.somospopular.com.br\\\/especialistas\\\/dermatologista\\\/\"},{\"@type\":\"ListItem\",\"position\":4,\"name\":\"Dra. Bruna Pereira Rocha Scodeler Dermatologista, Especialista em Cl\u00ednica M\u00e9dica, Florian\u00f3polis &#8211; Agende uma consulta &#8211; MG\"}]},{\"@type\":\"WebSite\",\"@id\":\"https:\\\/\\\/www.somospopular.com.br\\\/especialistas\\\/#website\",\"url\":\"https:\\\/\\\/www.somospopular.com.br\\\/especialistas\\\/\",\"name\":\"Especialistas\",\"description\":\"Somos Popular\",\"publisher\":{\"@id\":\"https:\\\/\\\/www.somospopular.com.br\\\/especialistas\\\/#organization\"},\"potentialAction\":[{\"@type\":\"SearchAction\",\"target\":{\"@type\":\"EntryPoint\",\"urlTemplate\":\"https:\\\/\\\/www.somospopular.com.br\\\/especialistas\\\/?s={search_term_string}\"},\"query-input\":{\"@type\":\"PropertyValueSpecification\",\"valueRequired\":true,\"valueName\":\"search_term_string\"}}],\"inLanguage\":\"pt-BR\"},{\"@type\":\"Organization\",\"@id\":\"https:\\\/\\\/www.somospopular.com.br\\\/especialistas\\\/#organization\",\"name\":\"M\u00e9dicos Especialistas - Somos Popular\",\"alternateName\":\"M\u00e9dicos Especialistas\",\"url\":\"https:\\\/\\\/www.somospopular.com.br\\\/especialistas\\\/\",\"logo\":{\"@type\":\"ImageObject\",\"inLanguage\":\"pt-BR\",\"@id\":\"https:\\\/\\\/www.somospopular.com.br\\\/especialistas\\\/#\\\/schema\\\/logo\\\/image\\\/\",\"url\":\"https:\\\/\\\/www.somospopular.com.br\\\/especialistas\\\/wp-content\\\/uploads\\\/sites\\\/13\\\/2022\\\/05\\\/somos-popular-logo-80.webp\",\"contentUrl\":\"https:\\\/\\\/www.somospopular.com.br\\\/especialistas\\\/wp-content\\\/uploads\\\/sites\\\/13\\\/2022\\\/05\\\/somos-popular-logo-80.webp\",\"width\":325,\"height\":80,\"caption\":\"M\u00e9dicos Especialistas - Somos Popular\"},\"image\":{\"@id\":\"https:\\\/\\\/www.somospopular.com.br\\\/especialistas\\\/#\\\/schema\\\/logo\\\/image\\\/\"}}]}<\/script>\n<!-- \/ Yoast SEO Premium plugin. -->","yoast_head_json":{"title":"Dra. Bruna Pereira Rocha Scodeler Dermatologista, Especialista em Cl\u00ednica M\u00e9dica, Florian\u00f3polis - Agende uma consulta - MG","description":"Economize agendando um hor\u00e1rio online com Dra. Bruna Pereira Rocha Scodeler, Dermatologista, Especialista em Cl\u00ednica M\u00e9dica em Florian\u00f3polis. Escolha uma data e fa\u00e7a o agendamento em alguns segundos Cosmiatria, Cirurgia Das Unhas, Doen\u00e7as Do Cabelo E Unhas.","robots":{"index":"index","follow":"follow","max-snippet":"max-snippet:-1","max-image-preview":"max-image-preview:large","max-video-preview":"max-video-preview:-1"},"canonical":"https:\/\/www.somospopular.com.br\/especialistas\/dra-bruna-pereira-rocha-scodeler-dermatologista-em-jacutinga-mg\/","og_locale":"pt_BR","og_type":"article","og_title":"Dra. Bruna Pereira Rocha Scodeler Dermatologista, Especialista em Cl\u00ednica M\u00e9dica, Florian\u00f3polis - Agende uma consulta - MG","og_description":"Dra. Bruna Pereira Rocha Scodeler Dermatologista, Especialista em Cl\u00ednica M\u00e9dica, Florian\u00f3polis - Agende uma consulta - MG. Cl\u00ednica Veterin\u00e1ria Popular com pre\u00e7os acess\u00edveis. Especialistas","og_url":"https:\/\/www.somospopular.com.br\/especialistas\/dra-bruna-pereira-rocha-scodeler-dermatologista-em-jacutinga-mg\/","og_site_name":"Especialistas","article_modified_time":"2023-05-20T20:49:42+00:00","twitter_card":"summary_large_image","twitter_title":"Dra. Bruna Pereira Rocha Scodeler Dermatologista, Especialista em Cl\u00ednica M\u00e9dica, Florian\u00f3polis - Agende uma consulta - MG","twitter_misc":{"Est. tempo de leitura":"1 minuto"},"schema":{"@context":"https:\/\/schema.org","@graph":[{"@type":"WebPage","@id":"https:\/\/www.somospopular.com.br\/especialistas\/dra-bruna-pereira-rocha-scodeler-dermatologista-em-jacutinga-mg\/","url":"https:\/\/www.somospopular.com.br\/especialistas\/dra-bruna-pereira-rocha-scodeler-dermatologista-em-jacutinga-mg\/","name":"Dra. Bruna Pereira Rocha Scodeler Dermatologista, Especialista em Cl\u00ednica M\u00e9dica, Florian\u00f3polis - Agende uma consulta - MG","isPartOf":{"@id":"https:\/\/www.somospopular.com.br\/especialistas\/#website"},"datePublished":"2021-11-27T00:56:14+00:00","dateModified":"2023-05-20T20:49:42+00:00","description":"Economize agendando um hor\u00e1rio online com Dra. Bruna Pereira Rocha Scodeler, Dermatologista, Especialista em Cl\u00ednica M\u00e9dica em Florian\u00f3polis. Escolha uma data e fa\u00e7a o agendamento em alguns segundos Cosmiatria, Cirurgia Das Unhas, Doen\u00e7as Do Cabelo E Unhas.","breadcrumb":{"@id":"https:\/\/www.somospopular.com.br\/especialistas\/dra-bruna-pereira-rocha-scodeler-dermatologista-em-jacutinga-mg\/#breadcrumb"},"inLanguage":"pt-BR","potentialAction":[{"@type":"ReadAction","target":["https:\/\/www.somospopular.com.br\/especialistas\/dra-bruna-pereira-rocha-scodeler-dermatologista-em-jacutinga-mg\/"]}]},{"@type":"BreadcrumbList","@id":"https:\/\/www.somospopular.com.br\/especialistas\/dra-bruna-pereira-rocha-scodeler-dermatologista-em-jacutinga-mg\/#breadcrumb","itemListElement":[{"@type":"ListItem","position":1,"name":"Especialista","item":"https:\/\/www.somospopular.com.br\/especialistas\/"},{"@type":"ListItem","position":2,"name":"Parceiros","item":"https:\/\/www.somospopular.com.br\/especialistas\/negocio\/"},{"@type":"ListItem","position":3,"name":"Dermatologista","item":"https:\/\/www.somospopular.com.br\/especialistas\/dermatologista\/"},{"@type":"ListItem","position":4,"name":"Dra. Bruna Pereira Rocha Scodeler Dermatologista, Especialista em Cl\u00ednica M\u00e9dica, Florian\u00f3polis &#8211; Agende uma consulta &#8211; MG"}]},{"@type":"WebSite","@id":"https:\/\/www.somospopular.com.br\/especialistas\/#website","url":"https:\/\/www.somospopular.com.br\/especialistas\/","name":"Especialistas","description":"Somos Popular","publisher":{"@id":"https:\/\/www.somospopular.com.br\/especialistas\/#organization"},"potentialAction":[{"@type":"SearchAction","target":{"@type":"EntryPoint","urlTemplate":"https:\/\/www.somospopular.com.br\/especialistas\/?s={search_term_string}"},"query-input":{"@type":"PropertyValueSpecification","valueRequired":true,"valueName":"search_term_string"}}],"inLanguage":"pt-BR"},{"@type":"Organization","@id":"https:\/\/www.somospopular.com.br\/especialistas\/#organization","name":"M\u00e9dicos Especialistas - Somos Popular","alternateName":"M\u00e9dicos Especialistas","url":"https:\/\/www.somospopular.com.br\/especialistas\/","logo":{"@type":"ImageObject","inLanguage":"pt-BR","@id":"https:\/\/www.somospopular.com.br\/especialistas\/#\/schema\/logo\/image\/","url":"https:\/\/www.somospopular.com.br\/especialistas\/wp-content\/uploads\/sites\/13\/2022\/05\/somos-popular-logo-80.webp","contentUrl":"https:\/\/www.somospopular.com.br\/especialistas\/wp-content\/uploads\/sites\/13\/2022\/05\/somos-popular-logo-80.webp","width":325,"height":80,"caption":"M\u00e9dicos Especialistas - Somos Popular"},"image":{"@id":"https:\/\/www.somospopular.com.br\/especialistas\/#\/schema\/logo\/image\/"}}]}},"_links":{"self":[{"href":"https:\/\/www.somospopular.com.br\/especialistas\/wp-json\/wp\/v2\/negocio\/172423","targetHints":{"allow":["GET"]}}],"collection":[{"href":"https:\/\/www.somospopular.com.br\/especialistas\/wp-json\/wp\/v2\/negocio"}],"about":[{"href":"https:\/\/www.somospopular.com.br\/especialistas\/wp-json\/wp\/v2\/types\/negocio"}],"author":[{"embeddable":true,"href":"https:\/\/www.somospopular.com.br\/especialistas\/wp-json\/wp\/v2\/users\/1"}],"wp:attachment":[{"href":"https:\/\/www.somospopular.com.br\/especialistas\/wp-json\/wp\/v2\/media?parent=172423"}],"wp:term":[{"taxonomy":"bairro","embeddable":true,"href":"https:\/\/www.somospopular.com.br\/especialistas\/wp-json\/wp\/v2\/bairro?post=172423"},{"taxonomy":"categoria_parceiro","embeddable":true,"href":"https:\/\/www.somospopular.com.br\/especialistas\/wp-json\/wp\/v2\/categoria_parceiro?post=172423"},{"taxonomy":"topico-parceiro","embeddable":true,"href":"https:\/\/www.somospopular.com.br\/especialistas\/wp-json\/wp\/v2\/topico-parceiro?post=172423"}],"curies":[{"name":"wp","href":"https:\/\/api.w.org\/{rel}","templated":true}]}}