{"id":173020,"date":"2020-05-13T03:03:08","date_gmt":"2020-05-13T06:03:08","guid":{"rendered":"https:\/\/www.somospopular.com.br\/especialistas\/dra-erica-orneles-especialista-em-diagnostico-por-imagem-em-ba\/"},"modified":"2023-05-20T17:56:35","modified_gmt":"2023-05-20T20:56:35","slug":"dra-erica-orneles-especialista-em-diagnostico-por-imagem-em-vitoria-da-conquista-ba","status":"publish","type":"negocio","link":"https:\/\/www.somospopular.com.br\/especialistas\/dra-erica-orneles-especialista-em-diagnostico-por-imagem-em-vitoria-da-conquista-ba\/","title":{"rendered":"Dra. Erica Orneles &#8211; Especialista em Diagn\u00f3stico por imagem, Radiologista Vit\u00f3ria Da Conquista &#8211; BA"},"content":{"rendered":"<h2>Especialista em Diagn\u00f3stico por imagem em Vit\u00f3ria da Conquista &#8211; BA<\/h2>\n<p><strong>Endere\u00e7o:<\/strong> Avenida Ot\u00e1vio Santos 227, Recreio, Vit\u00f3ria da Conquista &#8211; BA<br \/>\n<strong>CEP: <\/strong>45000-000<\/p>\n<p><span class=\"phone-hidden\"><strong>Telefone:<\/strong>  <\/span><\/p>\n<h2>Dra. Erica Orneles &#8211; Especialista em Diagn\u00f3stico por imagem, Radiologista Vit\u00f3ria Da Conquista<\/h2>\n<p>Dra. Erica Orneles, Especialista em Diagn\u00f3stico por imagem, Radiologista em Vit\u00f3ria Da Conquista. Agende uma consulta com os melhores profissionais de sa\u00fade em Brasil. Ultrassonografia, Ultrassonografia Com Doppler, Ecografia Vascular Perif\u00e9rica Con Doppler.<\/p>\n<p><span class=\"maps-hidden\"><a href=\"https:\/\/www.google.com\/maps\/search\/?api=1&#038;query=Avenida Ot\u00e1vio Santos 227, Recreio, Vit\u00f3ria da Conquista - BA - 45000-000\" target=\"_blank\" rel=\"noopener\">COMO CHEGAR?<\/a><\/span><\/p>\n<h3 class=\"flex-grow-1 mb-0\">Experi\u00eancia<\/h3>\n<ul class=\"list-unstyled text-list\">\n<li>\n\t\t\t\t\tUltrassonografia<\/p>\n<hr class=\"my-1\"><\/li>\n<li>\n\t\t\t\t\tUltrassonografia com Doppler<\/p>\n<hr class=\"my-1\"><\/li>\n<li>\n\t\t\t\t\tEcografia vascular perif\u00e9rica con Doppler<\/p>\n<hr class=\"my-1\"><\/li>\n<li>\n\t\t\t\t\tUltrassonografia Geral<\/p>\n<hr class=\"my-1\"><\/li>\n<li>\n\t\t\t\t\tEcografia\n\t\t\t\t\t\t\t\t\t<\/li>\n<\/ul>\n<hr \/>\n<ul>\n<li><a href=\"\/especialistas\/#gsc.tab=0&#038;gsc.q=Especialista%20em%20asma%20barretos\" title=\"Asma\" class=\"textbody\">Asma<\/a><\/li>\n<hr >\n<li><a href=\"\/especialistas\/#gsc.tab=0&#038;gsc.q=Especialista%20em%20urticaria%20barretos\" title=\"Urtic\u00e1ria\" class=\"textbody\">Urtic\u00e1ria<\/a><\/li>\n<hr >\n<li><a href=\"\/especialistas\/#gsc.tab=0&#038;gsc.q=Especialista%20em%20alergias%20alimentares%202%20barretos\" title=\"Alergias alimentares\" class=\"textbody\">Alergias alimentares<\/a><\/li>\n<hr >\n<li><a href=\"\/especialistas\/#gsc.tab=0&#038;gsc.q=Especialista%20em%20rinite%20barretos\" title=\"Rinite\" class=\"textbody\">Rinite<\/a><\/li>\n<hr >\n<li><a href=\"\/especialistas\/#gsc.tab=0&#038;gsc.q=Especialista%20em%20alergia%20a%20medicamentos%20barretos\" title=\"Alergia a medicamentos\" class=\"textbody\">Alergia a medicamentos<\/a><\/li>\n<hr >\n<li><a href=\"\/especialistas\/#gsc.tab=0&#038;gsc.q=Especialista%20em%20alergia%20aos%20acaros%20do%20po%20barretos\" title=\"Alergia aos \u00e1caros do p\u00f3\" class=\"textbody\">Alergia aos \u00e1caros do p\u00f3<\/a><\/li>\n<hr >\n<li><a href=\"\/especialistas\/#gsc.tab=0&#038;gsc.q=Especialista%20em%20alergia%20dermatologica%20barretos\" title=\"Alergia Dermatol\u00f3gica\" class=\"textbody\">Alergia Dermatol\u00f3gica<\/a><\/li>\n<hr >\n<li><a href=\"\/especialistas\/#gsc.tab=0&#038;gsc.q=Especialista%20em%20dermatite%20de%20contato%20barretos\" title=\"Dermatite de contato\" class=\"textbody\">Dermatite de contato<\/a><\/li>\n<hr >\n<li><a href=\"\/especialistas\/#gsc.tab=0&#038;gsc.q=Especialista%20em%20anafilaxia%20barretos\" title=\"Anafilaxia\" class=\"textbody\">Anafilaxia<\/a><\/li>\n<hr >\n<li><a href=\"\/especialistas\/#gsc.tab=0&#038;gsc.q=Especialista%20em%20conjuntivite%20alergica%20barretos\" title=\"Conjuntivite Al\u00e9rgica\" class=\"textbody\">Conjuntivite Al\u00e9rgica<\/a><\/li>\n<\/ul>\n<hr \/>\n<p><strong>T\u00f3picos:<\/strong> Especialista em Diagn\u00f3stico por imagem em Vit\u00f3ria da Conquista &#8211; BA <span class=\"topic-hidden\">| Radiologista em Vit\u00f3ria da Conquista &#8211; BA  Centro medico Ot\u00e1vio Santos , sala 612<\/span><\/p>\n","protected":false},"author":1,"featured_media":0,"template":"","bairro":[6606],"categoria_parceiro":[20664,20665],"topico-parceiro":[23949,26342],"class_list":["post-173020","negocio","type-negocio","status-publish","hentry","bairro-recreio-vitoria-da-conquista-ba","categoria_parceiro-especialista-em-diagnostico-por-imagem","categoria_parceiro-radiologista","topico-parceiro-especialista-em-diagnostico-por-imagem-em-vitoria-da-conquista-ba","topico-parceiro-radiologista-em-vitoria-da-conquista-ba"],"yoast_head":"<!-- This site is optimized with the Yoast SEO Premium plugin v20.9 (Yoast SEO v27.5) - https:\/\/yoast.com\/product\/yoast-seo-premium-wordpress\/ -->\n<title>Dra. Erica Orneles - Especialista em Diagn\u00f3stico por imagem, Radiologista Vit\u00f3ria Da Conquista - BA<\/title>\n<meta name=\"description\" content=\"Dra. Erica Orneles, Especialista em Diagn\u00f3stico por imagem, Radiologista em Vit\u00f3ria Da Conquista. Agende uma consulta com os melhores profissionais de sa\u00fade em Brasil. Ultrassonografia, Ultrassonografia Com Doppler, Ecografia Vascular Perif\u00e9rica Con Doppler.\" \/>\n<meta name=\"robots\" content=\"index, follow, max-snippet:-1, max-image-preview:large, max-video-preview:-1\" \/>\n<link rel=\"canonical\" href=\"https:\/\/www.somospopular.com.br\/especialistas\/dra-erica-orneles-especialista-em-diagnostico-por-imagem-em-vitoria-da-conquista-ba\/\" \/>\n<meta property=\"og:locale\" content=\"pt_BR\" \/>\n<meta property=\"og:type\" content=\"article\" \/>\n<meta property=\"og:title\" content=\"Dra. Erica Orneles - Especialista em Diagn\u00f3stico por imagem, Radiologista Vit\u00f3ria Da Conquista - BA\" \/>\n<meta property=\"og:description\" content=\"Dra. Erica Orneles - Especialista em Diagn\u00f3stico por imagem, Radiologista Vit\u00f3ria Da Conquista - BA. Cl\u00ednica Veterin\u00e1ria Popular com pre\u00e7os acess\u00edveis. Especialistas\" \/>\n<meta property=\"og:url\" content=\"https:\/\/www.somospopular.com.br\/especialistas\/dra-erica-orneles-especialista-em-diagnostico-por-imagem-em-vitoria-da-conquista-ba\/\" \/>\n<meta property=\"og:site_name\" content=\"Especialistas\" \/>\n<meta property=\"article:modified_time\" content=\"2023-05-20T20:56:35+00:00\" \/>\n<meta name=\"twitter:card\" content=\"summary_large_image\" \/>\n<meta name=\"twitter:title\" content=\"Dra. Erica Orneles - Especialista em Diagn\u00f3stico por imagem, Radiologista Vit\u00f3ria Da Conquista - BA\" \/>\n<meta name=\"twitter:label1\" content=\"Est. tempo de leitura\" \/>\n\t<meta name=\"twitter:data1\" content=\"1 minuto\" \/>\n<script type=\"application\/ld+json\" class=\"yoast-schema-graph\">{\"@context\":\"https:\\\/\\\/schema.org\",\"@graph\":[{\"@type\":\"WebPage\",\"@id\":\"https:\\\/\\\/www.somospopular.com.br\\\/especialistas\\\/dra-erica-orneles-especialista-em-diagnostico-por-imagem-em-vitoria-da-conquista-ba\\\/\",\"url\":\"https:\\\/\\\/www.somospopular.com.br\\\/especialistas\\\/dra-erica-orneles-especialista-em-diagnostico-por-imagem-em-vitoria-da-conquista-ba\\\/\",\"name\":\"Dra. Erica Orneles - Especialista em Diagn\u00f3stico por imagem, Radiologista Vit\u00f3ria Da Conquista - BA\",\"isPartOf\":{\"@id\":\"https:\\\/\\\/www.somospopular.com.br\\\/especialistas\\\/#website\"},\"datePublished\":\"2020-05-13T06:03:08+00:00\",\"dateModified\":\"2023-05-20T20:56:35+00:00\",\"description\":\"Dra. Erica Orneles, Especialista em Diagn\u00f3stico por imagem, Radiologista em Vit\u00f3ria Da Conquista. Agende uma consulta com os melhores profissionais de sa\u00fade em Brasil. Ultrassonografia, Ultrassonografia Com Doppler, Ecografia Vascular Perif\u00e9rica Con Doppler.\",\"breadcrumb\":{\"@id\":\"https:\\\/\\\/www.somospopular.com.br\\\/especialistas\\\/dra-erica-orneles-especialista-em-diagnostico-por-imagem-em-vitoria-da-conquista-ba\\\/#breadcrumb\"},\"inLanguage\":\"pt-BR\",\"potentialAction\":[{\"@type\":\"ReadAction\",\"target\":[\"https:\\\/\\\/www.somospopular.com.br\\\/especialistas\\\/dra-erica-orneles-especialista-em-diagnostico-por-imagem-em-vitoria-da-conquista-ba\\\/\"]}]},{\"@type\":\"BreadcrumbList\",\"@id\":\"https:\\\/\\\/www.somospopular.com.br\\\/especialistas\\\/dra-erica-orneles-especialista-em-diagnostico-por-imagem-em-vitoria-da-conquista-ba\\\/#breadcrumb\",\"itemListElement\":[{\"@type\":\"ListItem\",\"position\":1,\"name\":\"Especialista\",\"item\":\"https:\\\/\\\/www.somospopular.com.br\\\/especialistas\\\/\"},{\"@type\":\"ListItem\",\"position\":2,\"name\":\"Parceiros\",\"item\":\"https:\\\/\\\/www.somospopular.com.br\\\/especialistas\\\/negocio\\\/\"},{\"@type\":\"ListItem\",\"position\":3,\"name\":\"Especialista em Diagn\u00f3stico por imagem\",\"item\":\"https:\\\/\\\/www.somospopular.com.br\\\/especialistas\\\/especialista-em-diagnostico-por-imagem\\\/\"},{\"@type\":\"ListItem\",\"position\":4,\"name\":\"Dra. Erica Orneles &#8211; Especialista em Diagn\u00f3stico por imagem, Radiologista Vit\u00f3ria Da Conquista &#8211; BA\"}]},{\"@type\":\"WebSite\",\"@id\":\"https:\\\/\\\/www.somospopular.com.br\\\/especialistas\\\/#website\",\"url\":\"https:\\\/\\\/www.somospopular.com.br\\\/especialistas\\\/\",\"name\":\"Especialistas\",\"description\":\"Somos Popular\",\"publisher\":{\"@id\":\"https:\\\/\\\/www.somospopular.com.br\\\/especialistas\\\/#organization\"},\"potentialAction\":[{\"@type\":\"SearchAction\",\"target\":{\"@type\":\"EntryPoint\",\"urlTemplate\":\"https:\\\/\\\/www.somospopular.com.br\\\/especialistas\\\/?s={search_term_string}\"},\"query-input\":{\"@type\":\"PropertyValueSpecification\",\"valueRequired\":true,\"valueName\":\"search_term_string\"}}],\"inLanguage\":\"pt-BR\"},{\"@type\":\"Organization\",\"@id\":\"https:\\\/\\\/www.somospopular.com.br\\\/especialistas\\\/#organization\",\"name\":\"M\u00e9dicos Especialistas - Somos Popular\",\"alternateName\":\"M\u00e9dicos Especialistas\",\"url\":\"https:\\\/\\\/www.somospopular.com.br\\\/especialistas\\\/\",\"logo\":{\"@type\":\"ImageObject\",\"inLanguage\":\"pt-BR\",\"@id\":\"https:\\\/\\\/www.somospopular.com.br\\\/especialistas\\\/#\\\/schema\\\/logo\\\/image\\\/\",\"url\":\"https:\\\/\\\/www.somospopular.com.br\\\/especialistas\\\/wp-content\\\/uploads\\\/sites\\\/13\\\/2022\\\/05\\\/somos-popular-logo-80.webp\",\"contentUrl\":\"https:\\\/\\\/www.somospopular.com.br\\\/especialistas\\\/wp-content\\\/uploads\\\/sites\\\/13\\\/2022\\\/05\\\/somos-popular-logo-80.webp\",\"width\":325,\"height\":80,\"caption\":\"M\u00e9dicos Especialistas - Somos Popular\"},\"image\":{\"@id\":\"https:\\\/\\\/www.somospopular.com.br\\\/especialistas\\\/#\\\/schema\\\/logo\\\/image\\\/\"}}]}<\/script>\n<!-- \/ Yoast SEO Premium plugin. -->","yoast_head_json":{"title":"Dra. Erica Orneles - Especialista em Diagn\u00f3stico por imagem, Radiologista Vit\u00f3ria Da Conquista - BA","description":"Dra. Erica Orneles, Especialista em Diagn\u00f3stico por imagem, Radiologista em Vit\u00f3ria Da Conquista. Agende uma consulta com os melhores profissionais de sa\u00fade em Brasil. Ultrassonografia, Ultrassonografia Com Doppler, Ecografia Vascular Perif\u00e9rica Con Doppler.","robots":{"index":"index","follow":"follow","max-snippet":"max-snippet:-1","max-image-preview":"max-image-preview:large","max-video-preview":"max-video-preview:-1"},"canonical":"https:\/\/www.somospopular.com.br\/especialistas\/dra-erica-orneles-especialista-em-diagnostico-por-imagem-em-vitoria-da-conquista-ba\/","og_locale":"pt_BR","og_type":"article","og_title":"Dra. Erica Orneles - Especialista em Diagn\u00f3stico por imagem, Radiologista Vit\u00f3ria Da Conquista - BA","og_description":"Dra. Erica Orneles - Especialista em Diagn\u00f3stico por imagem, Radiologista Vit\u00f3ria Da Conquista - BA. Cl\u00ednica Veterin\u00e1ria Popular com pre\u00e7os acess\u00edveis. Especialistas","og_url":"https:\/\/www.somospopular.com.br\/especialistas\/dra-erica-orneles-especialista-em-diagnostico-por-imagem-em-vitoria-da-conquista-ba\/","og_site_name":"Especialistas","article_modified_time":"2023-05-20T20:56:35+00:00","twitter_card":"summary_large_image","twitter_title":"Dra. Erica Orneles - Especialista em Diagn\u00f3stico por imagem, Radiologista Vit\u00f3ria Da Conquista - BA","twitter_misc":{"Est. tempo de leitura":"1 minuto"},"schema":{"@context":"https:\/\/schema.org","@graph":[{"@type":"WebPage","@id":"https:\/\/www.somospopular.com.br\/especialistas\/dra-erica-orneles-especialista-em-diagnostico-por-imagem-em-vitoria-da-conquista-ba\/","url":"https:\/\/www.somospopular.com.br\/especialistas\/dra-erica-orneles-especialista-em-diagnostico-por-imagem-em-vitoria-da-conquista-ba\/","name":"Dra. Erica Orneles - Especialista em Diagn\u00f3stico por imagem, Radiologista Vit\u00f3ria Da Conquista - BA","isPartOf":{"@id":"https:\/\/www.somospopular.com.br\/especialistas\/#website"},"datePublished":"2020-05-13T06:03:08+00:00","dateModified":"2023-05-20T20:56:35+00:00","description":"Dra. Erica Orneles, Especialista em Diagn\u00f3stico por imagem, Radiologista em Vit\u00f3ria Da Conquista. Agende uma consulta com os melhores profissionais de sa\u00fade em Brasil. Ultrassonografia, Ultrassonografia Com Doppler, Ecografia Vascular Perif\u00e9rica Con Doppler.","breadcrumb":{"@id":"https:\/\/www.somospopular.com.br\/especialistas\/dra-erica-orneles-especialista-em-diagnostico-por-imagem-em-vitoria-da-conquista-ba\/#breadcrumb"},"inLanguage":"pt-BR","potentialAction":[{"@type":"ReadAction","target":["https:\/\/www.somospopular.com.br\/especialistas\/dra-erica-orneles-especialista-em-diagnostico-por-imagem-em-vitoria-da-conquista-ba\/"]}]},{"@type":"BreadcrumbList","@id":"https:\/\/www.somospopular.com.br\/especialistas\/dra-erica-orneles-especialista-em-diagnostico-por-imagem-em-vitoria-da-conquista-ba\/#breadcrumb","itemListElement":[{"@type":"ListItem","position":1,"name":"Especialista","item":"https:\/\/www.somospopular.com.br\/especialistas\/"},{"@type":"ListItem","position":2,"name":"Parceiros","item":"https:\/\/www.somospopular.com.br\/especialistas\/negocio\/"},{"@type":"ListItem","position":3,"name":"Especialista em Diagn\u00f3stico por imagem","item":"https:\/\/www.somospopular.com.br\/especialistas\/especialista-em-diagnostico-por-imagem\/"},{"@type":"ListItem","position":4,"name":"Dra. Erica Orneles &#8211; Especialista em Diagn\u00f3stico por imagem, Radiologista Vit\u00f3ria Da Conquista &#8211; BA"}]},{"@type":"WebSite","@id":"https:\/\/www.somospopular.com.br\/especialistas\/#website","url":"https:\/\/www.somospopular.com.br\/especialistas\/","name":"Especialistas","description":"Somos Popular","publisher":{"@id":"https:\/\/www.somospopular.com.br\/especialistas\/#organization"},"potentialAction":[{"@type":"SearchAction","target":{"@type":"EntryPoint","urlTemplate":"https:\/\/www.somospopular.com.br\/especialistas\/?s={search_term_string}"},"query-input":{"@type":"PropertyValueSpecification","valueRequired":true,"valueName":"search_term_string"}}],"inLanguage":"pt-BR"},{"@type":"Organization","@id":"https:\/\/www.somospopular.com.br\/especialistas\/#organization","name":"M\u00e9dicos Especialistas - Somos Popular","alternateName":"M\u00e9dicos Especialistas","url":"https:\/\/www.somospopular.com.br\/especialistas\/","logo":{"@type":"ImageObject","inLanguage":"pt-BR","@id":"https:\/\/www.somospopular.com.br\/especialistas\/#\/schema\/logo\/image\/","url":"https:\/\/www.somospopular.com.br\/especialistas\/wp-content\/uploads\/sites\/13\/2022\/05\/somos-popular-logo-80.webp","contentUrl":"https:\/\/www.somospopular.com.br\/especialistas\/wp-content\/uploads\/sites\/13\/2022\/05\/somos-popular-logo-80.webp","width":325,"height":80,"caption":"M\u00e9dicos Especialistas - Somos Popular"},"image":{"@id":"https:\/\/www.somospopular.com.br\/especialistas\/#\/schema\/logo\/image\/"}}]}},"_links":{"self":[{"href":"https:\/\/www.somospopular.com.br\/especialistas\/wp-json\/wp\/v2\/negocio\/173020","targetHints":{"allow":["GET"]}}],"collection":[{"href":"https:\/\/www.somospopular.com.br\/especialistas\/wp-json\/wp\/v2\/negocio"}],"about":[{"href":"https:\/\/www.somospopular.com.br\/especialistas\/wp-json\/wp\/v2\/types\/negocio"}],"author":[{"embeddable":true,"href":"https:\/\/www.somospopular.com.br\/especialistas\/wp-json\/wp\/v2\/users\/1"}],"wp:attachment":[{"href":"https:\/\/www.somospopular.com.br\/especialistas\/wp-json\/wp\/v2\/media?parent=173020"}],"wp:term":[{"taxonomy":"bairro","embeddable":true,"href":"https:\/\/www.somospopular.com.br\/especialistas\/wp-json\/wp\/v2\/bairro?post=173020"},{"taxonomy":"categoria_parceiro","embeddable":true,"href":"https:\/\/www.somospopular.com.br\/especialistas\/wp-json\/wp\/v2\/categoria_parceiro?post=173020"},{"taxonomy":"topico-parceiro","embeddable":true,"href":"https:\/\/www.somospopular.com.br\/especialistas\/wp-json\/wp\/v2\/topico-parceiro?post=173020"}],"curies":[{"name":"wp","href":"https:\/\/api.w.org\/{rel}","templated":true}]}}