{"id":173116,"date":"2023-10-24T14:26:33","date_gmt":"2023-10-24T17:26:33","guid":{"rendered":"https:\/\/www.somospopular.com.br\/especialistas\/?post_type=negocio&#038;p=173116"},"modified":"2023-05-20T17:57:36","modified_gmt":"2023-05-20T20:57:36","slug":"dra-fernanda-canteli-cirurgiao-geral-em-campinas-sp","status":"publish","type":"negocio","link":"https:\/\/www.somospopular.com.br\/especialistas\/dra-fernanda-canteli-cirurgiao-geral-em-sp\/","title":{"rendered":"Dra. Fernanda Canteli &#8211; Cirurgi\u00e3o geral, Cirurgi\u00e3o vascular Campinas &#8211; SP"},"content":{"rendered":"<p>Graduada pela Funda\u00e7\u00e3o Faculdade de Ci\u00eancias M\u00e9dicas de Porto Alegre em 2005 (atualmente Universidade Federal de Ci\u00eancias da Sa\u00fade &#8211; UFSCPA), com resid\u00eancia m\u00e9dica em Cirurgia Geral pelo Hospital de Cl\u00ednicas de Porto Alegre (2006 a 2008) e em Cirurgia Pedi\u00e1trica pelo Hospital S\u00e3o Lucas da PUCRS, nos anos de 2010 a 2013. Neste hospital seguiu atuando como cirurgi\u00e3 pedi\u00e1trica membro da equipe assistencial e como preceptora da resid\u00eancia m\u00e9dica, auxiliando na forma\u00e7\u00e3o dos novos cirurgi\u00f5es pedi\u00e1tricos. Ali tamb\u00e9m iniciou suas atividades em consult\u00f3rio dentro da especialidade.<br \/>\nRealizou cursos de forma\u00e7\u00e3o em Cirurgia Minimamente Invasiva pelo IRCAD, em Barretos, e, mais recentemente, em Cirurgia Rob\u00f3tica pelo Instituto D&#8217;or, em S\u00e3o Paulo. Atualmente est\u00e1 concluindo p\u00f3s-gradua\u00e7\u00e3o em Auditoria M\u00e9dica pela Faculdade Unimed.<br \/>\nFaz parte do Servi\u00e7o de Cirurgia Pedi\u00e1trica do Hospital Moinhos de Vento, em Porto Alegre. Atua no Hospital F\u00eamina, como cirurgi\u00e3 pedi\u00e1trica assistencial na UTI neonatal. Tamb\u00e9m presta atendimento na equipe de Cirurgia do Trauma no Hospital de Pronto Socorro, tamb\u00e9m em Porto Alegre. Atuou como chefe do Servi\u00e7o de Cirurgia Pedi\u00e1trica do Hospital Materno Infantil Presidente Vargas.<br \/>\nS\u00f3cia na equipe de Cirurgia Pedi\u00e1trica Valente, onde presta atendimento no seu consult\u00f3rio, \u00e0 domic\u00edlio e nos consult\u00f3rios do Hospital Moinhos de Vento. Com foco em cirurgia minimamente invasiva (cirurgia videolaparosc\u00f3pica, toracoscopia e cirurgia rob\u00f3tica), se dedica ao tratamento das patologias de cirurgia pedi\u00e1trica, cirurgia oncol\u00f3gica pedi\u00e1trica, urologia pedi\u00e1trica e cirurgia neonatal.<\/p>\n<h2>Cirurgi\u00e3o geral em Campinas &#8211; SP<\/h2>\n<p><strong>Endere\u00e7o:<\/strong> Rua Paulo C\u00e9sar Fid\u00e9lis 39, Centro, Campinas &#8211; SP<br \/>\n<strong>CEP: <\/strong><\/p>\n<p><span class=\"phone-hidden\"><strong>Telefone:<\/strong>  <\/span><\/p>\n<h2>Dra. Fernanda Canteli &#8211; Cirurgi\u00e3o geral, Cirurgi\u00e3o vascular Campinas<\/h2>\n<p>Dra. Fernanda Canteli, Cirurgi\u00e3o geral, Cirurgi\u00e3o vascular em Campinas. Agende uma consulta com os melhores profissionais de sa\u00fade em Brasil. Diagn\u00f3stico Vascular N\u00e3o-Invasivo, Flebologia, Cirurgia Venosa.<\/p>\n<p><span class=\"maps-hidden\"><a href=\"https:\/\/www.google.com\/maps\/search\/?api=1&#038;query=Rua Paulo C\u00e9sar Fid\u00e9lis 39, Centro, Campinas - SP - \" target=\"_blank\" rel=\"noopener\">COMO CHEGAR?<\/a><\/span><\/p>\n<h3 class=\"flex-grow-1 mb-0\">Experi\u00eancia<\/h3>\n<ul class=\"list-unstyled text-list\">\n<li>\n\t\t\t\t\tDiagn\u00f3stico Vascular N\u00e3o-Invasivo<\/p>\n<hr class=\"my-1\"><\/li>\n<li>\n\t\t\t\t\tFlebologia<\/p>\n<hr class=\"my-1\"><\/li>\n<li>\n\t\t\t\t\tCirurgia Venosa<\/p>\n<hr class=\"my-1\"><\/li>\n<li>\n\t\t\t\t\tEcografia com Doppler Vascular\n\t\t\t\t\t\t\t\t\t<\/li>\n<\/ul>\n<hr \/>\n<ul>\n<li><a href=\"\/especialistas\/#gsc.tab=0&#038;gsc.q=Especialista%20em%20cisto%20epidermico%20sao%20jose%20dos%20campos\" title=\"Cisto Epid\u00e9rmico\" class=\"textbody\">Cisto Epid\u00e9rmico<\/a><\/li>\n<hr >\n<li><a href=\"\/especialistas\/#gsc.tab=0&#038;gsc.q=Especialista%20em%20cancer%20de%20pele%20sao%20jose%20dos%20campos\" title=\"C\u00e2ncer de pele\" class=\"textbody\">C\u00e2ncer de pele<\/a><\/li>\n<hr >\n<li><a href=\"\/especialistas\/#gsc.tab=0&#038;gsc.q=Especialista%20em%20infeccoes%20bacterianas%20e%20micoses%20sao%20jose%20dos%20campos\" title=\"Infec\u00e7\u00f5es Bacterianas E Micoses\" class=\"textbody\">Infec\u00e7\u00f5es Bacterianas E Micoses<\/a><\/li>\n<hr >\n<li><a href=\"\/especialistas\/#gsc.tab=0&#038;gsc.q=Especialista%20em%20hanseniase%20sao%20jose%20dos%20campos\" title=\"Hansen\u00edase\" class=\"textbody\">Hansen\u00edase<\/a><\/li>\n<hr >\n<li><a href=\"\/especialistas\/#gsc.tab=0&#038;gsc.q=Especialista%20em%20verrugas%20sao%20jose%20dos%20campos\" title=\"Verrugas\" class=\"textbody\">Verrugas<\/a><\/li>\n<hr >\n<li><a href=\"\/especialistas\/#gsc.tab=0&#038;gsc.q=Especialista%20em%20rugas%20sao%20jose%20dos%20campos\" title=\"Rugas\" class=\"textbody\">Rugas<\/a><\/li>\n<hr >\n<li><a href=\"\/especialistas\/#gsc.tab=0&#038;gsc.q=Especialista%20em%20acne%20sao%20jose%20dos%20campos\" title=\"Acne\" class=\"textbody\">Acne<\/a><\/li>\n<hr >\n<li><a href=\"\/especialistas\/#gsc.tab=0&#038;gsc.q=Especialista%20em%20psoriase%20sao%20jose%20dos%20campos\" title=\"Psor\u00edase\" class=\"textbody\">Psor\u00edase<\/a><\/li>\n<hr >\n<li><a href=\"\/especialistas\/#gsc.tab=0&#038;gsc.q=Especialista%20em%20anormalidades%20da%20pele%20sao%20jose%20dos%20campos\" title=\"Anormalidades da pele\" class=\"textbody\">Anormalidades da pele<\/a><\/li>\n<hr >\n<li><a href=\"\/especialistas\/#gsc.tab=0&#038;gsc.q=Especialista%20em%20transtornos%20da%20pigmentacao%20sao%20jose%20dos%20campos\" title=\"Transtornos Da Pigmenta\u00e7\u00e3o\" class=\"textbody\">Transtornos Da Pigmenta\u00e7\u00e3o<\/a><\/li>\n<hr >\n<li><a href=\"\/especialistas\/#gsc.tab=0&#038;gsc.q=Especialista%20em%20dermatite%20sao%20jose%20dos%20campos\" title=\"Dermatite\" class=\"textbody\">Dermatite<\/a><\/li>\n<hr >\n<li><a href=\"\/especialistas\/#gsc.tab=0&#038;gsc.q=Especialista%20em%20manifestacoes%20cutaneas%20sao%20jose%20dos%20campos\" title=\"Manifesta\u00e7\u00f5es Cut\u00e2neas\" class=\"textbody\">Manifesta\u00e7\u00f5es Cut\u00e2neas<\/a><\/li>\n<\/ul>\n<hr \/>\n<p><strong>T\u00f3picos:<\/strong> Cirurgi\u00e3o geral em Campinas &#8211; SP <span class=\"topic-hidden\">| Cirurgi\u00e3o vascular em Campinas &#8211; SP  <\/span><\/p>\n","protected":false},"author":1,"featured_media":0,"template":"","bairro":[5760],"categoria_parceiro":[20447,20518],"topico-parceiro":[21503,21739],"class_list":["post-173116","negocio","type-negocio","status-publish","hentry","bairro-centro-campinas-sp","categoria_parceiro-cirurgiao-geral","categoria_parceiro-cirurgiao-vascular","topico-parceiro-cirurgiao-geral-em-campinas-sp","topico-parceiro-cirurgiao-vascular-em-campinas-sp"],"yoast_head":"<!-- This site is optimized with the Yoast SEO Premium plugin v20.9 (Yoast SEO v27.4) - https:\/\/yoast.com\/product\/yoast-seo-premium-wordpress\/ -->\n<title>Dra. Fernanda Canteli - Cirurgi\u00e3o geral, Cirurgi\u00e3o vascular Campinas - SP<\/title>\n<meta name=\"description\" content=\"Dra. Fernanda Canteli, Cirurgi\u00e3o geral, Cirurgi\u00e3o vascular em Campinas. Agende uma consulta com os melhores profissionais de sa\u00fade em Brasil. Diagn\u00f3stico Vascular N\u00e3o-Invasivo, Flebologia, Cirurgia Venosa.\" \/>\n<meta name=\"robots\" content=\"index, follow, max-snippet:-1, max-image-preview:large, max-video-preview:-1\" \/>\n<link rel=\"canonical\" href=\"https:\/\/www.somospopular.com.br\/especialistas\/dra-fernanda-canteli-cirurgiao-geral-em-sp\/\" \/>\n<meta property=\"og:locale\" content=\"pt_BR\" \/>\n<meta property=\"og:type\" content=\"article\" \/>\n<meta property=\"og:title\" content=\"Dra. Fernanda Canteli - Cirurgi\u00e3o geral, Cirurgi\u00e3o vascular Campinas - SP\" \/>\n<meta property=\"og:description\" content=\"Dra. Fernanda Canteli - Cirurgi\u00e3o geral, Cirurgi\u00e3o vascular Campinas - SP. Cl\u00ednica Veterin\u00e1ria Popular com pre\u00e7os acess\u00edveis. Especialistas\" \/>\n<meta property=\"og:url\" content=\"https:\/\/www.somospopular.com.br\/especialistas\/dra-fernanda-canteli-cirurgiao-geral-em-sp\/\" \/>\n<meta property=\"og:site_name\" content=\"Especialistas\" \/>\n<meta name=\"twitter:card\" content=\"summary_large_image\" \/>\n<meta name=\"twitter:title\" content=\"Dra. Fernanda Canteli - Cirurgi\u00e3o geral, Cirurgi\u00e3o vascular Campinas - SP\" \/>\n<meta name=\"twitter:label1\" content=\"Est. tempo de leitura\" \/>\n\t<meta name=\"twitter:data1\" content=\"2 minutos\" \/>\n<script type=\"application\/ld+json\" class=\"yoast-schema-graph\">{\"@context\":\"https:\\\/\\\/schema.org\",\"@graph\":[{\"@type\":\"WebPage\",\"@id\":\"https:\\\/\\\/www.somospopular.com.br\\\/especialistas\\\/dra-fernanda-canteli-cirurgiao-geral-em-sp\\\/\",\"url\":\"https:\\\/\\\/www.somospopular.com.br\\\/especialistas\\\/dra-fernanda-canteli-cirurgiao-geral-em-sp\\\/\",\"name\":\"Dra. Fernanda Canteli - Cirurgi\u00e3o geral, Cirurgi\u00e3o vascular Campinas - SP\",\"isPartOf\":{\"@id\":\"https:\\\/\\\/www.somospopular.com.br\\\/especialistas\\\/#website\"},\"datePublished\":\"2023-10-24T17:26:33+00:00\",\"description\":\"Dra. Fernanda Canteli, Cirurgi\u00e3o geral, Cirurgi\u00e3o vascular em Campinas. Agende uma consulta com os melhores profissionais de sa\u00fade em Brasil. Diagn\u00f3stico Vascular N\u00e3o-Invasivo, Flebologia, Cirurgia Venosa.\",\"breadcrumb\":{\"@id\":\"https:\\\/\\\/www.somospopular.com.br\\\/especialistas\\\/dra-fernanda-canteli-cirurgiao-geral-em-sp\\\/#breadcrumb\"},\"inLanguage\":\"pt-BR\",\"potentialAction\":[{\"@type\":\"ReadAction\",\"target\":[\"https:\\\/\\\/www.somospopular.com.br\\\/especialistas\\\/dra-fernanda-canteli-cirurgiao-geral-em-sp\\\/\"]}]},{\"@type\":\"BreadcrumbList\",\"@id\":\"https:\\\/\\\/www.somospopular.com.br\\\/especialistas\\\/dra-fernanda-canteli-cirurgiao-geral-em-sp\\\/#breadcrumb\",\"itemListElement\":[{\"@type\":\"ListItem\",\"position\":1,\"name\":\"Especialista\",\"item\":\"https:\\\/\\\/www.somospopular.com.br\\\/especialistas\\\/\"},{\"@type\":\"ListItem\",\"position\":2,\"name\":\"Parceiros\",\"item\":\"https:\\\/\\\/www.somospopular.com.br\\\/especialistas\\\/negocio\\\/\"},{\"@type\":\"ListItem\",\"position\":3,\"name\":\"Cirurgi\u00e3o geral\",\"item\":\"https:\\\/\\\/www.somospopular.com.br\\\/especialistas\\\/cirurgiao-geral\\\/\"},{\"@type\":\"ListItem\",\"position\":4,\"name\":\"Dra. Fernanda Canteli &#8211; Cirurgi\u00e3o geral, Cirurgi\u00e3o vascular Campinas &#8211; SP\"}]},{\"@type\":\"WebSite\",\"@id\":\"https:\\\/\\\/www.somospopular.com.br\\\/especialistas\\\/#website\",\"url\":\"https:\\\/\\\/www.somospopular.com.br\\\/especialistas\\\/\",\"name\":\"Especialistas\",\"description\":\"Somos Popular\",\"publisher\":{\"@id\":\"https:\\\/\\\/www.somospopular.com.br\\\/especialistas\\\/#organization\"},\"potentialAction\":[{\"@type\":\"SearchAction\",\"target\":{\"@type\":\"EntryPoint\",\"urlTemplate\":\"https:\\\/\\\/www.somospopular.com.br\\\/especialistas\\\/?s={search_term_string}\"},\"query-input\":{\"@type\":\"PropertyValueSpecification\",\"valueRequired\":true,\"valueName\":\"search_term_string\"}}],\"inLanguage\":\"pt-BR\"},{\"@type\":\"Organization\",\"@id\":\"https:\\\/\\\/www.somospopular.com.br\\\/especialistas\\\/#organization\",\"name\":\"M\u00e9dicos Especialistas - Somos Popular\",\"alternateName\":\"M\u00e9dicos Especialistas\",\"url\":\"https:\\\/\\\/www.somospopular.com.br\\\/especialistas\\\/\",\"logo\":{\"@type\":\"ImageObject\",\"inLanguage\":\"pt-BR\",\"@id\":\"https:\\\/\\\/www.somospopular.com.br\\\/especialistas\\\/#\\\/schema\\\/logo\\\/image\\\/\",\"url\":\"https:\\\/\\\/www.somospopular.com.br\\\/especialistas\\\/wp-content\\\/uploads\\\/sites\\\/13\\\/2022\\\/05\\\/somos-popular-logo-80.webp\",\"contentUrl\":\"https:\\\/\\\/www.somospopular.com.br\\\/especialistas\\\/wp-content\\\/uploads\\\/sites\\\/13\\\/2022\\\/05\\\/somos-popular-logo-80.webp\",\"width\":325,\"height\":80,\"caption\":\"M\u00e9dicos Especialistas - Somos Popular\"},\"image\":{\"@id\":\"https:\\\/\\\/www.somospopular.com.br\\\/especialistas\\\/#\\\/schema\\\/logo\\\/image\\\/\"}}]}<\/script>\n<!-- \/ Yoast SEO Premium plugin. -->","yoast_head_json":{"title":"Dra. Fernanda Canteli - Cirurgi\u00e3o geral, Cirurgi\u00e3o vascular Campinas - SP","description":"Dra. Fernanda Canteli, Cirurgi\u00e3o geral, Cirurgi\u00e3o vascular em Campinas. Agende uma consulta com os melhores profissionais de sa\u00fade em Brasil. Diagn\u00f3stico Vascular N\u00e3o-Invasivo, Flebologia, Cirurgia Venosa.","robots":{"index":"index","follow":"follow","max-snippet":"max-snippet:-1","max-image-preview":"max-image-preview:large","max-video-preview":"max-video-preview:-1"},"canonical":"https:\/\/www.somospopular.com.br\/especialistas\/dra-fernanda-canteli-cirurgiao-geral-em-sp\/","og_locale":"pt_BR","og_type":"article","og_title":"Dra. Fernanda Canteli - Cirurgi\u00e3o geral, Cirurgi\u00e3o vascular Campinas - SP","og_description":"Dra. Fernanda Canteli - Cirurgi\u00e3o geral, Cirurgi\u00e3o vascular Campinas - SP. Cl\u00ednica Veterin\u00e1ria Popular com pre\u00e7os acess\u00edveis. Especialistas","og_url":"https:\/\/www.somospopular.com.br\/especialistas\/dra-fernanda-canteli-cirurgiao-geral-em-sp\/","og_site_name":"Especialistas","twitter_card":"summary_large_image","twitter_title":"Dra. Fernanda Canteli - Cirurgi\u00e3o geral, Cirurgi\u00e3o vascular Campinas - SP","twitter_misc":{"Est. tempo de leitura":"2 minutos"},"schema":{"@context":"https:\/\/schema.org","@graph":[{"@type":"WebPage","@id":"https:\/\/www.somospopular.com.br\/especialistas\/dra-fernanda-canteli-cirurgiao-geral-em-sp\/","url":"https:\/\/www.somospopular.com.br\/especialistas\/dra-fernanda-canteli-cirurgiao-geral-em-sp\/","name":"Dra. Fernanda Canteli - Cirurgi\u00e3o geral, Cirurgi\u00e3o vascular Campinas - SP","isPartOf":{"@id":"https:\/\/www.somospopular.com.br\/especialistas\/#website"},"datePublished":"2023-10-24T17:26:33+00:00","description":"Dra. Fernanda Canteli, Cirurgi\u00e3o geral, Cirurgi\u00e3o vascular em Campinas. Agende uma consulta com os melhores profissionais de sa\u00fade em Brasil. Diagn\u00f3stico Vascular N\u00e3o-Invasivo, Flebologia, Cirurgia Venosa.","breadcrumb":{"@id":"https:\/\/www.somospopular.com.br\/especialistas\/dra-fernanda-canteli-cirurgiao-geral-em-sp\/#breadcrumb"},"inLanguage":"pt-BR","potentialAction":[{"@type":"ReadAction","target":["https:\/\/www.somospopular.com.br\/especialistas\/dra-fernanda-canteli-cirurgiao-geral-em-sp\/"]}]},{"@type":"BreadcrumbList","@id":"https:\/\/www.somospopular.com.br\/especialistas\/dra-fernanda-canteli-cirurgiao-geral-em-sp\/#breadcrumb","itemListElement":[{"@type":"ListItem","position":1,"name":"Especialista","item":"https:\/\/www.somospopular.com.br\/especialistas\/"},{"@type":"ListItem","position":2,"name":"Parceiros","item":"https:\/\/www.somospopular.com.br\/especialistas\/negocio\/"},{"@type":"ListItem","position":3,"name":"Cirurgi\u00e3o geral","item":"https:\/\/www.somospopular.com.br\/especialistas\/cirurgiao-geral\/"},{"@type":"ListItem","position":4,"name":"Dra. Fernanda Canteli &#8211; Cirurgi\u00e3o geral, Cirurgi\u00e3o vascular Campinas &#8211; SP"}]},{"@type":"WebSite","@id":"https:\/\/www.somospopular.com.br\/especialistas\/#website","url":"https:\/\/www.somospopular.com.br\/especialistas\/","name":"Especialistas","description":"Somos Popular","publisher":{"@id":"https:\/\/www.somospopular.com.br\/especialistas\/#organization"},"potentialAction":[{"@type":"SearchAction","target":{"@type":"EntryPoint","urlTemplate":"https:\/\/www.somospopular.com.br\/especialistas\/?s={search_term_string}"},"query-input":{"@type":"PropertyValueSpecification","valueRequired":true,"valueName":"search_term_string"}}],"inLanguage":"pt-BR"},{"@type":"Organization","@id":"https:\/\/www.somospopular.com.br\/especialistas\/#organization","name":"M\u00e9dicos Especialistas - Somos Popular","alternateName":"M\u00e9dicos Especialistas","url":"https:\/\/www.somospopular.com.br\/especialistas\/","logo":{"@type":"ImageObject","inLanguage":"pt-BR","@id":"https:\/\/www.somospopular.com.br\/especialistas\/#\/schema\/logo\/image\/","url":"https:\/\/www.somospopular.com.br\/especialistas\/wp-content\/uploads\/sites\/13\/2022\/05\/somos-popular-logo-80.webp","contentUrl":"https:\/\/www.somospopular.com.br\/especialistas\/wp-content\/uploads\/sites\/13\/2022\/05\/somos-popular-logo-80.webp","width":325,"height":80,"caption":"M\u00e9dicos Especialistas - Somos Popular"},"image":{"@id":"https:\/\/www.somospopular.com.br\/especialistas\/#\/schema\/logo\/image\/"}}]}},"_links":{"self":[{"href":"https:\/\/www.somospopular.com.br\/especialistas\/wp-json\/wp\/v2\/negocio\/173116","targetHints":{"allow":["GET"]}}],"collection":[{"href":"https:\/\/www.somospopular.com.br\/especialistas\/wp-json\/wp\/v2\/negocio"}],"about":[{"href":"https:\/\/www.somospopular.com.br\/especialistas\/wp-json\/wp\/v2\/types\/negocio"}],"author":[{"embeddable":true,"href":"https:\/\/www.somospopular.com.br\/especialistas\/wp-json\/wp\/v2\/users\/1"}],"wp:attachment":[{"href":"https:\/\/www.somospopular.com.br\/especialistas\/wp-json\/wp\/v2\/media?parent=173116"}],"wp:term":[{"taxonomy":"bairro","embeddable":true,"href":"https:\/\/www.somospopular.com.br\/especialistas\/wp-json\/wp\/v2\/bairro?post=173116"},{"taxonomy":"categoria_parceiro","embeddable":true,"href":"https:\/\/www.somospopular.com.br\/especialistas\/wp-json\/wp\/v2\/categoria_parceiro?post=173116"},{"taxonomy":"topico-parceiro","embeddable":true,"href":"https:\/\/www.somospopular.com.br\/especialistas\/wp-json\/wp\/v2\/topico-parceiro?post=173116"}],"curies":[{"name":"wp","href":"https:\/\/api.w.org\/{rel}","templated":true}]}}