{"id":173158,"date":"2020-10-28T02:23:20","date_gmt":"2020-10-28T05:23:20","guid":{"rendered":"https:\/\/www.somospopular.com.br\/especialistas\/dra-fernanda-scussel-cardiologista-em-pr\/"},"modified":"2023-05-20T17:58:08","modified_gmt":"2023-05-20T20:58:08","slug":"dra-fernanda-scussel-cardiologista-em-curitiba-pr","status":"publish","type":"negocio","link":"https:\/\/www.somospopular.com.br\/especialistas\/dra-fernanda-scussel-cardiologista-em-curitiba-pr\/","title":{"rendered":"Dra. Fernanda Scussel Cardiologista, Generalista, &#8211; Agende uma consulta &#8211; PR"},"content":{"rendered":"<h2>Cardiologista em Curitiba &#8211; PR<\/h2>\n<p><strong>Endere\u00e7o:<\/strong> Rua dos Palotinos, 129 &#8211; Cristo Rei, Curitiba-PR, Cristo Rei, Curitiba &#8211; PR<br \/>\n<strong>CEP: <\/strong>80050-400<\/p>\n<p><span class=\"phone-hidden\"><strong>Telefone:<\/strong> (41) 4042-1475 (41) 99269-5354<\/span><br \/>\nDigecardio Centro M\u00e9dico Atende:<br \/>\n\t\t\tadultos Transfer\u00eancia Banc\u00e1ria, <\/p>\n<p>\t\t\t\t\t\t\t\t\t\t\t\t\t\t\t\tDinheiro<\/p>\n<h2>Dra. Fernanda Scussel Cardiologista, Generalista, &#8211; Agende uma consulta<\/h2>\n<p>Economize agendando um hor\u00e1rio online com Dra. Fernanda Scussel, Cardiologista, Generalista em . Escolha uma data e fa\u00e7a o agendamento em alguns segundos Cardiologia, Doen\u00e7a Arterial Coron\u00e1ria, Cardio-Oncologia.<\/p>\n<p><span class=\"maps-hidden\"><a href=\"https:\/\/www.google.com\/maps\/search\/?api=1&#038;query=Rua dos Palotinos, 129 - Cristo Rei, Curitiba-PR, Cristo Rei, Curitiba - PR - 80050-400\" target=\"_blank\" rel=\"noopener\">COMO CHEGAR?<\/a><\/span><\/p>\n<h3 class=\"flex-grow-1 mb-0\">Experi\u00eancia<\/h3>\n<ul class=\"list-unstyled text-list\">\n<li>\n\t\t\t\t\tCardiologia<\/p>\n<hr class=\"my-1\"><\/li>\n<li>\n\t\t\t\t\tDoen\u00e7a Arterial Coron\u00e1ria<\/p>\n<hr class=\"my-1\"><\/li>\n<li>\n\t\t\t\t\tCardio-Oncologia<\/p>\n<hr class=\"my-1\"><\/li>\n<li>\n\t\t\t\t\tCardiologia Ambulatorial<\/p>\n<hr class=\"my-1\"><\/li>\n<li>\n\t\t\t\t\tInsufici\u00eancia Card\u00edaca\n\t\t\t\t\t\t\t\t\t<\/li>\n<\/ul>\n<hr \/>\n<ul>\n<li><a href=\"\/especialistas\/#gsc.tab=0&#038;gsc.q=Especialista%20em%20assimetria%20facial%20porto%20alegre\" title=\"Assimetria Facial\" class=\"textbody\">Assimetria Facial<\/a><\/li>\n<hr >\n<li><a href=\"\/especialistas\/#gsc.tab=0&#038;gsc.q=Especialista%20em%20desvio%20do%20septo%20nasal%20porto%20alegre\" title=\"Desvio do septo nasal\" class=\"textbody\">Desvio do septo nasal<\/a><\/li>\n<hr >\n<li><a href=\"\/especialistas\/#gsc.tab=0&#038;gsc.q=Especialista%20em%20adiposidade%20localizada%20porto%20alegre\" title=\"Adiposidade localizada\" class=\"textbody\">Adiposidade localizada<\/a><\/li>\n<hr >\n<li><a href=\"\/especialistas\/#gsc.tab=0&#038;gsc.q=Especialista%20em%20ginecomastia%20porto%20alegre\" title=\"Ginecomastia\" class=\"textbody\">Ginecomastia<\/a><\/li>\n<hr >\n<li><a href=\"\/especialistas\/#gsc.tab=0&#038;gsc.q=Especialista%20em%20deformidades%20adquiridas%20nasais%20porto%20alegre\" title=\"Deformidades Adquiridas Nasais\" class=\"textbody\">Deformidades Adquiridas Nasais<\/a><\/li>\n<hr >\n<li><a href=\"\/especialistas\/#gsc.tab=0&#038;gsc.q=Especialista%20em%20queloide%20porto%20alegre\" title=\"Quel\u00f3ide\" class=\"textbody\">Quel\u00f3ide<\/a><\/li>\n<hr >\n<li><a href=\"\/especialistas\/#gsc.tab=0&#038;gsc.q=Especialista%20em%20deformidades%20adquiridas%20da%20orelha%20porto%20alegre\" title=\"Deformidades Adquiridas Da Orelha\" class=\"textbody\">Deformidades Adquiridas Da Orelha<\/a><\/li>\n<hr >\n<li><a href=\"\/especialistas\/#gsc.tab=0&#038;gsc.q=Especialista%20em%20hiperidrose%20porto%20alegre\" title=\"Hiperidrose\" class=\"textbody\">Hiperidrose<\/a><\/li>\n<hr >\n<li><a href=\"\/especialistas\/#gsc.tab=0&#038;gsc.q=Especialista%20em%20diastase%20abdominal%20porto%20alegre\" title=\"Di\u00e1stase abdominal\" class=\"textbody\">Di\u00e1stase abdominal<\/a><\/li>\n<hr >\n<li><a href=\"\/especialistas\/#gsc.tab=0&#038;gsc.q=Especialista%20em%20lipodistrofia%20porto%20alegre\" title=\"Lipodistrofia\" class=\"textbody\">Lipodistrofia<\/a><\/li>\n<hr >\n<li><a href=\"\/especialistas\/#gsc.tab=0&#038;gsc.q=Especialista%20em%20complicacoes%20cirurgicas%20porto%20alegre\" title=\"Complica\u00e7\u00f5es cir\u00fargicas\" class=\"textbody\">Complica\u00e7\u00f5es cir\u00fargicas<\/a><\/li>\n<hr >\n<li><a href=\"\/especialistas\/#gsc.tab=0&#038;gsc.q=Especialista%20em%20disturbios%20do%20contorno%20do%20nariz%20porto%20alegre\" title=\"Dist\u00farbios do contorno do nariz\" class=\"textbody\">Dist\u00farbios do contorno do nariz<\/a><\/li>\n<hr >\n<li><a href=\"\/especialistas\/#gsc.tab=0&#038;gsc.q=Especialista%20em%20queimaduras%20porto%20alegre\" title=\"Queimaduras\" class=\"textbody\">Queimaduras<\/a><\/li>\n<hr >\n<li><a href=\"\/especialistas\/#gsc.tab=0&#038;gsc.q=Especialista%20em%20orelha%20de%20abano%20porto%20alegre\" title=\"Orelha de abano\" class=\"textbody\">Orelha de abano<\/a><\/li>\n<hr >\n<li><a href=\"\/especialistas\/#gsc.tab=0&#038;gsc.q=Especialista%20em%20cutis%20laxa%20porto%20alegre\" title=\"Cutis Laxa\" class=\"textbody\">Cutis Laxa<\/a><\/li>\n<hr >\n<li><a href=\"\/especialistas\/#gsc.tab=0&#038;gsc.q=Especialista%20em%20lipoma%20porto%20alegre\" title=\"Lipoma\" class=\"textbody\">Lipoma<\/a><\/li>\n<hr >\n<li><a href=\"\/especialistas\/#gsc.tab=0&#038;gsc.q=Especialista%20em%20blefaroptose%20porto%20alegre\" title=\"Blefaroptose\" class=\"textbody\">Blefaroptose<\/a><\/li>\n<hr >\n<li><a href=\"\/especialistas\/#gsc.tab=0&#038;gsc.q=Especialista%20em%20hipomastia%20porto%20alegre\" title=\"Hipomastia\" class=\"textbody\">Hipomastia<\/a><\/li>\n<hr >\n<li><a href=\"\/especialistas\/#gsc.tab=0&#038;gsc.q=Especialista%20em%20cicatriz%20porto%20alegre\" title=\"Cicatriz\" class=\"textbody\">Cicatriz<\/a><\/li>\n<hr >\n<li><a href=\"\/especialistas\/#gsc.tab=0&#038;gsc.q=Especialista%20em%20hipotrofia%20glutea%20porto%20alegre\" title=\"Hipotrofia gl\u00fatea\" class=\"textbody\">Hipotrofia gl\u00fatea<\/a><\/li>\n<hr >\n<li><a href=\"\/especialistas\/#gsc.tab=0&#038;gsc.q=Especialista%20em%20carcinoma%20basocelular%20porto%20alegre\" title=\"Carcinoma Basocelular\" class=\"textbody\">Carcinoma Basocelular<\/a><\/li>\n<hr >\n<li><a href=\"\/especialistas\/#gsc.tab=0&#038;gsc.q=Especialista%20em%20hipertrofia%20de%20mama%20porto%20alegre\" title=\"Hipertrofia de mama\" class=\"textbody\">Hipertrofia de mama<\/a><\/li>\n<hr >\n<li><a href=\"\/especialistas\/#gsc.tab=0&#038;gsc.q=Especialista%20em%20cicatriz%20hipertrofica%20porto%20alegre\" title=\"Cicatriz Hipertr\u00f3fica\" class=\"textbody\">Cicatriz Hipertr\u00f3fica<\/a><\/li>\n<hr >\n<li><a href=\"\/especialistas\/#gsc.tab=0&#038;gsc.q=Especialista%20em%20lipodistrofia%20abdominal%20porto%20alegre\" title=\"Lipodistrofia abdominal\" class=\"textbody\">Lipodistrofia abdominal<\/a><\/li>\n<hr >\n<li><a href=\"\/especialistas\/#gsc.tab=0&#038;gsc.q=Especialista%20em%20displasia%20mamaria%20benigna%20porto%20alegre\" title=\"Displasia mamaria benigna\" class=\"textbody\">Displasia mamaria benigna<\/a><\/li>\n<hr >\n<li><a href=\"\/especialistas\/#gsc.tab=0&#038;gsc.q=Especialista%20em%20mamilos%20retraidos%20porto%20alegre\" title=\"Mamilos retra\u00eddos\" class=\"textbody\">Mamilos retra\u00eddos<\/a><\/li>\n<hr >\n<li><a href=\"\/especialistas\/#gsc.tab=0&#038;gsc.q=Especialista%20em%20flacidez%20cutanea%20pos%20bariatrica%20porto%20alegre\" title=\"Flacidez cut\u00e2nea p\u00f3s bari\u00e1trica\" class=\"textbody\">Flacidez cut\u00e2nea p\u00f3s bari\u00e1trica<\/a><\/li>\n<hr >\n<li>\n<p>Microagulhamento\t\t\t\t<\/li>\n<hr >\n<li>\n<p>Peeling\t\t\t\t<\/li>\n<\/ul>\n<hr \/>\n<p><strong>T\u00f3picos:<\/strong> Cardiologista em Curitiba &#8211; PR <span class=\"topic-hidden\">| Generalista em Curitiba &#8211; PR  <\/span><\/p>\n","protected":false},"author":1,"featured_media":0,"template":"","bairro":[22088],"categoria_parceiro":[20461,20577],"topico-parceiro":[21719,25254],"class_list":["post-173158","negocio","type-negocio","status-publish","hentry","bairro-cristo-rei-curitiba-pr","categoria_parceiro-cardiologista","categoria_parceiro-generalista","topico-parceiro-cardiologista-em-curitiba-pr","topico-parceiro-generalista-em-curitiba-pr"],"yoast_head":"<!-- This site is optimized with the Yoast SEO Premium plugin v20.9 (Yoast SEO v27.4) - https:\/\/yoast.com\/product\/yoast-seo-premium-wordpress\/ -->\n<title>Dra. Fernanda Scussel Cardiologista, Generalista, - Agende uma consulta - PR<\/title>\n<meta name=\"description\" content=\"Economize agendando um hor\u00e1rio online com Dra. Fernanda Scussel, Cardiologista, Generalista em . Escolha uma data e fa\u00e7a o agendamento em alguns segundos Cardiologia, Doen\u00e7a Arterial Coron\u00e1ria, Cardio-Oncologia.\" \/>\n<meta name=\"robots\" content=\"index, follow, max-snippet:-1, max-image-preview:large, max-video-preview:-1\" \/>\n<link rel=\"canonical\" href=\"https:\/\/www.somospopular.com.br\/especialistas\/dra-fernanda-scussel-cardiologista-em-curitiba-pr\/\" \/>\n<meta property=\"og:locale\" content=\"pt_BR\" \/>\n<meta property=\"og:type\" content=\"article\" \/>\n<meta property=\"og:title\" content=\"Dra. Fernanda Scussel Cardiologista, Generalista, - Agende uma consulta - PR\" \/>\n<meta property=\"og:description\" content=\"Dra. Fernanda Scussel Cardiologista, Generalista, - Agende uma consulta - PR. Cl\u00ednica Veterin\u00e1ria Popular com pre\u00e7os acess\u00edveis. Especialistas\" \/>\n<meta property=\"og:url\" content=\"https:\/\/www.somospopular.com.br\/especialistas\/dra-fernanda-scussel-cardiologista-em-curitiba-pr\/\" \/>\n<meta property=\"og:site_name\" content=\"Especialistas\" \/>\n<meta property=\"article:modified_time\" content=\"2023-05-20T20:58:08+00:00\" \/>\n<meta name=\"twitter:card\" content=\"summary_large_image\" \/>\n<meta name=\"twitter:title\" content=\"Dra. Fernanda Scussel Cardiologista, Generalista, - Agende uma consulta - PR\" \/>\n<meta name=\"twitter:label1\" content=\"Est. tempo de leitura\" \/>\n\t<meta name=\"twitter:data1\" content=\"1 minuto\" \/>\n<script type=\"application\/ld+json\" class=\"yoast-schema-graph\">{\"@context\":\"https:\\\/\\\/schema.org\",\"@graph\":[{\"@type\":\"WebPage\",\"@id\":\"https:\\\/\\\/www.somospopular.com.br\\\/especialistas\\\/dra-fernanda-scussel-cardiologista-em-curitiba-pr\\\/\",\"url\":\"https:\\\/\\\/www.somospopular.com.br\\\/especialistas\\\/dra-fernanda-scussel-cardiologista-em-curitiba-pr\\\/\",\"name\":\"Dra. Fernanda Scussel Cardiologista, Generalista, - Agende uma consulta - PR\",\"isPartOf\":{\"@id\":\"https:\\\/\\\/www.somospopular.com.br\\\/especialistas\\\/#website\"},\"datePublished\":\"2020-10-28T05:23:20+00:00\",\"dateModified\":\"2023-05-20T20:58:08+00:00\",\"description\":\"Economize agendando um hor\u00e1rio online com Dra. Fernanda Scussel, Cardiologista, Generalista em . Escolha uma data e fa\u00e7a o agendamento em alguns segundos Cardiologia, Doen\u00e7a Arterial Coron\u00e1ria, Cardio-Oncologia.\",\"breadcrumb\":{\"@id\":\"https:\\\/\\\/www.somospopular.com.br\\\/especialistas\\\/dra-fernanda-scussel-cardiologista-em-curitiba-pr\\\/#breadcrumb\"},\"inLanguage\":\"pt-BR\",\"potentialAction\":[{\"@type\":\"ReadAction\",\"target\":[\"https:\\\/\\\/www.somospopular.com.br\\\/especialistas\\\/dra-fernanda-scussel-cardiologista-em-curitiba-pr\\\/\"]}]},{\"@type\":\"BreadcrumbList\",\"@id\":\"https:\\\/\\\/www.somospopular.com.br\\\/especialistas\\\/dra-fernanda-scussel-cardiologista-em-curitiba-pr\\\/#breadcrumb\",\"itemListElement\":[{\"@type\":\"ListItem\",\"position\":1,\"name\":\"Especialista\",\"item\":\"https:\\\/\\\/www.somospopular.com.br\\\/especialistas\\\/\"},{\"@type\":\"ListItem\",\"position\":2,\"name\":\"Parceiros\",\"item\":\"https:\\\/\\\/www.somospopular.com.br\\\/especialistas\\\/negocio\\\/\"},{\"@type\":\"ListItem\",\"position\":3,\"name\":\"Cardiologista\",\"item\":\"https:\\\/\\\/www.somospopular.com.br\\\/especialistas\\\/cardiologista\\\/\"},{\"@type\":\"ListItem\",\"position\":4,\"name\":\"Dra. Fernanda Scussel Cardiologista, Generalista, &#8211; Agende uma consulta &#8211; PR\"}]},{\"@type\":\"WebSite\",\"@id\":\"https:\\\/\\\/www.somospopular.com.br\\\/especialistas\\\/#website\",\"url\":\"https:\\\/\\\/www.somospopular.com.br\\\/especialistas\\\/\",\"name\":\"Especialistas\",\"description\":\"Somos Popular\",\"publisher\":{\"@id\":\"https:\\\/\\\/www.somospopular.com.br\\\/especialistas\\\/#organization\"},\"potentialAction\":[{\"@type\":\"SearchAction\",\"target\":{\"@type\":\"EntryPoint\",\"urlTemplate\":\"https:\\\/\\\/www.somospopular.com.br\\\/especialistas\\\/?s={search_term_string}\"},\"query-input\":{\"@type\":\"PropertyValueSpecification\",\"valueRequired\":true,\"valueName\":\"search_term_string\"}}],\"inLanguage\":\"pt-BR\"},{\"@type\":\"Organization\",\"@id\":\"https:\\\/\\\/www.somospopular.com.br\\\/especialistas\\\/#organization\",\"name\":\"M\u00e9dicos Especialistas - Somos Popular\",\"alternateName\":\"M\u00e9dicos Especialistas\",\"url\":\"https:\\\/\\\/www.somospopular.com.br\\\/especialistas\\\/\",\"logo\":{\"@type\":\"ImageObject\",\"inLanguage\":\"pt-BR\",\"@id\":\"https:\\\/\\\/www.somospopular.com.br\\\/especialistas\\\/#\\\/schema\\\/logo\\\/image\\\/\",\"url\":\"https:\\\/\\\/www.somospopular.com.br\\\/especialistas\\\/wp-content\\\/uploads\\\/sites\\\/13\\\/2022\\\/05\\\/somos-popular-logo-80.webp\",\"contentUrl\":\"https:\\\/\\\/www.somospopular.com.br\\\/especialistas\\\/wp-content\\\/uploads\\\/sites\\\/13\\\/2022\\\/05\\\/somos-popular-logo-80.webp\",\"width\":325,\"height\":80,\"caption\":\"M\u00e9dicos Especialistas - Somos Popular\"},\"image\":{\"@id\":\"https:\\\/\\\/www.somospopular.com.br\\\/especialistas\\\/#\\\/schema\\\/logo\\\/image\\\/\"}}]}<\/script>\n<!-- \/ Yoast SEO Premium plugin. -->","yoast_head_json":{"title":"Dra. Fernanda Scussel Cardiologista, Generalista, - Agende uma consulta - PR","description":"Economize agendando um hor\u00e1rio online com Dra. Fernanda Scussel, Cardiologista, Generalista em . Escolha uma data e fa\u00e7a o agendamento em alguns segundos Cardiologia, Doen\u00e7a Arterial Coron\u00e1ria, Cardio-Oncologia.","robots":{"index":"index","follow":"follow","max-snippet":"max-snippet:-1","max-image-preview":"max-image-preview:large","max-video-preview":"max-video-preview:-1"},"canonical":"https:\/\/www.somospopular.com.br\/especialistas\/dra-fernanda-scussel-cardiologista-em-curitiba-pr\/","og_locale":"pt_BR","og_type":"article","og_title":"Dra. Fernanda Scussel Cardiologista, Generalista, - Agende uma consulta - PR","og_description":"Dra. Fernanda Scussel Cardiologista, Generalista, - Agende uma consulta - PR. Cl\u00ednica Veterin\u00e1ria Popular com pre\u00e7os acess\u00edveis. Especialistas","og_url":"https:\/\/www.somospopular.com.br\/especialistas\/dra-fernanda-scussel-cardiologista-em-curitiba-pr\/","og_site_name":"Especialistas","article_modified_time":"2023-05-20T20:58:08+00:00","twitter_card":"summary_large_image","twitter_title":"Dra. Fernanda Scussel Cardiologista, Generalista, - Agende uma consulta - PR","twitter_misc":{"Est. tempo de leitura":"1 minuto"},"schema":{"@context":"https:\/\/schema.org","@graph":[{"@type":"WebPage","@id":"https:\/\/www.somospopular.com.br\/especialistas\/dra-fernanda-scussel-cardiologista-em-curitiba-pr\/","url":"https:\/\/www.somospopular.com.br\/especialistas\/dra-fernanda-scussel-cardiologista-em-curitiba-pr\/","name":"Dra. Fernanda Scussel Cardiologista, Generalista, - Agende uma consulta - PR","isPartOf":{"@id":"https:\/\/www.somospopular.com.br\/especialistas\/#website"},"datePublished":"2020-10-28T05:23:20+00:00","dateModified":"2023-05-20T20:58:08+00:00","description":"Economize agendando um hor\u00e1rio online com Dra. Fernanda Scussel, Cardiologista, Generalista em . Escolha uma data e fa\u00e7a o agendamento em alguns segundos Cardiologia, Doen\u00e7a Arterial Coron\u00e1ria, Cardio-Oncologia.","breadcrumb":{"@id":"https:\/\/www.somospopular.com.br\/especialistas\/dra-fernanda-scussel-cardiologista-em-curitiba-pr\/#breadcrumb"},"inLanguage":"pt-BR","potentialAction":[{"@type":"ReadAction","target":["https:\/\/www.somospopular.com.br\/especialistas\/dra-fernanda-scussel-cardiologista-em-curitiba-pr\/"]}]},{"@type":"BreadcrumbList","@id":"https:\/\/www.somospopular.com.br\/especialistas\/dra-fernanda-scussel-cardiologista-em-curitiba-pr\/#breadcrumb","itemListElement":[{"@type":"ListItem","position":1,"name":"Especialista","item":"https:\/\/www.somospopular.com.br\/especialistas\/"},{"@type":"ListItem","position":2,"name":"Parceiros","item":"https:\/\/www.somospopular.com.br\/especialistas\/negocio\/"},{"@type":"ListItem","position":3,"name":"Cardiologista","item":"https:\/\/www.somospopular.com.br\/especialistas\/cardiologista\/"},{"@type":"ListItem","position":4,"name":"Dra. Fernanda Scussel Cardiologista, Generalista, &#8211; Agende uma consulta &#8211; PR"}]},{"@type":"WebSite","@id":"https:\/\/www.somospopular.com.br\/especialistas\/#website","url":"https:\/\/www.somospopular.com.br\/especialistas\/","name":"Especialistas","description":"Somos Popular","publisher":{"@id":"https:\/\/www.somospopular.com.br\/especialistas\/#organization"},"potentialAction":[{"@type":"SearchAction","target":{"@type":"EntryPoint","urlTemplate":"https:\/\/www.somospopular.com.br\/especialistas\/?s={search_term_string}"},"query-input":{"@type":"PropertyValueSpecification","valueRequired":true,"valueName":"search_term_string"}}],"inLanguage":"pt-BR"},{"@type":"Organization","@id":"https:\/\/www.somospopular.com.br\/especialistas\/#organization","name":"M\u00e9dicos Especialistas - Somos Popular","alternateName":"M\u00e9dicos Especialistas","url":"https:\/\/www.somospopular.com.br\/especialistas\/","logo":{"@type":"ImageObject","inLanguage":"pt-BR","@id":"https:\/\/www.somospopular.com.br\/especialistas\/#\/schema\/logo\/image\/","url":"https:\/\/www.somospopular.com.br\/especialistas\/wp-content\/uploads\/sites\/13\/2022\/05\/somos-popular-logo-80.webp","contentUrl":"https:\/\/www.somospopular.com.br\/especialistas\/wp-content\/uploads\/sites\/13\/2022\/05\/somos-popular-logo-80.webp","width":325,"height":80,"caption":"M\u00e9dicos Especialistas - Somos Popular"},"image":{"@id":"https:\/\/www.somospopular.com.br\/especialistas\/#\/schema\/logo\/image\/"}}]}},"_links":{"self":[{"href":"https:\/\/www.somospopular.com.br\/especialistas\/wp-json\/wp\/v2\/negocio\/173158","targetHints":{"allow":["GET"]}}],"collection":[{"href":"https:\/\/www.somospopular.com.br\/especialistas\/wp-json\/wp\/v2\/negocio"}],"about":[{"href":"https:\/\/www.somospopular.com.br\/especialistas\/wp-json\/wp\/v2\/types\/negocio"}],"author":[{"embeddable":true,"href":"https:\/\/www.somospopular.com.br\/especialistas\/wp-json\/wp\/v2\/users\/1"}],"wp:attachment":[{"href":"https:\/\/www.somospopular.com.br\/especialistas\/wp-json\/wp\/v2\/media?parent=173158"}],"wp:term":[{"taxonomy":"bairro","embeddable":true,"href":"https:\/\/www.somospopular.com.br\/especialistas\/wp-json\/wp\/v2\/bairro?post=173158"},{"taxonomy":"categoria_parceiro","embeddable":true,"href":"https:\/\/www.somospopular.com.br\/especialistas\/wp-json\/wp\/v2\/categoria_parceiro?post=173158"},{"taxonomy":"topico-parceiro","embeddable":true,"href":"https:\/\/www.somospopular.com.br\/especialistas\/wp-json\/wp\/v2\/topico-parceiro?post=173158"}],"curies":[{"name":"wp","href":"https:\/\/api.w.org\/{rel}","templated":true}]}}