{"id":174191,"date":"2020-11-15T21:57:18","date_gmt":"2020-11-16T00:57:18","guid":{"rendered":"https:\/\/www.somospopular.com.br\/especialistas\/dra-marcela-vieira-angiologista-em-pb\/"},"modified":"2023-05-20T18:09:51","modified_gmt":"2023-05-20T21:09:51","slug":"dra-marcela-vieira-angiologista-em-joao-pessoa-pb","status":"publish","type":"negocio","link":"https:\/\/www.somospopular.com.br\/especialistas\/dra-marcela-vieira-angiologista-em-joao-pessoa-pb\/","title":{"rendered":"Dra. Marcela Vieira &#8211; Angiologista, Cirurgi\u00e3o vascular Jo\u00e3o Pessoa &#8211; PB"},"content":{"rendered":"<h2>Angiologista em Jo\u00e3o Pessoa &#8211; PB<\/h2>\n<p><strong>Endere\u00e7o:<\/strong> Rua Ant\u00f4nio Rabelo J\u00fanior, 170, Centro, Jo\u00e3o Pessoa &#8211; PB<br \/>\n<strong>CEP: <\/strong>58032-090<\/p>\n<p><span class=\"phone-hidden\"><strong>Telefone:<\/strong> (83) 99904-9101 (83) 2181-1805<\/span><\/p>\n<h2>Dra. Marcela Vieira &#8211; Angiologista, Cirurgi\u00e3o vascular Jo\u00e3o Pessoa<\/h2>\n<p>Dra. Marcela Vieira, Angiologista, Cirurgi\u00e3o vascular em Jo\u00e3o Pessoa. Agende uma consulta com os melhores profissionais de sa\u00fade em Brasil. Diagn\u00f3stico Vascular N\u00e3o-Invasivo, Flebologia, Diagn\u00f3stico Vascular N\u00e3o-Invasivo.<\/p>\n<p><span class=\"maps-hidden\"><a href=\"https:\/\/www.google.com\/maps\/search\/?api=1&#038;query=Rua Ant\u00f4nio Rabelo J\u00fanior, 170, Centro, Jo\u00e3o Pessoa - PB - 58032-090\" target=\"_blank\" rel=\"noopener\">COMO CHEGAR?<\/a><\/span><\/p>\n<h3 class=\"flex-grow-1 mb-0\">Experi\u00eancia<\/h3>\n<ul class=\"list-unstyled text-list\">\n<li>\n\t\t\t\t\tDiagn\u00f3stico Vascular N\u00e3o-Invasivo<\/p>\n<hr class=\"my-1\"><\/li>\n<li>\n\t\t\t\t\tFlebologia<\/p>\n<hr class=\"my-1\"><\/li>\n<li>\n\t\t\t\t\tDiagn\u00f3stico Vascular N\u00e3o-Invasivo<\/p>\n<hr class=\"my-1\"><\/li>\n<li>\n\t\t\t\t\tFlebologia<\/p>\n<hr class=\"my-1\"><\/li>\n<li>\n\t\t\t\t\tLinfologia<\/p>\n<hr class=\"my-1\"><\/li>\n<li>\n\t\t\t\t\tCrioescleroterapia<\/p>\n<hr class=\"my-1\"><\/li>\n<li>\n\t\t\t\t\tCirurgia Venosa\n\t\t\t\t\t\t\t\t\t<\/li>\n<\/ul>\n<hr \/>\n<ul>\n<li><a href=\"\/especialistas\/#gsc.tab=0&#038;gsc.q=Especialista%20em%20cefaleia%20dor%20de%20cabeca%202%20cuiaba\" title=\"Cefaleia (dor de cabe\u00e7a)\" class=\"textbody\">Cefaleia (dor de cabe\u00e7a)<\/a><\/li>\n<hr >\n<li><a href=\"\/especialistas\/#gsc.tab=0&#038;gsc.q=Especialista%20em%20amputacoes%20cuiaba\" title=\"Amputa\u00e7\u00f5es\" class=\"textbody\">Amputa\u00e7\u00f5es<\/a><\/li>\n<hr >\n<li><a href=\"\/especialistas\/#gsc.tab=0&#038;gsc.q=Especialista%20em%20fibromialgia%20cuiaba\" title=\"Fibromialgia\" class=\"textbody\">Fibromialgia<\/a><\/li>\n<hr >\n<li><a href=\"\/especialistas\/#gsc.tab=0&#038;gsc.q=Especialista%20em%20sindromes%20da%20dor%20miofascial%20cuiaba\" title=\"S\u00edndromes Da Dor Miofascial\" class=\"textbody\">S\u00edndromes Da Dor Miofascial<\/a><\/li>\n<hr >\n<li><a href=\"\/especialistas\/#gsc.tab=0&#038;gsc.q=Especialista%20em%20enxaqueca%20cuiaba\" title=\"Enxaqueca\" class=\"textbody\">Enxaqueca<\/a><\/li>\n<hr >\n<li><a href=\"\/especialistas\/#gsc.tab=0&#038;gsc.q=Especialista%20em%20dor%20intratavel%20cuiaba\" title=\"Dor Intrat\u00e1vel\" class=\"textbody\">Dor Intrat\u00e1vel<\/a><\/li>\n<hr >\n<li><a href=\"\/especialistas\/#gsc.tab=0&#038;gsc.q=Especialista%20em%20lombalgia%20dor%20lombar%20cuiaba\" title=\"Lombalgia (dor lombar)\" class=\"textbody\">Lombalgia (dor lombar)<\/a><\/li>\n<hr >\n<li><a href=\"\/especialistas\/#gsc.tab=0&#038;gsc.q=Especialista%20em%20neuralgia%20do%20trigemeo%20cuiaba\" title=\"Neuralgia Do Trig\u00eameo\" class=\"textbody\">Neuralgia Do Trig\u00eameo<\/a><\/li>\n<hr >\n<li><a href=\"\/especialistas\/#gsc.tab=0&#038;gsc.q=Especialista%20em%20dores%20articulares%20cuiaba\" title=\"Dores articulares\" class=\"textbody\">Dores articulares<\/a><\/li>\n<hr >\n<li><a href=\"\/especialistas\/#gsc.tab=0&#038;gsc.q=Especialista%20em%20artrose%20cuiaba\" title=\"Artrose\" class=\"textbody\">Artrose<\/a><\/li>\n<hr >\n<li><a href=\"\/especialistas\/#gsc.tab=0&#038;gsc.q=Especialista%20em%20atrofia%20muscular%20cuiaba\" title=\"Atrofia Muscular\" class=\"textbody\">Atrofia Muscular<\/a><\/li>\n<hr >\n<li><a href=\"\/especialistas\/#gsc.tab=0&#038;gsc.q=Especialista%20em%20atrofia%20muscular%20espinal%20cuiaba\" title=\"Atrofia Muscular Espinal\" class=\"textbody\">Atrofia Muscular Espinal<\/a><\/li>\n<hr >\n<li><a href=\"\/especialistas\/#gsc.tab=0&#038;gsc.q=Especialista%20em%20anormalidades%20musculosqueleticas%20cuiaba\" title=\"Anormalidades Musculosquel\u00e9ticas\" class=\"textbody\">Anormalidades Musculosquel\u00e9ticas<\/a><\/li>\n<hr >\n<li><a href=\"\/especialistas\/#gsc.tab=0&#038;gsc.q=Especialista%20em%20fasciite%20plantar%20cuiaba\" title=\"Fasci\u00edte Plantar\" class=\"textbody\">Fasci\u00edte Plantar<\/a><\/li>\n<hr >\n<li><a href=\"\/especialistas\/#gsc.tab=0&#038;gsc.q=Especialista%20em%20cotovelo%20de%20tenista%20cuiaba\" title=\"Cotovelo de tenista\" class=\"textbody\">Cotovelo de tenista<\/a><\/li>\n<hr >\n<li><a href=\"\/especialistas\/#gsc.tab=0&#038;gsc.q=Especialista%20em%20doencas%20desmielinizantes%20cuiaba\" title=\"Doen\u00e7as Desmielinizantes\" class=\"textbody\">Doen\u00e7as Desmielinizantes<\/a><\/li>\n<hr >\n<li><a href=\"\/especialistas\/#gsc.tab=0&#038;gsc.q=Especialista%20em%20dor%20nas%20costas%202%20cuiaba\" title=\"Dor nas costas\" class=\"textbody\">Dor nas costas<\/a><\/li>\n<hr >\n<li><a href=\"\/especialistas\/#gsc.tab=0&#038;gsc.q=Especialista%20em%20dor%20cronica%20cuiaba\" title=\"Dor cr\u00f4nica\" class=\"textbody\">Dor cr\u00f4nica<\/a><\/li>\n<hr >\n<li><a href=\"\/especialistas\/#gsc.tab=0&#038;gsc.q=Especialista%20em%20esclerose%20amiotrofica%20lateral%20cuiaba\" title=\"Esclerose Amiotr\u00f3fica Lateral\" class=\"textbody\">Esclerose Amiotr\u00f3fica Lateral<\/a><\/li>\n<hr >\n<li><a href=\"\/especialistas\/#gsc.tab=0&#038;gsc.q=Especialista%20em%20acidente%20vascular%20cerebral%20avc%20cuiaba\" title=\"Acidente vascular cerebral (AVC)\" class=\"textbody\">Acidente vascular cerebral (AVC)<\/a><\/li>\n<hr >\n<li><a href=\"\/especialistas\/#gsc.tab=0&#038;gsc.q=Especialista%20em%20lesoes%20do%20quadril%20cuiaba\" title=\"Les\u00f5es Do Quadril\" class=\"textbody\">Les\u00f5es Do Quadril<\/a><\/li>\n<hr >\n<li><a href=\"\/especialistas\/#gsc.tab=0&#038;gsc.q=Especialista%20em%20lesoes%20nas%20costas%20cuiaba\" title=\"Les\u00f5es Nas Costas\" class=\"textbody\">Les\u00f5es Nas Costas<\/a><\/li>\n<hr >\n<li><a href=\"\/especialistas\/#gsc.tab=0&#038;gsc.q=Especialista%20em%20ataxia%20de%20friedreich%20cuiaba\" title=\"Ataxia De Friedreich\" class=\"textbody\">Ataxia De Friedreich<\/a><\/li>\n<hr >\n<li><a href=\"\/especialistas\/#gsc.tab=0&#038;gsc.q=Especialista%20em%20amputacao%20traumatica%20cuiaba\" title=\"Amputa\u00e7\u00e3o Traum\u00e1tica\" class=\"textbody\">Amputa\u00e7\u00e3o Traum\u00e1tica<\/a><\/li>\n<hr >\n<li><a href=\"\/especialistas\/#gsc.tab=0&#038;gsc.q=Especialista%20em%20artralgia%20cuiaba\" title=\"Artralgia\" class=\"textbody\">Artralgia<\/a><\/li>\n<hr >\n<li><a href=\"\/especialistas\/#gsc.tab=0&#038;gsc.q=Especialista%20em%20debilidade%20muscular%20cuiaba\" title=\"Debilidade Muscular\" class=\"textbody\">Debilidade Muscular<\/a><\/li>\n<hr >\n<li><a href=\"\/especialistas\/#gsc.tab=0&#038;gsc.q=Especialista%20em%20dedo%20em%20gatilho%20cuiaba\" title=\"Dedo em gatilho\" class=\"textbody\">Dedo em gatilho<\/a><\/li>\n<hr >\n<li><a href=\"\/especialistas\/#gsc.tab=0&#038;gsc.q=Especialista%20em%20distrofia%20muscular%20de%20duchenne%20cuiaba\" title=\"Distrofia Muscular De Duchenne\" class=\"textbody\">Distrofia Muscular De Duchenne<\/a><\/li>\n<hr >\n<li><a href=\"\/especialistas\/#gsc.tab=0&#038;gsc.q=Especialista%20em%20doenca%20de%20charcot%20marie%20tooth%20cuiaba\" title=\"Doen\u00e7a De Charcot%20Marie%20Tooth\" class=\"textbody\">Doen\u00e7a De Charcot%20Marie%20Tooth<\/a><\/li>\n<hr >\n<li><a href=\"\/especialistas\/#gsc.tab=0&#038;gsc.q=Especialista%20em%20doenca%20de%20scheuermann%20cuiaba\" title=\"Doen\u00e7a De Scheuermann\" class=\"textbody\">Doen\u00e7a De Scheuermann<\/a><\/li>\n<hr >\n<li><a href=\"\/especialistas\/#gsc.tab=0&#038;gsc.q=Especialista%20em%20doencas%20desmielinizantes%20hereditarias%20do%20sistema%20nervoso%20central%20cuiaba\" title=\"Doen\u00e7as Desmielinizantes Heredit\u00e1rias Do Sistema Nervoso Central\" class=\"textbody\">Doen\u00e7as Desmielinizantes Heredit\u00e1rias Do Sistema Nervoso Central<\/a><\/li>\n<hr >\n<li><a href=\"\/especialistas\/#gsc.tab=0&#038;gsc.q=Especialista%20em%20traumatismos%20do%20joelho%20cuiaba\" title=\"Traumatismos Do Joelho\" class=\"textbody\">Traumatismos Do Joelho<\/a><\/li>\n<hr >\n<li><a href=\"\/especialistas\/#gsc.tab=0&#038;gsc.q=Especialista%20em%20ciatica%20cuiaba\" title=\"Ci\u00e1tica\" class=\"textbody\">Ci\u00e1tica<\/a><\/li>\n<hr >\n<li><a href=\"\/especialistas\/#gsc.tab=0&#038;gsc.q=Especialista%20em%20condromalacia%20da%20patela%20cuiaba\" title=\"Condromal\u00e1cia Da Patela\" class=\"textbody\">Condromal\u00e1cia Da Patela<\/a><\/li>\n<hr >\n<li><a href=\"\/especialistas\/#gsc.tab=0&#038;gsc.q=Especialista%20em%20contratura%20cuiaba\" title=\"Contratura\" class=\"textbody\">Contratura<\/a><\/li>\n<hr >\n<li><a href=\"\/especialistas\/#gsc.tab=0&#038;gsc.q=Especialista%20em%20contratura%20de%20quadril%20cuiaba\" title=\"Contratura De Quadril\" class=\"textbody\">Contratura De Quadril<\/a><\/li>\n<hr >\n<li><a href=\"\/especialistas\/#gsc.tab=0&#038;gsc.q=Especialista%20em%20distrofia%20simpatica%20reflexa%20cuiaba\" title=\"Distrofia Simp\u00e1tica Reflexa\" class=\"textbody\">Distrofia Simp\u00e1tica Reflexa<\/a><\/li>\n<hr >\n<li><a href=\"\/especialistas\/#gsc.tab=0&#038;gsc.q=Especialista%20em%20doencas%20da%20coluna%20vertebral%20cuiaba\" title=\"Doen\u00e7as Da Coluna Vertebral\" class=\"textbody\">Doen\u00e7as Da Coluna Vertebral<\/a><\/li>\n<hr >\n<li><a href=\"\/especialistas\/#gsc.tab=0&#038;gsc.q=Especialista%20em%20doencas%20do%20pe%20cuiaba\" title=\"Doen\u00e7as Do P\u00e9\" class=\"textbody\">Doen\u00e7as Do P\u00e9<\/a><\/li>\n<hr >\n<li><a href=\"\/especialistas\/#gsc.tab=0&#038;gsc.q=Especialista%20em%20doencas%20do%20sistema%20nervoso%20central%20cuiaba\" title=\"Doen\u00e7as Do Sistema Nervoso Central\" class=\"textbody\">Doen\u00e7as Do Sistema Nervoso Central<\/a><\/li>\n<hr >\n<li><a href=\"\/especialistas\/#gsc.tab=0&#038;gsc.q=Especialista%20em%20dor%20neuropatica%20cuiaba\" title=\"Dor neurop\u00e1tica\" class=\"textbody\">Dor neurop\u00e1tica<\/a><\/li>\n<hr >\n<li><a href=\"\/especialistas\/#gsc.tab=0&#038;gsc.q=Especialista%20em%20escoliose%20cuiaba\" title=\"Escoliose\" class=\"textbody\">Escoliose<\/a><\/li>\n<hr >\n<li><a href=\"\/especialistas\/#gsc.tab=0&#038;gsc.q=Especialista%20em%20espasticidade%20muscular%20cuiaba\" title=\"Espasticidade Muscular\" class=\"textbody\">Espasticidade Muscular<\/a><\/li>\n<hr >\n<li><a href=\"\/especialistas\/#gsc.tab=0&#038;gsc.q=Especialista%20em%20espondilolistese%20cuiaba\" title=\"Espondilolistese\" class=\"textbody\">Espondilolistese<\/a><\/li>\n<hr >\n<li><a href=\"\/especialistas\/#gsc.tab=0&#038;gsc.q=Especialista%20em%20hernia%20de%20disco%20cuiaba\" title=\"H\u00e9rnia de disco\" class=\"textbody\">H\u00e9rnia de disco<\/a><\/li>\n<hr >\n<li><a href=\"\/especialistas\/#gsc.tab=0&#038;gsc.q=Especialista%20em%20limitacao%20da%20mobilidade%20cuiaba\" title=\"Limita\u00e7\u00e3o Da Mobilidade\" class=\"textbody\">Limita\u00e7\u00e3o Da Mobilidade<\/a><\/li>\n<hr >\n<li><a href=\"\/especialistas\/#gsc.tab=0&#038;gsc.q=Especialista%20em%20luxacao%20patelar%20cuiaba\" title=\"Luxa\u00e7\u00e3o Patelar\" class=\"textbody\">Luxa\u00e7\u00e3o Patelar<\/a><\/li>\n<hr >\n<li><a href=\"\/especialistas\/#gsc.tab=0&#038;gsc.q=Especialista%20em%20luxacao%20no%20ombro%20cuiaba\" title=\"Luxa\u00e7\u00e3o no ombro\" class=\"textbody\">Luxa\u00e7\u00e3o no ombro<\/a><\/li>\n<hr >\n<li><a href=\"\/especialistas\/#gsc.tab=0&#038;gsc.q=Especialista%20em%20metatarsalgia%20cuiaba\" title=\"Metatarsalgia\" class=\"textbody\">Metatarsalgia<\/a><\/li>\n<hr >\n<li><a href=\"\/especialistas\/#gsc.tab=0&#038;gsc.q=Especialista%20em%20necrose%20da%20cabeca%20do%20femur%20cuiaba\" title=\"Necrose Da Cabe\u00e7a Do F\u00eamur\" class=\"textbody\">Necrose Da Cabe\u00e7a Do F\u00eamur<\/a><\/li>\n<hr >\n<li><a href=\"\/especialistas\/#gsc.tab=0&#038;gsc.q=Especialista%20em%20neuralgia%20facial%20cuiaba\" title=\"Neuralgia Facial\" class=\"textbody\">Neuralgia Facial<\/a><\/li>\n<hr >\n<li><a href=\"\/especialistas\/#gsc.tab=0&#038;gsc.q=Especialista%20em%20neuropatia%20diabetica%20cuiaba\" title=\"Neuropatia Diab\u00e9tica\" class=\"textbody\">Neuropatia Diab\u00e9tica<\/a><\/li>\n<hr >\n<li><a href=\"\/especialistas\/#gsc.tab=0&#038;gsc.q=Especialista%20em%20neuropatias%20do%20plexo%20braquial%20cuiaba\" title=\"Neuropatias Do Plexo Braquial\" class=\"textbody\">Neuropatias Do Plexo Braquial<\/a><\/li>\n<hr >\n<li><a href=\"\/especialistas\/#gsc.tab=0&#038;gsc.q=Especialista%20em%20neuropatias%20fibulares%20cuiaba\" title=\"Neuropatias Fibulares\" class=\"textbody\">Neuropatias Fibulares<\/a><\/li>\n<hr >\n<li><a href=\"\/especialistas\/#gsc.tab=0&#038;gsc.q=Especialista%20em%20neuropatias%20ulnares%20cuiaba\" title=\"Neuropatias ulnares\" class=\"textbody\">Neuropatias ulnares<\/a><\/li>\n<hr >\n<li><a href=\"\/especialistas\/#gsc.tab=0&#038;gsc.q=Especialista%20em%20pe%20chato%20cuiaba\" title=\"P\u00e9 Chato\" class=\"textbody\">P\u00e9 Chato<\/a><\/li>\n<hr >\n<li><a href=\"\/especialistas\/#gsc.tab=0&#038;gsc.q=Especialista%20em%20sindrome%20do%20tunel%20do%20tarso%202%20cuiaba\" title=\"S\u00edndrome do t\u00fanel do tarso\" class=\"textbody\">S\u00edndrome do t\u00fanel do tarso<\/a><\/li>\n<hr >\n<li><a href=\"\/especialistas\/#gsc.tab=0&#038;gsc.q=Especialista%20em%20sindrome%20do%20tunel%20carpal%202%20cuiaba\" title=\"S\u00edndrome do t\u00fanel carpal\" class=\"textbody\">S\u00edndrome do t\u00fanel carpal<\/a><\/li>\n<hr >\n<li>\n<p>Altera\u00e7\u00f5es m\u00fasculo esquel\u00e9ticas\t\t\t\t<\/li>\n<hr >\n<li>\n<p>Artropatia\t\t\t\t<\/li>\n<hr >\n<li>\n<p>Atrito da banda iliotibial\t\t\t\t<\/li>\n<hr >\n<li>\n<p>Bruxismo\t\t\t\t<\/li>\n<hr >\n<li>\n<p>Dist\u00farbios da ATM\t\t\t\t<\/li>\n<hr >\n<li>\n<p>Bursite\t\t\t\t<\/li>\n<hr >\n<li>\n<p>Caimbra muscular\t\t\t\t<\/li>\n<hr >\n<li>\n<p>Canal estreito\t\t\t\t<\/li>\n<hr >\n<li>\n<p>(Cervicalgia) Dor no pesco\u00e7o\t\t\t\t<\/li>\n<hr >\n<li>\n<p>Cifose\t\t\t\t<\/li>\n<hr >\n<li>\n<p>Coluna Travada\t\t\t\t<\/li>\n<hr >\n<li>\n<p>Cervicobraquialgia\t\t\t\t<\/li>\n<hr >\n<li>\n<p>Contus\u00f5es\t\t\t\t<\/li>\n<hr >\n<li>\n<p>Distonia\t\t\t\t<\/li>\n<hr >\n<li>\n<p>Doen\u00e7a de alzheimer (reabilita\u00e7\u00e3o)\t\t\t\t<\/li>\n<hr >\n<li>\n<p>Doen\u00e7a de Parkinson (reabilita\u00e7\u00e3o)\t\t\t\t<\/li>\n<hr >\n<li>\n<p>Doen\u00e7as do nervo trig\u00eameo\t\t\t\t<\/li>\n<hr >\n<li>\n<p>Doen\u00e7as musculares\t\t\t\t<\/li>\n<hr >\n<li>\n<p>Dor articular\t\t\t\t<\/li>\n<hr >\n<li>\n<p>Lombociatalgia\t\t\t\t<\/li>\n<hr >\n<li>\n<p>Dor gl\u00fatea\t\t\t\t<\/li>\n<hr >\n<li>\n<p>Dor de ombro\t\t\t\t<\/li>\n<hr >\n<li>\n<p>Dor na cervical\t\t\t\t<\/li>\n<hr >\n<li>\n<p>Dor no calcanhar e espor\u00e3o de calcanhar\t\t\t\t<\/li>\n<hr >\n<li>\n<p>Dor no c\u00f3ccix (coccigodinea)\t\t\t\t<\/li>\n<hr >\n<li>\n<p>Dor no joelho\t\t\t\t<\/li>\n<hr >\n<li>\n<p>Dor no pesco\u00e7o\t\t\t\t<\/li>\n<hr >\n<li>\n<p>Dorso curvo\t\t\t\t<\/li>\n<hr >\n<li>\n<p>Entorsers e contus\u00f5es\t\t\t\t<\/li>\n<hr >\n<li>\n<p>Enxaquexa e outras cefal\u00e9ias\t\t\t\t<\/li>\n<hr >\n<li>\n<p>Epidondilite lateral\t\t\t\t<\/li>\n<hr >\n<li>\n<p>Espasticidade\t\t\t\t<\/li>\n<hr >\n<li>\n<p>Hiperlordose\t\t\t\t<\/li>\n<hr >\n<li>\n<p>Impacto femoroacetabular\t\t\t\t<\/li>\n<hr >\n<li>\n<p>LER %20 les\u00e3o por esfor\u00e7o repetitivo\t\t\t\t<\/li>\n<hr >\n<li>\n<p>Les\u00e3o medular\t\t\t\t<\/li>\n<hr >\n<li>\n<p>Les\u00f5es de tend\u00e3o\t\t\t\t<\/li>\n<hr >\n<li>\n<p>Les\u00f5es musculares\t\t\t\t<\/li>\n<hr >\n<li>\n<p>Neuralgia\t\t\t\t<\/li>\n<hr >\n<li>\n<p>Neuropatias\t\t\t\t<\/li>\n<hr >\n<li>\n<p>S\u00edndrome p\u00f3s covid\t\t\t\t<\/li>\n<hr >\n<li>\n<p>S\u00edndrome dolorosa miofascial\t\t\t\t<\/li>\n<hr >\n<li>\n<p>Tendinite calc\u00e1rea do ombro\t\t\t\t<\/li>\n<hr >\n<li>\n<p>Tendinite calc\u00e1rea\t\t\t\t<\/li>\n<hr >\n<li>\n<p>Tendinopatia\t\t\t\t<\/li>\n<hr >\n<li>\n<p>Dor no C\u00e2ncer\t\t\t\t<\/li>\n<hr >\n<li>\n<p>S\u00edndrome do bumbum ca\u00eddo\t\t\t\t<\/li>\n<hr >\n<li>\n<p>S\u00edndrome do piriforme\t\t\t\t<\/li>\n<\/ul>\n<hr \/>\n<p><strong>T\u00f3picos:<\/strong> Angiologista em Jo\u00e3o Pessoa &#8211; PB <span class=\"topic-hidden\">| Cirurgi\u00e3o vascular em Jo\u00e3o Pessoa &#8211; PB  <\/span><\/p>\n","protected":false},"author":1,"featured_media":0,"template":"","bairro":[6092],"categoria_parceiro":[20519,20518],"topico-parceiro":[21120,20643],"class_list":["post-174191","negocio","type-negocio","status-publish","hentry","bairro-centro-joao-pessoa-pb","categoria_parceiro-angiologista","categoria_parceiro-cirurgiao-vascular","topico-parceiro-angiologista-em-joao-pessoa-pb","topico-parceiro-cirurgiao-vascular-em-joao-pessoa-pb"],"yoast_head":"<!-- This site is optimized with the Yoast SEO Premium plugin v20.9 (Yoast SEO v27.5) - https:\/\/yoast.com\/product\/yoast-seo-premium-wordpress\/ -->\n<title>Dra. Marcela Vieira - Angiologista, Cirurgi\u00e3o vascular Jo\u00e3o Pessoa - PB<\/title>\n<meta name=\"description\" content=\"Dra. Marcela Vieira, Angiologista, Cirurgi\u00e3o vascular em Jo\u00e3o Pessoa. Agende uma consulta com os melhores profissionais de sa\u00fade em Brasil. Diagn\u00f3stico Vascular N\u00e3o-Invasivo, Flebologia, Diagn\u00f3stico Vascular N\u00e3o-Invasivo.\" \/>\n<meta name=\"robots\" content=\"index, follow, max-snippet:-1, max-image-preview:large, max-video-preview:-1\" \/>\n<link rel=\"canonical\" href=\"https:\/\/www.somospopular.com.br\/especialistas\/dra-marcela-vieira-angiologista-em-joao-pessoa-pb\/\" \/>\n<meta property=\"og:locale\" content=\"pt_BR\" \/>\n<meta property=\"og:type\" content=\"article\" \/>\n<meta property=\"og:title\" content=\"Dra. Marcela Vieira - Angiologista, Cirurgi\u00e3o vascular Jo\u00e3o Pessoa - PB\" \/>\n<meta property=\"og:description\" content=\"Dra. Marcela Vieira - Angiologista, Cirurgi\u00e3o vascular Jo\u00e3o Pessoa - PB. Cl\u00ednica Veterin\u00e1ria Popular com pre\u00e7os acess\u00edveis. Especialistas\" \/>\n<meta property=\"og:url\" content=\"https:\/\/www.somospopular.com.br\/especialistas\/dra-marcela-vieira-angiologista-em-joao-pessoa-pb\/\" \/>\n<meta property=\"og:site_name\" content=\"Especialistas\" \/>\n<meta property=\"article:modified_time\" content=\"2023-05-20T21:09:51+00:00\" \/>\n<meta name=\"twitter:card\" content=\"summary_large_image\" \/>\n<meta name=\"twitter:title\" content=\"Dra. Marcela Vieira - Angiologista, Cirurgi\u00e3o vascular Jo\u00e3o Pessoa - PB\" \/>\n<meta name=\"twitter:label1\" content=\"Est. tempo de leitura\" \/>\n\t<meta name=\"twitter:data1\" content=\"2 minutos\" \/>\n<script type=\"application\/ld+json\" class=\"yoast-schema-graph\">{\"@context\":\"https:\\\/\\\/schema.org\",\"@graph\":[{\"@type\":\"WebPage\",\"@id\":\"https:\\\/\\\/www.somospopular.com.br\\\/especialistas\\\/dra-marcela-vieira-angiologista-em-joao-pessoa-pb\\\/\",\"url\":\"https:\\\/\\\/www.somospopular.com.br\\\/especialistas\\\/dra-marcela-vieira-angiologista-em-joao-pessoa-pb\\\/\",\"name\":\"Dra. Marcela Vieira - Angiologista, Cirurgi\u00e3o vascular Jo\u00e3o Pessoa - PB\",\"isPartOf\":{\"@id\":\"https:\\\/\\\/www.somospopular.com.br\\\/especialistas\\\/#website\"},\"datePublished\":\"2020-11-16T00:57:18+00:00\",\"dateModified\":\"2023-05-20T21:09:51+00:00\",\"description\":\"Dra. Marcela Vieira, Angiologista, Cirurgi\u00e3o vascular em Jo\u00e3o Pessoa. Agende uma consulta com os melhores profissionais de sa\u00fade em Brasil. Diagn\u00f3stico Vascular N\u00e3o-Invasivo, Flebologia, Diagn\u00f3stico Vascular N\u00e3o-Invasivo.\",\"breadcrumb\":{\"@id\":\"https:\\\/\\\/www.somospopular.com.br\\\/especialistas\\\/dra-marcela-vieira-angiologista-em-joao-pessoa-pb\\\/#breadcrumb\"},\"inLanguage\":\"pt-BR\",\"potentialAction\":[{\"@type\":\"ReadAction\",\"target\":[\"https:\\\/\\\/www.somospopular.com.br\\\/especialistas\\\/dra-marcela-vieira-angiologista-em-joao-pessoa-pb\\\/\"]}]},{\"@type\":\"BreadcrumbList\",\"@id\":\"https:\\\/\\\/www.somospopular.com.br\\\/especialistas\\\/dra-marcela-vieira-angiologista-em-joao-pessoa-pb\\\/#breadcrumb\",\"itemListElement\":[{\"@type\":\"ListItem\",\"position\":1,\"name\":\"Especialista\",\"item\":\"https:\\\/\\\/www.somospopular.com.br\\\/especialistas\\\/\"},{\"@type\":\"ListItem\",\"position\":2,\"name\":\"Parceiros\",\"item\":\"https:\\\/\\\/www.somospopular.com.br\\\/especialistas\\\/negocio\\\/\"},{\"@type\":\"ListItem\",\"position\":3,\"name\":\"Angiologista\",\"item\":\"https:\\\/\\\/www.somospopular.com.br\\\/especialistas\\\/angiologista\\\/\"},{\"@type\":\"ListItem\",\"position\":4,\"name\":\"Dra. Marcela Vieira &#8211; Angiologista, Cirurgi\u00e3o vascular Jo\u00e3o Pessoa &#8211; PB\"}]},{\"@type\":\"WebSite\",\"@id\":\"https:\\\/\\\/www.somospopular.com.br\\\/especialistas\\\/#website\",\"url\":\"https:\\\/\\\/www.somospopular.com.br\\\/especialistas\\\/\",\"name\":\"Especialistas\",\"description\":\"Somos Popular\",\"publisher\":{\"@id\":\"https:\\\/\\\/www.somospopular.com.br\\\/especialistas\\\/#organization\"},\"potentialAction\":[{\"@type\":\"SearchAction\",\"target\":{\"@type\":\"EntryPoint\",\"urlTemplate\":\"https:\\\/\\\/www.somospopular.com.br\\\/especialistas\\\/?s={search_term_string}\"},\"query-input\":{\"@type\":\"PropertyValueSpecification\",\"valueRequired\":true,\"valueName\":\"search_term_string\"}}],\"inLanguage\":\"pt-BR\"},{\"@type\":\"Organization\",\"@id\":\"https:\\\/\\\/www.somospopular.com.br\\\/especialistas\\\/#organization\",\"name\":\"M\u00e9dicos Especialistas - Somos Popular\",\"alternateName\":\"M\u00e9dicos Especialistas\",\"url\":\"https:\\\/\\\/www.somospopular.com.br\\\/especialistas\\\/\",\"logo\":{\"@type\":\"ImageObject\",\"inLanguage\":\"pt-BR\",\"@id\":\"https:\\\/\\\/www.somospopular.com.br\\\/especialistas\\\/#\\\/schema\\\/logo\\\/image\\\/\",\"url\":\"https:\\\/\\\/www.somospopular.com.br\\\/especialistas\\\/wp-content\\\/uploads\\\/sites\\\/13\\\/2022\\\/05\\\/somos-popular-logo-80.webp\",\"contentUrl\":\"https:\\\/\\\/www.somospopular.com.br\\\/especialistas\\\/wp-content\\\/uploads\\\/sites\\\/13\\\/2022\\\/05\\\/somos-popular-logo-80.webp\",\"width\":325,\"height\":80,\"caption\":\"M\u00e9dicos Especialistas - Somos Popular\"},\"image\":{\"@id\":\"https:\\\/\\\/www.somospopular.com.br\\\/especialistas\\\/#\\\/schema\\\/logo\\\/image\\\/\"}}]}<\/script>\n<!-- \/ Yoast SEO Premium plugin. -->","yoast_head_json":{"title":"Dra. Marcela Vieira - Angiologista, Cirurgi\u00e3o vascular Jo\u00e3o Pessoa - PB","description":"Dra. Marcela Vieira, Angiologista, Cirurgi\u00e3o vascular em Jo\u00e3o Pessoa. Agende uma consulta com os melhores profissionais de sa\u00fade em Brasil. Diagn\u00f3stico Vascular N\u00e3o-Invasivo, Flebologia, Diagn\u00f3stico Vascular N\u00e3o-Invasivo.","robots":{"index":"index","follow":"follow","max-snippet":"max-snippet:-1","max-image-preview":"max-image-preview:large","max-video-preview":"max-video-preview:-1"},"canonical":"https:\/\/www.somospopular.com.br\/especialistas\/dra-marcela-vieira-angiologista-em-joao-pessoa-pb\/","og_locale":"pt_BR","og_type":"article","og_title":"Dra. Marcela Vieira - Angiologista, Cirurgi\u00e3o vascular Jo\u00e3o Pessoa - PB","og_description":"Dra. Marcela Vieira - Angiologista, Cirurgi\u00e3o vascular Jo\u00e3o Pessoa - PB. Cl\u00ednica Veterin\u00e1ria Popular com pre\u00e7os acess\u00edveis. Especialistas","og_url":"https:\/\/www.somospopular.com.br\/especialistas\/dra-marcela-vieira-angiologista-em-joao-pessoa-pb\/","og_site_name":"Especialistas","article_modified_time":"2023-05-20T21:09:51+00:00","twitter_card":"summary_large_image","twitter_title":"Dra. Marcela Vieira - Angiologista, Cirurgi\u00e3o vascular Jo\u00e3o Pessoa - PB","twitter_misc":{"Est. tempo de leitura":"2 minutos"},"schema":{"@context":"https:\/\/schema.org","@graph":[{"@type":"WebPage","@id":"https:\/\/www.somospopular.com.br\/especialistas\/dra-marcela-vieira-angiologista-em-joao-pessoa-pb\/","url":"https:\/\/www.somospopular.com.br\/especialistas\/dra-marcela-vieira-angiologista-em-joao-pessoa-pb\/","name":"Dra. Marcela Vieira - Angiologista, Cirurgi\u00e3o vascular Jo\u00e3o Pessoa - PB","isPartOf":{"@id":"https:\/\/www.somospopular.com.br\/especialistas\/#website"},"datePublished":"2020-11-16T00:57:18+00:00","dateModified":"2023-05-20T21:09:51+00:00","description":"Dra. Marcela Vieira, Angiologista, Cirurgi\u00e3o vascular em Jo\u00e3o Pessoa. Agende uma consulta com os melhores profissionais de sa\u00fade em Brasil. Diagn\u00f3stico Vascular N\u00e3o-Invasivo, Flebologia, Diagn\u00f3stico Vascular N\u00e3o-Invasivo.","breadcrumb":{"@id":"https:\/\/www.somospopular.com.br\/especialistas\/dra-marcela-vieira-angiologista-em-joao-pessoa-pb\/#breadcrumb"},"inLanguage":"pt-BR","potentialAction":[{"@type":"ReadAction","target":["https:\/\/www.somospopular.com.br\/especialistas\/dra-marcela-vieira-angiologista-em-joao-pessoa-pb\/"]}]},{"@type":"BreadcrumbList","@id":"https:\/\/www.somospopular.com.br\/especialistas\/dra-marcela-vieira-angiologista-em-joao-pessoa-pb\/#breadcrumb","itemListElement":[{"@type":"ListItem","position":1,"name":"Especialista","item":"https:\/\/www.somospopular.com.br\/especialistas\/"},{"@type":"ListItem","position":2,"name":"Parceiros","item":"https:\/\/www.somospopular.com.br\/especialistas\/negocio\/"},{"@type":"ListItem","position":3,"name":"Angiologista","item":"https:\/\/www.somospopular.com.br\/especialistas\/angiologista\/"},{"@type":"ListItem","position":4,"name":"Dra. Marcela Vieira &#8211; Angiologista, Cirurgi\u00e3o vascular Jo\u00e3o Pessoa &#8211; PB"}]},{"@type":"WebSite","@id":"https:\/\/www.somospopular.com.br\/especialistas\/#website","url":"https:\/\/www.somospopular.com.br\/especialistas\/","name":"Especialistas","description":"Somos Popular","publisher":{"@id":"https:\/\/www.somospopular.com.br\/especialistas\/#organization"},"potentialAction":[{"@type":"SearchAction","target":{"@type":"EntryPoint","urlTemplate":"https:\/\/www.somospopular.com.br\/especialistas\/?s={search_term_string}"},"query-input":{"@type":"PropertyValueSpecification","valueRequired":true,"valueName":"search_term_string"}}],"inLanguage":"pt-BR"},{"@type":"Organization","@id":"https:\/\/www.somospopular.com.br\/especialistas\/#organization","name":"M\u00e9dicos Especialistas - Somos Popular","alternateName":"M\u00e9dicos Especialistas","url":"https:\/\/www.somospopular.com.br\/especialistas\/","logo":{"@type":"ImageObject","inLanguage":"pt-BR","@id":"https:\/\/www.somospopular.com.br\/especialistas\/#\/schema\/logo\/image\/","url":"https:\/\/www.somospopular.com.br\/especialistas\/wp-content\/uploads\/sites\/13\/2022\/05\/somos-popular-logo-80.webp","contentUrl":"https:\/\/www.somospopular.com.br\/especialistas\/wp-content\/uploads\/sites\/13\/2022\/05\/somos-popular-logo-80.webp","width":325,"height":80,"caption":"M\u00e9dicos Especialistas - Somos Popular"},"image":{"@id":"https:\/\/www.somospopular.com.br\/especialistas\/#\/schema\/logo\/image\/"}}]}},"_links":{"self":[{"href":"https:\/\/www.somospopular.com.br\/especialistas\/wp-json\/wp\/v2\/negocio\/174191","targetHints":{"allow":["GET"]}}],"collection":[{"href":"https:\/\/www.somospopular.com.br\/especialistas\/wp-json\/wp\/v2\/negocio"}],"about":[{"href":"https:\/\/www.somospopular.com.br\/especialistas\/wp-json\/wp\/v2\/types\/negocio"}],"author":[{"embeddable":true,"href":"https:\/\/www.somospopular.com.br\/especialistas\/wp-json\/wp\/v2\/users\/1"}],"wp:attachment":[{"href":"https:\/\/www.somospopular.com.br\/especialistas\/wp-json\/wp\/v2\/media?parent=174191"}],"wp:term":[{"taxonomy":"bairro","embeddable":true,"href":"https:\/\/www.somospopular.com.br\/especialistas\/wp-json\/wp\/v2\/bairro?post=174191"},{"taxonomy":"categoria_parceiro","embeddable":true,"href":"https:\/\/www.somospopular.com.br\/especialistas\/wp-json\/wp\/v2\/categoria_parceiro?post=174191"},{"taxonomy":"topico-parceiro","embeddable":true,"href":"https:\/\/www.somospopular.com.br\/especialistas\/wp-json\/wp\/v2\/topico-parceiro?post=174191"}],"curies":[{"name":"wp","href":"https:\/\/api.w.org\/{rel}","templated":true}]}}