{"id":174569,"date":"2023-04-22T15:03:35","date_gmt":"2023-04-22T18:03:35","guid":{"rendered":"https:\/\/www.somospopular.com.br\/especialistas\/dra-mayana-moraes-fino-trevisan-alergista-em-sp\/"},"modified":"2023-05-20T18:14:06","modified_gmt":"2023-05-20T21:14:06","slug":"dra-mayana-moraes-fino-trevisan-alergista-em-santo-andre-sp","status":"publish","type":"negocio","link":"https:\/\/www.somospopular.com.br\/especialistas\/dra-mayana-moraes-fino-trevisan-alergista-em-santo-andre-sp\/","title":{"rendered":"Dra. Mayana Moraes Fino Trevisan &#8211; Alergista Santo Andr\u00e9 &#8211; SP"},"content":{"rendered":"<p>Trabalho na \u00e1rea de emagrecimento saud\u00e1vel, ganho de massa muscular, performance f\u00edsica, reposi\u00e7\u00e3o hormonal masculina e feminina, focando sempre na sa\u00fade. Al\u00e9m disso, atendo muito pacientes com problemas de sa\u00fade, como cansa\u00e7o excessivo, baixa de energia, tristeza, baixa l\u00edbido, mem\u00f3ria ruim, insonia e outros sintomas da vida moderna.<\/p>\n<h2>Alergista em Santo Andr\u00e9 &#8211; SP<\/h2>\n<p><strong>Endere\u00e7o:<\/strong> RUA PIRITUBA, 55 CASA BRANCA , Centro, Santo Andr\u00e9 &#8211; SP<br \/>\n<strong>CEP: <\/strong>09015-540<\/p>\n<p><span class=\"phone-hidden\"><strong>Telefone:<\/strong>  <\/span><\/p>\n<h2>Dra. Mayana Moraes Fino Trevisan &#8211; Alergista Santo Andr\u00e9<\/h2>\n<p>Dra. Mayana Moraes Fino Trevisan, Alergista em Santo Andr\u00e9. Agende uma consulta com os melhores profissionais de sa\u00fade em Brasil.<\/p>\n<p><span class=\"maps-hidden\"><a href=\"https:\/\/www.google.com\/maps\/search\/?api=1&#038;query=RUA PIRITUBA, 55 CASA BRANCA , Centro, Santo Andr\u00e9 - SP - 09015-540\" target=\"_blank\" rel=\"noopener\">COMO CHEGAR?<\/a><\/span><\/p>\n<h3 class=\"flex-grow-1 mb-0\">Experi\u00eancia<\/h3>\n<hr \/>\n<ul>\n<li><a href=\"\/especialistas\/#gsc.tab=0&#038;gsc.q=Especialista%20em%20assimetria%20facial%20sao%20paulo\" title=\"Assimetria Facial\" class=\"textbody\">Assimetria Facial<\/a><\/li>\n<hr >\n<li><a href=\"\/especialistas\/#gsc.tab=0&#038;gsc.q=Especialista%20em%20micrognatismo%20sao%20paulo\" title=\"Micrognatismo\" class=\"textbody\">Micrognatismo<\/a><\/li>\n<hr >\n<li><a href=\"\/especialistas\/#gsc.tab=0&#038;gsc.q=Especialista%20em%20ma%20oclusao%20de%20angle%20classe%20iii%20sao%20paulo\" title=\"M\u00e1 oclus\u00e3o de angle classe III\" class=\"textbody\">M\u00e1 oclus\u00e3o de angle classe III<\/a><\/li>\n<hr >\n<li><a href=\"\/especialistas\/#gsc.tab=0&#038;gsc.q=Especialista%20em%20disfuncao%20da%20atm%20sao%20paulo\" title=\"Disfun\u00e7\u00e3o da ATM\" class=\"textbody\">Disfun\u00e7\u00e3o da ATM<\/a><\/li>\n<hr >\n<li><a href=\"\/especialistas\/#gsc.tab=0&#038;gsc.q=Especialista%20em%20cisto%20dentigero%20sao%20paulo\" title=\"Cisto Dent\u00edgero\" class=\"textbody\">Cisto Dent\u00edgero<\/a><\/li>\n<hr >\n<li><a href=\"\/especialistas\/#gsc.tab=0&#038;gsc.q=Especialista%20em%20cistos%20maxilomandibulares%20sao%20paulo\" title=\"Cistos Maxilomandibulares\" class=\"textbody\">Cistos Maxilomandibulares<\/a><\/li>\n<hr >\n<li><a href=\"\/especialistas\/#gsc.tab=0&#038;gsc.q=Especialista%20em%20ronco%20sao%20paulo\" title=\"Ronco\" class=\"textbody\">Ronco<\/a><\/li>\n<hr >\n<li><a href=\"\/especialistas\/#gsc.tab=0&#038;gsc.q=Especialista%20em%20transtornos%20da%20articulacao%20temporomandibular%20sao%20paulo\" title=\"Transtornos Da Articula\u00e7\u00e3o Temporomandibular\" class=\"textbody\">Transtornos Da Articula\u00e7\u00e3o Temporomandibular<\/a><\/li>\n<hr >\n<li><a href=\"\/especialistas\/#gsc.tab=0&#038;gsc.q=Especialista%20em%20traumatismos%20maxilofaciais%20sao%20paulo\" title=\"Traumatismos Maxilofaciais\" class=\"textbody\">Traumatismos Maxilofaciais<\/a><\/li>\n<hr >\n<li><a href=\"\/especialistas\/#gsc.tab=0&#038;gsc.q=Especialista%20em%20traumatismos%20faciais%20sao%20paulo\" title=\"Traumatismos Faciais\" class=\"textbody\">Traumatismos Faciais<\/a><\/li>\n<hr >\n<li><a href=\"\/especialistas\/#gsc.tab=0&#038;gsc.q=Especialista%20em%20sindrome%20da%20disfuncao%20da%20articulacao%20temporomandibular%20sao%20paulo\" title=\"S\u00edndrome Da Disfun\u00e7\u00e3o Da Articula\u00e7\u00e3o Temporomandibular\" class=\"textbody\">S\u00edndrome Da Disfun\u00e7\u00e3o Da Articula\u00e7\u00e3o Temporomandibular<\/a><\/li>\n<hr >\n<li><a href=\"\/especialistas\/#gsc.tab=0&#038;gsc.q=Especialista%20em%20prognatismo%20sao%20paulo\" title=\"Prognatismo\" class=\"textbody\">Prognatismo<\/a><\/li>\n<hr >\n<li><a href=\"\/especialistas\/#gsc.tab=0&#038;gsc.q=Especialista%20em%20cistos%20sao%20paulo\" title=\"Cistos\" class=\"textbody\">Cistos<\/a><\/li>\n<hr >\n<li><a href=\"\/especialistas\/#gsc.tab=0&#038;gsc.q=Especialista%20em%20doencas%20maxilomandibulares%20sao%20paulo\" title=\"Doen\u00e7as Maxilomandibulares\" class=\"textbody\">Doen\u00e7as Maxilomandibulares<\/a><\/li>\n<hr >\n<li><a href=\"\/especialistas\/#gsc.tab=0&#038;gsc.q=Especialista%20em%20fraturas%20mandibulares%20sao%20paulo\" title=\"Fraturas Mandibulares\" class=\"textbody\">Fraturas Mandibulares<\/a><\/li>\n<hr >\n<li><a href=\"\/especialistas\/#gsc.tab=0&#038;gsc.q=Especialista%20em%20fraturas%20maxilomandibulares%20sao%20paulo\" title=\"Fraturas Maxilomandibulares\" class=\"textbody\">Fraturas Maxilomandibulares<\/a><\/li>\n<hr >\n<li><a href=\"\/especialistas\/#gsc.tab=0&#038;gsc.q=Especialista%20em%20fraturas%20maxilares%20sao%20paulo\" title=\"Fraturas Maxilares\" class=\"textbody\">Fraturas Maxilares<\/a><\/li>\n<hr >\n<li><a href=\"\/especialistas\/#gsc.tab=0&#038;gsc.q=Especialista%20em%20anormalidades%20maxilofaciais%20sao%20paulo\" title=\"Anormalidades Maxilofaciais\" class=\"textbody\">Anormalidades Maxilofaciais<\/a><\/li>\n<hr >\n<li><a href=\"\/especialistas\/#gsc.tab=0&#038;gsc.q=Especialista%20em%20dor%20facial%20sao%20paulo\" title=\"Dor Facial\" class=\"textbody\">Dor Facial<\/a><\/li>\n<hr >\n<li><a href=\"\/especialistas\/#gsc.tab=0&#038;gsc.q=Especialista%20em%20dente%20nao%20erupcionado%20sao%20paulo\" title=\"Dente N\u00e3o%20Erupcionado\" class=\"textbody\">Dente N\u00e3o%20Erupcionado<\/a><\/li>\n<hr >\n<li><a href=\"\/especialistas\/#gsc.tab=0&#038;gsc.q=Especialista%20em%20dente%20impactado%20sao%20paulo\" title=\"Dente Impactado\" class=\"textbody\">Dente Impactado<\/a><\/li>\n<hr >\n<li><a href=\"\/especialistas\/#gsc.tab=0&#038;gsc.q=Especialista%20em%20complicacoes%20cirurgicas%20sao%20paulo\" title=\"Complica\u00e7\u00f5es cir\u00fargicas\" class=\"textbody\">Complica\u00e7\u00f5es cir\u00fargicas<\/a><\/li>\n<hr >\n<li><a href=\"\/especialistas\/#gsc.tab=0&#038;gsc.q=Especialista%20em%20dente%20supranumerario%20sao%20paulo\" title=\"Dente Supranumer\u00e1rio\" class=\"textbody\">Dente Supranumer\u00e1rio<\/a><\/li>\n<hr >\n<li><a href=\"\/especialistas\/#gsc.tab=0&#038;gsc.q=Especialista%20em%20anormalidades%20maxilomandibulares%20sao%20paulo\" title=\"Anormalidades Maxilomandibulares\" class=\"textbody\">Anormalidades Maxilomandibulares<\/a><\/li>\n<\/ul>\n<hr \/>\n<p><strong>T\u00f3picos:<\/strong> Alergista em Santo Andr\u00e9 &#8211; SP <span class=\"topic-hidden\">|   Amel Assistencia Medica<\/span><\/p>\n","protected":false},"author":1,"featured_media":0,"template":"","bairro":[6255],"categoria_parceiro":[20505],"topico-parceiro":[24937],"class_list":["post-174569","negocio","type-negocio","status-publish","hentry","bairro-centro-santo-andre-sp","categoria_parceiro-alergista","topico-parceiro-alergista-em-santo-andre-sp"],"yoast_head":"<!-- This site is optimized with the Yoast SEO Premium plugin v20.9 (Yoast SEO v27.5) - https:\/\/yoast.com\/product\/yoast-seo-premium-wordpress\/ -->\n<title>Dra. Mayana Moraes Fino Trevisan - Alergista Santo Andr\u00e9 - SP<\/title>\n<meta name=\"description\" content=\"Dra. Mayana Moraes Fino Trevisan, Alergista em Santo Andr\u00e9. Agende uma consulta com os melhores profissionais de sa\u00fade em Brasil.\" \/>\n<meta name=\"robots\" content=\"index, follow, max-snippet:-1, max-image-preview:large, max-video-preview:-1\" \/>\n<link rel=\"canonical\" href=\"https:\/\/www.somospopular.com.br\/especialistas\/dra-mayana-moraes-fino-trevisan-alergista-em-santo-andre-sp\/\" \/>\n<meta property=\"og:locale\" content=\"pt_BR\" \/>\n<meta property=\"og:type\" content=\"article\" \/>\n<meta property=\"og:title\" content=\"Dra. Mayana Moraes Fino Trevisan - Alergista Santo Andr\u00e9 - SP\" \/>\n<meta property=\"og:description\" content=\"Dra. Mayana Moraes Fino Trevisan - Alergista Santo Andr\u00e9 - SP. Cl\u00ednica Veterin\u00e1ria Popular com pre\u00e7os acess\u00edveis. Especialistas\" \/>\n<meta property=\"og:url\" content=\"https:\/\/www.somospopular.com.br\/especialistas\/dra-mayana-moraes-fino-trevisan-alergista-em-santo-andre-sp\/\" \/>\n<meta property=\"og:site_name\" content=\"Especialistas\" \/>\n<meta property=\"article:modified_time\" content=\"2023-05-20T21:14:06+00:00\" \/>\n<meta name=\"twitter:card\" content=\"summary_large_image\" \/>\n<meta name=\"twitter:title\" content=\"Dra. Mayana Moraes Fino Trevisan - Alergista Santo Andr\u00e9 - SP\" \/>\n<meta name=\"twitter:label1\" content=\"Est. tempo de leitura\" \/>\n\t<meta name=\"twitter:data1\" content=\"1 minuto\" \/>\n<script type=\"application\/ld+json\" class=\"yoast-schema-graph\">{\"@context\":\"https:\\\/\\\/schema.org\",\"@graph\":[{\"@type\":\"WebPage\",\"@id\":\"https:\\\/\\\/www.somospopular.com.br\\\/especialistas\\\/dra-mayana-moraes-fino-trevisan-alergista-em-santo-andre-sp\\\/\",\"url\":\"https:\\\/\\\/www.somospopular.com.br\\\/especialistas\\\/dra-mayana-moraes-fino-trevisan-alergista-em-santo-andre-sp\\\/\",\"name\":\"Dra. Mayana Moraes Fino Trevisan - Alergista Santo Andr\u00e9 - SP\",\"isPartOf\":{\"@id\":\"https:\\\/\\\/www.somospopular.com.br\\\/especialistas\\\/#website\"},\"datePublished\":\"2023-04-22T18:03:35+00:00\",\"dateModified\":\"2023-05-20T21:14:06+00:00\",\"description\":\"Dra. Mayana Moraes Fino Trevisan, Alergista em Santo Andr\u00e9. Agende uma consulta com os melhores profissionais de sa\u00fade em Brasil.\",\"breadcrumb\":{\"@id\":\"https:\\\/\\\/www.somospopular.com.br\\\/especialistas\\\/dra-mayana-moraes-fino-trevisan-alergista-em-santo-andre-sp\\\/#breadcrumb\"},\"inLanguage\":\"pt-BR\",\"potentialAction\":[{\"@type\":\"ReadAction\",\"target\":[\"https:\\\/\\\/www.somospopular.com.br\\\/especialistas\\\/dra-mayana-moraes-fino-trevisan-alergista-em-santo-andre-sp\\\/\"]}]},{\"@type\":\"BreadcrumbList\",\"@id\":\"https:\\\/\\\/www.somospopular.com.br\\\/especialistas\\\/dra-mayana-moraes-fino-trevisan-alergista-em-santo-andre-sp\\\/#breadcrumb\",\"itemListElement\":[{\"@type\":\"ListItem\",\"position\":1,\"name\":\"Especialista\",\"item\":\"https:\\\/\\\/www.somospopular.com.br\\\/especialistas\\\/\"},{\"@type\":\"ListItem\",\"position\":2,\"name\":\"Parceiros\",\"item\":\"https:\\\/\\\/www.somospopular.com.br\\\/especialistas\\\/negocio\\\/\"},{\"@type\":\"ListItem\",\"position\":3,\"name\":\"Alergista\",\"item\":\"https:\\\/\\\/www.somospopular.com.br\\\/especialistas\\\/alergista\\\/\"},{\"@type\":\"ListItem\",\"position\":4,\"name\":\"Dra. Mayana Moraes Fino Trevisan &#8211; Alergista Santo Andr\u00e9 &#8211; SP\"}]},{\"@type\":\"WebSite\",\"@id\":\"https:\\\/\\\/www.somospopular.com.br\\\/especialistas\\\/#website\",\"url\":\"https:\\\/\\\/www.somospopular.com.br\\\/especialistas\\\/\",\"name\":\"Especialistas\",\"description\":\"Somos Popular\",\"publisher\":{\"@id\":\"https:\\\/\\\/www.somospopular.com.br\\\/especialistas\\\/#organization\"},\"potentialAction\":[{\"@type\":\"SearchAction\",\"target\":{\"@type\":\"EntryPoint\",\"urlTemplate\":\"https:\\\/\\\/www.somospopular.com.br\\\/especialistas\\\/?s={search_term_string}\"},\"query-input\":{\"@type\":\"PropertyValueSpecification\",\"valueRequired\":true,\"valueName\":\"search_term_string\"}}],\"inLanguage\":\"pt-BR\"},{\"@type\":\"Organization\",\"@id\":\"https:\\\/\\\/www.somospopular.com.br\\\/especialistas\\\/#organization\",\"name\":\"M\u00e9dicos Especialistas - Somos Popular\",\"alternateName\":\"M\u00e9dicos Especialistas\",\"url\":\"https:\\\/\\\/www.somospopular.com.br\\\/especialistas\\\/\",\"logo\":{\"@type\":\"ImageObject\",\"inLanguage\":\"pt-BR\",\"@id\":\"https:\\\/\\\/www.somospopular.com.br\\\/especialistas\\\/#\\\/schema\\\/logo\\\/image\\\/\",\"url\":\"https:\\\/\\\/www.somospopular.com.br\\\/especialistas\\\/wp-content\\\/uploads\\\/sites\\\/13\\\/2022\\\/05\\\/somos-popular-logo-80.webp\",\"contentUrl\":\"https:\\\/\\\/www.somospopular.com.br\\\/especialistas\\\/wp-content\\\/uploads\\\/sites\\\/13\\\/2022\\\/05\\\/somos-popular-logo-80.webp\",\"width\":325,\"height\":80,\"caption\":\"M\u00e9dicos Especialistas - Somos Popular\"},\"image\":{\"@id\":\"https:\\\/\\\/www.somospopular.com.br\\\/especialistas\\\/#\\\/schema\\\/logo\\\/image\\\/\"}}]}<\/script>\n<!-- \/ Yoast SEO Premium plugin. -->","yoast_head_json":{"title":"Dra. Mayana Moraes Fino Trevisan - Alergista Santo Andr\u00e9 - SP","description":"Dra. Mayana Moraes Fino Trevisan, Alergista em Santo Andr\u00e9. Agende uma consulta com os melhores profissionais de sa\u00fade em Brasil.","robots":{"index":"index","follow":"follow","max-snippet":"max-snippet:-1","max-image-preview":"max-image-preview:large","max-video-preview":"max-video-preview:-1"},"canonical":"https:\/\/www.somospopular.com.br\/especialistas\/dra-mayana-moraes-fino-trevisan-alergista-em-santo-andre-sp\/","og_locale":"pt_BR","og_type":"article","og_title":"Dra. Mayana Moraes Fino Trevisan - Alergista Santo Andr\u00e9 - SP","og_description":"Dra. Mayana Moraes Fino Trevisan - Alergista Santo Andr\u00e9 - SP. Cl\u00ednica Veterin\u00e1ria Popular com pre\u00e7os acess\u00edveis. Especialistas","og_url":"https:\/\/www.somospopular.com.br\/especialistas\/dra-mayana-moraes-fino-trevisan-alergista-em-santo-andre-sp\/","og_site_name":"Especialistas","article_modified_time":"2023-05-20T21:14:06+00:00","twitter_card":"summary_large_image","twitter_title":"Dra. Mayana Moraes Fino Trevisan - Alergista Santo Andr\u00e9 - SP","twitter_misc":{"Est. tempo de leitura":"1 minuto"},"schema":{"@context":"https:\/\/schema.org","@graph":[{"@type":"WebPage","@id":"https:\/\/www.somospopular.com.br\/especialistas\/dra-mayana-moraes-fino-trevisan-alergista-em-santo-andre-sp\/","url":"https:\/\/www.somospopular.com.br\/especialistas\/dra-mayana-moraes-fino-trevisan-alergista-em-santo-andre-sp\/","name":"Dra. Mayana Moraes Fino Trevisan - Alergista Santo Andr\u00e9 - SP","isPartOf":{"@id":"https:\/\/www.somospopular.com.br\/especialistas\/#website"},"datePublished":"2023-04-22T18:03:35+00:00","dateModified":"2023-05-20T21:14:06+00:00","description":"Dra. Mayana Moraes Fino Trevisan, Alergista em Santo Andr\u00e9. Agende uma consulta com os melhores profissionais de sa\u00fade em Brasil.","breadcrumb":{"@id":"https:\/\/www.somospopular.com.br\/especialistas\/dra-mayana-moraes-fino-trevisan-alergista-em-santo-andre-sp\/#breadcrumb"},"inLanguage":"pt-BR","potentialAction":[{"@type":"ReadAction","target":["https:\/\/www.somospopular.com.br\/especialistas\/dra-mayana-moraes-fino-trevisan-alergista-em-santo-andre-sp\/"]}]},{"@type":"BreadcrumbList","@id":"https:\/\/www.somospopular.com.br\/especialistas\/dra-mayana-moraes-fino-trevisan-alergista-em-santo-andre-sp\/#breadcrumb","itemListElement":[{"@type":"ListItem","position":1,"name":"Especialista","item":"https:\/\/www.somospopular.com.br\/especialistas\/"},{"@type":"ListItem","position":2,"name":"Parceiros","item":"https:\/\/www.somospopular.com.br\/especialistas\/negocio\/"},{"@type":"ListItem","position":3,"name":"Alergista","item":"https:\/\/www.somospopular.com.br\/especialistas\/alergista\/"},{"@type":"ListItem","position":4,"name":"Dra. Mayana Moraes Fino Trevisan &#8211; Alergista Santo Andr\u00e9 &#8211; SP"}]},{"@type":"WebSite","@id":"https:\/\/www.somospopular.com.br\/especialistas\/#website","url":"https:\/\/www.somospopular.com.br\/especialistas\/","name":"Especialistas","description":"Somos Popular","publisher":{"@id":"https:\/\/www.somospopular.com.br\/especialistas\/#organization"},"potentialAction":[{"@type":"SearchAction","target":{"@type":"EntryPoint","urlTemplate":"https:\/\/www.somospopular.com.br\/especialistas\/?s={search_term_string}"},"query-input":{"@type":"PropertyValueSpecification","valueRequired":true,"valueName":"search_term_string"}}],"inLanguage":"pt-BR"},{"@type":"Organization","@id":"https:\/\/www.somospopular.com.br\/especialistas\/#organization","name":"M\u00e9dicos Especialistas - Somos Popular","alternateName":"M\u00e9dicos Especialistas","url":"https:\/\/www.somospopular.com.br\/especialistas\/","logo":{"@type":"ImageObject","inLanguage":"pt-BR","@id":"https:\/\/www.somospopular.com.br\/especialistas\/#\/schema\/logo\/image\/","url":"https:\/\/www.somospopular.com.br\/especialistas\/wp-content\/uploads\/sites\/13\/2022\/05\/somos-popular-logo-80.webp","contentUrl":"https:\/\/www.somospopular.com.br\/especialistas\/wp-content\/uploads\/sites\/13\/2022\/05\/somos-popular-logo-80.webp","width":325,"height":80,"caption":"M\u00e9dicos Especialistas - Somos Popular"},"image":{"@id":"https:\/\/www.somospopular.com.br\/especialistas\/#\/schema\/logo\/image\/"}}]}},"_links":{"self":[{"href":"https:\/\/www.somospopular.com.br\/especialistas\/wp-json\/wp\/v2\/negocio\/174569","targetHints":{"allow":["GET"]}}],"collection":[{"href":"https:\/\/www.somospopular.com.br\/especialistas\/wp-json\/wp\/v2\/negocio"}],"about":[{"href":"https:\/\/www.somospopular.com.br\/especialistas\/wp-json\/wp\/v2\/types\/negocio"}],"author":[{"embeddable":true,"href":"https:\/\/www.somospopular.com.br\/especialistas\/wp-json\/wp\/v2\/users\/1"}],"wp:attachment":[{"href":"https:\/\/www.somospopular.com.br\/especialistas\/wp-json\/wp\/v2\/media?parent=174569"}],"wp:term":[{"taxonomy":"bairro","embeddable":true,"href":"https:\/\/www.somospopular.com.br\/especialistas\/wp-json\/wp\/v2\/bairro?post=174569"},{"taxonomy":"categoria_parceiro","embeddable":true,"href":"https:\/\/www.somospopular.com.br\/especialistas\/wp-json\/wp\/v2\/categoria_parceiro?post=174569"},{"taxonomy":"topico-parceiro","embeddable":true,"href":"https:\/\/www.somospopular.com.br\/especialistas\/wp-json\/wp\/v2\/topico-parceiro?post=174569"}],"curies":[{"name":"wp","href":"https:\/\/api.w.org\/{rel}","templated":true}]}}