{"id":174585,"date":"2023-02-12T15:03:26","date_gmt":"2023-02-12T18:03:26","guid":{"rendered":"https:\/\/www.somospopular.com.br\/especialistas\/dra-mayra-magalhaes-silva-neurologista-em-sp\/"},"modified":"2023-05-20T18:14:17","modified_gmt":"2023-05-20T21:14:17","slug":"dra-mayra-magalhaes-silva-neurologista-em-sao-paulo-sp","status":"publish","type":"negocio","link":"https:\/\/www.somospopular.com.br\/especialistas\/dra-mayra-magalhaes-silva-neurologista-em-sao-paulo-sp\/","title":{"rendered":"Dra. Mayra Magalh\u00e3es Silva &#8211; Neurologista, Especialista em Administra\u00e7\u00e3o em Sa\u00fade S\u00e3o Paulo &#8211; SP"},"content":{"rendered":"<h2>Neurologista em S\u00e3o Paulo &#8211; SP<\/h2>\n<p><strong>Endere\u00e7o:<\/strong> R. Cincinato Braga 340 &#8211; 6 Andar &#8211;  Bela Vista, Bela Vista, S\u00e3o Paulo &#8211; SP<br \/>\n<strong>CEP: <\/strong>01333-010<\/p>\n<p><span class=\"phone-hidden\"><strong>Telefone:<\/strong>  <\/span><\/p>\n<h2>Dra. Mayra Magalh\u00e3es Silva &#8211; Neurologista, Especialista em Administra\u00e7\u00e3o em Sa\u00fade S\u00e3o Paulo<\/h2>\n<p>Dra. Mayra Magalh\u00e3es Silva, Neurologista, Especialista em Administra\u00e7\u00e3o em Sa\u00fade em S\u00e3o Paulo. Agende uma consulta com os melhores profissionais de sa\u00fade em Brasil. Dist\u00farbios Do Sono, Dores De Cabe\u00e7a, Disturbios Do Movimento.<\/p>\n<p><span class=\"maps-hidden\"><a href=\"https:\/\/www.google.com\/maps\/search\/?api=1&#038;query=R. Cincinato Braga 340 - 6 Andar -  Bela Vista, Bela Vista, S\u00e3o Paulo - SP - 01333-010\" target=\"_blank\" rel=\"noopener\">COMO CHEGAR?<\/a><\/span><\/p>\n<h3 class=\"flex-grow-1 mb-0\">Experi\u00eancia<\/h3>\n<ul class=\"list-unstyled text-list\">\n<li>\n\t\t\t\t\tDist\u00farbios do Sono<\/p>\n<hr class=\"my-1\"><\/li>\n<li>\n\t\t\t\t\tDores de Cabe\u00e7a<\/p>\n<hr class=\"my-1\"><\/li>\n<li>\n\t\t\t\t\tDisturbios do Movimento<\/p>\n<hr class=\"my-1\"><\/li>\n<li>\n\t\t\t\t\tEpilepsia\n\t\t\t\t\t\t\t\t\t<\/li>\n<\/ul>\n<hr \/>\n<ul>\n<li><a href=\"\/especialistas\/#gsc.tab=0&#038;gsc.q=Especialista%20em%20eczema%20e%20dermatite%20atopica%20sao%20jose%20dos%20campos\" title=\"Eczema e dermatite at\u00f3pica\" class=\"textbody\">Eczema e dermatite at\u00f3pica<\/a><\/li>\n<hr >\n<li><a href=\"\/especialistas\/#gsc.tab=0&#038;gsc.q=Especialista%20em%20cancer%20de%20pele%20sao%20jose%20dos%20campos\" title=\"C\u00e2ncer de pele\" class=\"textbody\">C\u00e2ncer de pele<\/a><\/li>\n<hr >\n<li><a href=\"\/especialistas\/#gsc.tab=0&#038;gsc.q=Especialista%20em%20onicomicose%20sao%20jose%20dos%20campos\" title=\"Onicomicose\" class=\"textbody\">Onicomicose<\/a><\/li>\n<hr >\n<li><a href=\"\/especialistas\/#gsc.tab=0&#038;gsc.q=Especialista%20em%20psoriase%20sao%20jose%20dos%20campos\" title=\"Psor\u00edase\" class=\"textbody\">Psor\u00edase<\/a><\/li>\n<hr >\n<li><a href=\"\/especialistas\/#gsc.tab=0&#038;gsc.q=Especialista%20em%20acne%20sao%20jose%20dos%20campos\" title=\"Acne\" class=\"textbody\">Acne<\/a><\/li>\n<hr >\n<li><a href=\"\/especialistas\/#gsc.tab=0&#038;gsc.q=Especialista%20em%20melasma%20sao%20jose%20dos%20campos\" title=\"Melasma\" class=\"textbody\">Melasma<\/a><\/li>\n<hr >\n<li><a href=\"\/especialistas\/#gsc.tab=0&#038;gsc.q=Especialista%20em%20cisto%20epidermico%20sao%20jose%20dos%20campos\" title=\"Cisto Epid\u00e9rmico\" class=\"textbody\">Cisto Epid\u00e9rmico<\/a><\/li>\n<hr >\n<li><a href=\"\/especialistas\/#gsc.tab=0&#038;gsc.q=Especialista%20em%20alopecia%20sao%20jose%20dos%20campos\" title=\"Alopecia\" class=\"textbody\">Alopecia<\/a><\/li>\n<hr >\n<li><a href=\"\/especialistas\/#gsc.tab=0&#038;gsc.q=Especialista%20em%20nevo%20sao%20jose%20dos%20campos\" title=\"Nevo\" class=\"textbody\">Nevo<\/a><\/li>\n<hr >\n<li><a href=\"\/especialistas\/#gsc.tab=0&#038;gsc.q=Especialista%20em%20doencas%20da%20pele%20e%20do%20tecido%20conjuntivo%20sao%20jose%20dos%20campos\" title=\"Doen\u00e7as da pele e do tecido conjuntivo\" class=\"textbody\">Doen\u00e7as da pele e do tecido conjuntivo<\/a><\/li>\n<hr >\n<li><a href=\"\/especialistas\/#gsc.tab=0&#038;gsc.q=Especialista%20em%20rosacea%20sao%20jose%20dos%20campos\" title=\"Ros\u00e1cea\" class=\"textbody\">Ros\u00e1cea<\/a><\/li>\n<hr >\n<li><a href=\"\/especialistas\/#gsc.tab=0&#038;gsc.q=Especialista%20em%20eczema%20sao%20jose%20dos%20campos\" title=\"Eczema\" class=\"textbody\">Eczema<\/a><\/li>\n<\/ul>\n<hr \/>\n<p><strong>T\u00f3picos:<\/strong> Neurologista em S\u00e3o Paulo &#8211; SP <span class=\"topic-hidden\">| Especialista em Administra\u00e7\u00e3o em Sa\u00fade em S\u00e3o Paulo &#8211; SP  <\/span><\/p>\n","protected":false},"author":1,"featured_media":0,"template":"","bairro":[6215],"categoria_parceiro":[20494,20500],"topico-parceiro":[20636,22481],"class_list":["post-174585","negocio","type-negocio","status-publish","hentry","bairro-bela-vista-sao-paulo-sp","categoria_parceiro-especialista-em-administracao-em-saude","categoria_parceiro-neurologista","topico-parceiro-especialista-em-administracao-em-saude-em-sao-paulo-sp","topico-parceiro-neurologista-em-sao-paulo-sp"],"yoast_head":"<!-- This site is optimized with the Yoast SEO Premium plugin v20.9 (Yoast SEO v27.5) - https:\/\/yoast.com\/product\/yoast-seo-premium-wordpress\/ -->\n<title>Dra. Mayra Magalh\u00e3es Silva - Neurologista, Especialista em Administra\u00e7\u00e3o em Sa\u00fade S\u00e3o Paulo - SP<\/title>\n<meta name=\"description\" content=\"Dra. Mayra Magalh\u00e3es Silva, Neurologista, Especialista em Administra\u00e7\u00e3o em Sa\u00fade em S\u00e3o Paulo. Agende uma consulta com os melhores profissionais de sa\u00fade em Brasil. Dist\u00farbios Do Sono, Dores De Cabe\u00e7a, Disturbios Do Movimento.\" \/>\n<meta name=\"robots\" content=\"index, follow, max-snippet:-1, max-image-preview:large, max-video-preview:-1\" \/>\n<link rel=\"canonical\" href=\"https:\/\/www.somospopular.com.br\/especialistas\/dra-mayra-magalhaes-silva-neurologista-em-sao-paulo-sp\/\" \/>\n<meta property=\"og:locale\" content=\"pt_BR\" \/>\n<meta property=\"og:type\" content=\"article\" \/>\n<meta property=\"og:title\" content=\"Dra. Mayra Magalh\u00e3es Silva - Neurologista, Especialista em Administra\u00e7\u00e3o em Sa\u00fade S\u00e3o Paulo - SP\" \/>\n<meta property=\"og:description\" content=\"Dra. Mayra Magalh\u00e3es Silva - Neurologista, Especialista em Administra\u00e7\u00e3o em Sa\u00fade S\u00e3o Paulo - SP. Cl\u00ednica Veterin\u00e1ria Popular com pre\u00e7os acess\u00edveis. Especialistas\" \/>\n<meta property=\"og:url\" content=\"https:\/\/www.somospopular.com.br\/especialistas\/dra-mayra-magalhaes-silva-neurologista-em-sao-paulo-sp\/\" \/>\n<meta property=\"og:site_name\" content=\"Especialistas\" \/>\n<meta property=\"article:modified_time\" content=\"2023-05-20T21:14:17+00:00\" \/>\n<meta name=\"twitter:card\" content=\"summary_large_image\" \/>\n<meta name=\"twitter:title\" content=\"Dra. Mayra Magalh\u00e3es Silva - Neurologista, Especialista em Administra\u00e7\u00e3o em Sa\u00fade S\u00e3o Paulo - SP\" \/>\n<meta name=\"twitter:label1\" content=\"Est. tempo de leitura\" \/>\n\t<meta name=\"twitter:data1\" content=\"1 minuto\" \/>\n<script type=\"application\/ld+json\" class=\"yoast-schema-graph\">{\"@context\":\"https:\\\/\\\/schema.org\",\"@graph\":[{\"@type\":\"WebPage\",\"@id\":\"https:\\\/\\\/www.somospopular.com.br\\\/especialistas\\\/dra-mayra-magalhaes-silva-neurologista-em-sao-paulo-sp\\\/\",\"url\":\"https:\\\/\\\/www.somospopular.com.br\\\/especialistas\\\/dra-mayra-magalhaes-silva-neurologista-em-sao-paulo-sp\\\/\",\"name\":\"Dra. Mayra Magalh\u00e3es Silva - Neurologista, Especialista em Administra\u00e7\u00e3o em Sa\u00fade S\u00e3o Paulo - SP\",\"isPartOf\":{\"@id\":\"https:\\\/\\\/www.somospopular.com.br\\\/especialistas\\\/#website\"},\"datePublished\":\"2023-02-12T18:03:26+00:00\",\"dateModified\":\"2023-05-20T21:14:17+00:00\",\"description\":\"Dra. Mayra Magalh\u00e3es Silva, Neurologista, Especialista em Administra\u00e7\u00e3o em Sa\u00fade em S\u00e3o Paulo. Agende uma consulta com os melhores profissionais de sa\u00fade em Brasil. Dist\u00farbios Do Sono, Dores De Cabe\u00e7a, Disturbios Do Movimento.\",\"breadcrumb\":{\"@id\":\"https:\\\/\\\/www.somospopular.com.br\\\/especialistas\\\/dra-mayra-magalhaes-silva-neurologista-em-sao-paulo-sp\\\/#breadcrumb\"},\"inLanguage\":\"pt-BR\",\"potentialAction\":[{\"@type\":\"ReadAction\",\"target\":[\"https:\\\/\\\/www.somospopular.com.br\\\/especialistas\\\/dra-mayra-magalhaes-silva-neurologista-em-sao-paulo-sp\\\/\"]}]},{\"@type\":\"BreadcrumbList\",\"@id\":\"https:\\\/\\\/www.somospopular.com.br\\\/especialistas\\\/dra-mayra-magalhaes-silva-neurologista-em-sao-paulo-sp\\\/#breadcrumb\",\"itemListElement\":[{\"@type\":\"ListItem\",\"position\":1,\"name\":\"Especialista\",\"item\":\"https:\\\/\\\/www.somospopular.com.br\\\/especialistas\\\/\"},{\"@type\":\"ListItem\",\"position\":2,\"name\":\"Parceiros\",\"item\":\"https:\\\/\\\/www.somospopular.com.br\\\/especialistas\\\/negocio\\\/\"},{\"@type\":\"ListItem\",\"position\":3,\"name\":\"Especialista em Administra\u00e7\u00e3o em Sa\u00fade\",\"item\":\"https:\\\/\\\/www.somospopular.com.br\\\/especialistas\\\/especialista-em-administracao-em-saude\\\/\"},{\"@type\":\"ListItem\",\"position\":4,\"name\":\"Dra. Mayra Magalh\u00e3es Silva &#8211; Neurologista, Especialista em Administra\u00e7\u00e3o em Sa\u00fade S\u00e3o Paulo &#8211; SP\"}]},{\"@type\":\"WebSite\",\"@id\":\"https:\\\/\\\/www.somospopular.com.br\\\/especialistas\\\/#website\",\"url\":\"https:\\\/\\\/www.somospopular.com.br\\\/especialistas\\\/\",\"name\":\"Especialistas\",\"description\":\"Somos Popular\",\"publisher\":{\"@id\":\"https:\\\/\\\/www.somospopular.com.br\\\/especialistas\\\/#organization\"},\"potentialAction\":[{\"@type\":\"SearchAction\",\"target\":{\"@type\":\"EntryPoint\",\"urlTemplate\":\"https:\\\/\\\/www.somospopular.com.br\\\/especialistas\\\/?s={search_term_string}\"},\"query-input\":{\"@type\":\"PropertyValueSpecification\",\"valueRequired\":true,\"valueName\":\"search_term_string\"}}],\"inLanguage\":\"pt-BR\"},{\"@type\":\"Organization\",\"@id\":\"https:\\\/\\\/www.somospopular.com.br\\\/especialistas\\\/#organization\",\"name\":\"M\u00e9dicos Especialistas - Somos Popular\",\"alternateName\":\"M\u00e9dicos Especialistas\",\"url\":\"https:\\\/\\\/www.somospopular.com.br\\\/especialistas\\\/\",\"logo\":{\"@type\":\"ImageObject\",\"inLanguage\":\"pt-BR\",\"@id\":\"https:\\\/\\\/www.somospopular.com.br\\\/especialistas\\\/#\\\/schema\\\/logo\\\/image\\\/\",\"url\":\"https:\\\/\\\/www.somospopular.com.br\\\/especialistas\\\/wp-content\\\/uploads\\\/sites\\\/13\\\/2022\\\/05\\\/somos-popular-logo-80.webp\",\"contentUrl\":\"https:\\\/\\\/www.somospopular.com.br\\\/especialistas\\\/wp-content\\\/uploads\\\/sites\\\/13\\\/2022\\\/05\\\/somos-popular-logo-80.webp\",\"width\":325,\"height\":80,\"caption\":\"M\u00e9dicos Especialistas - Somos Popular\"},\"image\":{\"@id\":\"https:\\\/\\\/www.somospopular.com.br\\\/especialistas\\\/#\\\/schema\\\/logo\\\/image\\\/\"}}]}<\/script>\n<!-- \/ Yoast SEO Premium plugin. -->","yoast_head_json":{"title":"Dra. Mayra Magalh\u00e3es Silva - Neurologista, Especialista em Administra\u00e7\u00e3o em Sa\u00fade S\u00e3o Paulo - SP","description":"Dra. Mayra Magalh\u00e3es Silva, Neurologista, Especialista em Administra\u00e7\u00e3o em Sa\u00fade em S\u00e3o Paulo. Agende uma consulta com os melhores profissionais de sa\u00fade em Brasil. Dist\u00farbios Do Sono, Dores De Cabe\u00e7a, Disturbios Do Movimento.","robots":{"index":"index","follow":"follow","max-snippet":"max-snippet:-1","max-image-preview":"max-image-preview:large","max-video-preview":"max-video-preview:-1"},"canonical":"https:\/\/www.somospopular.com.br\/especialistas\/dra-mayra-magalhaes-silva-neurologista-em-sao-paulo-sp\/","og_locale":"pt_BR","og_type":"article","og_title":"Dra. Mayra Magalh\u00e3es Silva - Neurologista, Especialista em Administra\u00e7\u00e3o em Sa\u00fade S\u00e3o Paulo - SP","og_description":"Dra. Mayra Magalh\u00e3es Silva - Neurologista, Especialista em Administra\u00e7\u00e3o em Sa\u00fade S\u00e3o Paulo - SP. Cl\u00ednica Veterin\u00e1ria Popular com pre\u00e7os acess\u00edveis. Especialistas","og_url":"https:\/\/www.somospopular.com.br\/especialistas\/dra-mayra-magalhaes-silva-neurologista-em-sao-paulo-sp\/","og_site_name":"Especialistas","article_modified_time":"2023-05-20T21:14:17+00:00","twitter_card":"summary_large_image","twitter_title":"Dra. Mayra Magalh\u00e3es Silva - Neurologista, Especialista em Administra\u00e7\u00e3o em Sa\u00fade S\u00e3o Paulo - SP","twitter_misc":{"Est. tempo de leitura":"1 minuto"},"schema":{"@context":"https:\/\/schema.org","@graph":[{"@type":"WebPage","@id":"https:\/\/www.somospopular.com.br\/especialistas\/dra-mayra-magalhaes-silva-neurologista-em-sao-paulo-sp\/","url":"https:\/\/www.somospopular.com.br\/especialistas\/dra-mayra-magalhaes-silva-neurologista-em-sao-paulo-sp\/","name":"Dra. Mayra Magalh\u00e3es Silva - Neurologista, Especialista em Administra\u00e7\u00e3o em Sa\u00fade S\u00e3o Paulo - SP","isPartOf":{"@id":"https:\/\/www.somospopular.com.br\/especialistas\/#website"},"datePublished":"2023-02-12T18:03:26+00:00","dateModified":"2023-05-20T21:14:17+00:00","description":"Dra. Mayra Magalh\u00e3es Silva, Neurologista, Especialista em Administra\u00e7\u00e3o em Sa\u00fade em S\u00e3o Paulo. Agende uma consulta com os melhores profissionais de sa\u00fade em Brasil. Dist\u00farbios Do Sono, Dores De Cabe\u00e7a, Disturbios Do Movimento.","breadcrumb":{"@id":"https:\/\/www.somospopular.com.br\/especialistas\/dra-mayra-magalhaes-silva-neurologista-em-sao-paulo-sp\/#breadcrumb"},"inLanguage":"pt-BR","potentialAction":[{"@type":"ReadAction","target":["https:\/\/www.somospopular.com.br\/especialistas\/dra-mayra-magalhaes-silva-neurologista-em-sao-paulo-sp\/"]}]},{"@type":"BreadcrumbList","@id":"https:\/\/www.somospopular.com.br\/especialistas\/dra-mayra-magalhaes-silva-neurologista-em-sao-paulo-sp\/#breadcrumb","itemListElement":[{"@type":"ListItem","position":1,"name":"Especialista","item":"https:\/\/www.somospopular.com.br\/especialistas\/"},{"@type":"ListItem","position":2,"name":"Parceiros","item":"https:\/\/www.somospopular.com.br\/especialistas\/negocio\/"},{"@type":"ListItem","position":3,"name":"Especialista em Administra\u00e7\u00e3o em Sa\u00fade","item":"https:\/\/www.somospopular.com.br\/especialistas\/especialista-em-administracao-em-saude\/"},{"@type":"ListItem","position":4,"name":"Dra. Mayra Magalh\u00e3es Silva &#8211; Neurologista, Especialista em Administra\u00e7\u00e3o em Sa\u00fade S\u00e3o Paulo &#8211; SP"}]},{"@type":"WebSite","@id":"https:\/\/www.somospopular.com.br\/especialistas\/#website","url":"https:\/\/www.somospopular.com.br\/especialistas\/","name":"Especialistas","description":"Somos Popular","publisher":{"@id":"https:\/\/www.somospopular.com.br\/especialistas\/#organization"},"potentialAction":[{"@type":"SearchAction","target":{"@type":"EntryPoint","urlTemplate":"https:\/\/www.somospopular.com.br\/especialistas\/?s={search_term_string}"},"query-input":{"@type":"PropertyValueSpecification","valueRequired":true,"valueName":"search_term_string"}}],"inLanguage":"pt-BR"},{"@type":"Organization","@id":"https:\/\/www.somospopular.com.br\/especialistas\/#organization","name":"M\u00e9dicos Especialistas - Somos Popular","alternateName":"M\u00e9dicos Especialistas","url":"https:\/\/www.somospopular.com.br\/especialistas\/","logo":{"@type":"ImageObject","inLanguage":"pt-BR","@id":"https:\/\/www.somospopular.com.br\/especialistas\/#\/schema\/logo\/image\/","url":"https:\/\/www.somospopular.com.br\/especialistas\/wp-content\/uploads\/sites\/13\/2022\/05\/somos-popular-logo-80.webp","contentUrl":"https:\/\/www.somospopular.com.br\/especialistas\/wp-content\/uploads\/sites\/13\/2022\/05\/somos-popular-logo-80.webp","width":325,"height":80,"caption":"M\u00e9dicos Especialistas - Somos Popular"},"image":{"@id":"https:\/\/www.somospopular.com.br\/especialistas\/#\/schema\/logo\/image\/"}}]}},"_links":{"self":[{"href":"https:\/\/www.somospopular.com.br\/especialistas\/wp-json\/wp\/v2\/negocio\/174585","targetHints":{"allow":["GET"]}}],"collection":[{"href":"https:\/\/www.somospopular.com.br\/especialistas\/wp-json\/wp\/v2\/negocio"}],"about":[{"href":"https:\/\/www.somospopular.com.br\/especialistas\/wp-json\/wp\/v2\/types\/negocio"}],"author":[{"embeddable":true,"href":"https:\/\/www.somospopular.com.br\/especialistas\/wp-json\/wp\/v2\/users\/1"}],"wp:attachment":[{"href":"https:\/\/www.somospopular.com.br\/especialistas\/wp-json\/wp\/v2\/media?parent=174585"}],"wp:term":[{"taxonomy":"bairro","embeddable":true,"href":"https:\/\/www.somospopular.com.br\/especialistas\/wp-json\/wp\/v2\/bairro?post=174585"},{"taxonomy":"categoria_parceiro","embeddable":true,"href":"https:\/\/www.somospopular.com.br\/especialistas\/wp-json\/wp\/v2\/categoria_parceiro?post=174585"},{"taxonomy":"topico-parceiro","embeddable":true,"href":"https:\/\/www.somospopular.com.br\/especialistas\/wp-json\/wp\/v2\/topico-parceiro?post=174585"}],"curies":[{"name":"wp","href":"https:\/\/api.w.org\/{rel}","templated":true}]}}