{"id":174913,"date":"2024-01-13T11:51:34","date_gmt":"2024-01-13T14:51:34","guid":{"rendered":"https:\/\/www.somospopular.com.br\/especialistas\/?post_type=negocio&#038;p=174913"},"modified":"2023-05-20T18:18:58","modified_gmt":"2023-05-20T21:18:58","slug":"dra-priscila-de-melo-franciscon-endocrinologista-em-uberaba-mg","status":"publish","type":"negocio","link":"https:\/\/www.somospopular.com.br\/especialistas\/dra-priscila-de-melo-franciscon-endocrinologista-em-mg\/","title":{"rendered":"Dra. Priscila De Melo Franciscon &#8211; Endocrinologista Uberaba &#8211; MG"},"content":{"rendered":"<p>M\u00e9dica formada pela Universidade Estadual Paulista (UNESP), Resid\u00eancia de Pediatria e UTI Pedi\u00e1trica na UNESP, Resid\u00eancia de Cardiologia Pedi\u00e1trica e Ecocardiografia Pedi\u00e1trica na UNICAMP.<br \/>\nExperi\u00eancia em p\u00f3s operat\u00f3rio de cirurgia card\u00edaca.<br \/>\nEspecialista em ECMO.<br \/>\nTitulo de especialista em Pediatria pela SBP. T\u00edtulo de especialista em Medicina Intensiva Pedi\u00e1trica pela AMIB, T\u00edtulo de especialista em cardiologia pedi\u00e1trica pela SBC.<br \/>\nS\u00f3cia da Sociedade Brasileira de Cardiologia.<\/p>\n<h2>Endocrinologista em Uberaba &#8211; MG<\/h2>\n<p><strong>Endere\u00e7o:<\/strong> Rua Floriano Peixoto, 238 &#8211; Centro, Centro, Uberaba &#8211; MG<br \/>\n<strong>CEP: <\/strong><\/p>\n<p><span class=\"phone-hidden\"><strong>Telefone:<\/strong>  <\/span><\/p>\n<h2>Dra. Priscila De Melo Franciscon &#8211; Endocrinologista Uberaba<\/h2>\n<p>Dra. Priscila De Melo Franciscon, Endocrinologista em Uberaba. Agende uma consulta com os melhores profissionais de sa\u00fade em Brasil.<\/p>\n<p><span class=\"maps-hidden\"><a href=\"https:\/\/www.google.com\/maps\/search\/?api=1&#038;query=Rua Floriano Peixoto, 238 - Centro, Centro, Uberaba - MG - \" target=\"_blank\" rel=\"noopener\">COMO CHEGAR?<\/a><\/span><\/p>\n<hr \/>\n<ul>\n<li><a href=\"\/especialistas\/#gsc.tab=0&#038;gsc.q=Especialista%20em%20acne%20jundiai\" title=\"Acne\" class=\"textbody\">Acne<\/a><\/li>\n<hr >\n<li><a href=\"\/especialistas\/#gsc.tab=0&#038;gsc.q=Especialista%20em%20cancer%20de%20pele%20jundiai\" title=\"C\u00e2ncer de pele\" class=\"textbody\">C\u00e2ncer de pele<\/a><\/li>\n<hr >\n<li><a href=\"\/especialistas\/#gsc.tab=0&#038;gsc.q=Especialista%20em%20melasma%20jundiai\" title=\"Melasma\" class=\"textbody\">Melasma<\/a><\/li>\n<hr >\n<li><a href=\"\/especialistas\/#gsc.tab=0&#038;gsc.q=Especialista%20em%20alopecia%20jundiai\" title=\"Alopecia\" class=\"textbody\">Alopecia<\/a><\/li>\n<hr >\n<li><a href=\"\/especialistas\/#gsc.tab=0&#038;gsc.q=Especialista%20em%20doencas%20do%20cabelo%20jundiai\" title=\"Doen\u00e7as do cabelo\" class=\"textbody\">Doen\u00e7as do cabelo<\/a><\/li>\n<hr >\n<li><a href=\"\/especialistas\/#gsc.tab=0&#038;gsc.q=Especialista%20em%20dermatite%20jundiai\" title=\"Dermatite\" class=\"textbody\">Dermatite<\/a><\/li>\n<hr >\n<li><a href=\"\/especialistas\/#gsc.tab=0&#038;gsc.q=Especialista%20em%20psoriase%20jundiai\" title=\"Psor\u00edase\" class=\"textbody\">Psor\u00edase<\/a><\/li>\n<hr >\n<li><a href=\"\/especialistas\/#gsc.tab=0&#038;gsc.q=Especialista%20em%20doencas%20da%20unha%20jundiai\" title=\"Doen\u00e7as da unha\" class=\"textbody\">Doen\u00e7as da unha<\/a><\/li>\n<hr >\n<li><a href=\"\/especialistas\/#gsc.tab=0&#038;gsc.q=Especialista%20em%20alergia%20dermatologica%20jundiai\" title=\"Alergia Dermatol\u00f3gica\" class=\"textbody\">Alergia Dermatol\u00f3gica<\/a><\/li>\n<hr >\n<li><a href=\"\/especialistas\/#gsc.tab=0&#038;gsc.q=Especialista%20em%20cicatriz%20jundiai\" title=\"Cicatriz\" class=\"textbody\">Cicatriz<\/a><\/li>\n<hr >\n<li><a href=\"\/especialistas\/#gsc.tab=0&#038;gsc.q=Especialista%20em%20queda%20do%20cabelo%20jundiai\" title=\"Queda do cabelo\" class=\"textbody\">Queda do cabelo<\/a><\/li>\n<hr >\n<li><a href=\"\/especialistas\/#gsc.tab=0&#038;gsc.q=Especialista%20em%20doencas%20da%20pele%20e%20do%20tecido%20conjuntivo%20jundiai\" title=\"Doen\u00e7as da pele e do tecido conjuntivo\" class=\"textbody\">Doen\u00e7as da pele e do tecido conjuntivo<\/a><\/li>\n<hr >\n<li><a href=\"\/especialistas\/#gsc.tab=0&#038;gsc.q=Especialista%20em%20vitiligo%20jundiai\" title=\"Vitiligo\" class=\"textbody\">Vitiligo<\/a><\/li>\n<hr >\n<li><a href=\"\/especialistas\/#gsc.tab=0&#038;gsc.q=Especialista%20em%20verrugas%20jundiai\" title=\"Verrugas\" class=\"textbody\">Verrugas<\/a><\/li>\n<hr >\n<li><a href=\"\/especialistas\/#gsc.tab=0&#038;gsc.q=Especialista%20em%20envelhecimento%20facial%20jundiai\" title=\"Envelhecimento facial\" class=\"textbody\">Envelhecimento facial<\/a><\/li>\n<hr >\n<li><a href=\"\/especialistas\/#gsc.tab=0&#038;gsc.q=Especialista%20em%20rosacea%20jundiai\" title=\"Ros\u00e1cea\" class=\"textbody\">Ros\u00e1cea<\/a><\/li>\n<hr >\n<li><a href=\"\/especialistas\/#gsc.tab=0&#038;gsc.q=Especialista%20em%20queloide%20jundiai\" title=\"Quel\u00f3ide\" class=\"textbody\">Quel\u00f3ide<\/a><\/li>\n<hr >\n<li><a href=\"\/especialistas\/#gsc.tab=0&#038;gsc.q=Especialista%20em%20estrias%20jundiai\" title=\"Estrias\" class=\"textbody\">Estrias<\/a><\/li>\n<hr >\n<li><a href=\"\/especialistas\/#gsc.tab=0&#038;gsc.q=Especialista%20em%20olheira%20jundiai\" title=\"Olheira\" class=\"textbody\">Olheira<\/a><\/li>\n<hr >\n<li><a href=\"\/especialistas\/#gsc.tab=0&#038;gsc.q=Especialista%20em%20infeccoes%20bacterianas%20e%20micoses%20jundiai\" title=\"Infec\u00e7\u00f5es Bacterianas E Micoses\" class=\"textbody\">Infec\u00e7\u00f5es Bacterianas E Micoses<\/a><\/li>\n<hr >\n<li><a href=\"\/especialistas\/#gsc.tab=0&#038;gsc.q=Especialista%20em%20rugas%20jundiai\" title=\"Rugas\" class=\"textbody\">Rugas<\/a><\/li>\n<hr >\n<li><a href=\"\/especialistas\/#gsc.tab=0&#038;gsc.q=Especialista%20em%20caspa%20jundiai\" title=\"Caspa\" class=\"textbody\">Caspa<\/a><\/li>\n<\/ul>\n<hr \/>\n<p><strong>T\u00f3picos:<\/strong> Endocrinologista em Uberaba &#8211; MG <span class=\"topic-hidden\">|   <\/span><\/p>\n","protected":false},"author":1,"featured_media":0,"template":"","bairro":[6694],"categoria_parceiro":[20469],"topico-parceiro":[23097],"class_list":["post-174913","negocio","type-negocio","status-publish","hentry","bairro-centro-uberaba-mg","categoria_parceiro-endocrinologista","topico-parceiro-endocrinologista-em-uberaba-mg"],"yoast_head":"<!-- This site is optimized with the Yoast SEO Premium plugin v20.9 (Yoast SEO v27.5) - https:\/\/yoast.com\/product\/yoast-seo-premium-wordpress\/ -->\n<title>Dra. Priscila De Melo Franciscon - Endocrinologista Uberaba - MG<\/title>\n<meta name=\"description\" content=\"Dra. Priscila De Melo Franciscon, Endocrinologista em Uberaba. Agende uma consulta com os melhores profissionais de sa\u00fade em Brasil.\" \/>\n<meta name=\"robots\" content=\"index, follow, max-snippet:-1, max-image-preview:large, max-video-preview:-1\" \/>\n<link rel=\"canonical\" href=\"https:\/\/www.somospopular.com.br\/especialistas\/dra-priscila-de-melo-franciscon-endocrinologista-em-mg\/\" \/>\n<meta property=\"og:locale\" content=\"pt_BR\" \/>\n<meta property=\"og:type\" content=\"article\" \/>\n<meta property=\"og:title\" content=\"Dra. Priscila De Melo Franciscon - Endocrinologista Uberaba - MG\" \/>\n<meta property=\"og:description\" content=\"Dra. Priscila De Melo Franciscon - Endocrinologista Uberaba - MG. Cl\u00ednica Veterin\u00e1ria Popular com pre\u00e7os acess\u00edveis. Especialistas\" \/>\n<meta property=\"og:url\" content=\"https:\/\/www.somospopular.com.br\/especialistas\/dra-priscila-de-melo-franciscon-endocrinologista-em-mg\/\" \/>\n<meta property=\"og:site_name\" content=\"Especialistas\" \/>\n<meta name=\"twitter:card\" content=\"summary_large_image\" \/>\n<meta name=\"twitter:title\" content=\"Dra. Priscila De Melo Franciscon - Endocrinologista Uberaba - MG\" \/>\n<meta name=\"twitter:label1\" content=\"Est. tempo de leitura\" \/>\n\t<meta name=\"twitter:data1\" content=\"1 minuto\" \/>\n<script type=\"application\/ld+json\" class=\"yoast-schema-graph\">{\"@context\":\"https:\\\/\\\/schema.org\",\"@graph\":[{\"@type\":\"WebPage\",\"@id\":\"https:\\\/\\\/www.somospopular.com.br\\\/especialistas\\\/dra-priscila-de-melo-franciscon-endocrinologista-em-mg\\\/\",\"url\":\"https:\\\/\\\/www.somospopular.com.br\\\/especialistas\\\/dra-priscila-de-melo-franciscon-endocrinologista-em-mg\\\/\",\"name\":\"Dra. Priscila De Melo Franciscon - Endocrinologista Uberaba - MG\",\"isPartOf\":{\"@id\":\"https:\\\/\\\/www.somospopular.com.br\\\/especialistas\\\/#website\"},\"datePublished\":\"2024-01-13T14:51:34+00:00\",\"description\":\"Dra. Priscila De Melo Franciscon, Endocrinologista em Uberaba. Agende uma consulta com os melhores profissionais de sa\u00fade em Brasil.\",\"breadcrumb\":{\"@id\":\"https:\\\/\\\/www.somospopular.com.br\\\/especialistas\\\/dra-priscila-de-melo-franciscon-endocrinologista-em-mg\\\/#breadcrumb\"},\"inLanguage\":\"pt-BR\",\"potentialAction\":[{\"@type\":\"ReadAction\",\"target\":[\"https:\\\/\\\/www.somospopular.com.br\\\/especialistas\\\/dra-priscila-de-melo-franciscon-endocrinologista-em-mg\\\/\"]}]},{\"@type\":\"BreadcrumbList\",\"@id\":\"https:\\\/\\\/www.somospopular.com.br\\\/especialistas\\\/dra-priscila-de-melo-franciscon-endocrinologista-em-mg\\\/#breadcrumb\",\"itemListElement\":[{\"@type\":\"ListItem\",\"position\":1,\"name\":\"Especialista\",\"item\":\"https:\\\/\\\/www.somospopular.com.br\\\/especialistas\\\/\"},{\"@type\":\"ListItem\",\"position\":2,\"name\":\"Parceiros\",\"item\":\"https:\\\/\\\/www.somospopular.com.br\\\/especialistas\\\/negocio\\\/\"},{\"@type\":\"ListItem\",\"position\":3,\"name\":\"Endocrinologista\",\"item\":\"https:\\\/\\\/www.somospopular.com.br\\\/especialistas\\\/endocrinologista\\\/\"},{\"@type\":\"ListItem\",\"position\":4,\"name\":\"Dra. Priscila De Melo Franciscon &#8211; Endocrinologista Uberaba &#8211; MG\"}]},{\"@type\":\"WebSite\",\"@id\":\"https:\\\/\\\/www.somospopular.com.br\\\/especialistas\\\/#website\",\"url\":\"https:\\\/\\\/www.somospopular.com.br\\\/especialistas\\\/\",\"name\":\"Especialistas\",\"description\":\"Somos Popular\",\"publisher\":{\"@id\":\"https:\\\/\\\/www.somospopular.com.br\\\/especialistas\\\/#organization\"},\"potentialAction\":[{\"@type\":\"SearchAction\",\"target\":{\"@type\":\"EntryPoint\",\"urlTemplate\":\"https:\\\/\\\/www.somospopular.com.br\\\/especialistas\\\/?s={search_term_string}\"},\"query-input\":{\"@type\":\"PropertyValueSpecification\",\"valueRequired\":true,\"valueName\":\"search_term_string\"}}],\"inLanguage\":\"pt-BR\"},{\"@type\":\"Organization\",\"@id\":\"https:\\\/\\\/www.somospopular.com.br\\\/especialistas\\\/#organization\",\"name\":\"M\u00e9dicos Especialistas - Somos Popular\",\"alternateName\":\"M\u00e9dicos Especialistas\",\"url\":\"https:\\\/\\\/www.somospopular.com.br\\\/especialistas\\\/\",\"logo\":{\"@type\":\"ImageObject\",\"inLanguage\":\"pt-BR\",\"@id\":\"https:\\\/\\\/www.somospopular.com.br\\\/especialistas\\\/#\\\/schema\\\/logo\\\/image\\\/\",\"url\":\"https:\\\/\\\/www.somospopular.com.br\\\/especialistas\\\/wp-content\\\/uploads\\\/sites\\\/13\\\/2022\\\/05\\\/somos-popular-logo-80.webp\",\"contentUrl\":\"https:\\\/\\\/www.somospopular.com.br\\\/especialistas\\\/wp-content\\\/uploads\\\/sites\\\/13\\\/2022\\\/05\\\/somos-popular-logo-80.webp\",\"width\":325,\"height\":80,\"caption\":\"M\u00e9dicos Especialistas - Somos Popular\"},\"image\":{\"@id\":\"https:\\\/\\\/www.somospopular.com.br\\\/especialistas\\\/#\\\/schema\\\/logo\\\/image\\\/\"}}]}<\/script>\n<!-- \/ Yoast SEO Premium plugin. -->","yoast_head_json":{"title":"Dra. Priscila De Melo Franciscon - Endocrinologista Uberaba - MG","description":"Dra. Priscila De Melo Franciscon, Endocrinologista em Uberaba. Agende uma consulta com os melhores profissionais de sa\u00fade em Brasil.","robots":{"index":"index","follow":"follow","max-snippet":"max-snippet:-1","max-image-preview":"max-image-preview:large","max-video-preview":"max-video-preview:-1"},"canonical":"https:\/\/www.somospopular.com.br\/especialistas\/dra-priscila-de-melo-franciscon-endocrinologista-em-mg\/","og_locale":"pt_BR","og_type":"article","og_title":"Dra. Priscila De Melo Franciscon - Endocrinologista Uberaba - MG","og_description":"Dra. Priscila De Melo Franciscon - Endocrinologista Uberaba - MG. Cl\u00ednica Veterin\u00e1ria Popular com pre\u00e7os acess\u00edveis. Especialistas","og_url":"https:\/\/www.somospopular.com.br\/especialistas\/dra-priscila-de-melo-franciscon-endocrinologista-em-mg\/","og_site_name":"Especialistas","twitter_card":"summary_large_image","twitter_title":"Dra. Priscila De Melo Franciscon - Endocrinologista Uberaba - MG","twitter_misc":{"Est. tempo de leitura":"1 minuto"},"schema":{"@context":"https:\/\/schema.org","@graph":[{"@type":"WebPage","@id":"https:\/\/www.somospopular.com.br\/especialistas\/dra-priscila-de-melo-franciscon-endocrinologista-em-mg\/","url":"https:\/\/www.somospopular.com.br\/especialistas\/dra-priscila-de-melo-franciscon-endocrinologista-em-mg\/","name":"Dra. Priscila De Melo Franciscon - Endocrinologista Uberaba - MG","isPartOf":{"@id":"https:\/\/www.somospopular.com.br\/especialistas\/#website"},"datePublished":"2024-01-13T14:51:34+00:00","description":"Dra. Priscila De Melo Franciscon, Endocrinologista em Uberaba. Agende uma consulta com os melhores profissionais de sa\u00fade em Brasil.","breadcrumb":{"@id":"https:\/\/www.somospopular.com.br\/especialistas\/dra-priscila-de-melo-franciscon-endocrinologista-em-mg\/#breadcrumb"},"inLanguage":"pt-BR","potentialAction":[{"@type":"ReadAction","target":["https:\/\/www.somospopular.com.br\/especialistas\/dra-priscila-de-melo-franciscon-endocrinologista-em-mg\/"]}]},{"@type":"BreadcrumbList","@id":"https:\/\/www.somospopular.com.br\/especialistas\/dra-priscila-de-melo-franciscon-endocrinologista-em-mg\/#breadcrumb","itemListElement":[{"@type":"ListItem","position":1,"name":"Especialista","item":"https:\/\/www.somospopular.com.br\/especialistas\/"},{"@type":"ListItem","position":2,"name":"Parceiros","item":"https:\/\/www.somospopular.com.br\/especialistas\/negocio\/"},{"@type":"ListItem","position":3,"name":"Endocrinologista","item":"https:\/\/www.somospopular.com.br\/especialistas\/endocrinologista\/"},{"@type":"ListItem","position":4,"name":"Dra. Priscila De Melo Franciscon &#8211; Endocrinologista Uberaba &#8211; MG"}]},{"@type":"WebSite","@id":"https:\/\/www.somospopular.com.br\/especialistas\/#website","url":"https:\/\/www.somospopular.com.br\/especialistas\/","name":"Especialistas","description":"Somos Popular","publisher":{"@id":"https:\/\/www.somospopular.com.br\/especialistas\/#organization"},"potentialAction":[{"@type":"SearchAction","target":{"@type":"EntryPoint","urlTemplate":"https:\/\/www.somospopular.com.br\/especialistas\/?s={search_term_string}"},"query-input":{"@type":"PropertyValueSpecification","valueRequired":true,"valueName":"search_term_string"}}],"inLanguage":"pt-BR"},{"@type":"Organization","@id":"https:\/\/www.somospopular.com.br\/especialistas\/#organization","name":"M\u00e9dicos Especialistas - Somos Popular","alternateName":"M\u00e9dicos Especialistas","url":"https:\/\/www.somospopular.com.br\/especialistas\/","logo":{"@type":"ImageObject","inLanguage":"pt-BR","@id":"https:\/\/www.somospopular.com.br\/especialistas\/#\/schema\/logo\/image\/","url":"https:\/\/www.somospopular.com.br\/especialistas\/wp-content\/uploads\/sites\/13\/2022\/05\/somos-popular-logo-80.webp","contentUrl":"https:\/\/www.somospopular.com.br\/especialistas\/wp-content\/uploads\/sites\/13\/2022\/05\/somos-popular-logo-80.webp","width":325,"height":80,"caption":"M\u00e9dicos Especialistas - Somos Popular"},"image":{"@id":"https:\/\/www.somospopular.com.br\/especialistas\/#\/schema\/logo\/image\/"}}]}},"_links":{"self":[{"href":"https:\/\/www.somospopular.com.br\/especialistas\/wp-json\/wp\/v2\/negocio\/174913","targetHints":{"allow":["GET"]}}],"collection":[{"href":"https:\/\/www.somospopular.com.br\/especialistas\/wp-json\/wp\/v2\/negocio"}],"about":[{"href":"https:\/\/www.somospopular.com.br\/especialistas\/wp-json\/wp\/v2\/types\/negocio"}],"author":[{"embeddable":true,"href":"https:\/\/www.somospopular.com.br\/especialistas\/wp-json\/wp\/v2\/users\/1"}],"wp:attachment":[{"href":"https:\/\/www.somospopular.com.br\/especialistas\/wp-json\/wp\/v2\/media?parent=174913"}],"wp:term":[{"taxonomy":"bairro","embeddable":true,"href":"https:\/\/www.somospopular.com.br\/especialistas\/wp-json\/wp\/v2\/bairro?post=174913"},{"taxonomy":"categoria_parceiro","embeddable":true,"href":"https:\/\/www.somospopular.com.br\/especialistas\/wp-json\/wp\/v2\/categoria_parceiro?post=174913"},{"taxonomy":"topico-parceiro","embeddable":true,"href":"https:\/\/www.somospopular.com.br\/especialistas\/wp-json\/wp\/v2\/topico-parceiro?post=174913"}],"curies":[{"name":"wp","href":"https:\/\/api.w.org\/{rel}","templated":true}]}}