{"id":176590,"date":"2023-07-22T15:16:31","date_gmt":"2023-07-22T18:16:31","guid":{"rendered":"https:\/\/www.somospopular.com.br\/especialistas\/?post_type=negocio&#038;p=176590"},"modified":"2023-05-20T18:37:45","modified_gmt":"2023-05-20T21:37:45","slug":"leticia-rocha-nobrega-davila-cirurgiao-buco-maxilo-facial-em-jequie-ba","status":"publish","type":"negocio","link":"https:\/\/www.somospopular.com.br\/especialistas\/leticia-rocha-nobrega-davila-cirurgiao-buco-maxilo-facial-em-ba\/","title":{"rendered":"Leticia Rocha Nobrega Davila &#8211; Cirurgi\u00e3o buco-maxilo-facial Jequi\u00e9 &#8211; BA"},"content":{"rendered":"<h2>Cirurgi\u00e3o buco-maxilo-facial em Jequi\u00e9 &#8211; BA<\/h2>\n<p><strong>Endere\u00e7o:<\/strong> RUA NESTOR RIBEIRO, N- 767, SALA 207, Centro, Jequi\u00e9 &#8211; BA<br \/>\n<strong>CEP: <\/strong>45200-240<\/p>\n<p><span class=\"phone-hidden\"><strong>Telefone:<\/strong>  <\/span><\/p>\n<h2>Leticia Rocha Nobrega Davila &#8211; Cirurgi\u00e3o buco-maxilo-facial Jequi\u00e9<\/h2>\n<p>Leticia Rocha Nobrega Davila, Cirurgi\u00e3o buco-maxilo-facial em Jequi\u00e9. Agende uma consulta com os melhores profissionais de sa\u00fade em Brasil. Cirurgia Ortogn\u00e1tica E Est\u00e9tica, Traumatismos Faciais, Disfun\u00e7\u00e3o Temporomandibular E Dor Orofacial.<\/p>\n<p><span class=\"maps-hidden\"><a href=\"https:\/\/www.google.com\/maps\/search\/?api=1&#038;query=RUA NESTOR RIBEIRO, N- 767, SALA 207, Centro, Jequi\u00e9 - BA - 45200-240\" target=\"_blank\" rel=\"noopener\">COMO CHEGAR?<\/a><\/span><\/p>\n<h3 class=\"flex-grow-1 mb-0\">Experi\u00eancia<\/h3>\n<ul class=\"list-unstyled text-list\">\n<li>\n\t\t\t\t\tCirurgia Ortogn\u00e1tica e Est\u00e9tica<\/p>\n<hr class=\"my-1\"><\/li>\n<li>\n\t\t\t\t\tTraumatismos Faciais<\/p>\n<hr class=\"my-1\"><\/li>\n<li>\n\t\t\t\t\tDisfun\u00e7\u00e3o Temporomandibular e Dor Orofacial<\/p>\n<hr class=\"my-1\"><\/li>\n<li>\n\t\t\t\t\tImplantodontia\n\t\t\t\t\t\t\t\t\t<\/li>\n<\/ul>\n<hr \/>\n<ul><\/ul>\n<hr \/>\n<p><strong>T\u00f3picos:<\/strong> Cirurgi\u00e3o buco-maxilo-facial em Jequi\u00e9 &#8211; BA <span class=\"topic-hidden\">|   <\/span><\/p>\n","protected":false},"author":1,"featured_media":0,"template":"","bairro":[20529],"categoria_parceiro":[20550],"topico-parceiro":[27086],"class_list":["post-176590","negocio","type-negocio","status-publish","hentry","bairro-centro-jequie-ba","categoria_parceiro-cirurgiao-buco-maxilo-facial","topico-parceiro-cirurgiao-buco-maxilo-facial-em-jequie-ba"],"yoast_head":"<!-- This site is optimized with the Yoast SEO Premium plugin v20.9 (Yoast SEO v27.5) - https:\/\/yoast.com\/product\/yoast-seo-premium-wordpress\/ -->\n<title>Leticia Rocha Nobrega Davila - Cirurgi\u00e3o buco-maxilo-facial Jequi\u00e9 - BA<\/title>\n<meta name=\"description\" content=\"Leticia Rocha Nobrega Davila, Cirurgi\u00e3o buco-maxilo-facial em Jequi\u00e9. Agende uma consulta com os melhores profissionais de sa\u00fade em Brasil. Cirurgia Ortogn\u00e1tica E Est\u00e9tica, Traumatismos Faciais, Disfun\u00e7\u00e3o Temporomandibular E Dor Orofacial.\" \/>\n<meta name=\"robots\" content=\"index, follow, max-snippet:-1, max-image-preview:large, max-video-preview:-1\" \/>\n<link rel=\"canonical\" href=\"https:\/\/www.somospopular.com.br\/especialistas\/leticia-rocha-nobrega-davila-cirurgiao-buco-maxilo-facial-em-ba\/\" \/>\n<meta property=\"og:locale\" content=\"pt_BR\" \/>\n<meta property=\"og:type\" content=\"article\" \/>\n<meta property=\"og:title\" content=\"Leticia Rocha Nobrega Davila - Cirurgi\u00e3o buco-maxilo-facial Jequi\u00e9 - BA\" \/>\n<meta property=\"og:description\" content=\"Leticia Rocha Nobrega Davila - Cirurgi\u00e3o buco-maxilo-facial Jequi\u00e9 - BA. Cl\u00ednica Veterin\u00e1ria Popular com pre\u00e7os acess\u00edveis. Especialistas\" \/>\n<meta property=\"og:url\" content=\"https:\/\/www.somospopular.com.br\/especialistas\/leticia-rocha-nobrega-davila-cirurgiao-buco-maxilo-facial-em-ba\/\" \/>\n<meta property=\"og:site_name\" content=\"Especialistas\" \/>\n<meta name=\"twitter:card\" content=\"summary_large_image\" \/>\n<meta name=\"twitter:title\" content=\"Leticia Rocha Nobrega Davila - Cirurgi\u00e3o buco-maxilo-facial Jequi\u00e9 - BA\" \/>\n<script type=\"application\/ld+json\" class=\"yoast-schema-graph\">{\"@context\":\"https:\\\/\\\/schema.org\",\"@graph\":[{\"@type\":\"WebPage\",\"@id\":\"https:\\\/\\\/www.somospopular.com.br\\\/especialistas\\\/leticia-rocha-nobrega-davila-cirurgiao-buco-maxilo-facial-em-ba\\\/\",\"url\":\"https:\\\/\\\/www.somospopular.com.br\\\/especialistas\\\/leticia-rocha-nobrega-davila-cirurgiao-buco-maxilo-facial-em-ba\\\/\",\"name\":\"Leticia Rocha Nobrega Davila - Cirurgi\u00e3o buco-maxilo-facial Jequi\u00e9 - BA\",\"isPartOf\":{\"@id\":\"https:\\\/\\\/www.somospopular.com.br\\\/especialistas\\\/#website\"},\"datePublished\":\"2023-07-22T18:16:31+00:00\",\"description\":\"Leticia Rocha Nobrega Davila, Cirurgi\u00e3o buco-maxilo-facial em Jequi\u00e9. Agende uma consulta com os melhores profissionais de sa\u00fade em Brasil. Cirurgia Ortogn\u00e1tica E Est\u00e9tica, Traumatismos Faciais, Disfun\u00e7\u00e3o Temporomandibular E Dor Orofacial.\",\"breadcrumb\":{\"@id\":\"https:\\\/\\\/www.somospopular.com.br\\\/especialistas\\\/leticia-rocha-nobrega-davila-cirurgiao-buco-maxilo-facial-em-ba\\\/#breadcrumb\"},\"inLanguage\":\"pt-BR\",\"potentialAction\":[{\"@type\":\"ReadAction\",\"target\":[\"https:\\\/\\\/www.somospopular.com.br\\\/especialistas\\\/leticia-rocha-nobrega-davila-cirurgiao-buco-maxilo-facial-em-ba\\\/\"]}]},{\"@type\":\"BreadcrumbList\",\"@id\":\"https:\\\/\\\/www.somospopular.com.br\\\/especialistas\\\/leticia-rocha-nobrega-davila-cirurgiao-buco-maxilo-facial-em-ba\\\/#breadcrumb\",\"itemListElement\":[{\"@type\":\"ListItem\",\"position\":1,\"name\":\"Especialista\",\"item\":\"https:\\\/\\\/www.somospopular.com.br\\\/especialistas\\\/\"},{\"@type\":\"ListItem\",\"position\":2,\"name\":\"Parceiros\",\"item\":\"https:\\\/\\\/www.somospopular.com.br\\\/especialistas\\\/negocio\\\/\"},{\"@type\":\"ListItem\",\"position\":3,\"name\":\"Cirurgi\u00e3o buco-maxilo-facial\",\"item\":\"https:\\\/\\\/www.somospopular.com.br\\\/especialistas\\\/cirurgiao-buco-maxilo-facial\\\/\"},{\"@type\":\"ListItem\",\"position\":4,\"name\":\"Leticia Rocha Nobrega Davila &#8211; Cirurgi\u00e3o buco-maxilo-facial Jequi\u00e9 &#8211; BA\"}]},{\"@type\":\"WebSite\",\"@id\":\"https:\\\/\\\/www.somospopular.com.br\\\/especialistas\\\/#website\",\"url\":\"https:\\\/\\\/www.somospopular.com.br\\\/especialistas\\\/\",\"name\":\"Especialistas\",\"description\":\"Somos Popular\",\"publisher\":{\"@id\":\"https:\\\/\\\/www.somospopular.com.br\\\/especialistas\\\/#organization\"},\"potentialAction\":[{\"@type\":\"SearchAction\",\"target\":{\"@type\":\"EntryPoint\",\"urlTemplate\":\"https:\\\/\\\/www.somospopular.com.br\\\/especialistas\\\/?s={search_term_string}\"},\"query-input\":{\"@type\":\"PropertyValueSpecification\",\"valueRequired\":true,\"valueName\":\"search_term_string\"}}],\"inLanguage\":\"pt-BR\"},{\"@type\":\"Organization\",\"@id\":\"https:\\\/\\\/www.somospopular.com.br\\\/especialistas\\\/#organization\",\"name\":\"M\u00e9dicos Especialistas - Somos Popular\",\"alternateName\":\"M\u00e9dicos Especialistas\",\"url\":\"https:\\\/\\\/www.somospopular.com.br\\\/especialistas\\\/\",\"logo\":{\"@type\":\"ImageObject\",\"inLanguage\":\"pt-BR\",\"@id\":\"https:\\\/\\\/www.somospopular.com.br\\\/especialistas\\\/#\\\/schema\\\/logo\\\/image\\\/\",\"url\":\"https:\\\/\\\/www.somospopular.com.br\\\/especialistas\\\/wp-content\\\/uploads\\\/sites\\\/13\\\/2022\\\/05\\\/somos-popular-logo-80.webp\",\"contentUrl\":\"https:\\\/\\\/www.somospopular.com.br\\\/especialistas\\\/wp-content\\\/uploads\\\/sites\\\/13\\\/2022\\\/05\\\/somos-popular-logo-80.webp\",\"width\":325,\"height\":80,\"caption\":\"M\u00e9dicos Especialistas - Somos Popular\"},\"image\":{\"@id\":\"https:\\\/\\\/www.somospopular.com.br\\\/especialistas\\\/#\\\/schema\\\/logo\\\/image\\\/\"}}]}<\/script>\n<!-- \/ Yoast SEO Premium plugin. -->","yoast_head_json":{"title":"Leticia Rocha Nobrega Davila - Cirurgi\u00e3o buco-maxilo-facial Jequi\u00e9 - BA","description":"Leticia Rocha Nobrega Davila, Cirurgi\u00e3o buco-maxilo-facial em Jequi\u00e9. Agende uma consulta com os melhores profissionais de sa\u00fade em Brasil. Cirurgia Ortogn\u00e1tica E Est\u00e9tica, Traumatismos Faciais, Disfun\u00e7\u00e3o Temporomandibular E Dor Orofacial.","robots":{"index":"index","follow":"follow","max-snippet":"max-snippet:-1","max-image-preview":"max-image-preview:large","max-video-preview":"max-video-preview:-1"},"canonical":"https:\/\/www.somospopular.com.br\/especialistas\/leticia-rocha-nobrega-davila-cirurgiao-buco-maxilo-facial-em-ba\/","og_locale":"pt_BR","og_type":"article","og_title":"Leticia Rocha Nobrega Davila - Cirurgi\u00e3o buco-maxilo-facial Jequi\u00e9 - BA","og_description":"Leticia Rocha Nobrega Davila - Cirurgi\u00e3o buco-maxilo-facial Jequi\u00e9 - BA. Cl\u00ednica Veterin\u00e1ria Popular com pre\u00e7os acess\u00edveis. Especialistas","og_url":"https:\/\/www.somospopular.com.br\/especialistas\/leticia-rocha-nobrega-davila-cirurgiao-buco-maxilo-facial-em-ba\/","og_site_name":"Especialistas","twitter_card":"summary_large_image","twitter_title":"Leticia Rocha Nobrega Davila - Cirurgi\u00e3o buco-maxilo-facial Jequi\u00e9 - BA","schema":{"@context":"https:\/\/schema.org","@graph":[{"@type":"WebPage","@id":"https:\/\/www.somospopular.com.br\/especialistas\/leticia-rocha-nobrega-davila-cirurgiao-buco-maxilo-facial-em-ba\/","url":"https:\/\/www.somospopular.com.br\/especialistas\/leticia-rocha-nobrega-davila-cirurgiao-buco-maxilo-facial-em-ba\/","name":"Leticia Rocha Nobrega Davila - Cirurgi\u00e3o buco-maxilo-facial Jequi\u00e9 - BA","isPartOf":{"@id":"https:\/\/www.somospopular.com.br\/especialistas\/#website"},"datePublished":"2023-07-22T18:16:31+00:00","description":"Leticia Rocha Nobrega Davila, Cirurgi\u00e3o buco-maxilo-facial em Jequi\u00e9. Agende uma consulta com os melhores profissionais de sa\u00fade em Brasil. Cirurgia Ortogn\u00e1tica E Est\u00e9tica, Traumatismos Faciais, Disfun\u00e7\u00e3o Temporomandibular E Dor Orofacial.","breadcrumb":{"@id":"https:\/\/www.somospopular.com.br\/especialistas\/leticia-rocha-nobrega-davila-cirurgiao-buco-maxilo-facial-em-ba\/#breadcrumb"},"inLanguage":"pt-BR","potentialAction":[{"@type":"ReadAction","target":["https:\/\/www.somospopular.com.br\/especialistas\/leticia-rocha-nobrega-davila-cirurgiao-buco-maxilo-facial-em-ba\/"]}]},{"@type":"BreadcrumbList","@id":"https:\/\/www.somospopular.com.br\/especialistas\/leticia-rocha-nobrega-davila-cirurgiao-buco-maxilo-facial-em-ba\/#breadcrumb","itemListElement":[{"@type":"ListItem","position":1,"name":"Especialista","item":"https:\/\/www.somospopular.com.br\/especialistas\/"},{"@type":"ListItem","position":2,"name":"Parceiros","item":"https:\/\/www.somospopular.com.br\/especialistas\/negocio\/"},{"@type":"ListItem","position":3,"name":"Cirurgi\u00e3o buco-maxilo-facial","item":"https:\/\/www.somospopular.com.br\/especialistas\/cirurgiao-buco-maxilo-facial\/"},{"@type":"ListItem","position":4,"name":"Leticia Rocha Nobrega Davila &#8211; Cirurgi\u00e3o buco-maxilo-facial Jequi\u00e9 &#8211; BA"}]},{"@type":"WebSite","@id":"https:\/\/www.somospopular.com.br\/especialistas\/#website","url":"https:\/\/www.somospopular.com.br\/especialistas\/","name":"Especialistas","description":"Somos Popular","publisher":{"@id":"https:\/\/www.somospopular.com.br\/especialistas\/#organization"},"potentialAction":[{"@type":"SearchAction","target":{"@type":"EntryPoint","urlTemplate":"https:\/\/www.somospopular.com.br\/especialistas\/?s={search_term_string}"},"query-input":{"@type":"PropertyValueSpecification","valueRequired":true,"valueName":"search_term_string"}}],"inLanguage":"pt-BR"},{"@type":"Organization","@id":"https:\/\/www.somospopular.com.br\/especialistas\/#organization","name":"M\u00e9dicos Especialistas - Somos Popular","alternateName":"M\u00e9dicos Especialistas","url":"https:\/\/www.somospopular.com.br\/especialistas\/","logo":{"@type":"ImageObject","inLanguage":"pt-BR","@id":"https:\/\/www.somospopular.com.br\/especialistas\/#\/schema\/logo\/image\/","url":"https:\/\/www.somospopular.com.br\/especialistas\/wp-content\/uploads\/sites\/13\/2022\/05\/somos-popular-logo-80.webp","contentUrl":"https:\/\/www.somospopular.com.br\/especialistas\/wp-content\/uploads\/sites\/13\/2022\/05\/somos-popular-logo-80.webp","width":325,"height":80,"caption":"M\u00e9dicos Especialistas - Somos Popular"},"image":{"@id":"https:\/\/www.somospopular.com.br\/especialistas\/#\/schema\/logo\/image\/"}}]}},"_links":{"self":[{"href":"https:\/\/www.somospopular.com.br\/especialistas\/wp-json\/wp\/v2\/negocio\/176590","targetHints":{"allow":["GET"]}}],"collection":[{"href":"https:\/\/www.somospopular.com.br\/especialistas\/wp-json\/wp\/v2\/negocio"}],"about":[{"href":"https:\/\/www.somospopular.com.br\/especialistas\/wp-json\/wp\/v2\/types\/negocio"}],"author":[{"embeddable":true,"href":"https:\/\/www.somospopular.com.br\/especialistas\/wp-json\/wp\/v2\/users\/1"}],"wp:attachment":[{"href":"https:\/\/www.somospopular.com.br\/especialistas\/wp-json\/wp\/v2\/media?parent=176590"}],"wp:term":[{"taxonomy":"bairro","embeddable":true,"href":"https:\/\/www.somospopular.com.br\/especialistas\/wp-json\/wp\/v2\/bairro?post=176590"},{"taxonomy":"categoria_parceiro","embeddable":true,"href":"https:\/\/www.somospopular.com.br\/especialistas\/wp-json\/wp\/v2\/categoria_parceiro?post=176590"},{"taxonomy":"topico-parceiro","embeddable":true,"href":"https:\/\/www.somospopular.com.br\/especialistas\/wp-json\/wp\/v2\/topico-parceiro?post=176590"}],"curies":[{"name":"wp","href":"https:\/\/api.w.org\/{rel}","templated":true}]}}