{"id":177455,"date":"2023-08-27T22:31:43","date_gmt":"2023-08-28T01:31:43","guid":{"rendered":"https:\/\/www.somospopular.com.br\/especialistas\/?post_type=negocio&#038;p=177455"},"modified":"2023-05-20T18:47:47","modified_gmt":"2023-05-20T21:47:47","slug":"prof-dr-fabio-thuler-cirurgiao-do-aparelho-digestivo-em-sao-paulo-sp","status":"publish","type":"negocio","link":"https:\/\/www.somospopular.com.br\/especialistas\/prof-dr-fabio-thuler-cirurgiao-do-aparelho-digestivo-em-sp\/","title":{"rendered":"Prof. Dr. Fabio Thuler &#8211; Cirurgi\u00e3o do aparelho digestivo, Cirurgi\u00e3o geral S\u00e3o Paulo &#8211; SP"},"content":{"rendered":"<p>Sou Membro Titular da Sociedade Basileira de Cirurgia Pl\u00e1stica, e Professor Adjunto do Departamento de Medicina da Universidade Estadual de Maring\u00e1-UEM na &#8216;Disciplina de T\u00e9cnica Operat\u00f3ria e Cirurgia Pl\u00e1stica, participando tamb\u00e9m da Resid\u00eancia M\u00e9dica. Doutor em Ci\u00eancias pela Faculdade de Ci\u00eancias M\u00e9dicas da Universidade Estadual de Campinas(UNICAMP). Mestre em Ci\u00eancias da Sa\u00fade pela Universidade Estadual de Maring\u00e1(UEM) Professor Adjunto de Cirurgia Pl\u00e1stica na Universidade Estadual de Maring\u00e1. Coordenador Adjunto do Curso de Mestrado em Gest\u00e3o, Tecnologia e Inova\u00e7\u00e3o em Urg\u00eancia e Emerg\u00eancia do Departamento de Medicina da UEM.<br \/>\nMeus estudos de Medicina foram pela Faculdade Evang\u00e9lica do Paran\u00e1 (1988-93) onde tive a oportunidade de conhecer a Cirurgia Pl\u00e1stica atrav\u00e9s do Servi\u00e7o de Cirurgia Pl\u00e1stica e Queimados do Hospital  Evang\u00e9lico de Curitiba e conhecer o trabalho de diversos Cirurgi\u00f5es Pl\u00e1sticos de Curitba que at\u00e9 hoje me inspiram e ainda aprendo com eles.<br \/>\nEm seguida me mudei para Campinas para cursar as Resid\u00eancias em Cirurgia Geral pela Irmandade de Miseric\u00f3rdia de Campinas, e Cirurgia Pl\u00e1stica pela Universidade Estadual de Campinas. Tenho tamb\u00e9m como  \u00e1rea de atua\u00e7\u00e3o a Cirurgia Craniomaxilofacial. Sou Especialista em Cirurgia Pl\u00e1stica pela Sociedade Brasileira de Cirurgia Pl\u00e1stica e Associa\u00e7\u00e3o M\u00e9dica Brasileira desde 1988 e atualmente sou Membro Titular da Sociedade Brasileira de Cirurgia Pl\u00e1stica , tamb\u00e9m sou Especialista em Medicina Intensiva pela Associa\u00e7\u00e3o de Medicina Intensiva Brasileira e Associa\u00e7\u00e3o M\u00e9dica Brasileira. Atrav\u00e9s do Servi\u00e7o Militar j\u00e1 como M\u00e9dico , sou Segundo-Tenente M\u00e9dico da Reserva(R2) do Servi\u00e7o de Sa\u00fade do Ex\u00e9rcito Brasileiro.<br \/>\nNa Universidade, atuo com pesquisa principalmente nos seguintes temas: cirurgia pl\u00e1stica corporal, lipoaspira\u00e7\u00e3o ultrass\u00f4nica, lipoescultura, cicatriza\u00e7\u00e3o, cirurgia pl\u00e1stica mam\u00e1ria de redu\u00e7\u00e3o e aumento,, ritidoplastias, cirurgia video-endosc\u00f3pica e adesivos cir\u00fargicos, queimaduras, trauma craniofacial, feridas, gest\u00e3o de qualidade em urg\u00eancia e emerg\u00eancia, inova\u00e7\u00e3o tecnol\u00f3gica no atendimento de urg\u00eancia e emerg\u00eancia.<br \/>\nTrabalho em Apucarana desde 1998 e em Maring\u00e1 desde 1999. Tamb\u00e9m trabalhei em Arapongas desde 1998 at\u00e9 2019.<br \/>\nAtualmente fa\u00e7o parte do Corpo Cl\u00ednico do Hospital do Hospital Honpar de Arapongas desde 1988, do Hospital da Provid\u00eancia de Apucarana do Grupo Nossa Senhora das Gra\u00e7as desde o ano 1999, da Santa Casa de Miseric\u00f3rdia de Maring\u00e1 desde1999, do Hospital Universit\u00e1rio Regional de Maring\u00e1 desde 2002 e do Hospital Guirello de Maring\u00e1 dede 2020.<br \/>\nVoc\u00ea pode acompanhar o meu trabalho, minhas participa\u00e7\u00f5es em Congressos e Eventos cient\u00edficos, minhas publica\u00e7\u00f5es cient\u00edficas  acessando o meu curr\u00edculo atrav\u00e9s da Plataforma Lattes no link abaixo:<br \/>\nhttp:\/\/lattes.cnpq.br\/2605125039222810<br \/>\nSejam bem-vindas(os)!!!<\/p>\n<h2>Cirurgi\u00e3o do aparelho digestivo em S\u00e3o Paulo &#8211; SP<\/h2>\n<p><strong>Endere\u00e7o:<\/strong> Rua Amaro Cavalheiro 347 \/ , Pinheiros, S\u00e3o Paulo &#8211; SP<br \/>\n<strong>CEP: <\/strong>03178-200<\/p>\n<p><span class=\"phone-hidden\"><strong>Telefone:<\/strong>  <\/span><\/p>\n<h2>Prof. Dr. Fabio Thuler &#8211; Cirurgi\u00e3o do aparelho digestivo, Cirurgi\u00e3o geral S\u00e3o Paulo<\/h2>\n<p>Prof. Dr. Fabio Thuler, Cirurgi\u00e3o do aparelho digestivo, Cirurgi\u00e3o geral em S\u00e3o Paulo. Agende uma consulta com os melhores profissionais de sa\u00fade em Brasil. Coloproctologia, Cirurgia Oncol\u00f3gica, Cirurgia Rob\u00f3tica.<\/p>\n<p><span class=\"maps-hidden\"><a href=\"https:\/\/www.google.com\/maps\/search\/?api=1&#038;query=Rua Amaro Cavalheiro 347 \/ , Pinheiros, S\u00e3o Paulo - SP - 03178-200\" target=\"_blank\" rel=\"noopener\">COMO CHEGAR?<\/a><\/span><\/p>\n<h3 class=\"flex-grow-1 mb-0\">Experi\u00eancia<\/h3>\n<ul class=\"list-unstyled text-list\">\n<li>\n\t\t\t\t\tColoproctologia<\/p>\n<hr class=\"my-1\"><\/li>\n<li>\n\t\t\t\t\tCirurgia Oncol\u00f3gica<\/p>\n<hr class=\"my-1\"><\/li>\n<li>\n\t\t\t\t\tCirurgia Rob\u00f3tica<\/p>\n<hr class=\"my-1\"><\/li>\n<li>\n\t\t\t\t\tCirurgia Videolaparosc\u00f3pica<\/p>\n<hr class=\"my-1\"><\/li>\n<li>\n\t\t\t\t\tCirurgia Bari\u00e1trica<\/p>\n<hr class=\"my-1\"><\/li>\n<li>\n\t\t\t\t\tOncologia Gastrointestinal\n\t\t\t\t\t\t\t\t\t<\/li>\n<\/ul>\n<hr \/>\n<ul>\n<li><a href=\"\/especialistas\/#gsc.tab=0&#038;gsc.q=Especialista%20em%20doenca%20de%20alzheimer%20sao%20jose%20do%20rio%20preto\" title=\"Doen\u00e7a de Alzheimer\" class=\"textbody\">Doen\u00e7a de Alzheimer<\/a><\/li>\n<hr >\n<li><a href=\"\/especialistas\/#gsc.tab=0&#038;gsc.q=Especialista%20em%20depressao%20sao%20jose%20do%20rio%20preto\" title=\"Depress\u00e3o\" class=\"textbody\">Depress\u00e3o<\/a><\/li>\n<hr >\n<li><a href=\"\/especialistas\/#gsc.tab=0&#038;gsc.q=Especialista%20em%20demencia%20sao%20jose%20do%20rio%20preto\" title=\"Dem\u00eancia\" class=\"textbody\">Dem\u00eancia<\/a><\/li>\n<hr >\n<li><a href=\"\/especialistas\/#gsc.tab=0&#038;gsc.q=Especialista%20em%20insonia%20sao%20jose%20do%20rio%20preto\" title=\"Ins\u00f4nia\" class=\"textbody\">Ins\u00f4nia<\/a><\/li>\n<hr >\n<li><a href=\"\/especialistas\/#gsc.tab=0&#038;gsc.q=Especialista%20em%20osteoporose%20sao%20jose%20do%20rio%20preto\" title=\"Osteoporose\" class=\"textbody\">Osteoporose<\/a><\/li>\n<hr >\n<li><a href=\"\/especialistas\/#gsc.tab=0&#038;gsc.q=Especialista%20em%20hipertensao%20sao%20jose%20do%20rio%20preto\" title=\"Hipertens\u00e3o\" class=\"textbody\">Hipertens\u00e3o<\/a><\/li>\n<hr >\n<li><a href=\"\/especialistas\/#gsc.tab=0&#038;gsc.q=Especialista%20em%20transtornos%20da%20memoria%20sao%20jose%20do%20rio%20preto\" title=\"Transtornos Da Mem\u00f3ria\" class=\"textbody\">Transtornos Da Mem\u00f3ria<\/a><\/li>\n<hr >\n<li><a href=\"\/especialistas\/#gsc.tab=0&#038;gsc.q=Especialista%20em%20hipotireoidismo%20sao%20jose%20do%20rio%20preto\" title=\"Hipotireoidismo\" class=\"textbody\">Hipotireoidismo<\/a><\/li>\n<hr >\n<li><a href=\"\/especialistas\/#gsc.tab=0&#038;gsc.q=Especialista%20em%20doenca%20de%20parkinson%202%20sao%20jose%20do%20rio%20preto\" title=\"Doen\u00e7a de Parkinson\" class=\"textbody\">Doen\u00e7a de Parkinson<\/a><\/li>\n<hr >\n<li><a href=\"\/especialistas\/#gsc.tab=0&#038;gsc.q=Especialista%20em%20diabetes%20sao%20jose%20do%20rio%20preto\" title=\"Diabetes\" class=\"textbody\">Diabetes<\/a><\/li>\n<\/ul>\n<hr \/>\n<p><strong>T\u00f3picos:<\/strong> Cirurgi\u00e3o do aparelho digestivo em S\u00e3o Paulo &#8211; SP <span class=\"topic-hidden\">| Cirurgi\u00e3o geral em S\u00e3o Paulo &#8211; SP  <\/span><\/p>\n","protected":false},"author":1,"featured_media":0,"template":"","bairro":[5780],"categoria_parceiro":[20571,20447],"topico-parceiro":[21575,21574],"class_list":["post-177455","negocio","type-negocio","status-publish","hentry","bairro-pinheiros-sao-paulo-sp","categoria_parceiro-cirurgiao-do-aparelho-digestivo","categoria_parceiro-cirurgiao-geral","topico-parceiro-cirurgiao-do-aparelho-digestivo-em-sao-paulo-sp","topico-parceiro-cirurgiao-geral-em-sao-paulo-sp"],"yoast_head":"<!-- This site is optimized with the Yoast SEO Premium plugin v20.9 (Yoast SEO v27.4) - https:\/\/yoast.com\/product\/yoast-seo-premium-wordpress\/ -->\n<title>Prof. Dr. Fabio Thuler - Cirurgi\u00e3o do aparelho digestivo, Cirurgi\u00e3o geral S\u00e3o Paulo - SP<\/title>\n<meta name=\"description\" content=\"Prof. Dr. Fabio Thuler, Cirurgi\u00e3o do aparelho digestivo, Cirurgi\u00e3o geral em S\u00e3o Paulo. Agende uma consulta com os melhores profissionais de sa\u00fade em Brasil. Coloproctologia, Cirurgia Oncol\u00f3gica, Cirurgia Rob\u00f3tica.\" \/>\n<meta name=\"robots\" content=\"index, follow, max-snippet:-1, max-image-preview:large, max-video-preview:-1\" \/>\n<link rel=\"canonical\" href=\"https:\/\/www.somospopular.com.br\/especialistas\/prof-dr-fabio-thuler-cirurgiao-do-aparelho-digestivo-em-sp\/\" \/>\n<meta property=\"og:locale\" content=\"pt_BR\" \/>\n<meta property=\"og:type\" content=\"article\" \/>\n<meta property=\"og:title\" content=\"Prof. Dr. Fabio Thuler - Cirurgi\u00e3o do aparelho digestivo, Cirurgi\u00e3o geral S\u00e3o Paulo - SP\" \/>\n<meta property=\"og:description\" content=\"Prof. Dr. Fabio Thuler - Cirurgi\u00e3o do aparelho digestivo, Cirurgi\u00e3o geral S\u00e3o Paulo - SP. Cl\u00ednica Veterin\u00e1ria Popular com pre\u00e7os acess\u00edveis. Especialistas\" \/>\n<meta property=\"og:url\" content=\"https:\/\/www.somospopular.com.br\/especialistas\/prof-dr-fabio-thuler-cirurgiao-do-aparelho-digestivo-em-sp\/\" \/>\n<meta property=\"og:site_name\" content=\"Especialistas\" \/>\n<meta name=\"twitter:card\" content=\"summary_large_image\" \/>\n<meta name=\"twitter:title\" content=\"Prof. Dr. Fabio Thuler - Cirurgi\u00e3o do aparelho digestivo, Cirurgi\u00e3o geral S\u00e3o Paulo - SP\" \/>\n<meta name=\"twitter:label1\" content=\"Est. tempo de leitura\" \/>\n\t<meta name=\"twitter:data1\" content=\"3 minutos\" \/>\n<script type=\"application\/ld+json\" class=\"yoast-schema-graph\">{\"@context\":\"https:\\\/\\\/schema.org\",\"@graph\":[{\"@type\":\"WebPage\",\"@id\":\"https:\\\/\\\/www.somospopular.com.br\\\/especialistas\\\/prof-dr-fabio-thuler-cirurgiao-do-aparelho-digestivo-em-sp\\\/\",\"url\":\"https:\\\/\\\/www.somospopular.com.br\\\/especialistas\\\/prof-dr-fabio-thuler-cirurgiao-do-aparelho-digestivo-em-sp\\\/\",\"name\":\"Prof. Dr. Fabio Thuler - Cirurgi\u00e3o do aparelho digestivo, Cirurgi\u00e3o geral S\u00e3o Paulo - SP\",\"isPartOf\":{\"@id\":\"https:\\\/\\\/www.somospopular.com.br\\\/especialistas\\\/#website\"},\"datePublished\":\"2023-08-28T01:31:43+00:00\",\"description\":\"Prof. Dr. Fabio Thuler, Cirurgi\u00e3o do aparelho digestivo, Cirurgi\u00e3o geral em S\u00e3o Paulo. Agende uma consulta com os melhores profissionais de sa\u00fade em Brasil. Coloproctologia, Cirurgia Oncol\u00f3gica, Cirurgia Rob\u00f3tica.\",\"breadcrumb\":{\"@id\":\"https:\\\/\\\/www.somospopular.com.br\\\/especialistas\\\/prof-dr-fabio-thuler-cirurgiao-do-aparelho-digestivo-em-sp\\\/#breadcrumb\"},\"inLanguage\":\"pt-BR\",\"potentialAction\":[{\"@type\":\"ReadAction\",\"target\":[\"https:\\\/\\\/www.somospopular.com.br\\\/especialistas\\\/prof-dr-fabio-thuler-cirurgiao-do-aparelho-digestivo-em-sp\\\/\"]}]},{\"@type\":\"BreadcrumbList\",\"@id\":\"https:\\\/\\\/www.somospopular.com.br\\\/especialistas\\\/prof-dr-fabio-thuler-cirurgiao-do-aparelho-digestivo-em-sp\\\/#breadcrumb\",\"itemListElement\":[{\"@type\":\"ListItem\",\"position\":1,\"name\":\"Especialista\",\"item\":\"https:\\\/\\\/www.somospopular.com.br\\\/especialistas\\\/\"},{\"@type\":\"ListItem\",\"position\":2,\"name\":\"Parceiros\",\"item\":\"https:\\\/\\\/www.somospopular.com.br\\\/especialistas\\\/negocio\\\/\"},{\"@type\":\"ListItem\",\"position\":3,\"name\":\"Cirurgi\u00e3o do aparelho digestivo\",\"item\":\"https:\\\/\\\/www.somospopular.com.br\\\/especialistas\\\/cirurgiao-do-aparelho-digestivo\\\/\"},{\"@type\":\"ListItem\",\"position\":4,\"name\":\"Prof. Dr. Fabio Thuler &#8211; Cirurgi\u00e3o do aparelho digestivo, Cirurgi\u00e3o geral S\u00e3o Paulo &#8211; SP\"}]},{\"@type\":\"WebSite\",\"@id\":\"https:\\\/\\\/www.somospopular.com.br\\\/especialistas\\\/#website\",\"url\":\"https:\\\/\\\/www.somospopular.com.br\\\/especialistas\\\/\",\"name\":\"Especialistas\",\"description\":\"Somos Popular\",\"publisher\":{\"@id\":\"https:\\\/\\\/www.somospopular.com.br\\\/especialistas\\\/#organization\"},\"potentialAction\":[{\"@type\":\"SearchAction\",\"target\":{\"@type\":\"EntryPoint\",\"urlTemplate\":\"https:\\\/\\\/www.somospopular.com.br\\\/especialistas\\\/?s={search_term_string}\"},\"query-input\":{\"@type\":\"PropertyValueSpecification\",\"valueRequired\":true,\"valueName\":\"search_term_string\"}}],\"inLanguage\":\"pt-BR\"},{\"@type\":\"Organization\",\"@id\":\"https:\\\/\\\/www.somospopular.com.br\\\/especialistas\\\/#organization\",\"name\":\"M\u00e9dicos Especialistas - Somos Popular\",\"alternateName\":\"M\u00e9dicos Especialistas\",\"url\":\"https:\\\/\\\/www.somospopular.com.br\\\/especialistas\\\/\",\"logo\":{\"@type\":\"ImageObject\",\"inLanguage\":\"pt-BR\",\"@id\":\"https:\\\/\\\/www.somospopular.com.br\\\/especialistas\\\/#\\\/schema\\\/logo\\\/image\\\/\",\"url\":\"https:\\\/\\\/www.somospopular.com.br\\\/especialistas\\\/wp-content\\\/uploads\\\/sites\\\/13\\\/2022\\\/05\\\/somos-popular-logo-80.webp\",\"contentUrl\":\"https:\\\/\\\/www.somospopular.com.br\\\/especialistas\\\/wp-content\\\/uploads\\\/sites\\\/13\\\/2022\\\/05\\\/somos-popular-logo-80.webp\",\"width\":325,\"height\":80,\"caption\":\"M\u00e9dicos Especialistas - Somos Popular\"},\"image\":{\"@id\":\"https:\\\/\\\/www.somospopular.com.br\\\/especialistas\\\/#\\\/schema\\\/logo\\\/image\\\/\"}}]}<\/script>\n<!-- \/ Yoast SEO Premium plugin. -->","yoast_head_json":{"title":"Prof. Dr. Fabio Thuler - Cirurgi\u00e3o do aparelho digestivo, Cirurgi\u00e3o geral S\u00e3o Paulo - SP","description":"Prof. Dr. Fabio Thuler, Cirurgi\u00e3o do aparelho digestivo, Cirurgi\u00e3o geral em S\u00e3o Paulo. Agende uma consulta com os melhores profissionais de sa\u00fade em Brasil. Coloproctologia, Cirurgia Oncol\u00f3gica, Cirurgia Rob\u00f3tica.","robots":{"index":"index","follow":"follow","max-snippet":"max-snippet:-1","max-image-preview":"max-image-preview:large","max-video-preview":"max-video-preview:-1"},"canonical":"https:\/\/www.somospopular.com.br\/especialistas\/prof-dr-fabio-thuler-cirurgiao-do-aparelho-digestivo-em-sp\/","og_locale":"pt_BR","og_type":"article","og_title":"Prof. Dr. Fabio Thuler - Cirurgi\u00e3o do aparelho digestivo, Cirurgi\u00e3o geral S\u00e3o Paulo - SP","og_description":"Prof. Dr. Fabio Thuler - Cirurgi\u00e3o do aparelho digestivo, Cirurgi\u00e3o geral S\u00e3o Paulo - SP. Cl\u00ednica Veterin\u00e1ria Popular com pre\u00e7os acess\u00edveis. Especialistas","og_url":"https:\/\/www.somospopular.com.br\/especialistas\/prof-dr-fabio-thuler-cirurgiao-do-aparelho-digestivo-em-sp\/","og_site_name":"Especialistas","twitter_card":"summary_large_image","twitter_title":"Prof. Dr. Fabio Thuler - Cirurgi\u00e3o do aparelho digestivo, Cirurgi\u00e3o geral S\u00e3o Paulo - SP","twitter_misc":{"Est. tempo de leitura":"3 minutos"},"schema":{"@context":"https:\/\/schema.org","@graph":[{"@type":"WebPage","@id":"https:\/\/www.somospopular.com.br\/especialistas\/prof-dr-fabio-thuler-cirurgiao-do-aparelho-digestivo-em-sp\/","url":"https:\/\/www.somospopular.com.br\/especialistas\/prof-dr-fabio-thuler-cirurgiao-do-aparelho-digestivo-em-sp\/","name":"Prof. Dr. Fabio Thuler - Cirurgi\u00e3o do aparelho digestivo, Cirurgi\u00e3o geral S\u00e3o Paulo - SP","isPartOf":{"@id":"https:\/\/www.somospopular.com.br\/especialistas\/#website"},"datePublished":"2023-08-28T01:31:43+00:00","description":"Prof. Dr. Fabio Thuler, Cirurgi\u00e3o do aparelho digestivo, Cirurgi\u00e3o geral em S\u00e3o Paulo. Agende uma consulta com os melhores profissionais de sa\u00fade em Brasil. Coloproctologia, Cirurgia Oncol\u00f3gica, Cirurgia Rob\u00f3tica.","breadcrumb":{"@id":"https:\/\/www.somospopular.com.br\/especialistas\/prof-dr-fabio-thuler-cirurgiao-do-aparelho-digestivo-em-sp\/#breadcrumb"},"inLanguage":"pt-BR","potentialAction":[{"@type":"ReadAction","target":["https:\/\/www.somospopular.com.br\/especialistas\/prof-dr-fabio-thuler-cirurgiao-do-aparelho-digestivo-em-sp\/"]}]},{"@type":"BreadcrumbList","@id":"https:\/\/www.somospopular.com.br\/especialistas\/prof-dr-fabio-thuler-cirurgiao-do-aparelho-digestivo-em-sp\/#breadcrumb","itemListElement":[{"@type":"ListItem","position":1,"name":"Especialista","item":"https:\/\/www.somospopular.com.br\/especialistas\/"},{"@type":"ListItem","position":2,"name":"Parceiros","item":"https:\/\/www.somospopular.com.br\/especialistas\/negocio\/"},{"@type":"ListItem","position":3,"name":"Cirurgi\u00e3o do aparelho digestivo","item":"https:\/\/www.somospopular.com.br\/especialistas\/cirurgiao-do-aparelho-digestivo\/"},{"@type":"ListItem","position":4,"name":"Prof. Dr. Fabio Thuler &#8211; Cirurgi\u00e3o do aparelho digestivo, Cirurgi\u00e3o geral S\u00e3o Paulo &#8211; SP"}]},{"@type":"WebSite","@id":"https:\/\/www.somospopular.com.br\/especialistas\/#website","url":"https:\/\/www.somospopular.com.br\/especialistas\/","name":"Especialistas","description":"Somos Popular","publisher":{"@id":"https:\/\/www.somospopular.com.br\/especialistas\/#organization"},"potentialAction":[{"@type":"SearchAction","target":{"@type":"EntryPoint","urlTemplate":"https:\/\/www.somospopular.com.br\/especialistas\/?s={search_term_string}"},"query-input":{"@type":"PropertyValueSpecification","valueRequired":true,"valueName":"search_term_string"}}],"inLanguage":"pt-BR"},{"@type":"Organization","@id":"https:\/\/www.somospopular.com.br\/especialistas\/#organization","name":"M\u00e9dicos Especialistas - Somos Popular","alternateName":"M\u00e9dicos Especialistas","url":"https:\/\/www.somospopular.com.br\/especialistas\/","logo":{"@type":"ImageObject","inLanguage":"pt-BR","@id":"https:\/\/www.somospopular.com.br\/especialistas\/#\/schema\/logo\/image\/","url":"https:\/\/www.somospopular.com.br\/especialistas\/wp-content\/uploads\/sites\/13\/2022\/05\/somos-popular-logo-80.webp","contentUrl":"https:\/\/www.somospopular.com.br\/especialistas\/wp-content\/uploads\/sites\/13\/2022\/05\/somos-popular-logo-80.webp","width":325,"height":80,"caption":"M\u00e9dicos Especialistas - Somos Popular"},"image":{"@id":"https:\/\/www.somospopular.com.br\/especialistas\/#\/schema\/logo\/image\/"}}]}},"_links":{"self":[{"href":"https:\/\/www.somospopular.com.br\/especialistas\/wp-json\/wp\/v2\/negocio\/177455","targetHints":{"allow":["GET"]}}],"collection":[{"href":"https:\/\/www.somospopular.com.br\/especialistas\/wp-json\/wp\/v2\/negocio"}],"about":[{"href":"https:\/\/www.somospopular.com.br\/especialistas\/wp-json\/wp\/v2\/types\/negocio"}],"author":[{"embeddable":true,"href":"https:\/\/www.somospopular.com.br\/especialistas\/wp-json\/wp\/v2\/users\/1"}],"wp:attachment":[{"href":"https:\/\/www.somospopular.com.br\/especialistas\/wp-json\/wp\/v2\/media?parent=177455"}],"wp:term":[{"taxonomy":"bairro","embeddable":true,"href":"https:\/\/www.somospopular.com.br\/especialistas\/wp-json\/wp\/v2\/bairro?post=177455"},{"taxonomy":"categoria_parceiro","embeddable":true,"href":"https:\/\/www.somospopular.com.br\/especialistas\/wp-json\/wp\/v2\/categoria_parceiro?post=177455"},{"taxonomy":"topico-parceiro","embeddable":true,"href":"https:\/\/www.somospopular.com.br\/especialistas\/wp-json\/wp\/v2\/topico-parceiro?post=177455"}],"curies":[{"name":"wp","href":"https:\/\/api.w.org\/{rel}","templated":true}]}}