{"id":154581,"date":"2023-03-08T11:50:05","date_gmt":"2023-03-08T14:50:05","guid":{"rendered":"https:\/\/www.somospopular.com.br\/veterinarios\/canil-estrela-de-abraao-canis-contagem-mg\/"},"modified":"2023-03-08T11:50:05","modified_gmt":"2023-03-08T14:50:05","slug":"canil-estrela-de-abraao-canis-contagem-mg","status":"publish","type":"negocio","link":"https:\/\/www.somospopular.com.br\/veterinarios\/canil-estrela-de-abraao-canis-contagem-mg\/","title":{"rendered":"Canil Estrela de Abra\u00e3o &#8211; Canis em  &#8211; Contagem &#8211; MG"},"content":{"rendered":"<p>Canil estrela de abra\u00e3o trazendo como base gen\u00e9tica linhas de sangue que seguem com total excel\u00eancia o padr\u00e3o racial em todo o conjunto e seu temperamento!<\/p>\n<p>Padr\u00e3o da ra\u00e7a nome no pa\u00eds de origem: fila brasileiro \u201cpadr\u00e3o elaborado pelo dr. Paulo santos cruz\u201d apar\u00eancia geral ra\u00e7a tipicamente moloss\u00f3ide. Talhe grande; massa poderosa, ossatura robusta, dando a impress\u00e3o de alentada concentra\u00e7\u00e3o de for\u00e7a e poder, mas sem parecer, nem ser, pesado, lerdo, ap\u00e1tico. Figura retangular, compacta, por\u00e9m harm\u00f4nica, bem proporcionada, sim\u00e9trica. Caracteres sexuais secund\u00e1rios pronunciados, destacando nitidamente machos e f\u00eameas. Temperamento dotado de coragem, determina\u00e7\u00e3o e valentia not\u00e1veis. N\u00e3o oculta sua ojeriza a estranhos, nem sua tradicional meiguice, obedi\u00eancia e fidelidade aos donos e seus familiares. Conseq\u00fcentemente \u00e9, nas cidades, inexced\u00edvel guarda de propriedades e, no campo, ex\u00edmio boiadeiro e ca\u00e7ador de animais de grande porte. Como resultado de seu temperamento, nas exposi\u00e7\u00f5es n\u00e3o permite ser tocado pelo juiz (um estranho) e, se o atacar, n\u00e3o deve tal rea\u00e7\u00e3o ser considerada falta, mas apenas confirma\u00e7\u00e3o de seu temperamento. Nas provas de temperamento, obrigat\u00f3rias nas exposi\u00e7\u00f5es, ap\u00f3s doze meses de idade, seu ataque deve ser em diagonal ascendente, \u00e0 frente do apresentador, e sem deste revelar depend\u00eancia. Sistema nervoso comportamento calmo, sereno, revelando seguran\u00e7a e confian\u00e7a pr\u00f3prias, suportando perfeitamente ambientes e ru\u00eddos estranhos, como tiros de festim, teste obrigat\u00f3rio nas exposi\u00e7\u00f5es, nunca disparado a menos de cinco metros e sempre ap\u00f3s a idade de doze meses. Movimenta\u00e7\u00e3o 1) passos: largos, el\u00e1sticos, compassados, aparentemente pesados, lembrando os dos felinos, mantendo a cabe\u00e7a ao n\u00edvel ou abaixo da linha do dorso. Principal caracter\u00edstica do passo \u00e9 a movimenta\u00e7\u00e3o das duas pernas de um lado, e s\u00f3 depois as do outro, em perfeito \u201cpasso de camelo\u201d, originando balan\u00e7os laterais do t\u00f3rax e da garupa, acentuados pela cauda quando erguida. 2) trote: f\u00e1cil, suave, leve, largo, de bom rendimento. 3) galope: poderoso, alcan\u00e7ando velocidades insuspeitadas em c\u00e3es de tal porte e peso. A movimenta\u00e7\u00e3o, principalmente no passo, denuncia as articula\u00e7\u00f5es frouxas, caracter\u00edsticas da ra\u00e7a, principalmente nos membros e no dorso, revelando ser o fila capaz de mudar de dire\u00e7\u00e3o s\u00fabita e rapidamente. Cabe\u00e7a braquic\u00e9fala, grande, pesada. De perfil mostra focinho de comprimento praticamente igual ao do cr\u00e2nio; e de boa profundidade; occipital saliente; orelhas grandes e pendentes; stop baixo. De frente \u00e9 larga, focinho forte, de curvas bem convexas, cr\u00e2nio amplo, levemente curvo, como tamb\u00e9m as laterais. Cr\u00e2nio de perfil mostra suave curva do stop ao occipital, que \u00e9 bem saliente. De frente \u00e9 largo, amplo, levemente curvo. Suas laterais descem, em curva muito suave, quase em vertical, sem par\u00f3tidas inchadas, e avan\u00e7am, em curva suave, nunca formando degrau, para o focinho. Occipital saliente, destacando-se bem da nuca. Stop visto de frente \u00e9 virtualmente inexistente; em seu lugar h\u00e1 um sulco, em suave aclive, entre os olhos, estendendo-se at\u00e9 a metade do cr\u00e2nio. Visto de lado \u00e9 baixo, inclinado, por\u00e9m perfeitamente aparente, formado que \u00e9 pelas arcadas superciliares. Orelhas ca\u00eddas, grandes, grossas, muito largas na raiz, estreitando-se para a extremidade arredondada. Sua raiz \u00e9 inclinada, sendo bordo anterior mais alto que o posterior, e sua inser\u00e7\u00e3o \u00e9 na parte mais posterior do cr\u00e2nio e, quanto \u00e0 altura, \u00e9 vari\u00e1vel: baixa quando o c\u00e3o em repouso, alta quando em aten\u00e7\u00e3o. Permitidas orelhas ca\u00eddas lateralmente e de rosa. Olhos de express\u00e3o triste quando em repouso, mas en\u00e9rgica e determinada quando atentos; de tamanho m\u00e9dio a grande, ligeiramente ovalados, profundos, bem afastados. Colora\u00e7\u00e3o do castanho-escuro ao amarelo, em harmonia com a pigmenta\u00e7\u00e3o e a cor geral da pelagem. Devido \u00e0 pele solta, alguns c\u00e3es apresentam p\u00e1lpebra inferior ca\u00edda, detalhe n\u00e3o faltoso, pois apenas aumenta a express\u00e3o triste t\u00edpica. Focinho de perfil, comprimento praticamente igual ao do cr\u00e2nio. Forma retangular, por\u00e9m muito profundo. Todavia, nunca deve a profundidade igualar ou ultrapassar o comprimento. Linha anterior reta, descendo levemente inclinada, entrando, a meia altura, em curva ampla e perfeita, at\u00e9 alcan\u00e7ar a linha inferior do focinho, tamb\u00e9m definida pelos l\u00e1bios superiores, que s\u00e3o grossos, pendentes, sobrepondo-se aos inferiores, que s\u00e3o firmemente fixados no queixo, por\u00e9m soltos nos lados, mostrando bordos denteados. Comissura labial aparente. De frente curvas do focinho (da frente, m\u00e9dia e da raiz) bem convexas, dando focinho cheio, assegurador de boa implanta\u00e7\u00e3o \u00e0s ra\u00edzes dent\u00e1rias, e desenhando, sob os olhos, focinho bastante rotundo; da\u00ed estreita-se, muito levemente, at\u00e9 a curva m\u00e9dia e, depois, novamente alarga-se, tamb\u00e9m muito levemente, at\u00e9 a curva anterior ou da frente, originando rima labial (abertura da boca) em curva ampla. Visto de cima, n\u00e3o deve o focinho cinturar na regi\u00e3o da curva m\u00e9dia, que \u00e9 apenas percept\u00edvel. Nariz de narinas largas, bem desenvolvidas, mas nunca ocupando toda a largura da maxila. Cor sempre negra. Dentes e mordedura dentes relativamente pequenos, por\u00e9m fortes e claros. Incisivos superiores largos na raiz e afilados nas ponta. Caninos poderosos e bem afastados. Mordedura em tesoura, ou seja, incisivos inferiores encaixando na face interna dos superiores. Pesco\u00e7o geralmente portado baixo, extraordinariamente desenvolvido e musculado, dando-lhe a impress\u00e3o de curto. Bordo superior com leve convexidade. Garganta provida de duas dobras de pele grossa, pendentes, soltas, longitudinais e paralelas (barbelas). Tronco forte, largo, profundo. T\u00f3rax mais comprido do que o abd\u00f4men. T\u00f3rax costelas de perfeito arqueamento, dando peito largo e profundo, sem interferir na movimenta\u00e7\u00e3o do ombro e descendo at\u00e9 a ponta dos cotovelos, num ombro bem estruturado. Flanco menos comprido e menos profundo do que o t\u00f3rax, bem cinzelado, separando suas v\u00e1rias partes componentes. Visto por cima, deve ser menos largo e cheio do que o t\u00f3rax e a garupa, por\u00e9m sem cinturar. Linha superior cernelha aberta e baixa, dado o afastamento das omoplatas, todavia deve ser perfeitamente aparente, em linha inclinada. No ponto em que termina (dobradi\u00e7a) a linha superior muda de dire\u00e7\u00e3o, ascendendo suavemente, em reta, at\u00e9 a ponta anterior da garupa (\u00edlio). A linha superior \u00e9, portanto, formada por duas retas: uma at\u00e9 o final da cernelha, outra at\u00e9 a garupa. Linha inferior da ponta do peito (man\u00fabrio esternal), desce, em curva ampla e perfeita, formando o antepeito; depois, em linha reta, paralela ao ch\u00e3o, segue at\u00e9 a extremidade posterior do esterno (xif\u00f3ide); e deste ponto eleva-se, suavemente, nos machos at\u00e9 a bainha do p\u00eanis, nas f\u00eameas at\u00e9 a aba do flanco, nelas mais desenvolvidas, impedindo a vis\u00e3o da ascend\u00eancia abdominal e influenciando a linha inferior. Anteriores 1) ombro: estruturado por dois ossos de igual tamanho: omoplata, ou esc\u00e1pula, e \u00famero; aquela a 45 graus da horizontal, e este a 90 graus dela. A articula\u00e7\u00e3o escapulo-umeral forma a \u201cponta do ombro\u201d, que deve situar-se ao n\u00edvel da do peito, um pouco \u00e0 retaguarda desta. No ideal, o ombro deve ocupar o espa\u00e7o da cernelha ao esterno, e a \u201cponta do ombro\u201d deve situar-se a meia altura dessa dist\u00e2ncia. 2) pernas: de ossatura poderosa e reta; carpos aparentes; metacarpos curtos, levemente inclinados. 3) p\u00e9s: formados por dedos fortes e bem arqueados, n\u00e3o muito juntos, apoiados em digitais espessas e contornando almofadas plantares largas, profundas e grossas. Em sua posi\u00e7\u00e3o correta, os dedos devem apontar para a frente. Unhas fortes, escuras, podendo ser brancas, quando esta for a cor do respectivo dedo. Uma perpendicular imagin\u00e1ria, descendo da cernelha, deve atravessar o cotovelo e atingir o p\u00e9. O cotovelo (olecr\u00e2nio), na estrutura ideal, deve coincidir com o esterno. Posteriores 1) garupa: estruturada pelo il\u00edaco, largo, longo, angulado a 30 graus da horizontal, definindo curva suave, desde a ponta anterior da garupa (\u00edlio) at\u00e9 a posterior (\u00edsquio) ou \u201cponta da n\u00e1dega\u201d. A ponta do \u00edlio situa-se no mesmo n\u00edvel ou um pouco mais alto do que a cernelha. Uma horizontal imagin\u00e1ria, partindo da \u201cponta da n\u00e1dega\u201d (\u00edsquio), deve alcan\u00e7ar a do ombro e, mais adiante, a do peito, determinado o comprimento do c\u00e3o. Vista por tr\u00e1s, a garupa deve ser ampla, de largura igual \u00e0 do t\u00f3rax, mesmo nos machos, podendo ser ainda mais larga nas f\u00eameas. 2) coxa: estruturada pelo f\u00eamur, angulado a 60 graus, mais ou menos, da horizontal, ou do ch\u00e3o, e a 90 graus do il\u00edaco. Larga, de bordos abaulados, formados que s\u00e3o estes pelos m\u00fasculos que descem do \u00edlio e do \u00edsquio, estes \u00faltimos desenhando a curva da n\u00e1dega, raz\u00e3o de se exigir o \u00edsquio de bom comprimento. 3) perna: propriamente dita \u00e9 o trecho estruturado pela t\u00edbia, bem angulada, salientando o joelho e projetando o jarrete para tr\u00e1s. Tarsos fortes, bem aparentes. Metatarsos bem inclinados, mais altos do que os metacarpos. Vistas por tr\u00e1s, as pernas devem ser paralelas e as coxas bem musculadas nas faces internas. 4) p\u00e9s: um pouco mais ovalados do que os anteriores e iguais a estes no restante. N\u00e3o devem apresentar unhas perdidas (ergots). Cauda vista de lado, n\u00e3o deve afetar a curva da garupa, ao contr\u00e1rio, deve a ela se adaptar, n\u00e3o se destacando em demasia. Sua inser\u00e7\u00e3o \u00e9 m\u00e9dia. Estando o c\u00e3o excitado, eleva-se, sem por\u00e9m nunca atingir a vertical e muito menos cair sobre o dorso. Na ponta forma curva aberta (curva de anzol), e nunca devendo se enroscar. Estando o c\u00e3o em repouso, ela cai, reta, at\u00e9 atingir os jarretes. Vista por tr\u00e1s, sua raiz deve ser muito larga, forte, revelando v\u00e9rtebras poderosas, afinando gradativamente at\u00e9 sua extremidade. Pele representa uma das caracter\u00edsticas r\u00e1cicas mais importantes. Deve ser grossa, solta em todo o tronco, principalmente no pesco\u00e7o, formando barbelas na garganta que, em muitos casos, prosseguem pelo peito e abd\u00f4men; alguns c\u00e3es apresentam uma dobra nas laterais da cabe\u00e7a, e, tamb\u00e9m, na cernelha e ombro. Estando o c\u00e3o em repouso, a cabe\u00e7a n\u00e3o deve apresentar rugas; excitado, a contra\u00e7\u00e3o da pele do cr\u00e2nio, para erguer as orelhas, forma, entre estas, pequenas rugas longitudinais ao cr\u00e2nio. Testa isenta de rugas. Pelagem baixa, curta, acamada; p\u00ealos r\u00fasticos, grossos, destacados individualmente \u00e0 vis\u00e3o e ao tato. Um pouco mais bastos na cernelha. Cor s\u00e3o permitidas as seguintes cores: 1) amarelos, em todas as tonalidades, desde o baio at\u00e9 o vermelho. 2) amarelos, em todas as tonalidades, do baio ao vermelho, mas com uma sombra acinzentada. 3) as cores 1 e 2, mas com m\u00e1scara e orelhas pretas, ou somente m\u00e1scara preta. 4) rajados, tigrados ou ara\u00e7\u00e1s: fundo, ou cor base, igual a uma das anteriores, com listas ou rajas pretas. As rajas s\u00e3o finas, de uma s\u00f3 largura em toda sua extens\u00e3o, distribu\u00eddas irregularmente por todo o corpo; e tamb\u00e9m de comprimento muito variado e diverso. Na linha superior do corpo, costumam se encontrar em \u201cv\u201d. 5) rajados com m\u00e1scara e orelhas pretas. 6) brancos com grandes malhas rajadas, estas iguais \u00e0 cor 4. O branco deve ser puro, sem manchas escuras na pele, provocando sombras. 7) cinza claro, prateado. 8) quaisquer dessas cores, com marcas brancas, geralmente nos membros, no peito e na cauda; mais raramente no pesco\u00e7o, e no focinho, subindo ao cr\u00e2nio. Altura na cernelha: machos: m\u00ednima 65 cm., m\u00e1xima 70 cm. F\u00eameas: m\u00ednima 60 cm., m\u00e1xima 65 cm. Peso machos: por volta de 50 quilos f\u00eameas: por volta de 40 quilos. Faltas tudo quanto se afastar do ideal, descrito neste padr\u00e3o. A gravidade da falta estar\u00e1 na raz\u00e3o direta do afastamento. Desqualifica\u00e7\u00f5es gerais 1) orelhas operadas. 2) caudas operadas. 3) nariz cor de carne. 4) prognatismo, influenciando a linha anterior do focinho. 5) brancos sem qualquer mancha de outra cor. 6) fundo branco com malhas pretas. 7) pretos azeviche. 8) pretos ard\u00f3sia. 9) pretos azeviche ou ard\u00f3sia, com manchas brancas. 10) cinza rato. 11) cinza azulado. 12) fundo cinza com malhas pretas. 13) rima labial em \u00e2ngulo agudo. 14) temperamento sem rea\u00e7\u00e3o positiva ao ataque. 15) forte sensibilidade negativa ao tiro. Desqualifica\u00e7\u00f5es por miscigena\u00e7\u00e3o notas: 1) s\u00e3o aqui destacadas as mais comuns e, para facilidade, divididas pelo aspecto geral, cabe\u00e7a etc. Face \u00e0 variedade de heran\u00e7as gen\u00e9ticas e, conseq\u00fcentemente, de tipos, n\u00e3o deve o juiz esperar um desses conjuntos de caracteres num mesmo c\u00e3o. Portanto, sempre que um ou mais desses caracteres forem encontrados e, pela intensidade e tipicidade, o convencerem da miscigena\u00e7\u00e3o, deve o juiz desqualificar. 2) exemplares h\u00e1 ostentando detalhes som\u00e1ticos denunciadores de v\u00e1rias mesti\u00e7agens. O fato n\u00e3o deve surpreender o julgador, pois apenas comprova a extens\u00e3o e variedade da miscigena\u00e7\u00e3o, com utiliza\u00e7\u00e3o de v\u00e1rias, e n\u00e3o apenas uma ra\u00e7a. A) miscigena\u00e7\u00e3o com mastim napolitano: a-1) tipo fortemente brevil\u00edneo, de pernas curtas, peito largo. Linha superior c\u00f4ncava, dando garupa alta, plana, cauda de inser\u00e7\u00e3o alta, curta, tendendo a enroscar e a cair sobre o dorso. Linha inferior em curvas opostas: convexa a do t\u00f3rax (t\u00f3rax de rede), c\u00f4ncava a do abd\u00f4men (esgalgada). A-2) cr\u00e2nio largo, continuando a curva em suas laterais, abauladas, dando \u00e0 cabe\u00e7a forma que lembra a de uma bola; por contraste, o focinho fica parecendo mais estreito. Orelhas de inser\u00e7\u00e3o alta. Stop rotundo, formado pelo frontal, alto, fazendo testa. Rima labial em \u00e2ngulo agudo. Focinho, de perfil, apresentando profundidade igual ou maior que o comprimento. De frente, \u00e9 estreito, o nariz ocupando toda a sua frente. Sem curvas convexas. Garganta com papada (peles soltas transversais). Express\u00e3o de enfado, com olhos semi-cerrados, boca aberta, mostrando a ponta da l\u00edngua. A-3) cor preta ard\u00f3sia; fundo cinza com rajas pretas; cinza chumbo. B) miscigena\u00e7\u00e3o com dogue alem\u00e3o: b-1) figura quadrada, longil\u00edneo, pernas altas, pesco\u00e7o longo, garganta sem barbelas. Esterno curto, originando r\u00e1pida ascens\u00e3o da linha inferior, em diagonal (t\u00f3rax de arenque). Aba do flanco muito grande, mesmo nos machos. Articula\u00e7\u00e3o e movimenta\u00e7\u00e3o firmes. Garupa sem inclina\u00e7\u00e3o. Cauda fina. Ombros abertos e deslocados para a frente, virtualmente colocados sob o pesco\u00e7o. B-2) cabe\u00e7a estreita. Nariz grande e largo. Cabe\u00e7a com pouca profundidade; cr\u00e2nio plano, chato; stop pequeno; orelhas finas, estreitas, de inser\u00e7\u00e3o alta. Olhos tendendo para o azul. Focinho comprido, com sua linha inferior paralela \u00e0 superior. B-3) cor preta azeviche; cinza rato ou cinza azulado; fundo cinza com malhas pretas; brancos com malhas pretas ou cinzas, ou destas duas cores. P\u00ealo muito baixo e muito colado ao corpo, pelagem composta por p\u00ealos muito finos. C) miscigena\u00e7\u00e3o com mastim ingl\u00eas: c-1) tipo agigantado, tendendo para o quadrado. Dorso reto. Frente mais alta que a garupa. C-2) vista de frente, a cabe\u00e7a \u00e9 larga, parecendo estreitar entre as orelhas, que s\u00e3o pequenas, em forma de \u201cv\u201d, finas, de inser\u00e7\u00e3o muito alta, praticamente em cima do cr\u00e2nio e quase sempre pretas. Testa globulosa; stop abrupto, formado pelo frontal. Testa enrugada. Occipital pouco saliente. De perfil o focinho \u00e9 de comprimento igual \u00e0 metade do comprimento do cr\u00e2nio (1 para 2). Focinho profundo, por\u00e9m menos profundo na ponta, trecho no qual o l\u00e1bio superior n\u00e3o \u00e9 t\u00e3o profundo. A linha anterior forma \u00e2ngulo reto com a superior e \u00e9 vertical, ou at\u00e9 mesmo tombada, denunciando mordedura em torqu\u00eas ou em prognatismo inferior. Queixo saliente, participando da forma\u00e7\u00e3o da linha anterior. M\u00e1scara preta. C-3) fundo amarelo-abricot com manchas pretas. Estas, muito numerosas, de forma ovalada. Seu n\u00famero \u00e9 tal que os trechos vis\u00edveis do fundo ficam praticamente da mesma largura das manchas, dando uma falsa id\u00e9ia de cor rajada ou tigrada escura.<\/p>\n<h3>Canis em  &#8211; Contagem &#8211; MG<\/h3>\n<p>Canis\u00a0em  &#8211; Contagem &#8211; MG<\/p>\n<p><strong>Telefone:<\/strong> (31) 98582-3929 | <\/p>\n","protected":false},"author":1,"featured_media":0,"template":"","bairro":[7146],"categoria_parceiro":[6966],"topico-parceiro":[],"class_list":["post-154581","negocio","type-negocio","status-publish","hentry","bairro-contagem-mg","categoria_parceiro-canis"],"yoast_head":"<!-- This site is optimized with the Yoast SEO Premium plugin v20.9 (Yoast SEO v27.4) - https:\/\/yoast.com\/product\/yoast-seo-premium-wordpress\/ -->\n<title>Canil Estrela de Abra\u00e3o - Canis\u00a0em - Contagem - MG<\/title>\n<meta name=\"description\" content=\"Canil Estrela de Abra\u00e3o - Canis\u00a0em - Contagem - MG. Veterin\u00e1rios em - Contagem - MG\" \/>\n<meta name=\"robots\" content=\"index, follow, max-snippet:-1, max-image-preview:large, max-video-preview:-1\" \/>\n<link rel=\"canonical\" href=\"https:\/\/www.somospopular.com.br\/veterinarios\/canil-estrela-de-abraao-canis-contagem-mg\/\" \/>\n<meta property=\"og:locale\" content=\"pt_BR\" \/>\n<meta property=\"og:type\" content=\"article\" \/>\n<meta property=\"og:title\" content=\"Canil Estrela de Abra\u00e3o - Canis em - Contagem - MG\" \/>\n<meta property=\"og:description\" content=\"Canil Estrela de Abra\u00e3o - Canis em - Contagem - MG. Cl\u00ednica Veterin\u00e1ria Popular com pre\u00e7os acess\u00edveis. Cl\u00ednicas Veterin\u00e1rias\" \/>\n<meta property=\"og:url\" content=\"https:\/\/www.somospopular.com.br\/veterinarios\/canil-estrela-de-abraao-canis-contagem-mg\/\" \/>\n<meta property=\"og:site_name\" content=\"Cl\u00ednicas Veterin\u00e1rias\" \/>\n<meta name=\"twitter:card\" content=\"summary_large_image\" \/>\n<meta name=\"twitter:label1\" content=\"Est. tempo de leitura\" \/>\n\t<meta name=\"twitter:data1\" content=\"13 minutos\" \/>\n<script type=\"application\/ld+json\" class=\"yoast-schema-graph\">{\"@context\":\"https:\\\/\\\/schema.org\",\"@graph\":[{\"@type\":\"WebPage\",\"@id\":\"https:\\\/\\\/www.somospopular.com.br\\\/veterinarios\\\/canil-estrela-de-abraao-canis-contagem-mg\\\/\",\"url\":\"https:\\\/\\\/www.somospopular.com.br\\\/veterinarios\\\/canil-estrela-de-abraao-canis-contagem-mg\\\/\",\"name\":\"Canil Estrela de Abra\u00e3o - Canis\u00a0em - Contagem - MG\",\"isPartOf\":{\"@id\":\"https:\\\/\\\/www.somospopular.com.br\\\/veterinarios\\\/#website\"},\"datePublished\":\"2023-03-08T14:50:05+00:00\",\"description\":\"Canil Estrela de Abra\u00e3o - Canis\u00a0em - Contagem - MG. Veterin\u00e1rios em - Contagem - MG\",\"breadcrumb\":{\"@id\":\"https:\\\/\\\/www.somospopular.com.br\\\/veterinarios\\\/canil-estrela-de-abraao-canis-contagem-mg\\\/#breadcrumb\"},\"inLanguage\":\"pt-BR\",\"potentialAction\":[{\"@type\":\"ReadAction\",\"target\":[\"https:\\\/\\\/www.somospopular.com.br\\\/veterinarios\\\/canil-estrela-de-abraao-canis-contagem-mg\\\/\"]}]},{\"@type\":\"BreadcrumbList\",\"@id\":\"https:\\\/\\\/www.somospopular.com.br\\\/veterinarios\\\/canil-estrela-de-abraao-canis-contagem-mg\\\/#breadcrumb\",\"itemListElement\":[{\"@type\":\"ListItem\",\"position\":1,\"name\":\"Veterin\u00e1rios\",\"item\":\"https:\\\/\\\/www.somospopular.com.br\\\/veterinarios\\\/\"},{\"@type\":\"ListItem\",\"position\":2,\"name\":\"Parceiros\",\"item\":\"https:\\\/\\\/www.somospopular.com.br\\\/veterinarios\\\/negocio\\\/\"},{\"@type\":\"ListItem\",\"position\":3,\"name\":\"Canil Estrela de Abra\u00e3o &#8211; Canis em &#8211; Contagem &#8211; MG\"}]},{\"@type\":\"WebSite\",\"@id\":\"https:\\\/\\\/www.somospopular.com.br\\\/veterinarios\\\/#website\",\"url\":\"https:\\\/\\\/www.somospopular.com.br\\\/veterinarios\\\/\",\"name\":\"Cl\u00ednicas Veterin\u00e1rias\",\"description\":\"Somos Popular\",\"publisher\":{\"@id\":\"https:\\\/\\\/www.somospopular.com.br\\\/veterinarios\\\/#organization\"},\"potentialAction\":[{\"@type\":\"SearchAction\",\"target\":{\"@type\":\"EntryPoint\",\"urlTemplate\":\"https:\\\/\\\/www.somospopular.com.br\\\/veterinarios\\\/?s={search_term_string}\"},\"query-input\":{\"@type\":\"PropertyValueSpecification\",\"valueRequired\":true,\"valueName\":\"search_term_string\"}}],\"inLanguage\":\"pt-BR\"},{\"@type\":\"Organization\",\"@id\":\"https:\\\/\\\/www.somospopular.com.br\\\/veterinarios\\\/#organization\",\"name\":\"Cl\u00ednicas Veterin\u00e1rias - Somos Popular\",\"alternateName\":\"Cl\u00ednicas Veterin\u00e1ria\",\"url\":\"https:\\\/\\\/www.somospopular.com.br\\\/veterinarios\\\/\",\"logo\":{\"@type\":\"ImageObject\",\"inLanguage\":\"pt-BR\",\"@id\":\"https:\\\/\\\/www.somospopular.com.br\\\/veterinarios\\\/#\\\/schema\\\/logo\\\/image\\\/\",\"url\":\"https:\\\/\\\/www.somospopular.com.br\\\/veterinarios\\\/wp-content\\\/uploads\\\/sites\\\/12\\\/2022\\\/05\\\/somos-popular-logo-80.webp\",\"contentUrl\":\"https:\\\/\\\/www.somospopular.com.br\\\/veterinarios\\\/wp-content\\\/uploads\\\/sites\\\/12\\\/2022\\\/05\\\/somos-popular-logo-80.webp\",\"width\":325,\"height\":80,\"caption\":\"Cl\u00ednicas Veterin\u00e1rias - Somos Popular\"},\"image\":{\"@id\":\"https:\\\/\\\/www.somospopular.com.br\\\/veterinarios\\\/#\\\/schema\\\/logo\\\/image\\\/\"}}]}<\/script>\n<!-- \/ Yoast SEO Premium plugin. -->","yoast_head_json":{"title":"Canil Estrela de Abra\u00e3o - Canis\u00a0em - Contagem - MG","description":"Canil Estrela de Abra\u00e3o - Canis\u00a0em - Contagem - MG. Veterin\u00e1rios em - Contagem - MG","robots":{"index":"index","follow":"follow","max-snippet":"max-snippet:-1","max-image-preview":"max-image-preview:large","max-video-preview":"max-video-preview:-1"},"canonical":"https:\/\/www.somospopular.com.br\/veterinarios\/canil-estrela-de-abraao-canis-contagem-mg\/","og_locale":"pt_BR","og_type":"article","og_title":"Canil Estrela de Abra\u00e3o - Canis em - Contagem - MG","og_description":"Canil Estrela de Abra\u00e3o - Canis em - Contagem - MG. Cl\u00ednica Veterin\u00e1ria Popular com pre\u00e7os acess\u00edveis. Cl\u00ednicas Veterin\u00e1rias","og_url":"https:\/\/www.somospopular.com.br\/veterinarios\/canil-estrela-de-abraao-canis-contagem-mg\/","og_site_name":"Cl\u00ednicas Veterin\u00e1rias","twitter_card":"summary_large_image","twitter_misc":{"Est. tempo de leitura":"13 minutos"},"schema":{"@context":"https:\/\/schema.org","@graph":[{"@type":"WebPage","@id":"https:\/\/www.somospopular.com.br\/veterinarios\/canil-estrela-de-abraao-canis-contagem-mg\/","url":"https:\/\/www.somospopular.com.br\/veterinarios\/canil-estrela-de-abraao-canis-contagem-mg\/","name":"Canil Estrela de Abra\u00e3o - Canis\u00a0em - Contagem - MG","isPartOf":{"@id":"https:\/\/www.somospopular.com.br\/veterinarios\/#website"},"datePublished":"2023-03-08T14:50:05+00:00","description":"Canil Estrela de Abra\u00e3o - Canis\u00a0em - Contagem - MG. Veterin\u00e1rios em - Contagem - MG","breadcrumb":{"@id":"https:\/\/www.somospopular.com.br\/veterinarios\/canil-estrela-de-abraao-canis-contagem-mg\/#breadcrumb"},"inLanguage":"pt-BR","potentialAction":[{"@type":"ReadAction","target":["https:\/\/www.somospopular.com.br\/veterinarios\/canil-estrela-de-abraao-canis-contagem-mg\/"]}]},{"@type":"BreadcrumbList","@id":"https:\/\/www.somospopular.com.br\/veterinarios\/canil-estrela-de-abraao-canis-contagem-mg\/#breadcrumb","itemListElement":[{"@type":"ListItem","position":1,"name":"Veterin\u00e1rios","item":"https:\/\/www.somospopular.com.br\/veterinarios\/"},{"@type":"ListItem","position":2,"name":"Parceiros","item":"https:\/\/www.somospopular.com.br\/veterinarios\/negocio\/"},{"@type":"ListItem","position":3,"name":"Canil Estrela de Abra\u00e3o &#8211; Canis em &#8211; Contagem &#8211; MG"}]},{"@type":"WebSite","@id":"https:\/\/www.somospopular.com.br\/veterinarios\/#website","url":"https:\/\/www.somospopular.com.br\/veterinarios\/","name":"Cl\u00ednicas Veterin\u00e1rias","description":"Somos Popular","publisher":{"@id":"https:\/\/www.somospopular.com.br\/veterinarios\/#organization"},"potentialAction":[{"@type":"SearchAction","target":{"@type":"EntryPoint","urlTemplate":"https:\/\/www.somospopular.com.br\/veterinarios\/?s={search_term_string}"},"query-input":{"@type":"PropertyValueSpecification","valueRequired":true,"valueName":"search_term_string"}}],"inLanguage":"pt-BR"},{"@type":"Organization","@id":"https:\/\/www.somospopular.com.br\/veterinarios\/#organization","name":"Cl\u00ednicas Veterin\u00e1rias - Somos Popular","alternateName":"Cl\u00ednicas Veterin\u00e1ria","url":"https:\/\/www.somospopular.com.br\/veterinarios\/","logo":{"@type":"ImageObject","inLanguage":"pt-BR","@id":"https:\/\/www.somospopular.com.br\/veterinarios\/#\/schema\/logo\/image\/","url":"https:\/\/www.somospopular.com.br\/veterinarios\/wp-content\/uploads\/sites\/12\/2022\/05\/somos-popular-logo-80.webp","contentUrl":"https:\/\/www.somospopular.com.br\/veterinarios\/wp-content\/uploads\/sites\/12\/2022\/05\/somos-popular-logo-80.webp","width":325,"height":80,"caption":"Cl\u00ednicas Veterin\u00e1rias - Somos Popular"},"image":{"@id":"https:\/\/www.somospopular.com.br\/veterinarios\/#\/schema\/logo\/image\/"}}]}},"_links":{"self":[{"href":"https:\/\/www.somospopular.com.br\/veterinarios\/wp-json\/wp\/v2\/negocio\/154581","targetHints":{"allow":["GET"]}}],"collection":[{"href":"https:\/\/www.somospopular.com.br\/veterinarios\/wp-json\/wp\/v2\/negocio"}],"about":[{"href":"https:\/\/www.somospopular.com.br\/veterinarios\/wp-json\/wp\/v2\/types\/negocio"}],"author":[{"embeddable":true,"href":"https:\/\/www.somospopular.com.br\/veterinarios\/wp-json\/wp\/v2\/users\/1"}],"wp:attachment":[{"href":"https:\/\/www.somospopular.com.br\/veterinarios\/wp-json\/wp\/v2\/media?parent=154581"}],"wp:term":[{"taxonomy":"bairro","embeddable":true,"href":"https:\/\/www.somospopular.com.br\/veterinarios\/wp-json\/wp\/v2\/bairro?post=154581"},{"taxonomy":"categoria_parceiro","embeddable":true,"href":"https:\/\/www.somospopular.com.br\/veterinarios\/wp-json\/wp\/v2\/categoria_parceiro?post=154581"},{"taxonomy":"topico-parceiro","embeddable":true,"href":"https:\/\/www.somospopular.com.br\/veterinarios\/wp-json\/wp\/v2\/topico-parceiro?post=154581"}],"curies":[{"name":"wp","href":"https:\/\/api.w.org\/{rel}","templated":true}]}}