{"id":154618,"date":"2023-03-08T11:50:32","date_gmt":"2023-03-08T14:50:32","guid":{"rendered":"https:\/\/www.somospopular.com.br\/veterinarios\/del-pafer-acessorios-pelotas-rs\/"},"modified":"2023-03-08T11:50:32","modified_gmt":"2023-03-08T14:50:32","slug":"del-pafer-acessorios-pelotas-rs","status":"publish","type":"negocio","link":"https:\/\/www.somospopular.com.br\/veterinarios\/del-pafer-acessorios-pelotas-rs\/","title":{"rendered":"Del Pafer &#8211; Acess\u00f3rios em  &#8211; Pelotas &#8211; RS"},"content":{"rendered":"<p>Lhasa apso del pafer<\/p>\n<p>Obs: conte\u00fado copiado da web e escolhido por mim por descrever de forma clara os padr\u00f5es desejados em um exemplar da ra\u00e7a lhasa aspo. Temperamento: \u00e9 muito importante esclarecer-se o real sentido das palavras usadas no padr\u00e3o, que aparentemente podem parecer at\u00e9 contradit\u00f3rias, principalmente no caso de alegre e reservado: o termo reservado n\u00e3o deve sugerir de forma alguma o sentido vicioso de t\u00edmido, medroso ou assustado; n\u00e3o devemos esquecer as origens e as fun\u00e7\u00f5es desta ra\u00e7a como c\u00e3o sentinela, devendo, portanto, ser cauteloso com estranhos para sua auto-prote\u00e7\u00e3o e de seu dono. 0 termo est\u00e1vel deve ser considerado tamb\u00e9m, que em seu lar \u00e9 um c\u00e3o tranq\u00fcilo e jamais impertinente, sabendo perfeitamente os momentos em que deve ser efusivo ou afastado. Cabe\u00e7a e cr\u00e2nio: assim como no restante do corpo a pelagem deve ser densa, longa e ca\u00edda; \u00e9 poss\u00edvel encontrar-se c\u00e3es, p. Ex., que possuam uma pelagem de bigodes mais curta cabe-nos verificar se este fato ocorre por uma falta de grooming ou se \u00e9 realmente uma falta gen\u00e9tica do exemplar. A forma e propor\u00e7\u00f5es da cabe\u00e7a s\u00e3o fundamentais para a tipicidade do animal; alguns termos s\u00e3o bastante vagos como &#8220;perfeitamente plano&#8221;, &#8220;stop moderado&#8221;, mas \u00e9 preciso ter-se em mente que a cabe\u00e7a do l.A. Deve parecer sempre muito gentil, dando a impress\u00e3o inquisitiva e colaborativa com seu dono. A dimens\u00e3o aproximadamente 4 cm (1 1\/2 polegada) foi inserida no padr\u00e3o para poder-se melhor fixar as caracter\u00edsticas de tamanho e propor\u00e7\u00e3o (que ser\u00e3o descritas adiante) da cabe\u00e7a e do corpo da ra\u00e7a e que a distingue de outras assemelhadas ou de origem em pr\u00f3xima. \u00c9 tamb\u00e9m de grande valia a analise detalhada das figuras adiante, com a compara\u00e7\u00e3o das cabe\u00e7as do lhasa apso, shih tzu, tibetan terrier e tibetan spaniel, que demonstram melhor que 1000 palavras as referidas diferen\u00e7as. Estudo das cabe\u00e7as de c\u00e3es das ra\u00e7as tibetan terrier, lhasa apso, shih tzu, tibetan spaniel a trufa deve ser invariavelmente preta; alguns c\u00e3es costumam ter uma despigmenta\u00e7\u00e3o do nariz em certas \u00e9pocas do ano possivelmente pela diminui\u00e7\u00e3o da insola\u00e7\u00e3o nesta \u00e9pocas; o criador deve analisar esta caracter\u00edstica em conjunto com a pigmenta\u00e7\u00e3o de outras partes do corpo do animal (p\u00e1lpebras, pele, almofada plantar; gengivas) para avaliar sua utiliza\u00e7\u00e3o na reprodu\u00e7\u00e3o. O termo n\u00e3o quadrado indica que o focinho, seja visto de perfil ou de cima n\u00e3o de e ser quadrado, devemos cuidar para n\u00e3o sermos confundidos pela pelagem. Olhos: em sintonia com o t\u00f3pico acima, os olhos do lhasa apso t\u00edpico o diferencia de outras ra\u00e7as. Os olhos devem ser um pouco amendoados dando-ihe um aspecto oriental, os olhos devem ser escuros e, apesar de alguns exemplares mais antigos possu\u00edrem olhos mais claros, consideramos isto como falta e estes animais n\u00e3o devem ser utilizados para reprodu\u00e7\u00e3o. A observa\u00e7\u00e3o de n\u00e3o mostrar o branco, na \u00faltima revis\u00e3o do padr\u00e3o, veio fortalecer a import\u00e2ncia dos olhos no conjunto da cabe\u00e7a. A posi\u00e7\u00e3o dos olhos tamb\u00e9m exerce grande import\u00e2ncia no conjunto, n\u00e3o devem estar demasiadamente pr\u00f3ximos um do outro. Obs.: a ra\u00e7a lhasa apso n\u00e3o \u00e9 classificada como possuidora de problemas de sa\u00fade nos olhos. Orelhas: a inser\u00e7\u00e3o das orelha \u00e9 na altura dos olhos e seu comprimento at\u00e9 a superf\u00edcie inferior do maxilar inferior. Boca: o \u00faltimo padr\u00e3o fci (ingl\u00eas) propositalmente adotou o termo &#8220;boca&#8221; para com isso reduzir a import\u00e2ncia da posi\u00e7\u00e3o relativa dos dentes evidenciando a posi\u00e7\u00e3o dos maxilares e apar\u00eancia geral do focinho, o leve prognatismo inferior \u00e9 a articula\u00e7\u00e3o desej\u00e1vel podendo-se chegar at\u00e9 a tesoura, mas um forte prognatismo inferior \u00e9 t\u00e3o indesej\u00e1vel quanto o prognatismo superior excessivo. 0 coment\u00e1rio dos incisivos t\u00e3o em linha reta a quanto poss\u00edvel implica num focinho largo em sua extremidade; uma denti\u00e7\u00e3o curvada, como a dos collies, \u00e9 indesej\u00e1vel. Pesco\u00e7o: deve-se verificar com aten\u00e7\u00e3o a posi\u00e7\u00e3o da inser\u00e7\u00e3o do pesco\u00e7o com rela\u00e7\u00e3o \u00e0 cernelha pois algumas linhas de sangue americanas apresentam uma curvatura na inser\u00e7\u00e3o que da a impress\u00e3o da cernelha localizar-se mais atr\u00e1s (maior angula\u00e7\u00e3o escapulo-umeral). Anteriores: por ombros bem colocados, entende-se um \u00e2ngulo de ombro de 45o, mas para o lhasa apso um c\u00e3o de propor\u00e7\u00e3o retangular, um \u00e2ngulo de aprox. 40o \u00e9 suficiente para uma boa movimenta\u00e7\u00e3o. Devem ser penalizados exemplares com ossos curvados, isto sem contar as demais faltas penaliz\u00e1veis como cotovelos abertos, m\u00e3os francesas, etc. Aten\u00e7\u00e3o tamb\u00e9m com munhecas fracas apoiando-se sobre o solo. Posteriores: n\u00e3o devemos esquecer que o lhasa apso prov\u00e9m de regi\u00f5es montanhosas devendo, portanto, estar h\u00e1bil a pular e vencer obst\u00e1culos. Os posteriores s\u00e3o desenvolvidos n\u00e3o para suportar peso, mas para impulsionar. Uma correta angula\u00e7\u00e3o coxo-femural de 90o \u00e9 adequada, devemos verificar tamb\u00e9m os defeitos mais comuns como jarrete de vaca ou de foice, os posteriores devem, portanto, ser retos e paralelos vistos de tr\u00e1s. Por ser uma ra\u00e7a cuja cria\u00e7\u00e3o iniciou-se sem bases cin\u00f3filas, encontramos muitos exemplares com defeitos de aprumos nos trens tanto anteriores como posteriores, que devem ser penalizados, entretanto, quando encontramos animais com estrutura admir\u00e1vel devemos considerar este fato como extremamente desej\u00e1vel tanto para a cria\u00e7\u00e3o como para a pista. P\u00e9s: por ser um c\u00e3o bem estruturado e musculoso, os p\u00e9s devem estar aptos a suportar o peso e ao trabalho, portanto fortes almofadas plantares s\u00e3o requeridas, ao contr\u00e1rio de outras ra\u00e7as como shih tzu ou pequines. De prefer\u00eancia bem pigmentados; n\u00e3o deve-se encontrar ergots nos posteriores. Corpo e tamanho: o lhasa apso \u00e9 um c\u00e3o retangular, o que de certa forma se contradiz com o termo compacto, que pelo gloss\u00e1rio do akc significa &#8220;de corpo curto&#8221;, na realidade o que se deseja afirmar \u00e9 que \u00e9 um c\u00e3o musculoso (&#8220;s\u00f3lido&#8221;) e pesado (nunca um &#8220;toy&#8221;) e que as propor\u00e7\u00f5es s\u00e3o tais, que sua apar\u00eancia n\u00e3o d\u00ea a impress\u00e3o de um c\u00e3o longo. Algumas propor\u00e7\u00f5es, \u00e2ngulos e medidas consideradas preferidas s\u00e3o: a) altura 7,5 x comprimento 10 b) cabe\u00e7a 1 x comprimento do corpo 3 c) comprimento do pesco\u00e7o e cabe\u00e7a pouco menor que a altura d) \u00e2ngulo do pesco\u00e7o em rela\u00e7\u00e3o \u00e0 esc\u00e1pula aprox. 90o e) \u00e2ngulo de esc\u00e1pula com rela\u00e7\u00e3o \u00e0 horizontal aprox. 40 a 45o f) comprimento do \u00famero pouco menor que a esc\u00e1pula g) focinho com aprox. 4 cm de comprimento h) focinho 1 x cr\u00e2nio 2 i) \u00e2ngulo escapulo-umeral de aprox. 90o j) \u00e2ngulo da t\u00edbia e f\u00edbula aprox. 90o com o f\u00eamur k) jarretes perpendiculares ao solo l) inser\u00e7\u00e3o da cauda acima da articula\u00e7\u00e3o da p\u00e9lvis com f\u00eamur, portada caindo sobre o dorso m) o dorso deve ser em n\u00edvel com o solo perfil do lhasa apso &#8211; propor\u00e7\u00f5es, \u00e2ngulos e medidas todos estes aspectos devem ser analisados atrav\u00e9s de uma minuciosa apalpa\u00e7\u00e3o, sendo complementada pela cr\u00edtica observa\u00e7\u00e3o da movimenta\u00e7\u00e3o. Andadura e movimenta\u00e7\u00e3o: n\u00e3o existe uma movimenta\u00e7\u00e3o espec\u00edfica para os lhasa apsos, como ocorre, por exemplo com os pinschers miniatura (&#8220;hackney&#8221;), pequineses (&#8220;roll&#8221;), shih tzus (leve &#8220;roll&#8221;) e chow chows (&#8220;saltitante&#8221;) sendo estas faltas nos lhasas. 0 correto balanceamento entre frente e traseira permitir\u00e1 uma movimenta\u00e7\u00e3o solta e com adequada propuls\u00e3o. Um lhasa apso de correta estrutura deve mostrar-se assim durante o trote. No trote, um movimento t\u00edpico de dois ritmos, quando duas patas transversalmente opostas tocam o ch\u00e3o concomitantemente, o rastro deve tender ao &#8220;single tracking&#8221; o que n\u00e3o ser\u00e1 alcan\u00e7ado plenamente levando-se em conta o comprimento, largura do corpo e as pernas relativamente curtas. Ver esquema. Um dorso em balan\u00e7o na movimenta\u00e7\u00e3o pode indicar uma s\u00e9rie de faltas, inclusive uma propuls\u00e3o exagerada dos trens traseiros (por sua vez provocada por outras faltas) que faz com que o lombo do animal &#8220;pule&#8221;. A movimenta\u00e7\u00e3o traseira deve ser o suficientemente aberta para que possamos ver as almofadas plantares. Problemas de aberturas de cotovelos, ossos curvados bem como desbalanceamentos entre diferentes pernas podem ser analisados pelo balan\u00e7o lateral da pelagem que deve ser uniforme e ritmado. Cauda: a cauda deve ser longa; a express\u00e3o &#8220;gancho de panela&#8221; pode ser comparada a uma cauda embandeirada, i. \u00c9 com inser\u00e7\u00e3o alta mas n\u00e3o caindo adequadamente sobre o dorso. Podemos imaginar como correto que, de perfil a cauda deveria confundir-se com a cabe\u00e7a; portanto uma cauda &#8220;achatada sobre o dorso tamb\u00e9m n\u00e3o \u00e9 a mais desejada. Pelagem: \u00e9 de suma import\u00e2ncia a inspe\u00e7\u00e3o t\u00e1ctil da textura da pelagem do animal, apar\u00eancia fina e muito subpelo (apar\u00eancia fofa) s\u00e3o indesej\u00e1veis. Deve-se ter a impress\u00e3o de que um pente pode correr com facilidade pelo p\u00ealo. Em filhotes levar em conta a idade e possibilidade de mudan\u00e7a da textura. Cor: o novo padr\u00e3o elimina qualquer prefer\u00eancia de cor, distinguindo com isto uma n\u00edtida preocupa\u00e7\u00e3o com estrutura e tipo. Tamanho: no come\u00e7o dos anos 80, principalmente nos estados unidos da am\u00e9rica, houve uma tend\u00eancia ao aumento do tamanho dos animais, o que tornaria os animais mais vistosos em pista. Hoje nota-se um trabalho para retornar-se para pr\u00f3ximo ao padr\u00e3o. O tamanho preciso \u00e9 de import\u00e2ncia secund\u00e1ria, o vital \u00e9 a s\u00f3lida apar\u00eancia e movimenta\u00e7\u00e3o dos exemplares, diferenciando-os de qualquer &#8220;toy&#8221; ou c\u00e3o de luxo. A diferencia\u00e7\u00e3o comentada sobre as f\u00eameas poderia ser interpretada como o &#8220;tipo&#8221; extremamente distinto entre machos e f\u00eameas; nunca um macho deve dar a impress\u00e3o de f\u00eamea ou vice-versa. Faltas: qualquer afastamento dos pontos precedentes deve ser considerado uma falta e sua gravidade deve ser considerada na exata propor\u00e7\u00e3o do desvio. Nota: os machos devem apresentar os dois test\u00edculos, de apar\u00eancia normal, plenamente descidos na bolsa escrotal. Os coment\u00e1rios feitos neste padr\u00e3o foram redigidos e compilados por mario knoll, criador da ra\u00e7a e \u00e1rbitro pela cbkc e fci e exprimem \u00fanicamente sua opini\u00e3o pessoal bibliografia e fontes de consulta: the complete lhasa apso norman e carolin herbel lhasa lore sally ann vervaeke-helf your lhasa apso robert j. Berndt tibetische hunde uli gelbrich<\/p>\n<h3>Acess\u00f3rios em  &#8211; Pelotas &#8211; RS<\/h3>\n<p>Acess\u00f3rios\u00a0em  &#8211; Pelotas &#8211; RS<\/p>\n<p><strong>Telefone:<\/strong> (53) 8464-6452 | <\/p>\n","protected":false},"author":1,"featured_media":0,"template":"","bairro":[7161],"categoria_parceiro":[6883,7142],"topico-parceiro":[],"class_list":["post-154618","negocio","type-negocio","status-publish","hentry","bairro-pelotas-rs","categoria_parceiro-acessorios","categoria_parceiro-lojas-online"],"yoast_head":"<!-- This site is optimized with the Yoast SEO Premium plugin v20.9 (Yoast SEO v27.4) - https:\/\/yoast.com\/product\/yoast-seo-premium-wordpress\/ -->\n<title>Del Pafer - Acess\u00f3rios\u00a0em - Pelotas - RS<\/title>\n<meta name=\"description\" content=\"Del Pafer - Acess\u00f3rios\u00a0em - Pelotas - RS. Veterin\u00e1rios em - Pelotas - RS\" \/>\n<meta name=\"robots\" content=\"index, follow, max-snippet:-1, max-image-preview:large, max-video-preview:-1\" \/>\n<link rel=\"canonical\" href=\"https:\/\/www.somospopular.com.br\/veterinarios\/del-pafer-acessorios-pelotas-rs\/\" \/>\n<meta property=\"og:locale\" content=\"pt_BR\" \/>\n<meta property=\"og:type\" content=\"article\" \/>\n<meta property=\"og:title\" content=\"Del Pafer - Acess\u00f3rios em - Pelotas - RS\" \/>\n<meta property=\"og:description\" content=\"Del Pafer - Acess\u00f3rios em - Pelotas - RS. Cl\u00ednica Veterin\u00e1ria Popular com pre\u00e7os acess\u00edveis. Cl\u00ednicas Veterin\u00e1rias\" \/>\n<meta property=\"og:url\" content=\"https:\/\/www.somospopular.com.br\/veterinarios\/del-pafer-acessorios-pelotas-rs\/\" \/>\n<meta property=\"og:site_name\" content=\"Cl\u00ednicas Veterin\u00e1rias\" \/>\n<meta name=\"twitter:card\" content=\"summary_large_image\" \/>\n<meta name=\"twitter:label1\" content=\"Est. tempo de leitura\" \/>\n\t<meta name=\"twitter:data1\" content=\"9 minutos\" \/>\n<script type=\"application\/ld+json\" class=\"yoast-schema-graph\">{\"@context\":\"https:\\\/\\\/schema.org\",\"@graph\":[{\"@type\":\"WebPage\",\"@id\":\"https:\\\/\\\/www.somospopular.com.br\\\/veterinarios\\\/del-pafer-acessorios-pelotas-rs\\\/\",\"url\":\"https:\\\/\\\/www.somospopular.com.br\\\/veterinarios\\\/del-pafer-acessorios-pelotas-rs\\\/\",\"name\":\"Del Pafer - Acess\u00f3rios\u00a0em - Pelotas - RS\",\"isPartOf\":{\"@id\":\"https:\\\/\\\/www.somospopular.com.br\\\/veterinarios\\\/#website\"},\"datePublished\":\"2023-03-08T14:50:32+00:00\",\"description\":\"Del Pafer - Acess\u00f3rios\u00a0em - Pelotas - RS. Veterin\u00e1rios em - Pelotas - RS\",\"breadcrumb\":{\"@id\":\"https:\\\/\\\/www.somospopular.com.br\\\/veterinarios\\\/del-pafer-acessorios-pelotas-rs\\\/#breadcrumb\"},\"inLanguage\":\"pt-BR\",\"potentialAction\":[{\"@type\":\"ReadAction\",\"target\":[\"https:\\\/\\\/www.somospopular.com.br\\\/veterinarios\\\/del-pafer-acessorios-pelotas-rs\\\/\"]}]},{\"@type\":\"BreadcrumbList\",\"@id\":\"https:\\\/\\\/www.somospopular.com.br\\\/veterinarios\\\/del-pafer-acessorios-pelotas-rs\\\/#breadcrumb\",\"itemListElement\":[{\"@type\":\"ListItem\",\"position\":1,\"name\":\"Veterin\u00e1rios\",\"item\":\"https:\\\/\\\/www.somospopular.com.br\\\/veterinarios\\\/\"},{\"@type\":\"ListItem\",\"position\":2,\"name\":\"Parceiros\",\"item\":\"https:\\\/\\\/www.somospopular.com.br\\\/veterinarios\\\/negocio\\\/\"},{\"@type\":\"ListItem\",\"position\":3,\"name\":\"Acess\u00f3rios\",\"item\":\"https:\\\/\\\/www.somospopular.com.br\\\/veterinarios\\\/acessorios\\\/\"},{\"@type\":\"ListItem\",\"position\":4,\"name\":\"Del Pafer &#8211; Acess\u00f3rios em &#8211; Pelotas &#8211; RS\"}]},{\"@type\":\"WebSite\",\"@id\":\"https:\\\/\\\/www.somospopular.com.br\\\/veterinarios\\\/#website\",\"url\":\"https:\\\/\\\/www.somospopular.com.br\\\/veterinarios\\\/\",\"name\":\"Cl\u00ednicas Veterin\u00e1rias\",\"description\":\"Somos Popular\",\"publisher\":{\"@id\":\"https:\\\/\\\/www.somospopular.com.br\\\/veterinarios\\\/#organization\"},\"potentialAction\":[{\"@type\":\"SearchAction\",\"target\":{\"@type\":\"EntryPoint\",\"urlTemplate\":\"https:\\\/\\\/www.somospopular.com.br\\\/veterinarios\\\/?s={search_term_string}\"},\"query-input\":{\"@type\":\"PropertyValueSpecification\",\"valueRequired\":true,\"valueName\":\"search_term_string\"}}],\"inLanguage\":\"pt-BR\"},{\"@type\":\"Organization\",\"@id\":\"https:\\\/\\\/www.somospopular.com.br\\\/veterinarios\\\/#organization\",\"name\":\"Cl\u00ednicas Veterin\u00e1rias - Somos Popular\",\"alternateName\":\"Cl\u00ednicas Veterin\u00e1ria\",\"url\":\"https:\\\/\\\/www.somospopular.com.br\\\/veterinarios\\\/\",\"logo\":{\"@type\":\"ImageObject\",\"inLanguage\":\"pt-BR\",\"@id\":\"https:\\\/\\\/www.somospopular.com.br\\\/veterinarios\\\/#\\\/schema\\\/logo\\\/image\\\/\",\"url\":\"https:\\\/\\\/www.somospopular.com.br\\\/veterinarios\\\/wp-content\\\/uploads\\\/sites\\\/12\\\/2022\\\/05\\\/somos-popular-logo-80.webp\",\"contentUrl\":\"https:\\\/\\\/www.somospopular.com.br\\\/veterinarios\\\/wp-content\\\/uploads\\\/sites\\\/12\\\/2022\\\/05\\\/somos-popular-logo-80.webp\",\"width\":325,\"height\":80,\"caption\":\"Cl\u00ednicas Veterin\u00e1rias - Somos Popular\"},\"image\":{\"@id\":\"https:\\\/\\\/www.somospopular.com.br\\\/veterinarios\\\/#\\\/schema\\\/logo\\\/image\\\/\"}}]}<\/script>\n<!-- \/ Yoast SEO Premium plugin. -->","yoast_head_json":{"title":"Del Pafer - Acess\u00f3rios\u00a0em - Pelotas - RS","description":"Del Pafer - Acess\u00f3rios\u00a0em - Pelotas - RS. Veterin\u00e1rios em - Pelotas - RS","robots":{"index":"index","follow":"follow","max-snippet":"max-snippet:-1","max-image-preview":"max-image-preview:large","max-video-preview":"max-video-preview:-1"},"canonical":"https:\/\/www.somospopular.com.br\/veterinarios\/del-pafer-acessorios-pelotas-rs\/","og_locale":"pt_BR","og_type":"article","og_title":"Del Pafer - Acess\u00f3rios em - Pelotas - RS","og_description":"Del Pafer - Acess\u00f3rios em - Pelotas - RS. Cl\u00ednica Veterin\u00e1ria Popular com pre\u00e7os acess\u00edveis. Cl\u00ednicas Veterin\u00e1rias","og_url":"https:\/\/www.somospopular.com.br\/veterinarios\/del-pafer-acessorios-pelotas-rs\/","og_site_name":"Cl\u00ednicas Veterin\u00e1rias","twitter_card":"summary_large_image","twitter_misc":{"Est. tempo de leitura":"9 minutos"},"schema":{"@context":"https:\/\/schema.org","@graph":[{"@type":"WebPage","@id":"https:\/\/www.somospopular.com.br\/veterinarios\/del-pafer-acessorios-pelotas-rs\/","url":"https:\/\/www.somospopular.com.br\/veterinarios\/del-pafer-acessorios-pelotas-rs\/","name":"Del Pafer - Acess\u00f3rios\u00a0em - Pelotas - RS","isPartOf":{"@id":"https:\/\/www.somospopular.com.br\/veterinarios\/#website"},"datePublished":"2023-03-08T14:50:32+00:00","description":"Del Pafer - Acess\u00f3rios\u00a0em - Pelotas - RS. Veterin\u00e1rios em - Pelotas - RS","breadcrumb":{"@id":"https:\/\/www.somospopular.com.br\/veterinarios\/del-pafer-acessorios-pelotas-rs\/#breadcrumb"},"inLanguage":"pt-BR","potentialAction":[{"@type":"ReadAction","target":["https:\/\/www.somospopular.com.br\/veterinarios\/del-pafer-acessorios-pelotas-rs\/"]}]},{"@type":"BreadcrumbList","@id":"https:\/\/www.somospopular.com.br\/veterinarios\/del-pafer-acessorios-pelotas-rs\/#breadcrumb","itemListElement":[{"@type":"ListItem","position":1,"name":"Veterin\u00e1rios","item":"https:\/\/www.somospopular.com.br\/veterinarios\/"},{"@type":"ListItem","position":2,"name":"Parceiros","item":"https:\/\/www.somospopular.com.br\/veterinarios\/negocio\/"},{"@type":"ListItem","position":3,"name":"Acess\u00f3rios","item":"https:\/\/www.somospopular.com.br\/veterinarios\/acessorios\/"},{"@type":"ListItem","position":4,"name":"Del Pafer &#8211; Acess\u00f3rios em &#8211; Pelotas &#8211; RS"}]},{"@type":"WebSite","@id":"https:\/\/www.somospopular.com.br\/veterinarios\/#website","url":"https:\/\/www.somospopular.com.br\/veterinarios\/","name":"Cl\u00ednicas Veterin\u00e1rias","description":"Somos Popular","publisher":{"@id":"https:\/\/www.somospopular.com.br\/veterinarios\/#organization"},"potentialAction":[{"@type":"SearchAction","target":{"@type":"EntryPoint","urlTemplate":"https:\/\/www.somospopular.com.br\/veterinarios\/?s={search_term_string}"},"query-input":{"@type":"PropertyValueSpecification","valueRequired":true,"valueName":"search_term_string"}}],"inLanguage":"pt-BR"},{"@type":"Organization","@id":"https:\/\/www.somospopular.com.br\/veterinarios\/#organization","name":"Cl\u00ednicas Veterin\u00e1rias - Somos Popular","alternateName":"Cl\u00ednicas Veterin\u00e1ria","url":"https:\/\/www.somospopular.com.br\/veterinarios\/","logo":{"@type":"ImageObject","inLanguage":"pt-BR","@id":"https:\/\/www.somospopular.com.br\/veterinarios\/#\/schema\/logo\/image\/","url":"https:\/\/www.somospopular.com.br\/veterinarios\/wp-content\/uploads\/sites\/12\/2022\/05\/somos-popular-logo-80.webp","contentUrl":"https:\/\/www.somospopular.com.br\/veterinarios\/wp-content\/uploads\/sites\/12\/2022\/05\/somos-popular-logo-80.webp","width":325,"height":80,"caption":"Cl\u00ednicas Veterin\u00e1rias - Somos Popular"},"image":{"@id":"https:\/\/www.somospopular.com.br\/veterinarios\/#\/schema\/logo\/image\/"}}]}},"_links":{"self":[{"href":"https:\/\/www.somospopular.com.br\/veterinarios\/wp-json\/wp\/v2\/negocio\/154618","targetHints":{"allow":["GET"]}}],"collection":[{"href":"https:\/\/www.somospopular.com.br\/veterinarios\/wp-json\/wp\/v2\/negocio"}],"about":[{"href":"https:\/\/www.somospopular.com.br\/veterinarios\/wp-json\/wp\/v2\/types\/negocio"}],"author":[{"embeddable":true,"href":"https:\/\/www.somospopular.com.br\/veterinarios\/wp-json\/wp\/v2\/users\/1"}],"wp:attachment":[{"href":"https:\/\/www.somospopular.com.br\/veterinarios\/wp-json\/wp\/v2\/media?parent=154618"}],"wp:term":[{"taxonomy":"bairro","embeddable":true,"href":"https:\/\/www.somospopular.com.br\/veterinarios\/wp-json\/wp\/v2\/bairro?post=154618"},{"taxonomy":"categoria_parceiro","embeddable":true,"href":"https:\/\/www.somospopular.com.br\/veterinarios\/wp-json\/wp\/v2\/categoria_parceiro?post=154618"},{"taxonomy":"topico-parceiro","embeddable":true,"href":"https:\/\/www.somospopular.com.br\/veterinarios\/wp-json\/wp\/v2\/topico-parceiro?post=154618"}],"curies":[{"name":"wp","href":"https:\/\/api.w.org\/{rel}","templated":true}]}}